{"id":17503,"date":"2022-10-14T15:39:55","date_gmt":"2022-10-14T13:39:55","guid":{"rendered":"https:\/\/ultraviolet.work\/_commercelocal\/?page_id=17503"},"modified":"2022-10-15T06:47:40","modified_gmt":"2022-10-15T04:47:40","slug":"congres-royal","status":"publish","type":"page","link":"https:\/\/ultraviolet.work\/_commercelocal\/labels-du-commerce\/congres-royal\/","title":{"rendered":"Congr\u00e8s &#8211; Royal"},"content":{"rendered":"<p>[et_pb_section fb_built=\u00a0\u00bb1&Prime; admin_label=\u00a0\u00bbHeader\u00a0\u00bb _builder_version=\u00a0\u00bb4.18.0&Prime; _module_preset=\u00a0\u00bbdefault\u00a0\u00bb background_color=\u00a0\u00bbrgba(117,118,145,0.24)\u00a0\u00bb locked=\u00a0\u00bboff\u00a0\u00bb collapsed=\u00a0\u00bbon\u00a0\u00bb global_colors_info=\u00a0\u00bb{}\u00a0\u00bb][et_pb_row _builder_version=\u00a0\u00bb4.18.0&Prime; _module_preset=\u00a0\u00bbdefault\u00a0\u00bb width_tablet=\u00a0\u00bb95%\u00a0\u00bb width_phone=\u00a0\u00bb95%\u00a0\u00bb width_last_edited=\u00a0\u00bboff|desktop\u00a0\u00bb module_alignment=\u00a0\u00bbcenter\u00a0\u00bb custom_padding=\u00a0\u00bb120px||100px||false|false\u00a0\u00bb global_colors_info=\u00a0\u00bb{}\u00a0\u00bb][et_pb_column type=\u00a0\u00bb4_4&Prime; _builder_version=\u00a0\u00bb4.16&Prime; _module_preset=\u00a0\u00bbdefault\u00a0\u00bb global_colors_info=\u00a0\u00bb{}\u00a0\u00bb][et_pb_image src=\u00a0\u00bbhttps:\/\/ultraviolet.work\/_commercelocal\/wp-content\/uploads\/2022\/10\/congres-royal-txt.svg\u00a0\u00bb title_text=\u00a0\u00bbcongres-royal-txt\u00a0\u00bb align=\u00a0\u00bbcenter\u00a0\u00bb _builder_version=\u00a0\u00bb4.18.0&Prime; _module_preset=\u00a0\u00bbdefault\u00a0\u00bb module_alignment=\u00a0\u00bbcenter\u00a0\u00bb max_height=\u00a0\u00bb150px\u00a0\u00bb global_colors_info=\u00a0\u00bb{}\u00a0\u00bb][\/et_pb_image][et_pb_text _builder_version=\u00a0\u00bb4.18.0&Prime; _module_preset=\u00a0\u00bbdefault\u00a0\u00bb header_6_font=\u00a0\u00bbRaleway|500||on|||||\u00a0\u00bb header_6_letter_spacing=\u00a0\u00bb1px\u00a0\u00bb header_6_line_height=\u00a0\u00bb1.6em\u00a0\u00bb custom_padding=\u00a0\u00bb50px|120px||120px|false|true\u00a0\u00bb custom_padding_tablet=\u00a0\u00bb|0px||0px|false|true\u00a0\u00bb custom_padding_phone=\u00a0\u00bb||||false|true\u00a0\u00bb custom_padding_last_edited=\u00a0\u00bbon|desktop\u00a0\u00bb header_6_font_size_tablet=\u00a0\u00bb14px\u00a0\u00bb header_6_font_size_phone=\u00a0\u00bb12px\u00a0\u00bb global_colors_info=\u00a0\u00bb{}\u00a0\u00bb]<\/p>\n<h6 class=\"p1\" style=\"text-align: center;\">Enclav\u00e9e entre les\u202fdeux poumons verts du\u202fcentre que constituent le\u202fParc Royal et\u202fle Jardin botanique, le quartier Congr\u00e8s offre \u00e0\u202fla fois une\u202fpromenade paisible et\u202fun\u202flieu de\u202frendez-vous pour les\u202ffins becs et\u202fgourmets. Nombre de\u202fbistrots et\u202frestaurants y ont d\u00e9roul\u00e9 leurs menus et\u202finstall\u00e9 leurs terrasses fleuries, faisant de\u202fce quartier du\u202fcentre un\u202fhaut-lieu de\u202fd\u00e9tente et\u202fde\u202fgastronomie.\u00a0<\/h6>\n<p>[\/et_pb_text][\/et_pb_column][\/et_pb_row][\/et_pb_section][et_pb_section fb_built=\u00a0\u00bb1&Prime; admin_label=\u00a0\u00bbHeader-text\u00a0\u00bb _builder_version=\u00a0\u00bb4.18.0&Prime; _module_preset=\u00a0\u00bbdefault\u00a0\u00bb background_color=\u00a0\u00bb#3a4156&Prime; custom_margin=\u00a0\u00bb0px||-3px||false|false\u00a0\u00bb custom_padding=\u00a0\u00bb40px||40px||true|false\u00a0\u00bb global_module=\u00a0\u00bb17510&Prime; saved_tabs=\u00a0\u00bball\u00a0\u00bb locked=\u00a0\u00bboff\u00a0\u00bb collapsed=\u00a0\u00bbon\u00a0\u00bb global_colors_info=\u00a0\u00bb{}\u00a0\u00bb][et_pb_row _builder_version=\u00a0\u00bb4.16&Prime; _module_preset=\u00a0\u00bbdefault\u00a0\u00bb width=\u00a0\u00bb90%\u00a0\u00bb width_tablet=\u00a0\u00bb95%\u00a0\u00bb width_phone=\u00a0\u00bb95%\u00a0\u00bb width_last_edited=\u00a0\u00bbon|desktop\u00a0\u00bb custom_padding=\u00a0\u00bb0px||0px||false|false\u00a0\u00bb global_colors_info=\u00a0\u00bb{}\u00a0\u00bb][et_pb_column type=\u00a0\u00bb4_4&Prime; _builder_version=\u00a0\u00bb4.16&Prime; _module_preset=\u00a0\u00bbdefault\u00a0\u00bb global_colors_info=\u00a0\u00bb{}\u00a0\u00bb][et_pb_image src=\u00a0\u00bbhttps:\/\/ultraviolet.work\/_commercelocal\/wp-content\/uploads\/2022\/10\/labels-logo-gold-23-512.png\u00a0\u00bb title_text=\u00a0\u00bblabels-logo-gold-23-512&Prime; align=\u00a0\u00bbcenter\u00a0\u00bb _builder_version=\u00a0\u00bb4.18.0&Prime; _module_preset=\u00a0\u00bbdefault\u00a0\u00bb max_width=\u00a0\u00bb200px\u00a0\u00bb custom_margin=\u00a0\u00bb-100px||20px||false|false\u00a0\u00bb global_colors_info=\u00a0\u00bb{}\u00a0\u00bb][\/et_pb_image][et_pb_text _builder_version=\u00a0\u00bb4.18.0&Prime; _module_preset=\u00a0\u00bbdefault\u00a0\u00bb header_3_letter_spacing=\u00a0\u00bb2px\u00a0\u00bb header_5_font=\u00a0\u00bbRaleway|700|||||||\u00a0\u00bb global_colors_info=\u00a0\u00bb{}\u00a0\u00bb]<\/p>\n<h3 style=\"text-align: center;\"><span style=\"color: #ffffff;\">Les enseignes d\u2019excellence :<br \/><\/span><span style=\"color: #ffffff;\"><\/span><\/h3>\n<p>[\/et_pb_text][\/et_pb_column][\/et_pb_row][\/et_pb_section][et_pb_section fb_built=\u00a0\u00bb1&Prime; _builder_version=\u00a0\u00bb4.18.0&Prime; _module_preset=\u00a0\u00bbdefault\u00a0\u00bb locked=\u00a0\u00bboff\u00a0\u00bb global_colors_info=\u00a0\u00bb{}\u00a0\u00bb][et_pb_row _builder_version=\u00a0\u00bb4.18.0&Prime; _module_preset=\u00a0\u00bbdefault\u00a0\u00bb width=\u00a0\u00bb99.8%\u00a0\u00bb max_width=\u00a0\u00bb100%\u00a0\u00bb global_colors_info=\u00a0\u00bb{}\u00a0\u00bb][et_pb_column type=\u00a0\u00bb4_4&Prime; _builder_version=\u00a0\u00bb4.16&Prime; _module_preset=\u00a0\u00bbdefault\u00a0\u00bb global_colors_info=\u00a0\u00bb{}\u00a0\u00bb][difl_cptgrid post_type=\u00a0\u00bbproject\u00a0\u00bb posts_number=\u00a0\u00bb300&Prime; post_display=\u00a0\u00bbby_tax\u00a0\u00bb tax_for_project=\u00a0\u00bbproject_category\u00a0\u00bb project_terms_project_category=\u00a0\u00bb1198&Prime; use_image_as_background=\u00a0\u00bbon\u00a0\u00bb alignment=\u00a0\u00bbcenter\u00a0\u00bb column=\u00a0\u00bb4&Prime; gutter=\u00a0\u00bb0&Prime; equal_height=\u00a0\u00bbon\u00a0\u00bb item_background_bgcolor=\u00a0\u00bbrgba(0,0,0,0.29)\u00a0\u00bb wrapper_margin=\u00a0\u00bb||||false|false\u00a0\u00bb wrapper_padding=\u00a0\u00bb||||false|false\u00a0\u00bb item_margin=\u00a0\u00bb||0px||false|false\u00a0\u00bb item_padding=\u00a0\u00bb5vw|20px|4.5vw|20px|false|true\u00a0\u00bb item_padding_tablet=\u00a0\u00bb10vw|20px|9vw|20px|false|false\u00a0\u00bb item_padding_phone=\u00a0\u00bb25vw|20px|25vw|20px|true|false\u00a0\u00bb item_padding_last_edited=\u00a0\u00bbon|tablet\u00a0\u00bb column_tablet=\u00a0\u00bb3&Prime; column_phone=\u00a0\u00bb1&Prime; column_last_edited=\u00a0\u00bbon|desktop\u00a0\u00bb _builder_version=\u00a0\u00bb4.18.0&Prime; _module_preset=\u00a0\u00bbe812f696-ed95-4529-a598-aa281d527f5c\u00a0\u00bb display_conditions=\u00a0\u00bbW10=\u00a0\u00bb custom_margin=\u00a0\u00bb-0.25vw||||false|false\u00a0\u00bb custom_padding=\u00a0\u00bb||||false|false\u00a0\u00bb hover_enabled=\u00a0\u00bb0&Prime; border_width_all_item_outer=\u00a0\u00bb3px\u00a0\u00bb border_color_all_item_outer=\u00a0\u00bb#FFFFFF\u00a0\u00bb border_color_all_item=\u00a0\u00bb#FFFFFF\u00a0\u00bb global_colors_info=\u00a0\u00bb{}\u00a0\u00bb item_background_bgcolor__hover=\u00a0\u00bbrgba(0,0,0,0.56)\u00a0\u00bb item_background_bgcolor__hover_enabled=\u00a0\u00bbon|hover\u00a0\u00bb sticky_enabled=\u00a0\u00bb0&Prime;][difl_cptitem type=\u00a0\u00bbtaxonomy\u00a0\u00bb post_type=\u00a0\u00bbproject\u00a0\u00bb tax_for_project=\u00a0\u00bbproject_tag\u00a0\u00bb _builder_version=\u00a0\u00bb4.18.0&Prime; _module_preset=\u00a0\u00bbdefault\u00a0\u00bb body_font=\u00a0\u00bb|700||on|||||\u00a0\u00bb body_text_color=\u00a0\u00bb#FFFFFF\u00a0\u00bb body_font_size=\u00a0\u00bb0.5vw\u00a0\u00bb body_letter_spacing=\u00a0\u00bb3px\u00a0\u00bb body_font_size_tablet=\u00a0\u00bb12px\u00a0\u00bb body_font_size_phone=\u00a0\u00bb\u00a0\u00bb body_font_size_last_edited=\u00a0\u00bbon|tablet\u00a0\u00bb global_colors_info=\u00a0\u00bb{}\u00a0\u00bb][\/difl_cptitem][difl_cptitem type=\u00a0\u00bbtitle\u00a0\u00bb title_tag=\u00a0\u00bbp\u00a0\u00bb element_margin=\u00a0\u00bb0px||0px||false|false\u00a0\u00bb element_padding=\u00a0\u00bb0vw|0px|0vw|0px|true|false\u00a0\u00bb _builder_version=\u00a0\u00bb4.18.0&Prime; _module_preset=\u00a0\u00bbbda73334-2f2a-4496-a025-6f63c6c8b963&Prime; body_font=\u00a0\u00bb|800||on|||||\u00a0\u00bb body_text_align=\u00a0\u00bbcenter\u00a0\u00bb body_text_color=\u00a0\u00bb#FFFFFF\u00a0\u00bb body_font_size=\u00a0\u00bb1vw\u00a0\u00bb body_letter_spacing=\u00a0\u00bb3px\u00a0\u00bb body_line_height=\u00a0\u00bb1.7vw\u00a0\u00bb background_color=\u00a0\u00bbRGBA(255,255,255,0)\u00a0\u00bb background_enable_color=\u00a0\u00bbon\u00a0\u00bb text_orientation=\u00a0\u00bbcenter\u00a0\u00bb body_font_size_tablet=\u00a0\u00bb3vw\u00a0\u00bb body_font_size_phone=\u00a0\u00bb4.5vw\u00a0\u00bb body_font_size_last_edited=\u00a0\u00bbon|desktop\u00a0\u00bb body_line_height_tablet=\u00a0\u00bb2.9vw\u00a0\u00bb body_line_height_phone=\u00a0\u00bb5vw\u00a0\u00bb body_line_height_last_edited=\u00a0\u00bbon|desktop\u00a0\u00bb global_colors_info=\u00a0\u00bb{}\u00a0\u00bb][\/difl_cptitem][difl_cptitem type=\u00a0\u00bbbutton\u00a0\u00bb read_more_text=\u00a0\u00bbD\u00e9tails\u00a0\u00bb element_margin=\u00a0\u00bb0.4vw|9vw||9vw|false|true\u00a0\u00bb element_margin_tablet=\u00a0\u00bb|22%||22%|false|true\u00a0\u00bb element_margin_phone=\u00a0\u00bb|32%||32%|false|true\u00a0\u00bb element_margin_last_edited=\u00a0\u00bbon|desktop\u00a0\u00bb element_padding=\u00a0\u00bb0.4vw||0.4vw||true|false\u00a0\u00bb _builder_version=\u00a0\u00bb4.18.0&Prime; _module_preset=\u00a0\u00bbdefault\u00a0\u00bb body_font=\u00a0\u00bb|600||on|||||\u00a0\u00bb body_text_color=\u00a0\u00bb#FFFFFF\u00a0\u00bb body_font_size=\u00a0\u00bb0.5vw\u00a0\u00bb body_letter_spacing=\u00a0\u00bb0.07vw\u00a0\u00bb background_color=\u00a0\u00bbrgba(10,10,10,0.57)\u00a0\u00bb background_enable_color=\u00a0\u00bbon\u00a0\u00bb text_orientation=\u00a0\u00bbcenter\u00a0\u00bb module_alignment=\u00a0\u00bbcenter\u00a0\u00bb body_font_size_tablet=\u00a0\u00bb12px\u00a0\u00bb body_font_size_phone=\u00a0\u00bb\u00a0\u00bb body_font_size_last_edited=\u00a0\u00bbon|desktop\u00a0\u00bb body_letter_spacing_tablet=\u00a0\u00bb1px\u00a0\u00bb body_letter_spacing_phone=\u00a0\u00bb\u00a0\u00bb body_letter_spacing_last_edited=\u00a0\u00bbon|desktop\u00a0\u00bb border_width_all=\u00a0\u00bb1px\u00a0\u00bb global_colors_info=\u00a0\u00bb{}\u00a0\u00bb][\/difl_cptitem][\/difl_cptgrid][\/et_pb_column][\/et_pb_row][\/et_pb_section]<\/p>\n","protected":false},"excerpt":{"rendered":"<p>Enclav\u00e9e entre les\u202fdeux poumons verts du\u202fcentre que constituent le\u202fParc Royal et\u202fle Jardin botanique, le quartier Congr\u00e8s offre \u00e0\u202fla fois une\u202fpromenade paisible et\u202fun\u202flieu de\u202frendez-vous pour les\u202ffins becs et\u202fgourmets. Nombre de\u202fbistrots et\u202frestaurants y ont d\u00e9roul\u00e9 leurs menus et\u202finstall\u00e9 leurs terrasses fleuries, faisant de\u202fce quartier du\u202fcentre un\u202fhaut-lieu de\u202fd\u00e9tente et\u202fde\u202fgastronomie.\u00a0Les enseignes d\u2019excellence :<div class=\"et_pb_module difl_cptgrid difl_cptgrid_0\">\n\t\t\t\t\n\t\t\t\t\n\t\t\t\t\n\t\t\t\t\n\t\t\t\t\n\t\t\t\t\n\t\t\t\t<div class=\"et_pb_module_inner\">\n\t\t\t\t\t<div class=\"df_cptgrid_container et_pb_ajax_pagination_container\" data-settings='{\"layout\":\"grid\",\"on_scroll_load\":\"off\",\"use_current_loop\":\"off\",\"post_type\":\"\\u00bbproject\",\"posts_number\":\"\\u00bb300&Prime;\",\"post_display\":\"\\u00bbby_tax\",\"orderby\":\"1\",\"offset_number\":\"0\",\"use_image_as_background\":\"\\u00bbon\",\"use_background_scale\":\"off\",\"equal_height\":\"off\",\"entire_item_clickable\":\"off\",\"taxonomy_values\":null,\"selected_terms\":\"\",\"selected_taxonomy\":\"\",\"df_cpt_items\":null,\"df_cpt_items_outside\":null,\"loader\":{\"status\":\"off\",\"color\":\"#284cc1\",\"size\":\"10px\",\"type\":\"classic\",\"background\":\"#ADD8E6\",\"alignment\":\"center\",\"margin\":[\"\"]}}'><\/div>\n\t\t\t\t<\/div>\n\t\t\t<\/div><\/p>\n","protected":false},"author":5,"featured_media":0,"parent":17478,"menu_order":0,"comment_status":"closed","ping_status":"closed","template":"","meta":{"_et_pb_use_builder":"on","_et_pb_old_content":"","_et_gb_content_width":"","inline_featured_image":false,"footnotes":""},"difl_page_category":[],"wf_page_folders":[1752],"class_list":["post-17503","page","type-page","status-publish","hentry"],"yoast_head":"<!-- This site is optimized with the Yoast SEO plugin v27.5 - https:\/\/yoast.com\/product\/yoast-seo-wordpress\/ -->\n<title>Congr\u00e8s - Royal - Le commerce local \u00e0 Bruxelles<\/title>\n<meta name=\"description\" content=\"D\u00e9couvrez les enseignes labellis\u00e9es, reconnues par leur pairs pour leur qualit\u00e9, leur plus value au quartier commer\u00e7ant qui les accueille et leur dynamisme dans la vie \u00e9conomique bruxelloise.\" \/>\n<meta name=\"robots\" content=\"noindex, follow, max-snippet:-1, max-image-preview:large, max-video-preview:-1\" \/>\n<meta property=\"og:locale\" content=\"fr_FR\" \/>\n<meta property=\"og:type\" content=\"article\" \/>\n<meta property=\"og:title\" content=\"Congr\u00e8s - Royal - Le commerce local \u00e0 Bruxelles\" \/>\n<meta property=\"og:description\" content=\"D\u00e9couvrez les enseignes labellis\u00e9es, reconnues par leur pairs pour leur qualit\u00e9, leur plus value au quartier commer\u00e7ant qui les accueille et leur dynamisme dans la vie \u00e9conomique bruxelloise.\" \/>\n<meta property=\"og:url\" content=\"https:\/\/ultraviolet.work\/_commercelocal\/labels-du-commerce\/congres-royal\/\" \/>\n<meta property=\"og:site_name\" content=\"Le commerce local \u00e0 Bruxelles\" \/>\n<meta property=\"article:publisher\" content=\"https:\/\/www.facebook.com\/ishopinbrussels\/\" \/>\n<meta property=\"article:modified_time\" content=\"2022-10-15T04:47:40+00:00\" \/>\n<meta property=\"og:image\" content=\"https:\/\/ultraviolet.work\/_commercelocal\/wp-content\/uploads\/2021\/10\/Yoast-facebook-Share-1200x800-1.jpg\" \/>\n\t<meta property=\"og:image:width\" content=\"1200\" \/>\n\t<meta property=\"og:image:height\" content=\"800\" \/>\n\t<meta property=\"og:image:type\" content=\"image\/jpeg\" \/>\n<meta name=\"twitter:card\" content=\"summary_large_image\" \/>\n<meta name=\"twitter:label1\" content=\"Dur\u00e9e de lecture estim\u00e9e\" \/>\n\t<meta name=\"twitter:data1\" content=\"2 minutes\" \/>\n<script type=\"application\/ld+json\" class=\"yoast-schema-graph\">{\"@context\":\"https:\\\/\\\/schema.org\",\"@graph\":[{\"@type\":\"WebPage\",\"@id\":\"https:\\\/\\\/ultraviolet.work\\\/_commercelocal\\\/labels-du-commerce\\\/congres-royal\\\/\",\"url\":\"https:\\\/\\\/ultraviolet.work\\\/_commercelocal\\\/labels-du-commerce\\\/congres-royal\\\/\",\"name\":\"Congr\u00e8s - Royal - Le commerce local \u00e0 Bruxelles\",\"isPartOf\":{\"@id\":\"https:\\\/\\\/ultraviolet.work\\\/_commercelocal\\\/#website\"},\"datePublished\":\"2022-10-14T13:39:55+00:00\",\"dateModified\":\"2022-10-15T04:47:40+00:00\",\"description\":\"D\u00e9couvrez les enseignes labellis\u00e9es, reconnues par leur pairs pour leur qualit\u00e9, leur plus value au quartier commer\u00e7ant qui les accueille et leur dynamisme dans la vie \u00e9conomique bruxelloise.\",\"breadcrumb\":{\"@id\":\"https:\\\/\\\/ultraviolet.work\\\/_commercelocal\\\/labels-du-commerce\\\/congres-royal\\\/#breadcrumb\"},\"inLanguage\":\"fr-FR\",\"potentialAction\":[{\"@type\":\"ReadAction\",\"target\":[\"https:\\\/\\\/ultraviolet.work\\\/_commercelocal\\\/labels-du-commerce\\\/congres-royal\\\/\"]}]},{\"@type\":\"BreadcrumbList\",\"@id\":\"https:\\\/\\\/ultraviolet.work\\\/_commercelocal\\\/labels-du-commerce\\\/congres-royal\\\/#breadcrumb\",\"itemListElement\":[{\"@type\":\"ListItem\",\"position\":1,\"name\":\"Accueil\",\"item\":\"https:\\\/\\\/ultraviolet.work\\\/_commercelocal\\\/\"},{\"@type\":\"ListItem\",\"position\":2,\"name\":\"Labels du commerce\",\"item\":\"https:\\\/\\\/ultraviolet.work\\\/_commercelocal\\\/labels-du-commerce\\\/\"},{\"@type\":\"ListItem\",\"position\":3,\"name\":\"Congr\u00e8s &#8211; Royal\"}]},{\"@type\":\"WebSite\",\"@id\":\"https:\\\/\\\/ultraviolet.work\\\/_commercelocal\\\/#website\",\"url\":\"https:\\\/\\\/ultraviolet.work\\\/_commercelocal\\\/\",\"name\":\"Le commerce local \u00e0 Bruxelles\",\"description\":\"\",\"publisher\":{\"@id\":\"https:\\\/\\\/ultraviolet.work\\\/_commercelocal\\\/#organization\"},\"potentialAction\":[{\"@type\":\"SearchAction\",\"target\":{\"@type\":\"EntryPoint\",\"urlTemplate\":\"https:\\\/\\\/ultraviolet.work\\\/_commercelocal\\\/?s={search_term_string}\"},\"query-input\":{\"@type\":\"PropertyValueSpecification\",\"valueRequired\":true,\"valueName\":\"search_term_string\"}}],\"inLanguage\":\"fr-FR\"},{\"@type\":\"Organization\",\"@id\":\"https:\\\/\\\/ultraviolet.work\\\/_commercelocal\\\/#organization\",\"name\":\"Le commerce local \u00e0 Bruxelles - I shop in Brussels\",\"url\":\"https:\\\/\\\/ultraviolet.work\\\/_commercelocal\\\/\",\"logo\":{\"@type\":\"ImageObject\",\"inLanguage\":\"fr-FR\",\"@id\":\"https:\\\/\\\/ultraviolet.work\\\/_commercelocal\\\/#\\\/schema\\\/logo\\\/image\\\/\",\"url\":\"https:\\\/\\\/ultraviolet.work\\\/_commercelocal\\\/wp-content\\\/uploads\\\/2020\\\/11\\\/IShopBrussels_w400.png\",\"contentUrl\":\"https:\\\/\\\/ultraviolet.work\\\/_commercelocal\\\/wp-content\\\/uploads\\\/2020\\\/11\\\/IShopBrussels_w400.png\",\"width\":400,\"height\":200,\"caption\":\"Le commerce local \u00e0 Bruxelles - I shop in Brussels\"},\"image\":{\"@id\":\"https:\\\/\\\/ultraviolet.work\\\/_commercelocal\\\/#\\\/schema\\\/logo\\\/image\\\/\"},\"sameAs\":[\"https:\\\/\\\/www.facebook.com\\\/ishopinbrussels\\\/\"]}]}<\/script>\n<!-- \/ Yoast SEO plugin. -->","yoast_head_json":{"title":"Congr\u00e8s - Royal - Le commerce local \u00e0 Bruxelles","description":"D\u00e9couvrez les enseignes labellis\u00e9es, reconnues par leur pairs pour leur qualit\u00e9, leur plus value au quartier commer\u00e7ant qui les accueille et leur dynamisme dans la vie \u00e9conomique bruxelloise.","robots":{"index":"noindex","follow":"follow","max-snippet":"max-snippet:-1","max-image-preview":"max-image-preview:large","max-video-preview":"max-video-preview:-1"},"og_locale":"fr_FR","og_type":"article","og_title":"Congr\u00e8s - Royal - Le commerce local \u00e0 Bruxelles","og_description":"D\u00e9couvrez les enseignes labellis\u00e9es, reconnues par leur pairs pour leur qualit\u00e9, leur plus value au quartier commer\u00e7ant qui les accueille et leur dynamisme dans la vie \u00e9conomique bruxelloise.","og_url":"https:\/\/ultraviolet.work\/_commercelocal\/labels-du-commerce\/congres-royal\/","og_site_name":"Le commerce local \u00e0 Bruxelles","article_publisher":"https:\/\/www.facebook.com\/ishopinbrussels\/","article_modified_time":"2022-10-15T04:47:40+00:00","og_image":[{"width":1200,"height":800,"url":"https:\/\/ultraviolet.work\/_commercelocal\/wp-content\/uploads\/2021\/10\/Yoast-facebook-Share-1200x800-1.jpg","type":"image\/jpeg"}],"twitter_card":"summary_large_image","twitter_misc":{"Dur\u00e9e de lecture estim\u00e9e":"2 minutes"},"schema":{"@context":"https:\/\/schema.org","@graph":[{"@type":"WebPage","@id":"https:\/\/ultraviolet.work\/_commercelocal\/labels-du-commerce\/congres-royal\/","url":"https:\/\/ultraviolet.work\/_commercelocal\/labels-du-commerce\/congres-royal\/","name":"Congr\u00e8s - Royal - Le commerce local \u00e0 Bruxelles","isPartOf":{"@id":"https:\/\/ultraviolet.work\/_commercelocal\/#website"},"datePublished":"2022-10-14T13:39:55+00:00","dateModified":"2022-10-15T04:47:40+00:00","description":"D\u00e9couvrez les enseignes labellis\u00e9es, reconnues par leur pairs pour leur qualit\u00e9, leur plus value au quartier commer\u00e7ant qui les accueille et leur dynamisme dans la vie \u00e9conomique bruxelloise.","breadcrumb":{"@id":"https:\/\/ultraviolet.work\/_commercelocal\/labels-du-commerce\/congres-royal\/#breadcrumb"},"inLanguage":"fr-FR","potentialAction":[{"@type":"ReadAction","target":["https:\/\/ultraviolet.work\/_commercelocal\/labels-du-commerce\/congres-royal\/"]}]},{"@type":"BreadcrumbList","@id":"https:\/\/ultraviolet.work\/_commercelocal\/labels-du-commerce\/congres-royal\/#breadcrumb","itemListElement":[{"@type":"ListItem","position":1,"name":"Accueil","item":"https:\/\/ultraviolet.work\/_commercelocal\/"},{"@type":"ListItem","position":2,"name":"Labels du commerce","item":"https:\/\/ultraviolet.work\/_commercelocal\/labels-du-commerce\/"},{"@type":"ListItem","position":3,"name":"Congr\u00e8s &#8211; Royal"}]},{"@type":"WebSite","@id":"https:\/\/ultraviolet.work\/_commercelocal\/#website","url":"https:\/\/ultraviolet.work\/_commercelocal\/","name":"Le commerce local \u00e0 Bruxelles","description":"","publisher":{"@id":"https:\/\/ultraviolet.work\/_commercelocal\/#organization"},"potentialAction":[{"@type":"SearchAction","target":{"@type":"EntryPoint","urlTemplate":"https:\/\/ultraviolet.work\/_commercelocal\/?s={search_term_string}"},"query-input":{"@type":"PropertyValueSpecification","valueRequired":true,"valueName":"search_term_string"}}],"inLanguage":"fr-FR"},{"@type":"Organization","@id":"https:\/\/ultraviolet.work\/_commercelocal\/#organization","name":"Le commerce local \u00e0 Bruxelles - I shop in Brussels","url":"https:\/\/ultraviolet.work\/_commercelocal\/","logo":{"@type":"ImageObject","inLanguage":"fr-FR","@id":"https:\/\/ultraviolet.work\/_commercelocal\/#\/schema\/logo\/image\/","url":"https:\/\/ultraviolet.work\/_commercelocal\/wp-content\/uploads\/2020\/11\/IShopBrussels_w400.png","contentUrl":"https:\/\/ultraviolet.work\/_commercelocal\/wp-content\/uploads\/2020\/11\/IShopBrussels_w400.png","width":400,"height":200,"caption":"Le commerce local \u00e0 Bruxelles - I shop in Brussels"},"image":{"@id":"https:\/\/ultraviolet.work\/_commercelocal\/#\/schema\/logo\/image\/"},"sameAs":["https:\/\/www.facebook.com\/ishopinbrussels\/"]}]}},"_links":{"self":[{"href":"https:\/\/ultraviolet.work\/_commercelocal\/wp-json\/wp\/v2\/pages\/17503","targetHints":{"allow":["GET"]}}],"collection":[{"href":"https:\/\/ultraviolet.work\/_commercelocal\/wp-json\/wp\/v2\/pages"}],"about":[{"href":"https:\/\/ultraviolet.work\/_commercelocal\/wp-json\/wp\/v2\/types\/page"}],"author":[{"embeddable":true,"href":"https:\/\/ultraviolet.work\/_commercelocal\/wp-json\/wp\/v2\/users\/5"}],"replies":[{"embeddable":true,"href":"https:\/\/ultraviolet.work\/_commercelocal\/wp-json\/wp\/v2\/comments?post=17503"}],"version-history":[{"count":0,"href":"https:\/\/ultraviolet.work\/_commercelocal\/wp-json\/wp\/v2\/pages\/17503\/revisions"}],"up":[{"embeddable":true,"href":"https:\/\/ultraviolet.work\/_commercelocal\/wp-json\/wp\/v2\/pages\/17478"}],"wp:attachment":[{"href":"https:\/\/ultraviolet.work\/_commercelocal\/wp-json\/wp\/v2\/media?parent=17503"}],"wp:term":[{"taxonomy":"difl_page_category","embeddable":true,"href":"https:\/\/ultraviolet.work\/_commercelocal\/wp-json\/wp\/v2\/difl_page_category?post=17503"},{"taxonomy":"wf_page_folders","embeddable":true,"href":"https:\/\/ultraviolet.work\/_commercelocal\/wp-json\/wp\/v2\/wf_page_folders?post=17503"}],"curies":[{"name":"wp","href":"https:\/\/api.w.org\/{rel}","templated":true}]}}