{"id":18433,"date":"2023-05-09T12:21:12","date_gmt":"2023-05-09T10:21:12","guid":{"rendered":"https:\/\/ultraviolet.work\/_commercelocal\/?page_id=18433"},"modified":"2024-03-29T11:57:29","modified_gmt":"2024-03-29T10:57:29","slug":"parking","status":"publish","type":"page","link":"https:\/\/ultraviolet.work\/_commercelocal\/parking\/","title":{"rendered":"Parking"},"content":{"rendered":"<p>[et_pb_section fb_built=\u00a0\u00bb1&Prime; admin_label=\u00a0\u00bbHeader\u00a0\u00bb _builder_version=\u00a0\u00bb4.16&Prime; _module_preset=\u00a0\u00bbdefault\u00a0\u00bb locked=\u00a0\u00bboff\u00a0\u00bb collapsed=\u00a0\u00bbon\u00a0\u00bb global_colors_info=\u00a0\u00bb{}\u00a0\u00bb][et_pb_row _builder_version=\u00a0\u00bb4.22.2&Prime; _module_preset=\u00a0\u00bbdefault\u00a0\u00bb width=\u00a0\u00bb100%\u00a0\u00bb width_tablet=\u00a0\u00bb95%\u00a0\u00bb width_phone=\u00a0\u00bb95%\u00a0\u00bb width_last_edited=\u00a0\u00bboff|desktop\u00a0\u00bb max_width=\u00a0\u00bb100%\u00a0\u00bb custom_padding=\u00a0\u00bb0px||0px||false|false\u00a0\u00bb global_colors_info=\u00a0\u00bb{}\u00a0\u00bb][et_pb_column type=\u00a0\u00bb4_4&Prime; _builder_version=\u00a0\u00bb4.16&Prime; _module_preset=\u00a0\u00bbdefault\u00a0\u00bb global_colors_info=\u00a0\u00bb{}\u00a0\u00bb][et_pb_cta _builder_version=\u00a0\u00bb4.23.2&Prime; _module_preset=\u00a0\u00bba6594073-861d-4e14-a082-dc88656f5ace\u00a0\u00bb background_color=\u00a0\u00bb#FFFFFF\u00a0\u00bb background_image=\u00a0\u00bbhttps:\/\/ultraviolet.work\/_commercelocal\/wp-content\/uploads\/2024\/03\/entr-2305-parkings-headers-fr-5120&#215;600-2.jpg\u00a0\u00bb height=\u00a0\u00bb25vh\u00a0\u00bb locked=\u00a0\u00bboff\u00a0\u00bb global_colors_info=\u00a0\u00bb{}\u00a0\u00bb][\/et_pb_cta][\/et_pb_column][\/et_pb_row][\/et_pb_section][et_pb_section fb_built=\u00a0\u00bb1&Prime; _builder_version=\u00a0\u00bb4.23.2&Prime; _module_preset=\u00a0\u00bbdefault\u00a0\u00bb background_color=\u00a0\u00bb#3c93c9&Prime; custom_padding=\u00a0\u00bb40px||40px||true|false\u00a0\u00bb locked=\u00a0\u00bboff\u00a0\u00bb collapsed=\u00a0\u00bbon\u00a0\u00bb global_colors_info=\u00a0\u00bb{}\u00a0\u00bb][et_pb_row _builder_version=\u00a0\u00bb4.18.0&Prime; _module_preset=\u00a0\u00bbdefault\u00a0\u00bb custom_padding=\u00a0\u00bb0px||||false|false\u00a0\u00bb global_colors_info=\u00a0\u00bb{}\u00a0\u00bb][et_pb_column type=\u00a0\u00bb4_4&Prime; _builder_version=\u00a0\u00bb4.16&Prime; _module_preset=\u00a0\u00bbdefault\u00a0\u00bb global_colors_info=\u00a0\u00bb{}\u00a0\u00bb][et_pb_text _builder_version=\u00a0\u00bb4.23.2&Prime; _module_preset=\u00a0\u00bb1f5e4f76-b69d-43c2-b7a1-b54219c0db67&Prime; header_3_text_color=\u00a0\u00bb#F2911C\u00a0\u00bb header_3_font_size=\u00a0\u00bb40px\u00a0\u00bb custom_margin=\u00a0\u00bb||0px||false|false\u00a0\u00bb header_3_font_size_tablet=\u00a0\u00bb36px\u00a0\u00bb header_3_font_size_phone=\u00a0\u00bb26px\u00a0\u00bb global_colors_info=\u00a0\u00bb{}\u00a0\u00bb]<\/p>\n<h3 style=\"text-align: center;\"><span style=\"color: #ffffff;\">1 heure de parking gratuit<br \/>offert par la ville\u2009!<\/span><\/h3>\n<p>[\/et_pb_text][\/et_pb_column][\/et_pb_row][et_pb_row _builder_version=\u00a0\u00bb4.23.2&Prime; _module_preset=\u00a0\u00bbdefault\u00a0\u00bb custom_padding=\u00a0\u00bb0px||0px||false|false\u00a0\u00bb global_colors_info=\u00a0\u00bb{}\u00a0\u00bb][et_pb_column type=\u00a0\u00bb4_4&Prime; _builder_version=\u00a0\u00bb4.16&Prime; _module_preset=\u00a0\u00bbdefault\u00a0\u00bb global_colors_info=\u00a0\u00bb{}\u00a0\u00bb][et_pb_text _builder_version=\u00a0\u00bb4.23.2&Prime; _module_preset=\u00a0\u00bb1f5e4f76-b69d-43c2-b7a1-b54219c0db67&Prime; header_3_text_color=\u00a0\u00bb#F2911C\u00a0\u00bb header_5_font=\u00a0\u00bbRaleway|800||on|||||\u00a0\u00bb header_5_text_align=\u00a0\u00bbcenter\u00a0\u00bb header_5_text_color=\u00a0\u00bb#FFFFFF\u00a0\u00bb header_5_font_size=\u00a0\u00bb24px\u00a0\u00bb header_5_line_height=\u00a0\u00bb1.3em\u00a0\u00bb header_6_text_align=\u00a0\u00bbcenter\u00a0\u00bb header_6_text_color=\u00a0\u00bb#FFFFFF\u00a0\u00bb header_6_font_size=\u00a0\u00bb19px\u00a0\u00bb header_6_line_height=\u00a0\u00bb1.4em\u00a0\u00bb custom_margin=\u00a0\u00bb|50px|0px|50px|false|true\u00a0\u00bb custom_margin_tablet=\u00a0\u00bb|0px||0px|false|true\u00a0\u00bb custom_margin_phone=\u00a0\u00bb|0px||0px|false|true\u00a0\u00bb custom_margin_last_edited=\u00a0\u00bbon|desktop\u00a0\u00bb header_5_font_size_tablet=\u00a0\u00bb21px\u00a0\u00bb header_5_font_size_phone=\u00a0\u00bb18px\u00a0\u00bb header_5_font_size_last_edited=\u00a0\u00bbon|desktop\u00a0\u00bb header_6_font_size_tablet=\u00a0\u00bb16px\u00a0\u00bb header_6_font_size_phone=\u00a0\u00bb16px\u00a0\u00bb inline_fonts=\u00a0\u00bbRaleway\u00a0\u00bb global_colors_info=\u00a0\u00bb{}\u00a0\u00bb]<\/p>\n<h5>PROFITEZ D\u00c8S MAINTENANT DE L\u2019OFFRE EXCLUSIVE DE LA VILLE ET B\u00c9N\u00c9FICIEZ D\u2019UNE HEURE DE STATIONNEMENT GRATUIT DANS NOS PARKINGS PARTENAIRES.<\/h5>\n<h6>Avec plus de 10 000 places de parking disponibles, vous \u00eates s\u00fbr de trouver un emplacement pour votre voiture, \u00e0 deux pas de votre commerce pr\u00e9f\u00e9r\u00e9. De plus, les tarifs de nos parkings partenaires sont plus avantageux que ceux en voirie.<\/h6>\n<h6>Alors n\u2019h\u00e9sitez plus, rendez-vous dans les commerces participants pour profiter de cette offre exceptionnelle et aller \u00e0 la rencontre des commer\u00e7ants du centre-ville de\u00a0Bruxelles, parce qu\u2019ils sont FORMIDABLES !<\/h6>\n<p>[\/et_pb_text][\/et_pb_column][\/et_pb_row][\/et_pb_section][et_pb_section fb_built=\u00a0\u00bb1&Prime; _builder_version=\u00a0\u00bb4.23.2&Prime; _module_preset=\u00a0\u00bbdefault\u00a0\u00bb background_color=\u00a0\u00bb#FFFFFF\u00a0\u00bb z_index=\u00a0\u00bb0&Prime; global_colors_info=\u00a0\u00bb{}\u00a0\u00bb][et_pb_row column_structure=\u00a0\u00bb1_3,2_3&Prime; use_custom_gutter=\u00a0\u00bbon\u00a0\u00bb gutter_width=\u00a0\u00bb1&Prime; make_equal=\u00a0\u00bbon\u00a0\u00bb _builder_version=\u00a0\u00bb4.23.2&Prime; _module_preset=\u00a0\u00bbdefault\u00a0\u00bb custom_margin=\u00a0\u00bb||||false|false\u00a0\u00bb custom_padding=\u00a0\u00bb50px||50px||true|false\u00a0\u00bb global_colors_info=\u00a0\u00bb{}\u00a0\u00bb][et_pb_column type=\u00a0\u00bb1_3&Prime; _builder_version=\u00a0\u00bb4.23.2&Prime; _module_preset=\u00a0\u00bbdefault\u00a0\u00bb global_colors_info=\u00a0\u00bb{}\u00a0\u00bb][et_pb_text _builder_version=\u00a0\u00bb4.23.2&Prime; _module_preset=\u00a0\u00bbdefault\u00a0\u00bb header_5_font=\u00a0\u00bbRaleway|700|||||||\u00a0\u00bb header_5_line_height=\u00a0\u00bb1.3em\u00a0\u00bb custom_margin=\u00a0\u00bb||||false|false\u00a0\u00bb header_4_font_size_tablet=\u00a0\u00bb\u00a0\u00bb header_4_font_size_phone=\u00a0\u00bb\u00a0\u00bb header_4_font_size_last_edited=\u00a0\u00bbon|tablet\u00a0\u00bb header_5_font_size_tablet=\u00a0\u00bb\u00a0\u00bb header_5_font_size_phone=\u00a0\u00bb\u00a0\u00bb header_5_font_size_last_edited=\u00a0\u00bbon|tablet\u00a0\u00bb global_colors_info=\u00a0\u00bb{}\u00a0\u00bb]<\/p>\n<h4><span style=\"color: #007cc9;\">CIRCULER INTELLIGEMMENT <\/span><br \/><span style=\"color: #007cc9;\">DANS LE CENTRE-VILLE,<\/span><br \/><span style=\"color: #007cc9;\">C\u2019EST FACILE !<\/span><\/h4>\n<ul>\n<li>\n<h5>1. Rep\u00e9rez le parking de votre choix<\/h5>\n<\/li>\n<li>\n<h5>2. Encodez-le dans votre application<br \/>de trafic pr\u00e9f\u00e9r\u00e9e<\/h5>\n<\/li>\n<\/ul>\n<p>[\/et_pb_text][et_pb_image src=\u00a0\u00bbhttps:\/\/ultraviolet.work\/_commercelocal\/wp-content\/uploads\/2024\/03\/Parking-couvert-Icon.png\u00a0\u00bb title_text=\u00a0\u00bbParking couvert Icon\u00a0\u00bb show_bottom_space=\u00a0\u00bboff\u00a0\u00bb _builder_version=\u00a0\u00bb4.23.2&Prime; _module_preset=\u00a0\u00bbdefault\u00a0\u00bb height=\u00a0\u00bb40px\u00a0\u00bb custom_margin=\u00a0\u00bb-10px||10px||false|false\u00a0\u00bb custom_margin_tablet=\u00a0\u00bb-10px||10px||false|false\u00a0\u00bb custom_margin_phone=\u00a0\u00bb-10px||10px||false|false\u00a0\u00bb custom_margin_last_edited=\u00a0\u00bbon|phone\u00a0\u00bb global_colors_info=\u00a0\u00bb{}\u00a0\u00bb][\/et_pb_image][et_pb_text _builder_version=\u00a0\u00bb4.23.2&Prime; _module_preset=\u00a0\u00bbdefault\u00a0\u00bb header_5_font=\u00a0\u00bbRaleway|700|||||||\u00a0\u00bb header_5_line_height=\u00a0\u00bb1.3em\u00a0\u00bb custom_margin=\u00a0\u00bb||||false|false\u00a0\u00bb header_4_font_size_tablet=\u00a0\u00bb\u00a0\u00bb header_4_font_size_phone=\u00a0\u00bb\u00a0\u00bb header_4_font_size_last_edited=\u00a0\u00bbon|tablet\u00a0\u00bb header_5_font_size_tablet=\u00a0\u00bb\u00a0\u00bb header_5_font_size_phone=\u00a0\u00bb\u00a0\u00bb header_5_font_size_last_edited=\u00a0\u00bbon|tablet\u00a0\u00bb global_colors_info=\u00a0\u00bb{}\u00a0\u00bb]<\/p>\n<ul>\n<li><span style=\"color: #b9252c;\"><strong>Albertine<\/strong><\/span> | Place de la Justice 16<\/li>\n<li><span style=\"color: #ce88a5;\"><strong>Alhambra<\/strong><\/span> | Boulevard Emile Jacqmain 14<\/li>\n<li><span style=\"color: #b09169;\"><strong>Botanique<\/strong><\/span> | Boulevard du Jardin Botanique 29\/31<\/li>\n<li><span style=\"color: #d53f80;\"><strong>Brucity<\/strong><\/span> | Rue de l&rsquo;Ev\u00eaque 1<\/li>\n<li><span style=\"color: #377d39;\"><strong>Centre<\/strong><\/span> | Rue du Damier 26<\/li>\n<li><span style=\"color: #8fb93b;\"><strong>City 2<\/strong><\/span> | Rue des Cendres 8<\/li>\n<li><span style=\"color: #4c9185;\"><strong>Dansaert<\/strong><\/span> | Place du Nouveau March\u00e9 aux Grains 2<\/li>\n<li><span style=\"color: #7084c1;\"><strong>De Brouck\u00e8re<\/strong><\/span> | Place De Brouck\u00e8re 1<\/li>\n<li><span style=\"color: #e3782a;\"><strong>Deux Portes<\/strong><\/span> | Boulevard de Waterloo 2a<\/li>\n<li><span style=\"color: #898989;\"><strong>\u00c9cuyer<\/strong><\/span> | Rue de l&rsquo;Ecuyer 11<\/li>\n<li><span style=\"color: #7a4f80;\"><strong>Grand Place<\/strong><\/span> | Boulevard de l&rsquo;Imp\u00e9ratrice<\/li>\n<li><span style=\"color: #d8a302;\"><strong>Monnaie<\/strong><\/span> | Place de la Monnaie<\/li>\n<li><strong>Pach\u00e9co<\/strong> | Boulevard Pach\u00e9co 7<\/li>\n<li><span style=\"color: #0149a0;\"><strong>Passage 44<\/strong><\/span> | Boulevard du Jardin Botanique 44<\/li>\n<li><span style=\"color: #3987cb;\"><strong>Poelaert<\/strong><\/span> | Place Poelaert 4\/Z<\/li>\n<li><span style=\"color: #62a3b2;\"><strong>Rogier<\/strong><\/span> | Place Charles Rogier<\/li>\n<li><span style=\"color: #a07734;\"><strong>Royal<\/strong><\/span> | Rue de Ligne 25<\/li>\n<\/ul>\n<p>[\/et_pb_text][\/et_pb_column][et_pb_column type=\u00a0\u00bb2_3&Prime; _builder_version=\u00a0\u00bb4.23.2&Prime; _module_preset=\u00a0\u00bbdefault\u00a0\u00bb global_colors_info=\u00a0\u00bb{}\u00a0\u00bb][et_pb_image src=\u00a0\u00bbhttps:\/\/ultraviolet.work\/_commercelocal\/wp-content\/uploads\/2024\/03\/entr-2403-plan-parkings-good-move.jpg\u00a0\u00bb title_text=\u00a0\u00bbentr-2403-plan-parkings-good-move\u00a0\u00bb show_in_lightbox=\u00a0\u00bbon\u00a0\u00bb _builder_version=\u00a0\u00bb4.23.2&Prime; _module_preset=\u00a0\u00bbdefault\u00a0\u00bb width=\u00a0\u00bb100%\u00a0\u00bb max_width=\u00a0\u00bb100%\u00a0\u00bb custom_margin_tablet=\u00a0\u00bb|0%||-2%|false|false\u00a0\u00bb custom_margin_last_edited=\u00a0\u00bboff|tablet\u00a0\u00bb global_colors_info=\u00a0\u00bb{}\u00a0\u00bb][\/et_pb_image][\/et_pb_column][\/et_pb_row][\/et_pb_section][et_pb_section fb_built=\u00a0\u00bb1&Prime; _builder_version=\u00a0\u00bb4.23.2&Prime; _module_preset=\u00a0\u00bbdefault\u00a0\u00bb background_color=\u00a0\u00bb#FFFFFF\u00a0\u00bb custom_padding=\u00a0\u00bb20px||20px||true|false\u00a0\u00bb custom_css_before=\u00a0\u00bbalign-items : center\u00a0\u00bb border_color_top=\u00a0\u00bb#E0E0E0&Prime; locked=\u00a0\u00bboff\u00a0\u00bb collapsed=\u00a0\u00bbon\u00a0\u00bb global_colors_info=\u00a0\u00bb{}\u00a0\u00bb][et_pb_row _builder_version=\u00a0\u00bb4.23.2&Prime; _module_preset=\u00a0\u00bbdefault\u00a0\u00bb custom_padding=\u00a0\u00bb40px||0px||false|false\u00a0\u00bb border_width_top=\u00a0\u00bb1px\u00a0\u00bb border_color_top=\u00a0\u00bb#C0C0C0&Prime; global_colors_info=\u00a0\u00bb{}\u00a0\u00bb][et_pb_column type=\u00a0\u00bb4_4&Prime; _builder_version=\u00a0\u00bb4.16&Prime; _module_preset=\u00a0\u00bbdefault\u00a0\u00bb global_colors_info=\u00a0\u00bb{}\u00a0\u00bb][et_pb_text _builder_version=\u00a0\u00bb4.23.2&Prime; _module_preset=\u00a0\u00bb1f5e4f76-b69d-43c2-b7a1-b54219c0db67&Prime; header_3_text_color=\u00a0\u00bb#F2911C\u00a0\u00bb header_4_text_color=\u00a0\u00bb#20a0ea\u00a0\u00bb custom_margin=\u00a0\u00bb||||false|false\u00a0\u00bb custom_padding=\u00a0\u00bb10px||||false|false\u00a0\u00bb global_colors_info=\u00a0\u00bb{}\u00a0\u00bb]<\/p>\n<h4 style=\"text-align: center;\">Commerces participants :<\/h4>\n<p>[\/et_pb_text][\/et_pb_column][\/et_pb_row][\/et_pb_section][et_pb_section fb_built=\u00a0\u00bb1&Prime; _builder_version=\u00a0\u00bb4.23.2&Prime; _module_preset=\u00a0\u00bbdefault\u00a0\u00bb z_index=\u00a0\u00bb-50&Prime; global_colors_info=\u00a0\u00bb{}\u00a0\u00bb][et_pb_row _builder_version=\u00a0\u00bb4.23.2&Prime; _module_preset=\u00a0\u00bbdefault\u00a0\u00bb global_colors_info=\u00a0\u00bb{}\u00a0\u00bb][et_pb_column type=\u00a0\u00bb4_4&Prime; _builder_version=\u00a0\u00bb4.21.0&Prime; _module_preset=\u00a0\u00bbdefault\u00a0\u00bb global_colors_info=\u00a0\u00bb{}\u00a0\u00bb][et_pb_text _builder_version=\u00a0\u00bb4.24.2&Prime; _module_preset=\u00a0\u00bbf1e6f5ec-40f6-4816-bd6b-67e97d035461&Prime; hover_enabled=\u00a0\u00bb0&Prime; global_colors_info=\u00a0\u00bb{}\u00a0\u00bb sticky_enabled=\u00a0\u00bb0&Prime;]<\/p>\n<div id=\"_idContainer005\" class=\"Bloc-de-texte-standard\">\n<div id=\"_idContainer001\" class=\"Bloc-de-texte-standard\">\n<h5 class=\"NOM\"><span class=\"Style-NOM\">2BE Brussels<\/span><\/h5>\n<h6 class=\"Adresse\"><span class=\"Style-Adresse\">Rue du Lombard 29 \u2014 Quartier Grand-Place<\/span><\/h6>\n<h5 class=\"NOM\"><span class=\"Style-NOM\">58 &#8211; Panoramic Eatery<\/span><\/h5>\n<h6 class=\"Adresse\"><span class=\"Style-Adresse\">Rue des Halles 4 \u2014 Pi\u00e9tonnier<\/span><\/h6>\n<h5 class=\"NOM\"><span class=\"Style-NOM\"><span>90 Vintage Football Store<\/span><\/span><\/h5>\n<h6 class=\"NOM\"><span class=\"Style-NOM\"><span>Rue des Riches Claires 18 \u2014 Quartier Saint-Jacques<\/span><\/span><\/h6>\n<h5 class=\"NOM\"><span class=\"Style-NOM\">A Casa Mia<\/span><\/h5>\n<h6 class=\"Adresse\"><span class=\"Style-Adresse\">Rue de Flandre 50 \u2014 Quartier Sainte-Catherine<\/span><\/h6>\n<h5 class=\"NOM\"><span class=\"Style-NOM\">AB Fashion<\/span><\/h5>\n<h6 class=\"Adresse\"><span class=\"Style-Adresse\">Rue de Malines 42 \u2014 Quartier Rue Neuve<\/span><\/h6>\n<h5 class=\"NOM\"><span class=\"Style-NOM\">aesthete-kidswear<\/span><\/h5>\n<h6 class=\"Adresse\"><span class=\"Style-Adresse\">Rue Pletinckx 3 \u2014 Quartier Dansaert<\/span><\/h6>\n<h5 class=\"NOM\"><span class=\"Style-NOM\">Alhocema<\/span><\/h5>\n<h6 class=\"Adresse\"><span class=\"Style-Adresse\">Av. Stalingrad 23 \u2014 Quartier Stalingrad &#8211; Lemonnier<\/span><\/h6>\n<h5 class=\"NOM\"><span class=\"Style-NOM\">Ana\u00efs Gassin Violins<\/span><\/h5>\n<h6 class=\"Adresse\"><span class=\"Style-Adresse\">Rue de Laeken 113 \u2014 Quartier Sainte-Catherine<\/span><\/h6>\n<h5 class=\"NOM\"><span class=\"Style-NOM\">Andaloussia<\/span><\/h5>\n<h6 class=\"Adresse\"><span class=\"Style-Adresse\">Av. de Stalingrad 97 \u2014 Quartier Stalingrad &#8211; Lemonnier<\/span><\/h6>\n<h5 class=\"NOM\"><span class=\"Style-NOM\">Anticyclone des Acores<\/span><\/h5>\n<h6 class=\"Adresse\"><span class=\"Style-Adresse\">Rue Foss\u00e9 aux Loups 34 \u2014 Quartier Rue Neuve<\/span><\/h6>\n<h5 class=\"NOM\"><span class=\"Style-NOM\">Antoinette et Marguerite<\/span><\/h5>\n<h6 class=\"Adresse\"><span class=\"Style-Adresse\">Rue Sainte-Catherine 2 \u2014 Quartier Sainte-Catherine<\/span><\/h6>\n<h5 class=\"NOM\"><span class=\"Style-NOM\">Appart 17<\/span><\/h5>\n<h6 class=\"Adresse\"><span class=\"Style-Adresse\">Rue des Grands Carmes 17 \u2014 Quartier Saint-Jacques<\/span><\/h6>\n<h5 class=\"NOM\"><span class=\"Style-NOM\">Aprhodita<\/span><\/h5>\n<h6 class=\"Adresse\"><span class=\"Style-Adresse\">Rue L\u00e9on Lepage 1 \u2014 Quartier Dansaert<\/span><\/h6>\n<h5 class=\"NOM\"><span class=\"Style-NOM\">April Parfumerie \/ Anspach Shopping<\/span><\/h5>\n<h6 class=\"Adresse\"><span class=\"Style-Adresse\">Rue Gretry 12 \u2014 Quartier Rue Neuve<\/span><\/h6>\n<h5 class=\"NOM\"><span class=\"Style-NOM\">Arbre Mandarine<\/span><\/h5>\n<h6 class=\"Adresse\"><span class=\"Style-Adresse\">Rue Saint-Christophe 2 \u2014 Quartier Dansaert<\/span><\/h6>\n<h5 class=\"NOM\"><span class=\"Style-NOM\">Arte.Sano Vinoteca<\/span><\/h5>\n<h6 class=\"Adresse\"><span class=\"Style-Adresse\">Place Rouppe 8 \u2014 Quartier Stalingrad &#8211; Lemonnier<\/span><\/h6>\n<h5 class=\"NOM\"><span class=\"Style-NOM\">Artimo Fine Arts<\/span><\/h5>\n<h6 class=\"Adresse\"><span class=\"Style-Adresse\">Rue Lebeau 55 \u2014 Quartier du Sablon<\/span><\/h6>\n<h5 class=\"NOM\"><span class=\"Style-NOM\">ATAT<\/span><\/h5>\n<h6 class=\"Adresse\"><span class=\"Style-Adresse\">Rue Blaes 164 \u2014 Quartier des Marolles<\/span><\/h6>\n<h5 class=\"NOM\"><span class=\"Style-NOM\">Atelier de la Rose<\/span><\/h5>\n<h6 class=\"Adresse\"><span class=\"Style-Adresse\">Rue de Namur 33 \u2014 Quartier Rue de Namur- Bd de Waterloo<\/span><\/h6>\n<h5 class=\"NOM\"><span class=\"Style-NOM\">Atelier Sainte-Catherine (cacao Invest)<\/span><\/h5>\n<h6 class=\"Adresse\"><span class=\"Style-Adresse\">Quai aux Briques 36 \u2014 Quartier Sainte-Catherine<\/span><\/h6>\n<h5 class=\"NOM\"><span class=\"Style-NOM\">Atelier29<\/span><\/h5>\n<h6 class=\"Adresse\"><span class=\"Style-Adresse\">Rue Jacques de Lalaing 29 \u2014 Pi\u00e9tonnier<\/span><\/h6>\n<h5 class=\"NOM\"><span class=\"Style-NOM\">Atrio Restaurant<\/span><\/h5>\n<h6 class=\"Adresse\"><span class=\"Style-Adresse\">Rue Stevin 132 \u2014 Quartier Congr\u00e8s<\/span><\/h6>\n<h5 class=\"NOM\"><span class=\"Style-NOM\">Au Bon Repos<\/span><\/h5>\n<h6 class=\"Adresse\"><span class=\"Style-Adresse\">Place de la Chapelle 10 \u2014 Quartier des Marolles<\/span><\/h6>\n<h5 class=\"NOM\"><span class=\"Style-NOM\">Au Coin Vert<\/span><\/h5>\n<h6 class=\"Adresse\"><span class=\"Style-Adresse\">Rue Blaes 108-112 \u2014 Quartier des Marolles<\/span><\/h6>\n<h5 class=\"NOM\"><span class=\"Style-NOM\">Au Lotus Tha\u00ef<\/span><\/h5>\n<h6 class=\"Adresse\"><span class=\"Style-Adresse\">Rue Jules Van Praet 31 \u2014 Quartier Van Artevelde<\/span><\/h6>\n<h5 class=\"NOM\"><span class=\"Style-NOM\">Au Vieux Saint Martin<\/span><\/h5>\n<h6 class=\"Adresse\"><span class=\"Style-Adresse\">Place du Grand Sablon 38 \u2014 Quartier du Sablon<\/span><\/h6>\n<h5 class=\"NOM\"><span class=\"Style-NOM\">Aux Armes de Bruxelles<\/span><\/h5>\n<h6 class=\"Adresse\"><span class=\"Style-Adresse\">Rue des Bouchers 13 \u2014 Quartier Grand-Place<\/span><\/h6>\n<h5 class=\"NOM\"><span class=\"Style-NOM\">Azzato<\/span><\/h5>\n<h6 class=\"Adresse\"><span class=\"Style-Adresse\">Rue de la Violette 42 \u2014 Quartier Grand-Place<\/span><\/h6>\n<h5 class=\"NOM\"><span class=\"Style-NOM\">Baden Baden<\/span><\/h5>\n<h6 class=\"Adresse\"><span class=\"Style-Adresse\">Rue Haute 78-84 \u2014 Quartier du Sablon<\/span><\/h6>\n<h5 class=\"NOM\"><span class=\"Style-NOM\">Bar Tapas 177<\/span><\/h5>\n<h6 class=\"Adresse\"><span class=\"Style-Adresse\">Rue Haute 177 \u2014 Quartier des Marolles<\/span><\/h6>\n<h5 class=\"NOM\"><span class=\"Style-NOM\">Baraka&rsquo;t Kacem<\/span><\/h5>\n<h6 class=\"Adresse\"><span class=\"Style-Adresse\">Rue de l&rsquo;Enseignement 55 \u2014 Quartier Congr\u00e8s<\/span><\/h6>\n<h5 class=\"NOM\"><span class=\"Style-NOM\">Barbra<\/span><\/h5>\n<h6 class=\"Adresse\"><span class=\"Style-Adresse\">Rue Henri Maus 25 \u2014 Quartier Grand-Place<\/span><\/h6>\n<h5 class=\"NOM\"><span class=\"Style-NOM\">Barcode bar<\/span><\/h5>\n<h6 class=\"Adresse\"><span class=\"Style-Adresse\">Bd Emile Jacqmain 10 \u2014 Pi\u00e9tonnier<\/span><\/h6>\n<h5 class=\"NOM\"><span class=\"Style-NOM\">Bayer &amp; Bayer<\/span><\/h5>\n<h6 class=\"Adresse\"><span class=\"Style-Adresse\">Rue Joseph Stevens 35 \u2014 Quartier du Sablon<\/span><\/h6>\n<h5 class=\"NOM\"><span class=\"Style-NOM\">Be Color<\/span><\/h5>\n<h6 class=\"Adresse\"><span class=\"Style-Adresse\">Rue du Lombard 5-9 \u2014 Quartier Saint-Jacques<\/span><\/h6>\n<h5 class=\"NOM\"><span class=\"Style-NOM\">Beauty by Kroonen<\/span><\/h5>\n<h6 class=\"Adresse\"><span class=\"Style-Adresse\">Rue Lebeau 67 \u2014 Quartier du Sablon<\/span><\/h6>\n<h5 class=\"NOM\"><span class=\"Style-NOM\">Beauty Kati<\/span><\/h5>\n<h6 class=\"Adresse\"><span class=\"Style-Adresse\">rue du March\u00e9 aux Porcs 20 \u2014 Quartier Sainte-Catherine<\/span><\/h6>\n<h5 class=\"NOM\"><span class=\"Style-NOM\"><span>Beehappy<\/span><\/span><\/h5>\n<h6 class=\"NOM\"><span class=\"Style-NOM\">Rue de Laeken 46 \u2014 Quartier Sainte-Catherine<\/span><\/h6>\n<h5 class=\"NOM\"><span class=\"Style-NOM\">Beiruti Brussels<\/span><\/h5>\n<h6 class=\"Adresse\"><span class=\"Style-Adresse\">Rue Sainte-Catherine 8-10 \u2014 Quartier Sainte-Catherine<\/span><\/h6>\n<h5 class=\"NOM\"><span class=\"Style-NOM\">Belge une fois<\/span><\/h5>\n<h6 class=\"Adresse\"><span class=\"Style-Adresse\">Rue Haute 89 \u2014 Quartier des Marolles<\/span><\/h6>\n<h5 class=\"NOM\"><span class=\"Style-NOM\">Belgian Waffles<\/span><\/h5>\n<h6 class=\"Adresse\"><span class=\"Style-Adresse\">Rue March\u00e9 aux Poulets 51 \u2014 Quartier Grand-Place<\/span><\/h6>\n<h5 class=\"NOM\"><span class=\"Style-NOM\">Belgium Computer SRL<\/span><\/h5>\n<h6 class=\"Adresse\"><span class=\"Style-Adresse\">Bd. Maurice Lemonnier 62 \u2014 Quartier Van Artevelde<\/span><\/h6>\n<h5 class=\"NOM\"><span class=\"Style-NOM\">Belle au Quotidien<\/span><\/h5>\n<h6 class=\"Adresse\"><span class=\"Style-Adresse\">Quai du Commerce 20 \u2014 Quartier Sainte-Catherine<\/span><\/h6>\n<h5 class=\"NOM\"><span class=\"Style-NOM\">Benson Shoes<\/span><\/h5>\n<h6 class=\"Adresse\"><span class=\"Style-Adresse\">Rue de Namur 97 \u2014 Quartier Rue de Namur- Bd de Waterloo<\/span><\/h6>\n<h5 class=\"NOM\"><span class=\"Style-NOM\">Bia Mara<\/span><\/h5>\n<h6 class=\"Adresse\"><span class=\"Style-Adresse\">Rue marche aux Poulets 41 \u2014 Quartier Sainte-Catherine<\/span><\/h6>\n<h5 class=\"NOM\"><span class=\"Style-NOM\">Bier Central Brussels<\/span><\/h5>\n<h6 class=\"Adresse\"><span class=\"Style-Adresse\">Boulevard Anspach 37 \u2014 Pi\u00e9tonnier<\/span><\/h6>\n<h5 class=\"NOM\"><span class=\"Style-NOM\">Big Mama<\/span><\/h5>\n<h6 class=\"Adresse\"><span class=\"Style-Adresse\">Place de la Vieille Halle aux Bl\u00e9s 41 \u2014 Quartier Saint-Jacques<\/span><\/h6>\n<h5 class=\"NOM\"><span class=\"Style-NOM\">Bij den Boer<\/span><\/h5>\n<h6 class=\"Adresse\"><span class=\"Style-Adresse\">Quai aux Briques 60 \u2014 Quartier Sainte-Catherine<\/span><\/h6>\n<h5 class=\"NOM\"><span class=\"Style-NOM\">Blender<\/span><\/h5>\n<h6 class=\"Adresse\"><span class=\"Style-Adresse\">Rue des Chartreux 18 \u2014 Quartier Dansaert<\/span><\/h6>\n<h5 class=\"NOM\"><span class=\"Style-NOM\">Bombay P\u00e9kin<\/span><\/h5>\n<h6 class=\"Adresse\"><span class=\"Style-Adresse\">Rue Haute 133 \u2014 Quartier des Marolles<\/span><\/h6>\n<h5 class=\"NOM\"><span class=\"Style-NOM\">Bonsoir Clara<\/span><\/h5>\n<h6 class=\"Adresse\"><span class=\"Style-Adresse\">Rue Antoine Dansaert 20 \u2014 Quartier Dansaert<\/span><\/h6>\n<h5 class=\"NOM\"><span class=\"Style-NOM\">Bossa Nova<\/span><\/h5>\n<h6 class=\"Adresse\"><span class=\"Style-Adresse\">Rue Haute 395 \u2014 Quartier des Marolles<\/span><\/h6>\n<h5 class=\"NOM\"><span class=\"Style-NOM\">Bouillon Bruxelles<\/span><\/h5>\n<h6 class=\"Adresse\"><span class=\"Style-Adresse\">Rue des Dominicains 7-9 \u2014 Quartier Grand-Place<\/span><\/h6>\n<h5 class=\"NOM\"><span class=\"Style-NOM\">Boutique H\u00f4tel Agora<\/span><\/h5>\n<h6 class=\"Adresse\"><span class=\"Style-Adresse\">Rue des \u00c9peronniers 3 \u2014 Quartier Grand-Place<\/span><\/h6>\n<h5 class=\"NOM\"><span class=\"Style-NOM\">Boutique Japan<\/span><\/h5>\n<h6 class=\"Adresse\"><span class=\"Style-Adresse\">Rue Sainte-Catherine \u2014 Quartier Sainte-Catherine<\/span><\/h6>\n<h5 class=\"NOM\"><span class=\"Style-NOM\">Boutique Templar Soul<\/span><\/h5>\n<h6 class=\"Adresse\"><span class=\"Style-Adresse\">Rue du March\u00e9 au Charbon 15 \u2014 Quartier Saint-Jacques<\/span><\/h6>\n<h5 class=\"NOM\"><span class=\"Style-NOM\">Brasserie Le Paon<\/span><\/h5>\n<h6 class=\"Adresse\"><span class=\"Style-Adresse\">Grand-Place 35 \u2014 Quartier Grand-Place<\/span><\/h6>\n<h5 class=\"NOM\"><span class=\"Style-NOM\">Brasserie Ommegang<\/span><\/h5>\n<h6 class=\"Adresse\"><span class=\"Style-Adresse\">Rue de la Montagne 4 \u2014 Quartier Grand-Place<\/span><\/h6>\n<h5 class=\"NOM\"><span class=\"Style-NOM\">Brasserie Ploegmans<\/span><\/h5>\n<h6 class=\"Adresse\"><span class=\"Style-Adresse\">Rue Haute 148 \u2014 Quartier des Marolles<\/span><\/h6>\n<h5 class=\"NOM\"><span class=\"Style-NOM\">Brosella<\/span><\/h5>\n<h6 class=\"Adresse\"><span class=\"Style-Adresse\">Rue Saint Michel 34-36 \u2014 Quartier Rue Neuve<\/span><\/h6>\n<h5 class=\"NOM\"><span class=\"Style-NOM\">Burger King De Brouck\u00e8re<\/span><\/h5>\n<h6 class=\"Adresse\"><span class=\"Style-Adresse\">Bd Anspach 5 \u2014 Pi\u00e9tonnier<\/span><\/h6>\n<h5 class=\"NOM\"><span class=\"Style-NOM\">By B by Barbara Louys<\/span><\/h5>\n<h6 class=\"Adresse\"><span class=\"Style-Adresse\">Rue de Namur 93 \u2014 Quartier Rue de Namur- Bd de Waterloo<\/span><\/h6>\n<h5 class=\"NOM\"><span class=\"Style-NOM\">Byblos Travel<\/span><\/h5>\n<h6 class=\"Adresse\"><span class=\"Style-Adresse\">Avenue des Arts 18 \u2014 Quartier Rue de Namur- Bd de Waterloo<\/span><\/h6>\n<h5 class=\"NOM\"><span class=\"Style-NOM\">C&rsquo;est ma Tourn\u00e9e<\/span><\/h5>\n<h6 class=\"Adresse\"><span class=\"Style-Adresse\">Rue du Lombard 2 \u2014 Quartier Saint-Jacques<\/span><\/h6>\n<h5 class=\"NOM\"><span class=\"Style-NOM\">Caf\u00e9 Charbon<\/span><\/h5>\n<h6 class=\"Adresse\"><span class=\"Style-Adresse\">Rue du March\u00e9 au Charbon 90 \u2014 Quartier Saint-Jacques<\/span><\/h6>\n<h5 class=\"NOM\"><span class=\"Style-NOM\">Cafe Las Vegas<\/span><\/h5>\n<h6 class=\"Adresse\"><span class=\"Style-Adresse\">Bd Adolphe Max 137 \u2014 Quartier Rue Neuve<\/span><\/h6>\n<h5 class=\"NOM\"><span class=\"Style-NOM\">Caf\u00e9 Lutgarde<\/span><\/h5>\n<h6 class=\"Adresse\"><span class=\"Style-Adresse\">Rue Rempart des Moines 3 \u2014 Quartier Dansaert<\/span><\/h6>\n<h5 class=\"NOM\"><span class=\"Style-NOM\">Caf\u00e9 Saint Jean<\/span><\/h5>\n<h6 class=\"Adresse\"><span class=\"Style-Adresse\">Rue Duquesnoy 45 \u2014 Quartier Grand-Place<\/span><\/h6>\n<h5 class=\"NOM\"><span class=\"Style-NOM\">Candypop<\/span><\/h5>\n<h6 class=\"Adresse\"><span class=\"Style-Adresse\">Av. du Roi Albert 228 \u2014 Quartier Saint-Jacques<\/span><\/h6>\n<h5 class=\"NOM\"><span class=\"Style-NOM\"><span>Capito Come<\/span><\/span><\/h5>\n<h6 class=\"NOM\"><span class=\"Style-NOM\">Rue des Chartreux 37 \u2014 Quartier Van Artevelde<\/span><\/h6>\n<h5 class=\"NOM\"><span class=\"Style-NOM\">Cappelle Opticien<\/span><\/h5>\n<h6 class=\"Adresse\"><span class=\"Style-Adresse\">Rue Antoine Dansaert 65 \u2014 Quartier Dansaert<\/span><\/h6>\n<h5 class=\"NOM\"><span class=\"Style-NOM\">Cappuccino Brussel<\/span><\/h5>\n<h6 class=\"Adresse\"><span class=\"Style-Adresse\">Avenue de Stalingrad 71 \u2014 Quartier Stalingrad &#8211; Lemonnier<\/span><\/h6>\n<h5 class=\"NOM\"><span class=\"Style-NOM\">Caroline Music<\/span><\/h5>\n<h6 class=\"Adresse\"><span class=\"Style-Adresse\">Bd Anspach 101 \u2014 Pi\u00e9tonnier<\/span><\/h6>\n<h5 class=\"NOM\"><span class=\"Style-NOM\">Cassis | Anspach Shopping<\/span><\/h5>\n<h6 class=\"Adresse\"><span class=\"Style-Adresse\">Bd Anspach 24 \u2014 Pi\u00e9tonnier<\/span><\/h6>\n<h5 class=\"NOM\"><span class=\"Style-NOM\">Cemiko<\/span><\/h5>\n<h6 class=\"Adresse\"><span class=\"Style-Adresse\">Bd. Anspach 123 \u2014 Pi\u00e9tonnier<\/span><\/h6>\n<h5 class=\"NOM\"><span class=\"Style-NOM\">Champigros<\/span><\/h5>\n<h6 class=\"Adresse\"><span class=\"Style-Adresse\">Rue Sainte-Catherine 36 \u2014 Quartier Sainte-Catherine<\/span><\/h6>\n<h5 class=\"NOM\"><span class=\"Style-NOM\">Chez Jacques<\/span><\/h5>\n<h6 class=\"Adresse\"><span class=\"Style-Adresse\">Quai aux Briques 44 \u2014 Quartier Sainte-Catherine<\/span><\/h6>\n<h5 class=\"NOM\"><span class=\"Style-NOM\">Chez Jules<\/span><\/h5>\n<h6 class=\"Adresse\"><span class=\"Style-Adresse\">Rue de l&rsquo;Ecuyer 33 \u2014 Quartier Grand-Place<\/span><\/h6>\n<h5 class=\"NOM\"><span class=\"Style-NOM\">Chez L\u00e9on<\/span><\/h5>\n<h6 class=\"Adresse\"><span class=\"Style-Adresse\">Rue des Bouchers 18 \u2014 Quartier Grand-Place<\/span><\/h6>\n<h5 class=\"NOM\"><span class=\"Style-NOM\">Chezwawa<\/span><\/h5>\n<h6 class=\"Adresse\"><span class=\"Style-Adresse\">Rue de la Presse 27-29 \u2014 Quartier Congr\u00e8s<\/span><\/h6>\n<h5 class=\"NOM\"><span class=\"Style-NOM\">Chick\u2019n choice<\/span><\/h5>\n<h6 class=\"Adresse\"><span class=\"Style-Adresse\">Rue de Malines 44-46 \u2014 Quartier Rue Neuve<\/span><\/h6>\n<h5 class=\"NOM\"><span class=\"Style-NOM\">Chris &amp; Chris<\/span><\/h5>\n<h6 class=\"Adresse\"><span class=\"Style-Adresse\">Bd Adolphe Max 76 \u2014 Quartier Rue Neuve<\/span><\/h6>\n<h5 class=\"NOM\"><span class=\"Style-NOM\">Cig-Art<\/span><\/h5>\n<h6 class=\"Adresse\"><span class=\"Style-Adresse\">Rue Sainte-Catherine 9 A \u2014 Quartier Sainte-Catherine<\/span><\/h6>\n<h5 class=\"NOM\"><span class=\"Style-NOM\">Cilsbox<\/span><\/h5>\n<h6 class=\"Adresse\"><span class=\"Style-Adresse\">Rue Plattesteen 3 \u2014 Quartier Saint-Jacques<\/span><\/h6>\n<h5 class=\"NOM\"><span class=\"Style-NOM\">Cl\u00e9 Rapide<\/span><\/h5>\n<h6 class=\"Adresse\"><span class=\"Style-Adresse\">Rue du Pont Neuf Nieuwbrug 21 \u2014 Pi\u00e9tonnier<\/span><\/h6>\n<h5 class=\"NOM\"><span class=\"Style-NOM\">CmJewels | March\u00e9 des Antiquaires du Sablon<\/span><\/h5>\n<h6 class=\"Adresse\"><span class=\"Style-Adresse\">Place du Grand Sablon \u2014 Quartier du Sablon<\/span><\/h6>\n<h5 class=\"NOM\"><span class=\"Style-NOM\">Comfort optique<\/span><\/h5>\n<h6 class=\"Adresse\"><span class=\"Style-Adresse\">Rue du Midi 98 \u2014 Quartier Saint-Jacques<\/span><\/h6>\n<h5 class=\"NOM\"><span class=\"Style-NOM\">ComoTapas<\/span><\/h5>\n<h6 class=\"Adresse\"><span class=\"Style-Adresse\">Rue Antoine Dansaert 19 \u2014 Quartier Dansaert<\/span><\/h6>\n<h5 class=\"NOM\"><span class=\"Style-NOM\">Costermans<\/span><\/h5>\n<h6 class=\"Adresse\"><span class=\"Style-Adresse\">Place du Grand Sablon 5 \u2014 Quartier du Sablon<\/span><\/h6>\n<h5 class=\"NOM\"><span class=\"Style-NOM\">Cotelac<\/span><\/h5>\n<h6 class=\"Adresse\"><span class=\"Style-Adresse\">Rue Antoine Dansaert 34 \u2014 Quartier Dansaert<\/span><\/h6>\n<h5 class=\"NOM\"><span class=\"Style-NOM\">Coutellerie du Roi<\/span><\/h5>\n<h6 class=\"Adresse\"><span class=\"Style-Adresse\">Pass. du Nord 27 \u2014 Quartier Rue Neuve<\/span><\/h6>\n<h5 class=\"NOM\"><span class=\"Style-NOM\">CPHagen<\/span><\/h5>\n<h6 class=\"Adresse\"><span class=\"Style-Adresse\">Rue de Flandre 57 \u2014 Quartier Sainte-Catherine<\/span><\/h6>\n<h5 class=\"NOM\"><span class=\"Style-NOM\">D+<\/span><\/h5>\n<h6 class=\"Adresse\"><span class=\"Style-Adresse\">Rue Blaes 83\/87 \u2014 Quartier des Marolles<\/span><\/h6>\n<h5 class=\"NOM\"><span class=\"Style-NOM\">De Bruxelles et d&rsquo;Ailleurs<\/span><\/h5>\n<h6 class=\"Adresse\"><span class=\"Style-Adresse\">Pl. de la Libert\u00e9 13 \u2014 Quartier Congr\u00e8s<\/span><\/h6>\n<h5 class=\"NOM\"><span class=\"Style-NOM\">De BXL et d&rsquo;Ailleurs<\/span><\/h5>\n<h6 class=\"Adresse\"><span class=\"Style-Adresse\">Rue du Congr\u00e8s 30 \u2014 Quartier Congr\u00e8s<\/span><\/h6>\n<h5 class=\"NOM\"><span class=\"Style-NOM\">Den Teepot<\/span><\/h5>\n<h6 class=\"Adresse\"><span class=\"Style-Adresse\">Rue des Chartreux 66 \u2014 Quartier Dansaert<\/span><\/h6>\n<h5 class=\"NOM\"><span class=\"Style-NOM\">Des Petits Hauts<\/span><\/h5>\n<h6 class=\"Adresse\"><span class=\"Style-Adresse\">Rue du March\u00e9 au Charbon 60 \u2014 Quartier Saint-Jacques<\/span><\/h6>\n<h5 class=\"NOM\"><span class=\"Style-NOM\">Diane Von Furstenberg<\/span><\/h5>\n<h6 class=\"Adresse\"><span class=\"Style-Adresse\">Rue du Grand Cerf 11 \u2014 Quartier Rue de Namur- Bd de Waterloo<\/span><\/h6>\n<h5 class=\"NOM\"><span class=\"Style-NOM\">Dierendonck<\/span><\/h5>\n<h6 class=\"Adresse\"><span class=\"Style-Adresse\">Rue Sainte-Catherine 24 \u2014 Quartier Sainte-Catherine<\/span><\/h6>\n<h5 class=\"NOM\"><span class=\"Style-NOM\">Dimension Latina<\/span><\/h5>\n<h6 class=\"Adresse\"><span class=\"Style-Adresse\">Rue du Midi 96 \u2014 Quartier Saint-Jacques<\/span><\/h6>\n<h5 class=\"NOM\"><span class=\"Style-NOM\">Dinky<\/span><\/h5>\n<h6 class=\"Adresse\"><span class=\"Style-Adresse\">Galerie Agora 60 \u2014 Quartier Grand-Place<\/span><\/h6>\n<h5 class=\"NOM\"><span class=\"Style-NOM\">Diplomat strosberg horlogerie<\/span><\/h5>\n<h6 class=\"Adresse\"><span class=\"Style-Adresse\">Rue du midi 44 \u2014 Quartier Grand-Place<\/span><\/h6>\n<h5 class=\"NOM\"><span class=\"Style-NOM\">Dolores<\/span><\/h5>\n<h6 class=\"Adresse\"><span class=\"Style-Adresse\">Rue du March\u00e9 au Charbon 40 \u2014 Quartier Saint-Jacques<\/span><\/h6>\n<h5 class=\"NOM\"><span class=\"Style-NOM\">Drip Drops<\/span><\/h5>\n<h6 class=\"Adresse\"><span class=\"Style-Adresse\">Rue du Lombard 11 \u2014 Quartier Grand-Place<\/span><\/h6>\n<h5 class=\"NOM\"><span class=\"Style-NOM\">Eclectic Store<\/span><\/h5>\n<h6 class=\"Adresse\"><span class=\"Style-Adresse\">Rue Van Artevelde 46 \u2014 Quartier Van Artevelde<\/span><\/h6>\n<h5 class=\"NOM\"><span class=\"Style-NOM\">El Fontan<\/span><\/h5>\n<h6 class=\"Adresse\"><span class=\"Style-Adresse\">Rue Haute 179 \u2014 Quartier des Marolles<\/span><\/h6>\n<h5 class=\"NOM\"><span class=\"Style-NOM\">Els Vansteelandt Jewellery &amp; Art<\/span><\/h5>\n<h6 class=\"Adresse\"><span class=\"Style-Adresse\">Rue du Rempart des Moines 15 \u2014 Quartier Dansaert<\/span><\/h6>\n<h5 class=\"NOM\"><span class=\"Style-NOM\">Entropy Restaurant<\/span><\/h5>\n<h6 class=\"Adresse\"><span class=\"Style-Adresse\">Place Saint-G\u00e9ry 22 \u2014 Quartier Sainte-Catherine<\/span><\/h6>\n<h5 class=\"NOM\"><span class=\"Style-NOM\">\u00c9picerie express<\/span><\/h5>\n<h6 class=\"Adresse\"><span class=\"Style-Adresse\">Rue du Midi 66 \u2014 Quartier Saint-Jacques<\/span><\/h6>\n<h5 class=\"NOM\"><span class=\"Style-NOM\">Erratum Fashion<\/span><\/h5>\n<h6 class=\"Adresse\"><span class=\"Style-Adresse\">Rue Saint-Christophe 7 \u2014 Quartier Sainte-Catherine<\/span><\/h6>\n<h5 class=\"NOM\"><span class=\"Style-NOM\">Ets A. Brasseur<\/span><\/h5>\n<h6 class=\"Adresse\"><span class=\"Style-Adresse\">Rue du midi 80 \u2014 Quartier Saint-Jacques<\/span><\/h6>\n<h5 class=\"NOM\"><span class=\"Style-NOM\">Fadi Fashion<\/span><\/h5>\n<h6 class=\"Adresse\"><span class=\"Style-Adresse\">Bd. Anspach 52 \u2014 Pi\u00e9tonnier<\/span><\/h6>\n<h5 class=\"NOM\"><span class=\"Style-NOM\">F\u00e4rm<\/span><\/h5>\n<h6 class=\"Adresse\"><span class=\"Style-Adresse\">Quai au bois \u00e0 br\u00fbler 43 \u2014 Quartier Sainte-Catherine<\/span><\/h6>\n<h5 class=\"NOM\"><span class=\"Style-NOM\">Fran\u00e7ois<\/span><\/h5>\n<h6 class=\"Adresse\"><span class=\"Style-Adresse\">Rue Sainte-Catherine 8 \u2014 Quartier Sainte-Catherine<\/span><\/h6>\n<h5 class=\"NOM\"><span class=\"Style-NOM\">Fran\u00e7ois et le pre sale<\/span><\/h5>\n<h6 class=\"Adresse\"><span class=\"Style-Adresse\">Quai aux Briques 2 \u2014 Quartier Sainte-Catherine<\/span><\/h6>\n<h5 class=\"NOM\"><span class=\"Style-NOM\">Francoise Hancisse<\/span><\/h5>\n<h6 class=\"Adresse\"><span class=\"Style-Adresse\">Rue Haute 87 \u2014 Quartier des Marolles<\/span><\/h6>\n<h5 class=\"NOM\"><span class=\"Style-NOM\">Fresh market<\/span><\/h5>\n<h6 class=\"Adresse\"><span class=\"Style-Adresse\">Bd Maurice Lemonnier 188-188 \u2014 Quartier Stalingrad &#8211; Lemonnier<\/span><\/h6>\n<h5 class=\"NOM\"><span class=\"Style-NOM\">G3ART<\/span><\/h5>\n<h6 class=\"Adresse\"><span class=\"Style-Adresse\">Rue de la Madeleine 51 \u2014 Quartier Mont des Arts<\/span><\/h6>\n<h5 class=\"NOM\"><span class=\"Style-NOM\">Galerie Lamy<\/span><\/h5>\n<h6 class=\"Adresse\"><span class=\"Style-Adresse\">Rue Ernest Allard 23 \u2014 Quartier du Sablon<\/span><\/h6>\n<h5 class=\"NOM\"><span class=\"Style-NOM\">Galerie Minautore<\/span><\/h5>\n<h6 class=\"Adresse\"><span class=\"Style-Adresse\">Place de la Justice 3A \u2014 Quartier du Sablon<\/span><\/h6>\n<h5 class=\"NOM\"><span class=\"Style-NOM\">Gallery Sofie Van den Bussche<\/span><\/h5>\n<h6 class=\"Adresse\"><span class=\"Style-Adresse\">Bd Barth\u00e9l\u00e9my 22 \u2014 Quartier Dansaert<\/span><\/h6>\n<h5 class=\"NOM\"><span class=\"Style-NOM\">Gamundi<\/span><\/h5>\n<h6 class=\"Adresse\"><span class=\"Style-Adresse\">Rue de Namur 89 \u2014 Quartier Rue de Namur- Bd de Waterloo<\/span><\/h6>\n<h5 class=\"NOM\"><span class=\"Style-NOM\">Gants Veber &#8211; 1000 Gants<\/span><\/h5>\n<h6 class=\"Adresse\"><span class=\"Style-Adresse\">Rue de Tabora 5 \u2014 Quartier Rue Neuve<\/span><\/h6>\n<h5 class=\"NOM\"><span class=\"Style-NOM\">Garden City<\/span><\/h5>\n<h6 class=\"Adresse\"><span class=\"Style-Adresse\">Place de la Libert\u00e9 6 \u2014 Quartier Congr\u00e8s<\/span><\/h6>\n<h5 class=\"NOM\"><span class=\"Style-NOM\">Gatsby Press Shop<\/span><\/h5>\n<h6 class=\"Adresse\"><span class=\"Style-Adresse\">Rue de Laeken 168 \u2014 Quartier Sainte-Catherine<\/span><\/h6>\n<h5 class=\"NOM\"><span class=\"Style-NOM\">Gatsu Gatsu<\/span><\/h5>\n<h6 class=\"Adresse\"><span class=\"Style-Adresse\">Rue du March\u00e9 aux Herbes 99 \u2014 Quartier Grand-Place<\/span><\/h6>\n<h5 class=\"NOM\"><span class=\"Style-NOM\">Gemmodeal formation<\/span><\/h5>\n<h6 class=\"Adresse\"><span class=\"Style-Adresse\">Place du grand sablon 90 \u2014 Quartier du Sablon<\/span><\/h6>\n<h5 class=\"NOM\"><span class=\"Style-NOM\">Genco<\/span><\/h5>\n<h6 class=\"Adresse\"><span class=\"Style-Adresse\">Rue Joseph Stevens 28 \u2014 Quartier du Sablon<\/span><\/h6>\n<h5 class=\"NOM\"><span class=\"Style-NOM\">Gil Galway<\/span><\/h5>\n<h6 class=\"Adresse\"><span class=\"Style-Adresse\">Rue de Namur 81 \u2014 Quartier Rue de Namur- Bd de Waterloo<\/span><\/h6>\n<h5 class=\"NOM\"><span class=\"Style-NOM\">Ginette Au Secours<\/span><\/h5>\n<h6 class=\"Adresse\"><span class=\"Style-Adresse\">Rue de Bon Secours 4 \u2014 Quartier Saint-Jacques<\/span><\/h6>\n<h5 class=\"NOM\"><span class=\"Style-NOM\">Gold Fingers<\/span><\/h5>\n<h6 class=\"Adresse\"><span class=\"Style-Adresse\">Rue du Vautour 2 \u2014 Quartier Van Artevelde<\/span><\/h6>\n<h5 class=\"NOM\"><span class=\"Style-NOM\">Gommy Stamps<\/span><\/h5>\n<h6 class=\"Adresse\"><span class=\"Style-Adresse\">Rue de Laeken 104 \u2014 Quartier Rue Neuve<\/span><\/h6>\n<h5 class=\"NOM\"><span class=\"Style-NOM\">Grace B Mari\u00e9e<\/span><\/h5>\n<h6 class=\"Adresse\"><span class=\"Style-Adresse\">Rue van Artevelde 5 \u2014 Quartier Van Artevelde<\/span><\/h6>\n<h5 class=\"NOM\"><span class=\"Style-NOM\">Gus Brassonomie<\/span><\/h5>\n<h6 class=\"Adresse\"><span class=\"Style-Adresse\">Rue des Cultes 34-36 \u2014 Quartier Congr\u00e8s<\/span><\/h6>\n<h5 class=\"NOM\"><span class=\"Style-NOM\">Hair Club<\/span><\/h5>\n<h6 class=\"Adresse\"><span class=\"Style-Adresse\">Rue de l&rsquo;H\u00f4pital 3-5 \u2014 Quartier Saint-Jacques<\/span><\/h6>\n<h5 class=\"NOM\"><span class=\"Style-NOM\">Hairmano<\/span><\/h5>\n<h6 class=\"Adresse\"><span class=\"Style-Adresse\">L\u00e9on Lepage 11 \u2014 Quartier Dansaert<\/span><\/h6>\n<h5 class=\"NOM\"><span class=\"Style-NOM\">Hairmano sablon<\/span><\/h5>\n<h6 class=\"Adresse\"><span class=\"Style-Adresse\">Joseph Stevens 27 \u2014 Quartier du Sablon<\/span><\/h6>\n<h5 class=\"NOM\"><span class=\"Style-NOM\">Hatshoe<\/span><\/h5>\n<h6 class=\"Adresse\"><span class=\"Style-Adresse\">Rue Antoine Dansaert 89 \u2014 Quartier Dansaert<\/span><\/h6>\n<h5 class=\"NOM\"><span class=\"Style-NOM\">Haute Antiques<\/span><\/h5>\n<h6 class=\"Adresse\"><span class=\"Style-Adresse\">Rue Haute 207 \u2014 Quartier des Marolles<\/span><\/h6>\n<h5 class=\"NOM\"><span class=\"Style-NOM\">Hebergement Rogier<\/span><\/h5>\n<h6 class=\"Adresse\"><span class=\"Style-Adresse\">Bd du Jardin Botanique 7 \u2014 Pi\u00e9tonnier<\/span><\/h6>\n<h5 class=\"NOM\"><span class=\"Style-NOM\">Herard&rsquo;S Opticien<\/span><\/h5>\n<h6 class=\"Adresse\"><span class=\"Style-Adresse\">Rue de Namur 79 \u2014 Quartier Rue de Namur- Bd de Waterloo<\/span><\/h6>\n<h5 class=\"NOM\"><span class=\"Style-NOM\">Herboristerie Desmecht<\/span><\/h5>\n<h6 class=\"Adresse\"><span class=\"Style-Adresse\">Place Sainte-Catherine 10 \u2014 Quartier Sainte-Catherine<\/span><\/h6>\n<h5 class=\"NOM\"><span class=\"Style-NOM\">Het Kelderke<\/span><\/h5>\n<h6 class=\"Adresse\"><span class=\"Style-Adresse\">Grand-Place 15 \u2014 Quartier Grand-Place<\/span><\/h6>\n<h5 class=\"NOM\"><span class=\"Style-NOM\">Historic Marine TeaRoom<\/span><\/h5>\n<h6 class=\"Adresse\"><span class=\"Style-Adresse\">Place de la Vieille Halle aux Bl\u00e9s 38 \u2014 Quartier Saint-Jacques<\/span><\/h6>\n<h5 class=\"NOM\"><span class=\"Style-NOM\">Holemans<\/span><\/h5>\n<h6 class=\"Adresse\"><span class=\"Style-Adresse\">Place du Grand Sablon 4 \u2014 Quartier du Sablon<\/span><\/h6>\n<h5 class=\"NOM\"><span class=\"Style-NOM\">Horia<\/span><\/h5>\n<h6 class=\"Adresse\"><span class=\"Style-Adresse\">Borgval 7 \u2014 Pi\u00e9tonnier<\/span><\/h6>\n<h5 class=\"NOM\"><span class=\"Style-NOM\">Hors-s\u00e9rie<\/span><\/h5>\n<h6 class=\"Adresse\"><span class=\"Style-Adresse\">Rue du Midi 67 \u2014 Quartier Saint-Jacques<\/span><\/h6>\n<h5 class=\"NOM\"><span class=\"Style-NOM\">Hotel Agora Brussels Grand Place<\/span><\/h5>\n<h6 class=\"Adresse\"><span class=\"Style-Adresse\">Rue des Eperonniers 3 \u2014 Quartier Grand-Place<\/span><\/h6>\n<h5 class=\"NOM\"><span class=\"Style-NOM\">H\u00f4tel du Congr\u00e8s<\/span><\/h5>\n<h6 class=\"Adresse\"><span class=\"Style-Adresse\">Rue du Congr\u00e8s 42 \u2014 Quartier Congr\u00e8s<\/span><\/h6>\n<h5 class=\"NOM\"><span class=\"Style-NOM\">Hotel Royal<\/span><\/h5>\n<h6 class=\"Adresse\"><span class=\"Style-Adresse\">Bd du Jardin botanique 8 \u2014 Pi\u00e9tonnier<\/span><\/h6>\n<h5 class=\"NOM\"><span class=\"Style-NOM\">House Of Ribs N Grill<\/span><\/h5>\n<h6 class=\"Adresse\"><span class=\"Style-Adresse\">Rue de la Fourche 24 \u2014 Quartier Grand-Place<\/span><\/h6>\n<h5 class=\"NOM\"><span class=\"Style-NOM\">Isabelle Bajart<\/span><\/h5>\n<h6 class=\"Adresse\"><span class=\"Style-Adresse\">Rue des Chartreux 25 \u2014 Quartier Dansaert<\/span><\/h6>\n<h5 class=\"NOM\"><span class=\"Style-NOM\">Jardin des Olives<\/span><\/h5>\n<h6 class=\"Adresse\"><span class=\"Style-Adresse\">Rue du March\u00e9 au Charbon 100 \u2014 Quartier Saint-Jacques<\/span><\/h6>\n<h5 class=\"NOM\"><span class=\"Style-NOM\">Jardin Hospice<\/span><\/h5>\n<h6 class=\"Adresse\"><span class=\"Style-Adresse\">Rue du Grand Hospice 7 \u2014 Quartier Sainte-Catherine<\/span><\/h6>\n<h5 class=\"NOM\"><span class=\"Style-NOM\">Jeff Brussels<\/span><\/h5>\n<h6 class=\"Adresse\"><span class=\"Style-Adresse\">Rue Joseph Stevens 25 \u2014 Quartier du Sablon<\/span><\/h6>\n<h5 class=\"NOM\"><span class=\"Style-NOM\">Jinzu<\/span><\/h5>\n<h6 class=\"Adresse\"><span class=\"Style-Adresse\">Rue Blaes 101 \u2014 Quartier des Marolles<\/span><\/h6>\n<h5 class=\"NOM\"><span class=\"Style-NOM\">John V<\/span><\/h5>\n<h6 class=\"Adresse\"><span class=\"Style-Adresse\">Rue de Namur 9 \u2014 Quartier Mont des Arts<\/span><\/h6>\n<h5 class=\"NOM\"><span class=\"Style-NOM\">Jott<\/span><\/h5>\n<h6 class=\"Adresse\"><span class=\"Style-Adresse\">Galerie du roi 34 \u2014 Quartier Grand-Place<\/span><\/h6>\n<h5 class=\"NOM\"><span class=\"Style-NOM\">Jour de F\u00eate<\/span><\/h5>\n<h6 class=\"Adresse\"><span class=\"Style-Adresse\">Bd Anspach 181 \u2014 Pi\u00e9tonnier<\/span><\/h6>\n<h5 class=\"NOM\"><span class=\"Style-NOM\">Juke Box Shop<\/span><\/h5>\n<h6 class=\"Adresse\"><span class=\"Style-Adresse\">Bd Anspach 165 \u2014 Pi\u00e9tonnier<\/span><\/h6>\n<h5 class=\"NOM\"><span class=\"Style-NOM\">K-Way<\/span><\/h5>\n<h6 class=\"Adresse\"><span class=\"Style-Adresse\">Rue Antoine Dansaert 33 \u2014 Quartier Dansaert<\/span><\/h6>\n<h5 class=\"NOM\"><span class=\"Style-NOM\">Karaok\u00e9 Bar Sablon<\/span><\/h5>\n<h6 class=\"Adresse\"><span class=\"Style-Adresse\">Rue Sainte-Anne 34 \u2014 Quartier du Sablon<\/span><\/h6>\n<h5 class=\"NOM\"><span class=\"Style-NOM\">Kat en Muis<\/span><\/h5>\n<h6 class=\"Adresse\"><span class=\"Style-Adresse\">Place du Vieux March\u00e9 aux Grains 35-37 \u2014 Quartier Dansaert<\/span><\/h6>\n<h5 class=\"NOM\"><span class=\"Style-NOM\">Kazar<\/span><\/h5>\n<h6 class=\"Adresse\"><span class=\"Style-Adresse\">Rue du March\u00e9 aux Porcs 22 \u2014 Quartier Dansaert<\/span><\/h6>\n<h5 class=\"NOM\"><span class=\"Style-NOM\">Kingdom of beauty<\/span><\/h5>\n<h6 class=\"Adresse\"><span class=\"Style-Adresse\">Rue de l\u2019Enseignement 43 \u2014 Quartier Congr\u00e8s<\/span><\/h6>\n<h5 class=\"NOM\"><span class=\"Style-NOM\">Kings and Queens<\/span><\/h5>\n<h6 class=\"Adresse\"><span class=\"Style-Adresse\">Rue du Foss\u00e9 aux Loups 27 \u2014 Quartier Rue Neuve<\/span><\/h6>\n<h5 class=\"NOM\"><span class=\"Style-NOM\">Kusmi Tea<\/span><\/h5>\n<h6 class=\"Adresse\"><span class=\"Style-Adresse\">Rue du March\u00e9 aux Herbes 22 \u2014 Quartier Grand-Place<\/span><\/h6>\n<h5 class=\"NOM\"><span class=\"Style-NOM\">L&rsquo;ami de Claire Fontaine<\/span><\/h5>\n<h6 class=\"Adresse\"><span class=\"Style-Adresse\">Rue Ernest Allard 3 \u2014 Quartier du Sablon<\/span><\/h6>\n<h5 class=\"NOM\"><span class=\"Style-NOM\">L&rsquo;Archiduc<\/span><\/h5>\n<h6 class=\"Adresse\"><span class=\"Style-Adresse\">Rue Antoine Dansaert 6 \u2014 Quartier Dansaert<\/span><\/h6>\n<h5 class=\"NOM\"><span class=\"Style-NOM\">L&rsquo;Ecuyer<\/span><\/h5>\n<h6 class=\"Adresse\"><span class=\"Style-Adresse\">Rue de l&rsquo;Ecuyer 3 \u2014 Quartier Rue Neuve<\/span><\/h6>\n<h5 class=\"NOM\"><span class=\"Style-NOM\">L&rsquo;express<\/span><\/h5>\n<h6 class=\"Adresse\"><span class=\"Style-Adresse\">Rue des Chapeliers 8 \u2014 Quartier Grand-Place<\/span><\/h6>\n<h5 class=\"NOM\"><span class=\"Style-NOM\">L&rsquo;Ouvroir<\/span><\/h5>\n<h6 class=\"Adresse\"><span class=\"Style-Adresse\">Rue Bodeghem 78-82 \u2014 Quartier Stalingrad &#8211; Lemonnier<\/span><\/h6>\n<h5 class=\"NOM\"><span class=\"Style-NOM\">L\u2019Atelier de la Barbi\u00e8re<\/span><\/h5>\n<h6 class=\"Adresse\"><span class=\"Style-Adresse\">Rue Lebeau 17 \u2014 Quartier du Sablon<\/span><\/h6>\n<h5 class=\"NOM\"><span class=\"Style-NOM\">L\u2019Atelier En Herbe<\/span><\/h5>\n<h6 class=\"Adresse\"><span class=\"Style-Adresse\">Place du Grand Sablon 36 \u2014 Quartier du Sablon<\/span><\/h6>\n<h5 class=\"NOM\"><span class=\"Style-NOM\">La Belle Mara\u00eech\u00e8re<\/span><\/h5>\n<h6 class=\"Adresse\"><span class=\"Style-Adresse\">Pl. Sainte-Catherine 11a \u2014 Quartier Sainte-Catherine<\/span><\/h6>\n<h5 class=\"NOM\"><span class=\"Style-NOM\">La Bo\u00eete \u00e0 Musique<\/span><\/h5>\n<h6 class=\"Adresse\"><span class=\"Style-Adresse\">Coudenberg 74 \u2014 Quartier Mont des Arts<\/span><\/h6>\n<h5 class=\"NOM\"><span class=\"Style-NOM\">LA \u00c7A\u00cd<\/span><\/h5>\n<h6 class=\"Adresse\"><span class=\"Style-Adresse\">Rue du March\u00e9 aux Herbes 33 \u2014 Quartier Grand-Place<\/span><\/h6>\n<h5 class=\"NOM\"><span class=\"Style-NOM\">La Caneva<\/span><\/h5>\n<h6 class=\"Adresse\"><span class=\"Style-Adresse\">Rue des Grands Carmes 9 \u2014 Quartier Saint-Jacques<\/span><\/h6>\n<h5 class=\"NOM\"><span class=\"Style-NOM\">La Clave Latino&rsquo;s Club<\/span><\/h5>\n<h6 class=\"Adresse\"><span class=\"Style-Adresse\">Rue de la Fourche 49 \u2014 Quartier Grand-Place<\/span><\/h6>\n<h5 class=\"NOM\"><span class=\"Style-NOM\">La Fruiti\u00e8re<\/span><\/h5>\n<h6 class=\"Adresse\"><span class=\"Style-Adresse\">Rue du march\u00e9 au charbon 99-103 \u2014 Quartier Saint-Jacques<\/span><\/h6>\n<h5 class=\"NOM\"><span class=\"Style-NOM\">La Kasbah<\/span><\/h5>\n<h6 class=\"Adresse\"><span class=\"Style-Adresse\">Rue Antoine Dansaert 20 \u2014 Quartier Dansaert<\/span><\/h6>\n<h5 class=\"NOM\"><span class=\"Style-NOM\">La maison des Gourmands<\/span><\/h5>\n<h6 class=\"Adresse\"><span class=\"Style-Adresse\">Rue de l&rsquo;Ecuyer 65 \u2014 Quartier Grand-Place<\/span><\/h6>\n<h5 class=\"NOM\"><span class=\"Style-NOM\">La Maison des Poivres Misao<\/span><\/h5>\n<h6 class=\"Adresse\"><span class=\"Style-Adresse\">Place de la Vieille Halle aux Bl\u00e9s 46 \u2014 Quartier Saint-Jacques<\/span><\/h6>\n<h5 class=\"NOM\"><span class=\"Style-NOM\">La Rose Blanche<\/span><\/h5>\n<h6 class=\"Adresse\"><span class=\"Style-Adresse\">Grand-Place 11 \u2014 Quartier Grand-Place<\/span><\/h6>\n<h5 class=\"NOM\"><span class=\"Style-NOM\">La Roue d\u2019Or<\/span><\/h5>\n<h6 class=\"Adresse\"><span class=\"Style-Adresse\">Rue des Chapeliers 26 \u2014 Quartier Grand-Place<\/span><\/h6>\n<h5 class=\"NOM\"><span class=\"Style-NOM\">La Suite<\/span><\/h5>\n<h6 class=\"Adresse\"><span class=\"Style-Adresse\">Rue du Lombard 14 \u2014 Quartier Grand-Place<\/span><\/h6>\n<h5 class=\"NOM\"><span class=\"Style-NOM\">La Vaisselle au Kilo<\/span><\/h5>\n<h6 class=\"Adresse\"><span class=\"Style-Adresse\">Rue Haute 124-126 \u2014 Quartier des Marolles<\/span><\/h6>\n<h5 class=\"NOM\"><span class=\"Style-NOM\">La Vieille Lanterne<\/span><\/h5>\n<h6 class=\"Adresse\"><span class=\"Style-Adresse\">Rue des Grands Carmes 29 \u2014 Quartier Saint-Jacques<\/span><\/h6>\n<h5 class=\"NOM\"><span class=\"Style-NOM\">Laboriver<\/span><\/h5>\n<h6 class=\"Adresse\"><span class=\"Style-Adresse\">Rue Van Artevelde 45 \u2014 Quartier Van Artevelde<\/span><\/h6>\n<h5 class=\"NOM\"><span class=\"Style-NOM\">Le Coming Soon<\/span><\/h5>\n<h6 class=\"Adresse\"><span class=\"Style-Adresse\">Place de la Vieille Halle aux Bl\u00e9s 34 \u2014 Quartier Saint-Jacques<\/span><\/h6>\n<h5 class=\"NOM\"><span class=\"Style-NOM\">Le Guichety des Bonnes Id\u00e9es<\/span><\/h5>\n<h6 class=\"Adresse\"><span class=\"Style-Adresse\">Rue du Vieux March\u00e9 aux Grains 48 \u2014 Quartier Dansaert<\/span><\/h6>\n<h5 class=\"NOM\"><span class=\"Style-NOM\">Le Mangeoire<\/span><\/h5>\n<h6 class=\"Adresse\"><span class=\"Style-Adresse\">Rue du Congr\u00e8s 29 \u2014 Quartier Congr\u00e8s<\/span><\/h6>\n<h5 class=\"NOM\"><span class=\"Style-NOM\">Le Marmiton<\/span><\/h5>\n<h6 class=\"Adresse\"><span class=\"Style-Adresse\">Rue des Bouchers 43A \u2014 Quartier Grand-Place<\/span><\/h6>\n<h5 class=\"NOM\"><span class=\"Style-NOM\">Le Palace<\/span><\/h5>\n<h6 class=\"Adresse\"><span class=\"Style-Adresse\">Bd Anspach 85 \u2014 Pi\u00e9tonnier<\/span><\/h6>\n<h5 class=\"NOM\"><span class=\"Style-NOM\">Le Palais des Saveurs<\/span><\/h5>\n<h6 class=\"Adresse\"><span class=\"Style-Adresse\">Bd Anspach 105 \u2014 Pi\u00e9tonnier<\/span><\/h6>\n<h5 class=\"NOM\"><span class=\"Style-NOM\">Le Paradis de la Babouche<\/span><\/h5>\n<h6 class=\"Adresse\"><span class=\"Style-Adresse\">Rue des teinturiers 10-12 \u2014 Quartier Saint-Jacques<\/span><\/h6>\n<h5 class=\"NOM\"><span class=\"Style-NOM\">LE PECHEUR NORD<\/span><\/h5>\n<h6 class=\"Adresse\"><span class=\"Style-Adresse\">Boulevard Jardin Botanique 10-12 \u2014 Quartier Rue Neuve<\/span><\/h6>\n<h5 class=\"NOM\"><span class=\"Style-NOM\">Le Pr\u00e9 Sal\u00e9<\/span><\/h5>\n<h6 class=\"Adresse\"><span class=\"Style-Adresse\">Quai aux Briques 2 \u2014 Quartier Sainte-Catherine<\/span><\/h6>\n<h5 class=\"NOM\"><span class=\"Style-NOM\">Le Roi du Cigare<\/span><\/h5>\n<h6 class=\"Adresse\"><span class=\"Style-Adresse\">Rue Royale 25 \u2014 Pi\u00e9tonnier<\/span><\/h6>\n<h5 class=\"NOM\"><span class=\"Style-NOM\">Le Rossini<\/span><\/h5>\n<h6 class=\"Adresse\"><span class=\"Style-Adresse\">Bd Adolphe Max 7 \u2014 Pi\u00e9tonnier<\/span><\/h6>\n<h5 class=\"NOM\"><span class=\"Style-NOM\">Le Roy d&rsquo;Espagne<\/span><\/h5>\n<h6 class=\"Adresse\"><span class=\"Style-Adresse\">Grand-Place 1 \u2014 Quartier Grand-Place<\/span><\/h6>\n<h5 class=\"NOM\"><span class=\"Style-NOM\">LE SELECTO<\/span><\/h5>\n<h6 class=\"Adresse\"><span class=\"Style-Adresse\">Rue de FLandre 95 \u2014 Quartier Dansaert<\/span><\/h6>\n<h5 class=\"NOM\"><span class=\"Style-NOM\">Le Wine Bar des Marolles<\/span><\/h5>\n<h6 class=\"Adresse\"><span class=\"Style-Adresse\">Rue Haute 198 \u2014 Quartier des Marolles<\/span><\/h6>\n<h5 class=\"NOM\"><span class=\"Style-NOM\">Le Wolf<\/span><\/h5>\n<h6 class=\"Adresse\"><span class=\"Style-Adresse\">Rue de la Violette 20 \u2014 Quartier Grand-Place<\/span><\/h6>\n<h5 class=\"NOM\"><span class=\"Style-NOM\">Ledea<\/span><\/h5>\n<h6 class=\"Adresse\"><span class=\"Style-Adresse\">rue Antoine Dansaert 90 \u2014 Quartier Dansaert<\/span><\/h6>\n<h5 class=\"NOM\"><span class=\"Style-NOM\">Les Bulles \u00e0 Flotter<\/span><\/h5>\n<h6 class=\"Adresse\"><span class=\"Style-Adresse\">Rue du P\u00e9pin 40 \u2014 Quartier Rue de Namur- Bd de Waterloo<\/span><\/h6>\n<h5 class=\"NOM\"><span class=\"Style-NOM\">Les Capucines x2<\/span><\/h5>\n<h6 class=\"Adresse\"><span class=\"Style-Adresse\">rue des Capucins 30 \u2014 Quartier des Marolles<\/span><\/h6>\n<h5 class=\"NOM\"><span class=\"Style-NOM\">Les Filles<\/span><\/h5>\n<h6 class=\"Adresse\"><span class=\"Style-Adresse\">Rue du Vieux March\u00e9 aux Grains 46 \u2014 Quartier Dansaert<\/span><\/h6>\n<h5 class=\"NOM\"><span class=\"Style-NOM\">Les Nouveaux Comptoirs Olfactifs<\/span><\/h5>\n<h6 class=\"Adresse\"><span class=\"Style-Adresse\">Rue de Rollebeek 48 \u2014 Quartier du Sablon<\/span><\/h6>\n<h5 class=\"NOM\"><span class=\"Style-NOM\">les savons de Lyna<\/span><\/h5>\n<h6 class=\"Adresse\"><span class=\"Style-Adresse\">Rue haute 136 \u2014 Quartier des Marolles<\/span><\/h6>\n<h5 class=\"NOM\"><span class=\"Style-NOM\">Les Vignes du Liban<\/span><\/h5>\n<h6 class=\"Adresse\"><span class=\"Style-Adresse\">Rue Haute 152 \u2014 Quartier des Marolles<\/span><\/h6>\n<h5 class=\"NOM\"><span class=\"Style-NOM\">Libermann Antiques and Fine Arts<\/span><\/h5>\n<h6 class=\"Adresse\"><span class=\"Style-Adresse\">Rue de la R\u00e9gence 34 \u2014 Quartier du Sablon<\/span><\/h6>\n<h5 class=\"NOM\"><span class=\"Style-NOM\">Librairie Br\u00fcsel<\/span><\/h5>\n<h6 class=\"Adresse\"><span class=\"Style-Adresse\">Bd Anspach 100 \u2014 Pi\u00e9tonnier<\/span><\/h6>\n<h5 class=\"NOM\"><span class=\"Style-NOM\">Librairie de voyage Anticyclone des A\u00e7ores<\/span><\/h5>\n<h6 class=\"Adresse\"><span class=\"Style-Adresse\">Rue Foss\u00e9 aux Loups 34 \u2014 Quartier Rue Neuve<\/span><\/h6>\n<h5 class=\"NOM\"><span class=\"Style-NOM\">LIBRAIRIE EVASIONS<\/span><\/h5>\n<h6 class=\"Adresse\"><span class=\"Style-Adresse\">RUE DU MIDI, 89 \u2014 Quartier Saint-Jacques<\/span><\/h6>\n<h5 class=\"NOM\"><span class=\"Style-NOM\">Ligne<\/span><\/h5>\n<h6 class=\"Adresse\"><span class=\"Style-Adresse\">Galerie du Roi 14 \u2014 Quartier Grand-Place<\/span><\/h6>\n<h5 class=\"NOM\"><span class=\"Style-NOM\">Lindt City 2<\/span><\/h5>\n<h6 class=\"Adresse\"><span class=\"Style-Adresse\">Rue Neuve 123 \u2014 Quartier Rue Neuve<\/span><\/h6>\n<h5 class=\"NOM\"><span class=\"Style-NOM\">Los chiringitos<\/span><\/h5>\n<h6 class=\"Adresse\"><span class=\"Style-Adresse\">Place de la Libert\u00e9 9 \u2014 Quartier Congr\u00e8s<\/span><\/h6>\n<h5 class=\"NOM\"><span class=\"Style-NOM\">Lotus Vert<\/span><\/h5>\n<h6 class=\"Adresse\"><span class=\"Style-Adresse\">Rue de la Fourche 26b \u2014 Quartier Grand-Place<\/span><\/h6>\n<h5 class=\"NOM\"><span class=\"Style-NOM\">Louisiana Grill Gourmet<\/span><\/h5>\n<h6 class=\"Adresse\"><span class=\"Style-Adresse\">Rue de Laeken 70 \u2014 Quartier Sainte-Catherine<\/span><\/h6>\n<h5 class=\"NOM\"><span class=\"Style-NOM\">Luc Decruyenaere<\/span><\/h5>\n<h6 class=\"Adresse\"><span class=\"Style-Adresse\">Rue de la R\u00e9gence 43 \u2014 Quartier du Sablon<\/span><\/h6>\n<h5 class=\"NOM\"><span class=\"Style-NOM\">Lunch Concept<\/span><\/h5>\n<h6 class=\"Adresse\"><span class=\"Style-Adresse\">Pass. du Nord 25 \u2014 Quartier Rue Neuve<\/span><\/h6>\n<h5 class=\"NOM\"><span class=\"Style-NOM\">Lunetier Ludovic<\/span><\/h5>\n<h6 class=\"Adresse\"><span class=\"Style-Adresse\">Rue Ernest Allard 14 \u2014 Quartier du Sablon<\/span><\/h6>\n<h5 class=\"NOM\"><span class=\"Style-NOM\">Madam M<\/span><\/h5>\n<h6 class=\"Adresse\"><span class=\"Style-Adresse\">Rue de Flandre 54 Bruxelles 1000 \u2014 Quartier Sainte-Catherine<\/span><\/h6>\n<h5 class=\"NOM\"><span class=\"Style-NOM\">Maha<\/span><\/h5>\n<h6 class=\"Adresse\"><span class=\"Style-Adresse\">Rue de Flandre 13 \u2014 Quartier Sainte-Catherine<\/span><\/h6>\n<h5 class=\"NOM\"><span class=\"Style-NOM\">Maison de la Bande Dessin\u00e9e<\/span><\/h5>\n<h6 class=\"Adresse\"><span class=\"Style-Adresse\">Bd de l\u2019imperatrice 1 \u2014 Quartier Mont des Arts<\/span><\/h6>\n<h5 class=\"NOM\"><span class=\"Style-NOM\">Maison Lemesre<\/span><\/h5>\n<h6 class=\"Adresse\"><span class=\"Style-Adresse\">Rue de l\u2019Ecuyer 27 \u2014 Quartier Grand-Place<\/span><\/h6>\n<h5 class=\"NOM\"><span class=\"Style-NOM\">Maison Luc Medical<\/span><\/h5>\n<h6 class=\"Adresse\"><span class=\"Style-Adresse\">Place Saint Jean 7 \u2014 Quartier Saint-Jacques<\/span><\/h6>\n<h5 class=\"NOM\"><span class=\"Style-NOM\">Makifornia |\u00a0The Wolf<\/span><\/h5>\n<h6 class=\"Adresse\"><span class=\"Style-Adresse\">Rue du Foss\u00e9 aux Loups 14 \u2014 Quartier Rue Neuve<\/span><\/h6>\n<h5 class=\"NOM\"><span class=\"Style-NOM\">Manalys<\/span><\/h5>\n<h6 class=\"Adresse\"><span class=\"Style-Adresse\">Bd de Waterloo 11 \u2014 Quartier Rue de Namur- Bd de Waterloo<\/span><\/h6>\n<h5 class=\"NOM\"><span class=\"Style-NOM\">Mappa Mundo<\/span><\/h5>\n<h6 class=\"Adresse\"><span class=\"Style-Adresse\">Rue du Pont de la Carpe 2-6 \u2014 Quartier Dansaert<\/span><\/h6>\n<h5 class=\"NOM\"><span class=\"Style-NOM\">Marie-C\u00e9cile Fran\u00e7ois<\/span><\/h5>\n<h6 class=\"Adresse\"><span class=\"Style-Adresse\">Rue Blaes 31 \u2014 Quartier des Marolles<\/span><\/h6>\n<h5 class=\"NOM\"><span class=\"Style-NOM\">Matin\u00e9e<\/span><\/h5>\n<h6 class=\"Adresse\"><span class=\"Style-Adresse\">Rue du Midi 59 \u2014 Quartier Saint-Jacques<\/span><\/h6>\n<h5 class=\"NOM\"><span class=\"Style-NOM\">Maxi-Bagi<\/span><\/h5>\n<h6 class=\"Adresse\"><span class=\"Style-Adresse\">Passage du Nord 8 \u2014 Quartier Rue Neuve<\/span><\/h6>\n<h5 class=\"NOM\"><span class=\"Style-NOM\">Meileestudio<\/span><\/h5>\n<h6 class=\"Adresse\"><span class=\"Style-Adresse\">Rue de Namur 45 \u2014 Quartier Rue de Namur- Bd de Waterloo<\/span><\/h6>\n<h5 class=\"NOM\"><span class=\"Style-NOM\">Menuiserie Eb\u00e9nisterie Deschuytere<\/span><\/h5>\n<h6 class=\"Adresse\"><span class=\"Style-Adresse\">Rue Haute 77 \u2014 Quartier des Marolles<\/span><\/h6>\n<h5 class=\"NOM\"><span class=\"Style-NOM\">Mephisto Brussel<\/span><\/h5>\n<h6 class=\"Adresse\"><span class=\"Style-Adresse\">Rue de Namur 24 \u2014 Quartier Rue de Namur- Bd de Waterloo<\/span><\/h6>\n<h5 class=\"NOM\"><span class=\"Style-NOM\">Messika (Colman Sablon)<\/span><\/h5>\n<h6 class=\"Adresse\"><span class=\"Style-Adresse\">Pace du Grand Sablon 20 \u2014 Quartier du Sablon<\/span><\/h6>\n<h5 class=\"NOM\"><span class=\"Style-NOM\">Metteko<\/span><\/h5>\n<h6 class=\"Adresse\"><span class=\"Style-Adresse\">Bd. Anspach 88 \u2014 Pi\u00e9tonnier<\/span><\/h6>\n<h5 class=\"NOM\"><span class=\"Style-NOM\">Midi Brico 2000<\/span><\/h5>\n<h6 class=\"Adresse\"><span class=\"Style-Adresse\">Av. de Stalingrad 57 \u2014 Quartier Stalingrad &#8211; Lemonnier<\/span><\/h6>\n<h5 class=\"NOM\"><span class=\"Style-NOM\">Minibroc<\/span><\/h5>\n<h6 class=\"Adresse\"><span class=\"Style-Adresse\">Bd du Midi 4 \u2014 Quartier Van Artevelde<\/span><\/h6>\n<h5 class=\"NOM\"><span class=\"Style-NOM\">Misao La Maison des Poivres<\/span><\/h5>\n<h6 class=\"Adresse\"><span class=\"Style-Adresse\">Place de la Vieille Halle aux Bl\u00e9s 46 \u2014 Quartier Saint-Jacques<\/span><\/h6>\n<h5 class=\"NOM\"><span class=\"Style-NOM\">Moir\u00e9s<\/span><\/h5>\n<h6 class=\"Adresse\"><span class=\"Style-Adresse\">Rue du March\u00e9 au Charbon 81 \u2014 Quartier Saint-Jacques<\/span><\/h6>\n<h5 class=\"NOM\"><span class=\"Style-NOM\">Morph\u00e9e Joaillerie<\/span><\/h5>\n<h6 class=\"Adresse\"><span class=\"Style-Adresse\">Impasse Saint Jacques 1 \u2014 Quartier du Sablon<\/span><\/h6>\n<h5 class=\"NOM\"><span class=\"Style-NOM\">Multi BD<\/span><\/h5>\n<h6 class=\"Adresse\"><span class=\"Style-Adresse\">Bd Anspach 122-128 \u2014 Quartier Saint-Jacques<\/span><\/h6>\n<h5 class=\"NOM\"><span class=\"Style-NOM\">My Shawarma<\/span><\/h5>\n<h6 class=\"Adresse\"><span class=\"Style-Adresse\">Rue des Fripiers 45 \u2014 Quartier Grand-Place<\/span><\/h6>\n<h5 class=\"NOM\"><span class=\"Style-NOM\">Mystical Bodies<\/span><\/h5>\n<h6 class=\"Adresse\"><span class=\"Style-Adresse\">Rue Auguste Orts 13 \u2014 Quartier Dansaert<\/span><\/h6>\n<h5 class=\"NOM\"><span class=\"Style-NOM\">n.d.c. made by hand (MT@work)<\/span><\/h5>\n<h6 class=\"Adresse\"><span class=\"Style-Adresse\">Rue L\u00e9on Lepage 10 \u2014 Quartier Dansaert<\/span><\/h6>\n<h5 class=\"NOM\"><span class=\"Style-NOM\">Namaster Indian Restaurant<\/span><\/h5>\n<h6 class=\"Adresse\"><span class=\"Style-Adresse\">Rue Jules van Praet 30 \u2014 Quartier Sainte-Catherine<\/span><\/h6>\n<h5 class=\"NOM\"><span class=\"Style-NOM\">Natacha Cadonici<\/span><\/h5>\n<h6 class=\"Adresse\"><span class=\"Style-Adresse\">Rue du March\u00e9 au Charbon 62 \u2014 Quartier Saint-Jacques<\/span><\/h6>\n<h5 class=\"NOM\"><span class=\"Style-NOM\">Natural Corner<\/span><\/h5>\n<h6 class=\"Adresse\"><span class=\"Style-Adresse\">Rue de l&rsquo;Escalier 1 \u2014 Quartier Saint-Jacques<\/span><\/h6>\n<h5 class=\"NOM\"><span class=\"Style-NOM\">Neckermann<\/span><\/h5>\n<h6 class=\"Adresse\"><span class=\"Style-Adresse\">Place de Brouck\u00e8re 37 \u2014 Pi\u00e9tonnier<\/span><\/h6>\n<h5 class=\"NOM\"><span class=\"Style-NOM\">Neuhaus Anspach | Anspach Shopping<\/span><\/h5>\n<h6 class=\"Adresse\"><span class=\"Style-Adresse\">Bd Anspach 24 \u2014 Pi\u00e9tonnier<\/span><\/h6>\n<h5 class=\"NOM\"><span class=\"Style-NOM\">Neuhaus City 2<\/span><\/h5>\n<h6 class=\"Adresse\"><span class=\"Style-Adresse\">Rue Neuve 123 \u2014 Quartier Rue Neuve<\/span><\/h6>\n<h5 class=\"NOM\"><span class=\"Style-NOM\">New de Wolf<\/span><\/h5>\n<h6 class=\"Adresse\"><span class=\"Style-Adresse\">Rue Haute 91 \u2014 Quartier des Marolles<\/span><\/h6>\n<h5 class=\"NOM\"><span class=\"Style-NOM\">Nguyen<\/span><\/h5>\n<h6 class=\"Adresse\"><span class=\"Style-Adresse\">Rue Sainte-Catherine \u2014 Quartier Sainte-Catherine<\/span><\/h6>\n<h5 class=\"NOM\"><span class=\"Style-NOM\">NOJ<\/span><\/h5>\n<h6 class=\"Adresse\"><span class=\"Style-Adresse\">Rue Antoine Dansaert 175 \u2014 Quartier Dansaert<\/span><\/h6>\n<h5 class=\"NOM\"><span class=\"Style-NOM\">Non Such<\/span><\/h5>\n<h6 class=\"Adresse\"><span class=\"Style-Adresse\">Rue Jules Van Praat 35 \u2014 Quartier Dansaert<\/span><\/h6>\n<h5 class=\"NOM\"><span class=\"Style-NOM\">Noordzee\/Mer du Nord<\/span><\/h5>\n<h6 class=\"Adresse\"><span class=\"Style-Adresse\">Rue Sainte-Catherine 45 \u2014 Quartier Sainte-Catherine<\/span><\/h6>\n<h5 class=\"NOM\"><span class=\"Style-NOM\">Nostalgia Club<\/span><\/h5>\n<h6 class=\"Adresse\"><span class=\"Style-Adresse\">Rue de la Fourche 49 \u2014 Quartier Grand-Place<\/span><\/h6>\n<h5 class=\"NOM\"><span class=\"Style-NOM\">Oasis<\/span><\/h5>\n<h6 class=\"Adresse\"><span class=\"Style-Adresse\">Rue Van Orley 10 \u2014 Quartier Congr\u00e8s<\/span><\/h6>\n<h5 class=\"NOM\"><span class=\"Style-NOM\">Obe<\/span><\/h5>\n<h6 class=\"Adresse\"><span class=\"Style-Adresse\">Rue de l&rsquo;Etuve 4 \u2014 Quartier Grand-Place<\/span><\/h6>\n<h5 class=\"NOM\"><span class=\"Style-NOM\">Oh Lou Lou! Cosmetics<\/span><\/h5>\n<h6 class=\"Adresse\"><span class=\"Style-Adresse\">Place de la Vieille Halle aux Bl\u00e9s 27 \u2014 Quartier Saint-Jacques<\/span><\/h6>\n<h5 class=\"NOM\"><span class=\"Style-NOM\">Oliverda<\/span><\/h5>\n<h6 class=\"Adresse\"><span class=\"Style-Adresse\">Bd Anspach 130 \u2014 Pi\u00e9tonnier<\/span><\/h6>\n<h5 class=\"NOM\"><span class=\"Style-NOM\">Optic-Centre<\/span><\/h5>\n<h6 class=\"Adresse\"><span class=\"Style-Adresse\">Rue des Teinturiers 7 \u2014 Quartier Saint-Jacques<\/span><\/h6>\n<h5 class=\"NOM\"><span class=\"Style-NOM\">Opticiens Wauters-Serpieter Signature<\/span><\/h5>\n<h6 class=\"Adresse\"><span class=\"Style-Adresse\">Rue Blaes 55 \u2014 Quartier des Marolles<\/span><\/h6>\n<h5 class=\"NOM\"><span class=\"Style-NOM\">Optick Patrick<\/span><\/h5>\n<h6 class=\"Adresse\"><span class=\"Style-Adresse\">Rue de Flandre 42 \u2014 Quartier Sainte-Catherine<\/span><\/h6>\n<h5 class=\"NOM\"><span class=\"Style-NOM\">Or du Temps Collection<\/span><\/h5>\n<h6 class=\"Adresse\"><span class=\"Style-Adresse\">Rue du Lombard 18 \u2014 Quartier Saint-Jacques<\/span><\/h6>\n<h5 class=\"NOM\"><span class=\"Style-NOM\">Or du temps collection<\/span><\/h5>\n<h6 class=\"Adresse\"><span class=\"Style-Adresse\">Rue du Midi 86 \u2014 Quartier Saint-Jacques<\/span><\/h6>\n<h5 class=\"NOM\"><span class=\"Style-NOM\">Orphyse Chaussette<\/span><\/h5>\n<h6 class=\"Adresse\"><span class=\"Style-Adresse\">Rue Charles Hanssens 5 \u2014 Quartier du Sablon<\/span><\/h6>\n<h5 class=\"NOM\"><span class=\"Style-NOM\">Orybany<\/span><\/h5>\n<h6 class=\"Adresse\"><span class=\"Style-Adresse\">Place Saint-G\u00e9ry 18 \u2014 Quartier Dansaert<\/span><\/h6>\n<h5 class=\"NOM\"><span class=\"Style-NOM\">Outlet Parfums<\/span><\/h5>\n<h6 class=\"Adresse\"><span class=\"Style-Adresse\">Pass. du Nord 17 \u2014 Quartier Rue Neuve<\/span><\/h6>\n<h5 class=\"NOM\"><span class=\"Style-NOM\">Outpost Bruxelles<\/span><\/h5>\n<h6 class=\"Adresse\"><span class=\"Style-Adresse\">Rue de la Tribune 8 \u2014 Quartier Congr\u00e8s<\/span><\/h6>\n<h5 class=\"NOM\"><span class=\"Style-NOM\">Oxfam vintage<\/span><\/h5>\n<h6 class=\"Adresse\"><span class=\"Style-Adresse\">Rue de Flandre 90 \u2014 Quartier Sainte-Catherine<\/span><\/h6>\n<h5 class=\"NOM\"><span class=\"Style-NOM\">Pandin Traiteur<\/span><\/h5>\n<h6 class=\"Adresse\"><span class=\"Style-Adresse\">Rue de la Fourche 47 \u2014 Quartier Grand-Place<\/span><\/h6>\n<h5 class=\"NOM\"><span class=\"Style-NOM\">Paprika<\/span><\/h5>\n<h6 class=\"Adresse\"><span class=\"Style-Adresse\">Rue Getry 12bte 28 \u2014 Pi\u00e9tonnier<\/span><\/h6>\n<h5 class=\"NOM\"><span class=\"Style-NOM\">Paprika&rsquo;s Kitchen<\/span><\/h5>\n<h6 class=\"Adresse\"><span class=\"Style-Adresse\">Rue Van Artevelde 77 \u2014 Quartier Van Artevelde<\/span><\/h6>\n<h5 class=\"NOM\"><span class=\"Style-NOM\">Paradis de la Babouche<\/span><\/h5>\n<h6 class=\"Adresse\"><span class=\"Style-Adresse\">Rue des Teinturiers 10-12 \u2014 Quartier Saint-Jacques<\/span><\/h6>\n<h5 class=\"NOM\"><span class=\"Style-NOM\">Parpaing<\/span><\/h5>\n<h6 class=\"Adresse\"><span class=\"Style-Adresse\">Rue des Brasseurs 9 \u2014 Quartier Grand-Place<\/span><\/h6>\n<h5 class=\"NOM\"><span class=\"Style-NOM\">Patisserie Witammer<\/span><\/h5>\n<h6 class=\"Adresse\"><span class=\"Style-Adresse\">Place du Grand Sablon 12 \u2014 Quartier du Sablon<\/span><\/h6>\n<h5 class=\"NOM\"><span class=\"Style-NOM\">PCH Pro Shop<\/span><\/h5>\n<h6 class=\"Adresse\"><span class=\"Style-Adresse\">Rue du Midi 147 \u2014 Quartier Saint-Jacques<\/span><\/h6>\n<h5 class=\"NOM\"><span class=\"Style-NOM\">P\u00eacheur Nord<\/span><\/h5>\n<h6 class=\"Adresse\"><span class=\"Style-Adresse\">Rue de la Fourche 33-35 \u2014 Quartier Grand-Place<\/span><\/h6>\n<h5 class=\"NOM\"><span class=\"Style-NOM\">Pharmacie Breugel<\/span><\/h5>\n<h6 class=\"Adresse\"><span class=\"Style-Adresse\">Rue Haute 87 \u2014 Quartier des Marolles<\/span><\/h6>\n<h5 class=\"NOM\"><span class=\"Style-NOM\">Pharmacie universelle<\/span><\/h5>\n<h6 class=\"Adresse\"><span class=\"Style-Adresse\">Rue Antoine Dansaert 1 \u2014 Quartier Dansaert<\/span><\/h6>\n<h5 class=\"NOM\"><span class=\"Style-NOM\">Phopho<\/span><\/h5>\n<h6 class=\"Adresse\"><span class=\"Style-Adresse\">Bd du Jardin Botanique 6 \u2014 Quartier Rue Neuve<\/span><\/h6>\n<h5 class=\"NOM\"><span class=\"Style-NOM\">Plattesteen<\/span><\/h5>\n<h6 class=\"Adresse\"><span class=\"Style-Adresse\">Rue du March\u00e9 au Charbon 41 \u2014 Quartier Grand-Place<\/span><\/h6>\n<h5 class=\"NOM\"><span class=\"Style-NOM\">Point d&rsquo;Orgue<\/span><\/h5>\n<h6 class=\"Adresse\"><span class=\"Style-Adresse\">Place de la Justice 25 \u2014 Quartier Saint-Jacques<\/span><\/h6>\n<h5 class=\"NOM\"><span class=\"Style-NOM\">Pop Up Sablon<\/span><\/h5>\n<h6 class=\"Adresse\"><span class=\"Style-Adresse\">Place du Grand Sablon 15-16 \u2014 Quartier du Sablon<\/span><\/h6>\n<h5 class=\"NOM\"><span class=\"Style-NOM\">Portraits International<\/span><\/h5>\n<h6 class=\"Adresse\"><span class=\"Style-Adresse\">Galerie des Princes 2 \u2014 Quartier Grand-Place<\/span><\/h6>\n<h5 class=\"NOM\"><span class=\"Style-NOM\">Prison Island<\/span><\/h5>\n<h6 class=\"Adresse\"><span class=\"Style-Adresse\">Rue Gr\u00e9try 12 \u2014 Pi\u00e9tonnier<\/span><\/h6>\n<h5 class=\"NOM\"><span class=\"Style-NOM\">Privejoke<\/span><\/h5>\n<h6 class=\"Adresse\"><span class=\"Style-Adresse\">Rue du March\u00e9 au Charbon 76-78 \u2014 Quartier Saint-Jacques<\/span><\/h6>\n<h5 class=\"NOM\"><span class=\"Style-NOM\">Quartier B\u00e9b\u00e9<\/span><\/h5>\n<h6 class=\"Adresse\"><span class=\"Style-Adresse\">Antoine Dansaertstraat 126 \u2014 Quartier Dansaert<\/span><\/h6>\n<h5 class=\"NOM\"><span class=\"Style-NOM\">Quizz Room<\/span><\/h5>\n<h6 class=\"Adresse\"><span class=\"Style-Adresse\">Rue de l&rsquo;Ecuyer 37 \u2014 Quartier Grand-Place<\/span><\/h6>\n<h5 class=\"NOM\"><span class=\"Style-NOM\">RAMON &amp; VALY BOUTIQUE VINTAGE<\/span><\/h5>\n<h6 class=\"Adresse\"><span class=\"Style-Adresse\">Rue des Teinturiers 19 \u2014 Quartier Saint-Jacques<\/span><\/h6>\n<h5 class=\"NOM\"><span class=\"Style-NOM\">Raphaeli\u2019s coiffure<\/span><\/h5>\n<h6 class=\"Adresse\"><span class=\"Style-Adresse\">Rue Saint Michel 25 \u2014 Quartier Rue Neuve<\/span><\/h6>\n<h5 class=\"NOM\"><span class=\"Style-NOM\">Rare<\/span><\/h5>\n<h6 class=\"Adresse\"><span class=\"Style-Adresse\">Rue des Riches Claires 8 \u2014 Quartier Saint-Jacques<\/span><\/h6>\n<h5 class=\"NOM\"><span class=\"Style-NOM\">Reliek<\/span><\/h5>\n<h6 class=\"Adresse\"><span class=\"Style-Adresse\">Rue de l\u2019Enseignement 26 \u2014 Quartier Congr\u00e8s<\/span><\/h6>\n<h5 class=\"NOM\"><span class=\"Style-NOM\"><span>Rep\u00e9rages<\/span><\/span><\/h5>\n<h6 class=\"NOM\"><span class=\"Style-NOM\">Rue Blaes 24 \u2014 Quartier des Marolles<\/span><\/h6>\n<h5 class=\"NOM\"><span class=\"Style-NOM\">Restaurant Chabichou<\/span><\/h5>\n<h6 class=\"Adresse\"><span class=\"Style-Adresse\">Bd d\u2019Anvers 14 \u2014 Quartier Congr\u00e8s<\/span><\/h6>\n<h5 class=\"NOM\"><span class=\"Style-NOM\">Restaurant de l\u2019Ogenblik<\/span><\/h5>\n<h6 class=\"Adresse\"><span class=\"Style-Adresse\">Galerie des Princes 1 \u2014 Quartier Grand-Place<\/span><\/h6>\n<h5 class=\"NOM\"><span class=\"Style-NOM\">Restaurant Gramm<\/span><\/h5>\n<h6 class=\"Adresse\"><span class=\"Style-Adresse\">Rue de Flandre 86 \u2014 Quartier Sainte-Catherine<\/span><\/h6>\n<h5 class=\"NOM\"><span class=\"Style-NOM\">Restaurant JB<\/span><\/h5>\n<h6 class=\"Adresse\"><span class=\"Style-Adresse\">Rue du Grand Cerf 24 \u2014 Quartier du Sablon<\/span><\/h6>\n<h5 class=\"NOM\"><span class=\"Style-NOM\">Restaurant JB<\/span><\/h5>\n<h6 class=\"Adresse\"><span class=\"Style-Adresse\">Rue du Grand Cerf 24 \u2014 Quartier du Sablon<\/span><\/h6>\n<h5 class=\"NOM\"><span class=\"Style-NOM\">Restaurant La Cantina Cubana<\/span><\/h5>\n<h6 class=\"Adresse\"><span class=\"Style-Adresse\">Rue Des Grands Carmes 6 \u2014 Quartier Saint-Jacques<\/span><\/h6>\n<h5 class=\"NOM\"><span class=\"Style-NOM\">Restaurant VerTige<\/span><\/h5>\n<h6 class=\"Adresse\"><span class=\"Style-Adresse\">Rue de Flandre 19 \u2014 Quartier Dansaert<\/span><\/h6>\n<h5 class=\"NOM\"><span class=\"Style-NOM\">Restaurant Vincent<\/span><\/h5>\n<h6 class=\"Adresse\"><span class=\"Style-Adresse\">Rue des Dominicains 8 \u2014 Quartier Grand-Place<\/span><\/h6>\n<h5 class=\"NOM\"><span class=\"Style-NOM\">Resto Henri<\/span><\/h5>\n<h6 class=\"Adresse\"><span class=\"Style-Adresse\">Rue de Flandre 113 \u2014 Quartier Dansaert<\/span><\/h6>\n<h5 class=\"NOM\"><span class=\"Style-NOM\">Retina Optic<\/span><\/h5>\n<h6 class=\"Adresse\"><span class=\"Style-Adresse\">Rue de l&rsquo;H\u00f4pital 9 \u2014 Quartier Grand-Place<\/span><\/h6>\n<h5 class=\"NOM\"><span class=\"Style-NOM\">Ricotta &amp; Parmesan<\/span><\/h5>\n<h6 class=\"Adresse\"><span class=\"Style-Adresse\">Rue de l&rsquo;Ecuyer 31 \u2014 Quartier Grand-Place<\/span><\/h6>\n<h5 class=\"NOM\"><span class=\"Style-NOM\">Rooftop 58<\/span><\/h5>\n<h6 class=\"Adresse\"><span class=\"Style-Adresse\">Rue des Halles 4 \u2014 Pi\u00e9tonnier<\/span><\/h6>\n<h5 class=\"NOM\"><span class=\"Style-NOM\">Rose de Damas<\/span><\/h5>\n<h6 class=\"Adresse\"><span class=\"Style-Adresse\">Rue du March\u00e9 aux Herbes 19 \u2014 Quartier Grand-Place<\/span><\/h6>\n<h5 class=\"NOM\"><span class=\"Style-NOM\">Roseline d&rsquo;Oreye<\/span><\/h5>\n<h6 class=\"Adresse\"><span class=\"Style-Adresse\">Galerie du Roi 10 &#8211; \u2014 Quartier Grand-Place<\/span><\/h6>\n<h5 class=\"NOM\"><span class=\"Style-NOM\">Royal Indian Restaurant<\/span><\/h5>\n<h6 class=\"Adresse\"><span class=\"Style-Adresse\">Rue de La fourche 5 \u2014 Quartier Grand-Place<\/span><\/h6>\n<h5 class=\"NOM\"><span class=\"Style-NOM\">Royal Indian Taste<\/span><\/h5>\n<h6 class=\"Adresse\"><span class=\"Style-Adresse\">Rue March\u00e9 aux Herbes 76 \u2014 Quartier Grand-Place<\/span><\/h6>\n<h5 class=\"NOM\"><span class=\"Style-NOM\">Salon Velasquez<\/span><\/h5>\n<h6 class=\"Adresse\"><span class=\"Style-Adresse\">Rue des Chapeliers 38 \u2014 Quartier Grand-Place<\/span><\/h6>\n<h5 class=\"NOM\"><span class=\"Style-NOM\">SAN Sablon<\/span><\/h5>\n<h6 class=\"Adresse\"><span class=\"Style-Adresse\">Rue Joseph Stevens 12 \u2014 Quartier du Sablon<\/span><\/h6>\n<h5 class=\"NOM\"><span class=\"Style-NOM\">Sauvage Decor<\/span><\/h5>\n<h6 class=\"Adresse\"><span class=\"Style-Adresse\">Rue du Lombard 31 \u2014 Quartier Grand-Place<\/span><\/h6>\n<h5 class=\"NOM\"><span class=\"Style-NOM\">Sea of Clouds<\/span><\/h5>\n<h6 class=\"Adresse\"><span class=\"Style-Adresse\">Rue Haute 180 \u2014 Quartier des Marolles<\/span><\/h6>\n<h5 class=\"NOM\"><span class=\"Style-NOM\">S\u00e9bastien Ledentu<\/span><\/h5>\n<h6 class=\"Adresse\"><span class=\"Style-Adresse\">Place de la Vieille Halle aux Bl\u00e9s 27 \u2014 Quartier Saint-Jacques<\/span><\/h6>\n<h5 class=\"NOM\"><span class=\"Style-NOM\">Sentro &#8211; A table avec Vincent Masson<\/span><\/h5>\n<h6 class=\"Adresse\"><span class=\"Style-Adresse\">Carrefour de l&rsquo;Europe 3 \u2014 Quartier Grand-Place<\/span><\/h6>\n<h5 class=\"NOM\"><span class=\"Style-NOM\">Serra Brussels<\/span><\/h5>\n<h6 class=\"Adresse\"><span class=\"Style-Adresse\">Place Rogier 20 \u2014 Quartier Rue Neuve<\/span><\/h6>\n<h5 class=\"NOM\"><span class=\"Style-NOM\">Signe<\/span><\/h5>\n<h6 class=\"Adresse\"><span class=\"Style-Adresse\">Rue de Namur 48 \u2014 Quartier Rue de Namur- Bd de Waterloo<\/span><\/h6>\n<h5 class=\"NOM\"><span class=\"Style-NOM\">Skylab<\/span><\/h5>\n<h6 class=\"Adresse\"><span class=\"Style-Adresse\">Quai au bois \u00e0 Br\u00fbler 9 \u2014 Quartier Sainte-Catherine<\/span><\/h6>\n<h5 class=\"NOM\"><span class=\"Style-NOM\">Smell stories<\/span><\/h5>\n<h6 class=\"Adresse\"><span class=\"Style-Adresse\">Rue des Teinturiers 15 \u2014 Quartier Saint-Jacques<\/span><\/h6>\n<h5 class=\"NOM\"><span class=\"Style-NOM\">Snack Tonic<\/span><\/h5>\n<h6 class=\"Adresse\"><span class=\"Style-Adresse\">Rue de l&rsquo;Etuve 67 \u2014 Quartier Saint-Jacques<\/span><\/h6>\n<h5 class=\"NOM\"><span class=\"Style-NOM\">Standaard Boekhandel<\/span><\/h5>\n<h6 class=\"Adresse\"><span class=\"Style-Adresse\">Bd Anspach 28 \u2014 Pi\u00e9tonnier<\/span><\/h6>\n<h5 class=\"NOM\"><span class=\"Style-NOM\">Strofilia<\/span><\/h5>\n<h6 class=\"Adresse\"><span class=\"Style-Adresse\">Rue du March\u00e9 aux Porcs 13 \u2014 Quartier Sainte-Catherine<\/span><\/h6>\n<h5 class=\"NOM\"><span class=\"Style-NOM\">Studio Baxton<\/span><\/h5>\n<h6 class=\"Adresse\"><span class=\"Style-Adresse\">Place de la Vieille Halle aux Bl\u00e9s 29 \u2014 Quartier Saint-Jacques<\/span><\/h6>\n<h5 class=\"NOM\"><span class=\"Style-NOM\">Sushi World<\/span><\/h5>\n<h6 class=\"Adresse\"><span class=\"Style-Adresse\">Rue des Cultes 5 \u2014 Quartier Congr\u00e8s<\/span><\/h6>\n<h5 class=\"NOM\"><span class=\"Style-NOM\">Swatch<\/span><\/h5>\n<h6 class=\"Adresse\"><span class=\"Style-Adresse\">Rue au Beurre 42 \u2014 Quartier Grand-Place<\/span><\/h6>\n<h5 class=\"NOM\"><span class=\"Style-NOM\">Takumi<\/span><\/h5>\n<h6 class=\"Adresse\"><span class=\"Style-Adresse\">Rue de Flandre 12 \u2014 Quartier Sainte-Catherine<\/span><\/h6>\n<h5 class=\"NOM\"><span class=\"Style-NOM\">Tapasoif by Canette<\/span><\/h5>\n<h6 class=\"Adresse\"><span class=\"Style-Adresse\">Rue de Witte de Haelen 22 \u2014 Quartier Sainte-Catherine<\/span><\/h6>\n<h5 class=\"NOM\"><span class=\"Style-NOM\">Tapismidi<\/span><\/h5>\n<h6 class=\"Adresse\"><span class=\"Style-Adresse\">Bd du Midi 3 \u2014 Quartier Van Artevelde<\/span><\/h6>\n<h5 class=\"NOM\"><span class=\"Style-NOM\">Tastevin-Spirigros<\/span><\/h5>\n<h6 class=\"Adresse\"><span class=\"Style-Adresse\">Rue Philippe de Champagne 14-20 \u2014 Quartier Stalingrad &#8211; Lemonnier<\/span><\/h6>\n<h5 class=\"NOM\"><span class=\"Style-NOM\">Taylor\u2019s Caf\u00e9<\/span><\/h5>\n<h6 class=\"Adresse\"><span class=\"Style-Adresse\">Rue Haute 228 \u2014 Quartier des Marolles<\/span><\/h6>\n<h5 class=\"NOM\"><span class=\"Style-NOM\">Tea Room gaufre de Bruxelles<\/span><\/h5>\n<h6 class=\"Adresse\"><span class=\"Style-Adresse\">Rue March\u00e9 aux Herbes 113 \u2014 Quartier Grand-Place<\/span><\/h6>\n<h5 class=\"NOM\"><span class=\"Style-NOM\">Tellie<\/span><\/h5>\n<h6 class=\"Adresse\"><span class=\"Style-Adresse\">Bd. Anspach 59 \u2014 Pi\u00e9tonnier<\/span><\/h6>\n<h5 class=\"NOM\"><span class=\"Style-NOM\">Thai Talks<\/span><\/h5>\n<h6 class=\"Adresse\"><span class=\"Style-Adresse\">Rue des Pierres 51 \u2014 Quartier Grand-Place<\/span><\/h6>\n<h5 class=\"NOM\"><span class=\"Style-NOM\">The Belgian Chocolate Makers<\/span><\/h5>\n<h6 class=\"Adresse\"><span class=\"Style-Adresse\">Rue Lebeau 11 \u2014 Quartier Mont des Arts<\/span><\/h6>\n<h5 class=\"NOM\"><span class=\"Style-NOM\">The Belgian Chocolate Makers<\/span><\/h5>\n<h6 class=\"Adresse\"><span class=\"Style-Adresse\">Rue de Namur 6 \u2014 Quartier Rue de Namur- Bd de Waterloo<\/span><\/h6>\n<h5 class=\"NOM\"><span class=\"Style-NOM\">The Caf\u00e9, The Brasserie, The Beer Lab<\/span><\/h5>\n<h6 class=\"Adresse\"><span class=\"Style-Adresse\">Bd. Anspach 80 \u2014 Pi\u00e9tonnier<\/span><\/h6>\n<h5 class=\"NOM\"><span class=\"Style-NOM\">The Embassy Room Brussels<\/span><\/h5>\n<h6 class=\"Adresse\"><span class=\"Style-Adresse\">Bd Bischoffsheim 38 B \u2014 Quartier Rue Neuve<\/span><\/h6>\n<h5 class=\"NOM\"><span class=\"Style-NOM\">The Green Man Cocktail bar<\/span><\/h5>\n<h6 class=\"Adresse\"><span class=\"Style-Adresse\">Rue des Chapeliers 20 \u2014 Quartier Grand-Place<\/span><\/h6>\n<h5 class=\"NOM\"><span class=\"Style-NOM\">The Music Village<\/span><\/h5>\n<h6 class=\"Adresse\"><span class=\"Style-Adresse\">Rue des Pierres 50 \u2014 Quartier Saint-Jacques<\/span><\/h6>\n<h5 class=\"NOM\"><span class=\"Style-NOM\">The Purple Rose<\/span><\/h5>\n<h6 class=\"Adresse\"><span class=\"Style-Adresse\">Rue du March\u00e9 aux Herbes 97 \u2014 Quartier Grand-Place<\/span><\/h6>\n<h5 class=\"NOM\"><span class=\"Style-NOM\">The Sister Brussels Caf\u00e9<\/span><\/h5>\n<h6 class=\"Adresse\"><span class=\"Style-Adresse\">Rue Chair et Pain 3 \u2014 Quartier Grand-Place<\/span><\/h6>\n<h5 class=\"NOM\"><span class=\"Style-NOM\">The Sneakers Cafe<\/span><\/h5>\n<h6 class=\"Adresse\"><span class=\"Style-Adresse\">Petite Rue des Bouchers 6 \u2014 Quartier Grand-Place<\/span><\/h6>\n<h5 class=\"NOM\"><span class=\"Style-NOM\">Th\u00e9\u00e2tre de Toone<\/span><\/h5>\n<h6 class=\"Adresse\"><span class=\"Style-Adresse\">Rue du March\u00e9 aux Herbes 66 \u2014 Quartier Grand-Place<\/span><\/h6>\n<h5 class=\"NOM\"><span class=\"Style-NOM\">Thwaini<\/span><\/h5>\n<h6 class=\"Adresse\"><span class=\"Style-Adresse\">Pass. du Nord 11 \u2014 Quartier Rue Neuve<\/span><\/h6>\n<h5 class=\"NOM\"><span class=\"Style-NOM\">Time Out Pub<\/span><\/h5>\n<h6 class=\"Adresse\"><span class=\"Style-Adresse\">Rue Auguste Orts 32 \u2014 Quartier Dansaert<\/span><\/h6>\n<h5 class=\"NOM\"><span class=\"Style-NOM\">Trattoria al dente<\/span><\/h5>\n<h6 class=\"Adresse\"><span class=\"Style-Adresse\">Rue du Tr\u00f4ne 22 \u2014 Quartier Rue de Namur- Bd de Waterloo<\/span><\/h6>\n<h5 class=\"NOM\"><span class=\"Style-NOM\">Tropismes<\/span><\/h5>\n<h6 class=\"Adresse\"><span class=\"Style-Adresse\">Galerie des Princes 11 \u2014 Quartier Grand-Place<\/span><\/h6>\n<h5 class=\"NOM\"><span class=\"Style-NOM\">Tropismes Libraires<\/span><\/h5>\n<h6 class=\"Adresse\"><span class=\"Style-Adresse\">Galerie des Princes 11 \u2014 Quartier Grand-Place<\/span><\/h6>\n<h5 class=\"NOM\"><span class=\"Style-NOM\">Unik<\/span><\/h5>\n<h6 class=\"Adresse\"><span class=\"Style-Adresse\">Rue de l&rsquo;Ecuyer 45 \u2014 Quartier Grand-Place<\/span><\/h6>\n<h5 class=\"NOM\"><span class=\"Style-NOM\">Utopia<\/span><\/h5>\n<h6 class=\"Adresse\"><span class=\"Style-Adresse\">Rue du Midi 39 \u2014 Quartier Saint-Jacques<\/span><\/h6>\n<h5 class=\"NOM\"><span class=\"Style-NOM\">Valentime&rsquo;s &#8211; the Mint<\/span><\/h5>\n<h6 class=\"Adresse\"><span class=\"Style-Adresse\">Rue de l&rsquo;Ev\u00eaque 30 \u2014 Quartier Rue Neuve<\/span><\/h6>\n<h5 class=\"NOM\"><span class=\"Style-NOM\">Val\u00e9rie Berckmans<\/span><\/h5>\n<h6 class=\"Adresse\"><span class=\"Style-Adresse\">Rue Van Artevelde 8 \u2014 Quartier Van Artevelde<\/span><\/h6>\n<h5 class=\"NOM\"><span class=\"Style-NOM\">Van Calck Sport<\/span><\/h5>\n<h6 class=\"Adresse\"><span class=\"Style-Adresse\">Rue du Midi 46 \u2014 Quartier Grand-Place<\/span><\/h6>\n<h5 class=\"NOM\"><span class=\"Style-NOM\">Vertigo<\/span><\/h5>\n<h6 class=\"Adresse\"><span class=\"Style-Adresse\">Rue de Rollebeek 7 \u2014 Quartier du Sablon<\/span><\/h6>\n<h5 class=\"NOM\"><span class=\"Style-NOM\">V\u00eatue<\/span><\/h5>\n<h6 class=\"Adresse\"><span class=\"Style-Adresse\">Rue L\u00e9on Lepage 5 \u2014 Quartier Dansaert<\/span><\/h6>\n<h5 class=\"NOM\"><span class=\"Style-NOM\">Viage<\/span><\/h5>\n<h6 class=\"Adresse\"><span class=\"Style-Adresse\">Bd Anspach 30 \u2014 Quartier Grand-Place<\/span><\/h6>\n<h5 class=\"NOM\"><span class=\"Style-NOM\">Vidya<\/span><\/h5>\n<h6 class=\"Adresse\"><span class=\"Style-Adresse\">Rue des Tanneurs 54 \u2014 Quartier des Marolles<\/span><\/h6>\n<h5 class=\"NOM\"><span class=\"Style-NOM\">Vincent<\/span><\/h5>\n<h6 class=\"Adresse\"><span class=\"Style-Adresse\">Galerie Agora 37 \u2014 Quartier Grand-Place<\/span><\/h6>\n<h5 class=\"NOM\"><span class=\"Style-NOM\">Vitalgaufr<\/span><\/h5>\n<h6 class=\"Adresse\"><span class=\"Style-Adresse\">Rue de l\u2019Ev\u00eaque 30 \u2014 Quartier Rue Neuve<\/span><\/h6>\n<h5 class=\"NOM\"><span class=\"Style-NOM\">W44 Photo Gallery<\/span><\/h5>\n<h6 class=\"Adresse\"><span class=\"Style-Adresse\">Rue des Chartreux 44 \u2014 Quartier Sainte-Catherine<\/span><\/h6>\n<h5 class=\"NOM\"><span class=\"Style-NOM\">Wagamama<\/span><\/h5>\n<h6 class=\"Adresse\"><span class=\"Style-Adresse\">Bd. Anspach 21<span>\u00a0<\/span><\/span><span class=\"Style-Adresse\">\u2014 Pi\u00e9tonnier<\/span><\/h6>\n<h5 class=\"NOM\"><span class=\"Style-NOM\">Walter B<\/span><\/h5>\n<h6 class=\"Adresse\"><span class=\"Style-Adresse\">Quai aux Briques 82 \u2014 Quartier Sainte-Catherine<\/span><\/h6>\n<h5 class=\"NOM\"><span class=\"Style-NOM\">Walvis<\/span><\/h5>\n<h6 class=\"Adresse\"><span class=\"Style-Adresse\">Rue Antoine Dansaert 209 \u2014 Quartier Dansaert<\/span><\/h6>\n<h5 class=\"NOM\"><span class=\"Style-NOM\">wangli srl<\/span><\/h5>\n<h6 class=\"Adresse\"><span class=\"Style-Adresse\">rue des halles 3 \u2014 Quartier Sainte-Catherine<\/span><\/h6>\n<h5 class=\"NOM\"><span class=\"Style-NOM\">Waterstones<\/span><\/h5>\n<h6 class=\"Adresse\"><span class=\"Style-Adresse\">Boulevard Adolphe Maxlaan 71-75 \u2014 Pi\u00e9tonnier<\/span><\/h6>\n<h5 class=\"NOM\"><span class=\"Style-NOM\">Wolf Food Market | Vincent Denis Dessert Bar<\/span><\/h5>\n<h6 class=\"Adresse\"><span class=\"Style-Adresse\">Rue Foss\u00e9 aux Loups 50 \u2014 Quartier Rue Neuve<\/span><\/h6>\n<h5 class=\"NOM\"><span class=\"Style-NOM\">Wolf Sharing Food Market<\/span><\/h5>\n<h6 class=\"Adresse\"><span class=\"Style-Adresse\">Rue du Foss\u00e9 aux Loups 49C \u2014 Quartier Rue Neuve<\/span><\/h6>\n<h5 class=\"NOM\"><span class=\"Style-NOM\">Womade<\/span><\/h5>\n<h6 class=\"Adresse\"><span class=\"Style-Adresse\">Bd Adolphe Max 30 \u2014 Quartier Rue Neuve<\/span><\/h6>\n<h5 class=\"NOM\"><span class=\"Style-NOM\">Woodpecker 47<\/span><\/h5>\n<h6 class=\"Adresse\"><span class=\"Style-Adresse\">Rue marche aux poulets 47 \u2014 Quartier Sainte-Catherine<\/span><\/h6>\n<h5 class=\"NOM\"><span class=\"Style-NOM\">Woodpecker Bois de la Cambre<\/span><\/h5>\n<h6 class=\"Adresse\"><span class=\"Style-Adresse\">Carrefour des Attelages, 1 \u2014 Quartier La Cambre<\/span><\/h6>\n<h5 class=\"NOM\"><span class=\"Style-NOM\">Woodpecker Parc Royal<\/span><\/h5>\n<h6 class=\"Adresse\"><span class=\"Style-Adresse\">Place des palais 1 \u2014 Quartier Mont des Arts<\/span><\/h6>\n<h5 class=\"NOM\"><span class=\"Style-NOM\">Woodpecker Sainte-Catherine<\/span><\/h5>\n<h6 class=\"Adresse\"><span class=\"Style-Adresse\">Quai au Bois \u00e0 Br\u00fbler 27 \u2014 Quartier Sainte-Catherine<\/span><\/h6>\n<h5 class=\"NOM\"><span class=\"Style-NOM\">x<\/span><\/h5>\n<h6 class=\"Adresse\"><span class=\"Style-Adresse\">Rue de la Violette 20 \u2014 Quartier Grand-Place<\/span><\/h6>\n<h5 class=\"NOM\"><span class=\"Style-NOM\">Yaddcom<\/span><\/h5>\n<h6 class=\"Adresse\"><span class=\"Style-Adresse\">Av. Stalingrad 63 \u2014 Quartier Stalingrad &#8211; Lemonnier<\/span><\/h6>\n<h5 class=\"NOM\"><span class=\"Style-NOM\">Yankaki<\/span><\/h5>\n<h6 class=\"Adresse\"><span class=\"Style-Adresse\">Rue de la Madeleine 13 \u2014 Quartier Grand-Place<\/span><\/h6>\n<h5 class=\"NOM\"><span class=\"Style-NOM\">Yesterday Knuts<\/span><\/h5>\n<h6 class=\"Adresse\"><span class=\"Style-Adresse\">Rue Van Moer 11 \u2014 Quartier du Sablon<\/span><\/h6>\n<h5 class=\"NOM\"><span class=\"Style-NOM\">Yi Chan<\/span><\/h5>\n<h6 class=\"Adresse\"><span class=\"Style-Adresse\">Rue Jules van Praet 13 \u2014 Pi\u00e9tonnier<\/span><\/h6>\n<h5 class=\"NOM\"><span class=\"Style-NOM\">Yyoga<\/span><\/h5>\n<h6 class=\"Adresse\"><span class=\"Style-Adresse\">Quai au bois \u00e0 Br\u00fbler 39B \u2014 Quartier Sainte-Catherine<\/span><\/h6>\n<h5 class=\"NOM\"><span class=\"Style-NOM\">Yummy Bowl SRL<\/span><\/h5>\n<h6 class=\"Adresse\"><span class=\"Style-Adresse\">Rue des \u00c9peronniers 49 \u2014 Quartier Grand-Place<\/span><\/h6>\n<h5 class=\"NOM\"><span class=\"Style-NOM\">Zebra Bar<\/span><\/h5>\n<h6 class=\"Adresse\"><span class=\"Style-Adresse\">Place St G\u00e9ry 35 \u2014 Quartier Dansaert<\/span><\/h6>\n<h5 class=\"NOM\"><span class=\"Style-NOM\">Zinneke &amp; kats<\/span><\/h5>\n<h6 class=\"Adresse\"><span class=\"Style-Adresse\">Rue des chartreux 33\/35<span>\u00a0<\/span><\/span><span class=\"Style-Adresse\">\u2014 Quartier Dansaert<\/span><\/h6>\n<h5 class=\"NOM\"><span class=\"Style-NOM\">Zotte Mouche<\/span><\/h5>\n<h6 class=\"Adresse\"><span class=\"Style-Adresse\">Rue de l&rsquo;Ecuyer 45 \u2014 Quartier Grand-Place<\/span><\/h6>\n<\/div>\n<div id=\"_idContainer002\" class=\"Bloc-de-texte-standard\"><\/div>\n<\/div>\n<p>[\/et_pb_text][\/et_pb_column][\/et_pb_row][\/et_pb_section][et_pb_section fb_built=\u00a0\u00bb1&Prime; _builder_version=\u00a0\u00bb4.23.2&Prime; _module_preset=\u00a0\u00bbdefault\u00a0\u00bb background_color=\u00a0\u00bb#E0E0E0&Prime; global_colors_info=\u00a0\u00bb{}\u00a0\u00bb][et_pb_row _builder_version=\u00a0\u00bb4.23.2&Prime; _module_preset=\u00a0\u00bbdefault\u00a0\u00bb custom_margin=\u00a0\u00bb-3px|auto||auto||\u00a0\u00bb global_colors_info=\u00a0\u00bb{}\u00a0\u00bb][et_pb_column type=\u00a0\u00bb4_4&Prime; _builder_version=\u00a0\u00bb4.23.2&Prime; _module_preset=\u00a0\u00bbdefault\u00a0\u00bb global_colors_info=\u00a0\u00bb{}\u00a0\u00bb][et_pb_text _builder_version=\u00a0\u00bb4.23.2&Prime; _module_preset=\u00a0\u00bbdefault\u00a0\u00bb global_colors_info=\u00a0\u00bb{}\u00a0\u00bb]<\/p>\n<h4 style=\"text-align: center;\"><span style=\"font-size: medium;\"><strong>AVIS AUX COMMERCANTS :<\/strong><\/span><\/h4>\n<h4 style=\"text-align: center;\"><span style=\"font-size: medium;\">Vous n&rsquo;\u00eates pas sur cette liste ? Contactez-nous pour recevoir vos tickets !\u00a0<\/span><\/h4>\n<p><span style=\"font-size: medium;\"><\/span><\/p>\n<p>[\/et_pb_text][et_pb_button button_url=\u00a0\u00bbmailto:info@entreprendrebruxelles.be\u00a0\u00bb url_new_window=\u00a0\u00bbon\u00a0\u00bb button_text=\u00a0\u00bbContactez-nous \u00a0\u00bb button_alignment=\u00a0\u00bbcenter\u00a0\u00bb _builder_version=\u00a0\u00bb4.23.2&Prime; _module_preset=\u00a0\u00bbdefault\u00a0\u00bb button_text_size=\u00a0\u00bb14px\u00a0\u00bb button_text_color=\u00a0\u00bb#FFFFFF\u00a0\u00bb button_bg_color=\u00a0\u00bb#ba105a\u00a0\u00bb custom_margin=\u00a0\u00bb-25px|||||\u00a0\u00bb global_colors_info=\u00a0\u00bb{}\u00a0\u00bb][\/et_pb_button][\/et_pb_column][\/et_pb_row][\/et_pb_section][et_pb_section fb_built=\u00a0\u00bb1&Prime; _builder_version=\u00a0\u00bb4.21.0&Prime; _module_preset=\u00a0\u00bbdefault\u00a0\u00bb global_colors_info=\u00a0\u00bb{}\u00a0\u00bb][et_pb_row column_structure=\u00a0\u00bb1_3,1_3,1_3&Prime; _builder_version=\u00a0\u00bb4.21.0&Prime; _module_preset=\u00a0\u00bbdefault\u00a0\u00bb width=\u00a0\u00bb20%\u00a0\u00bb width_tablet=\u00a0\u00bb20%\u00a0\u00bb width_phone=\u00a0\u00bb30%\u00a0\u00bb width_last_edited=\u00a0\u00bbon|desktop\u00a0\u00bb global_colors_info=\u00a0\u00bb{}\u00a0\u00bb][et_pb_column type=\u00a0\u00bb1_3&Prime; _builder_version=\u00a0\u00bb4.21.0&Prime; _module_preset=\u00a0\u00bbdefault\u00a0\u00bb global_colors_info=\u00a0\u00bb{}\u00a0\u00bb][et_pb_image src=\u00a0\u00bbhttps:\/\/ultraviolet.work\/_commercelocal\/wp-content\/uploads\/2023\/06\/interparking-logo-800&#215;400-1.jpg\u00a0\u00bb title_text=\u00a0\u00bbinterparking-logo-800&#215;400&Prime; _builder_version=\u00a0\u00bb4.21.0&Prime; _module_preset=\u00a0\u00bbdefault\u00a0\u00bb max_width=\u00a0\u00bb120px\u00a0\u00bb module_alignment=\u00a0\u00bbcenter\u00a0\u00bb global_colors_info=\u00a0\u00bb{}\u00a0\u00bb][\/et_pb_image][\/et_pb_column][et_pb_column type=\u00a0\u00bb1_3&Prime; _builder_version=\u00a0\u00bb4.21.0&Prime; _module_preset=\u00a0\u00bbdefault\u00a0\u00bb global_colors_info=\u00a0\u00bb{}\u00a0\u00bb][et_pb_image src=\u00a0\u00bbhttps:\/\/ultraviolet.work\/_commercelocal\/wp-content\/uploads\/2023\/06\/q-park-logo-800&#215;400-1.jpg\u00a0\u00bb title_text=\u00a0\u00bbq-park-logo-800&#215;400&Prime; _builder_version=\u00a0\u00bb4.21.0&Prime; _module_preset=\u00a0\u00bbdefault\u00a0\u00bb max_width=\u00a0\u00bb120px\u00a0\u00bb module_alignment=\u00a0\u00bbcenter\u00a0\u00bb global_colors_info=\u00a0\u00bb{}\u00a0\u00bb][\/et_pb_image][\/et_pb_column][et_pb_column type=\u00a0\u00bb1_3&Prime; _builder_version=\u00a0\u00bb4.21.0&Prime; _module_preset=\u00a0\u00bbdefault\u00a0\u00bb global_colors_info=\u00a0\u00bb{}\u00a0\u00bb][et_pb_image src=\u00a0\u00bbhttps:\/\/ultraviolet.work\/_commercelocal\/wp-content\/uploads\/2023\/06\/indigo-logo-800&#215;400-1.jpg\u00a0\u00bb title_text=\u00a0\u00bbindigo-logo-800&#215;400&Prime; _builder_version=\u00a0\u00bb4.21.0&Prime; _module_preset=\u00a0\u00bbdefault\u00a0\u00bb max_width=\u00a0\u00bb120px\u00a0\u00bb module_alignment=\u00a0\u00bbcenter\u00a0\u00bb global_colors_info=\u00a0\u00bb{}\u00a0\u00bb][\/et_pb_image][\/et_pb_column][\/et_pb_row][\/et_pb_section]<\/p>\n","protected":false},"excerpt":{"rendered":"<p>1 heure de parking gratuitoffert par la ville\u2009!PROFITEZ D\u00c8S MAINTENANT DE L\u2019OFFRE EXCLUSIVE DE LA VILLE ET B\u00c9N\u00c9FICIEZ D\u2019UNE HEURE DE STATIONNEMENT GRATUIT DANS NOS PARKINGS PARTENAIRES. Avec plus de 10 000 places de parking disponibles, vous \u00eates s\u00fbr de trouver un emplacement pour votre voiture, \u00e0 deux pas de votre commerce pr\u00e9f\u00e9r\u00e9. De plus, [&hellip;]<\/p>\n","protected":false},"author":5,"featured_media":0,"parent":0,"menu_order":0,"comment_status":"closed","ping_status":"closed","template":"","meta":{"_et_pb_use_builder":"on","_et_pb_old_content":"","_et_gb_content_width":"","inline_featured_image":false,"footnotes":""},"difl_page_category":[],"wf_page_folders":[1768],"class_list":["post-18433","page","type-page","status-publish","hentry"],"yoast_head":"<!-- This site is optimized with the Yoast SEO plugin v27.5 - https:\/\/yoast.com\/product\/yoast-seo-wordpress\/ -->\n<title>Parking - Le commerce local \u00e0 Bruxelles<\/title>\n<meta name=\"description\" content=\"PROFITEZ D\u00c8S MAINTENANT DE L\u2019OFFRE EXCLUSIVE DE LA VILLE DE BRUXELLES ET B\u00c9N\u00c9FICIEZ D\u2019UNE HEURE DE STATIONNEMENT GRATUIT DANS NOS PARKINGS PARTENAIRES\" \/>\n<meta name=\"robots\" content=\"noindex, follow, max-snippet:-1, max-image-preview:large, max-video-preview:-1\" \/>\n<meta property=\"og:locale\" content=\"fr_FR\" \/>\n<meta property=\"og:type\" content=\"article\" \/>\n<meta property=\"og:title\" content=\"Parking - Le commerce local \u00e0 Bruxelles\" \/>\n<meta property=\"og:description\" content=\"PROFITEZ D\u00c8S MAINTENANT DE L\u2019OFFRE EXCLUSIVE DE LA VILLE DE BRUXELLES ET B\u00c9N\u00c9FICIEZ D\u2019UNE HEURE DE STATIONNEMENT GRATUIT DANS NOS PARKINGS PARTENAIRES\" \/>\n<meta property=\"og:url\" content=\"https:\/\/ultraviolet.work\/_commercelocal\/parking\/\" \/>\n<meta property=\"og:site_name\" content=\"Le commerce local \u00e0 Bruxelles\" \/>\n<meta property=\"article:publisher\" content=\"https:\/\/www.facebook.com\/ishopinbrussels\/\" \/>\n<meta property=\"article:modified_time\" content=\"2024-03-29T10:57:29+00:00\" \/>\n<meta property=\"og:image\" content=\"https:\/\/ultraviolet.work\/_commercelocal\/wp-content\/uploads\/2021\/10\/Yoast-facebook-Share-1200x800-1.jpg\" \/>\n\t<meta property=\"og:image:width\" content=\"1200\" \/>\n\t<meta property=\"og:image:height\" content=\"800\" \/>\n\t<meta property=\"og:image:type\" content=\"image\/jpeg\" \/>\n<meta name=\"twitter:card\" content=\"summary_large_image\" \/>\n<meta name=\"twitter:label1\" content=\"Dur\u00e9e de lecture estim\u00e9e\" \/>\n\t<meta name=\"twitter:data1\" content=\"1 minute\" \/>\n<script type=\"application\/ld+json\" class=\"yoast-schema-graph\">{\"@context\":\"https:\\\/\\\/schema.org\",\"@graph\":[{\"@type\":\"WebPage\",\"@id\":\"https:\\\/\\\/ultraviolet.work\\\/_commercelocal\\\/parking\\\/\",\"url\":\"https:\\\/\\\/ultraviolet.work\\\/_commercelocal\\\/parking\\\/\",\"name\":\"Parking - Le commerce local \u00e0 Bruxelles\",\"isPartOf\":{\"@id\":\"https:\\\/\\\/ultraviolet.work\\\/_commercelocal\\\/#website\"},\"datePublished\":\"2023-05-09T10:21:12+00:00\",\"dateModified\":\"2024-03-29T10:57:29+00:00\",\"description\":\"PROFITEZ D\u00c8S MAINTENANT DE L\u2019OFFRE EXCLUSIVE DE LA VILLE DE BRUXELLES ET B\u00c9N\u00c9FICIEZ D\u2019UNE HEURE DE STATIONNEMENT GRATUIT DANS NOS PARKINGS PARTENAIRES\",\"breadcrumb\":{\"@id\":\"https:\\\/\\\/ultraviolet.work\\\/_commercelocal\\\/parking\\\/#breadcrumb\"},\"inLanguage\":\"fr-FR\",\"potentialAction\":[{\"@type\":\"ReadAction\",\"target\":[\"https:\\\/\\\/ultraviolet.work\\\/_commercelocal\\\/parking\\\/\"]}]},{\"@type\":\"BreadcrumbList\",\"@id\":\"https:\\\/\\\/ultraviolet.work\\\/_commercelocal\\\/parking\\\/#breadcrumb\",\"itemListElement\":[{\"@type\":\"ListItem\",\"position\":1,\"name\":\"Accueil\",\"item\":\"https:\\\/\\\/ultraviolet.work\\\/_commercelocal\\\/\"},{\"@type\":\"ListItem\",\"position\":2,\"name\":\"Parking\"}]},{\"@type\":\"WebSite\",\"@id\":\"https:\\\/\\\/ultraviolet.work\\\/_commercelocal\\\/#website\",\"url\":\"https:\\\/\\\/ultraviolet.work\\\/_commercelocal\\\/\",\"name\":\"Le commerce local \u00e0 Bruxelles\",\"description\":\"\",\"publisher\":{\"@id\":\"https:\\\/\\\/ultraviolet.work\\\/_commercelocal\\\/#organization\"},\"potentialAction\":[{\"@type\":\"SearchAction\",\"target\":{\"@type\":\"EntryPoint\",\"urlTemplate\":\"https:\\\/\\\/ultraviolet.work\\\/_commercelocal\\\/?s={search_term_string}\"},\"query-input\":{\"@type\":\"PropertyValueSpecification\",\"valueRequired\":true,\"valueName\":\"search_term_string\"}}],\"inLanguage\":\"fr-FR\"},{\"@type\":\"Organization\",\"@id\":\"https:\\\/\\\/ultraviolet.work\\\/_commercelocal\\\/#organization\",\"name\":\"Le commerce local \u00e0 Bruxelles - I shop in Brussels\",\"url\":\"https:\\\/\\\/ultraviolet.work\\\/_commercelocal\\\/\",\"logo\":{\"@type\":\"ImageObject\",\"inLanguage\":\"fr-FR\",\"@id\":\"https:\\\/\\\/ultraviolet.work\\\/_commercelocal\\\/#\\\/schema\\\/logo\\\/image\\\/\",\"url\":\"https:\\\/\\\/ultraviolet.work\\\/_commercelocal\\\/wp-content\\\/uploads\\\/2020\\\/11\\\/IShopBrussels_w400.png\",\"contentUrl\":\"https:\\\/\\\/ultraviolet.work\\\/_commercelocal\\\/wp-content\\\/uploads\\\/2020\\\/11\\\/IShopBrussels_w400.png\",\"width\":400,\"height\":200,\"caption\":\"Le commerce local \u00e0 Bruxelles - I shop in Brussels\"},\"image\":{\"@id\":\"https:\\\/\\\/ultraviolet.work\\\/_commercelocal\\\/#\\\/schema\\\/logo\\\/image\\\/\"},\"sameAs\":[\"https:\\\/\\\/www.facebook.com\\\/ishopinbrussels\\\/\"]}]}<\/script>\n<!-- \/ Yoast SEO plugin. -->","yoast_head_json":{"title":"Parking - Le commerce local \u00e0 Bruxelles","description":"PROFITEZ D\u00c8S MAINTENANT DE L\u2019OFFRE EXCLUSIVE DE LA VILLE DE BRUXELLES ET B\u00c9N\u00c9FICIEZ D\u2019UNE HEURE DE STATIONNEMENT GRATUIT DANS NOS PARKINGS PARTENAIRES","robots":{"index":"noindex","follow":"follow","max-snippet":"max-snippet:-1","max-image-preview":"max-image-preview:large","max-video-preview":"max-video-preview:-1"},"og_locale":"fr_FR","og_type":"article","og_title":"Parking - Le commerce local \u00e0 Bruxelles","og_description":"PROFITEZ D\u00c8S MAINTENANT DE L\u2019OFFRE EXCLUSIVE DE LA VILLE DE BRUXELLES ET B\u00c9N\u00c9FICIEZ D\u2019UNE HEURE DE STATIONNEMENT GRATUIT DANS NOS PARKINGS PARTENAIRES","og_url":"https:\/\/ultraviolet.work\/_commercelocal\/parking\/","og_site_name":"Le commerce local \u00e0 Bruxelles","article_publisher":"https:\/\/www.facebook.com\/ishopinbrussels\/","article_modified_time":"2024-03-29T10:57:29+00:00","og_image":[{"width":1200,"height":800,"url":"https:\/\/ultraviolet.work\/_commercelocal\/wp-content\/uploads\/2021\/10\/Yoast-facebook-Share-1200x800-1.jpg","type":"image\/jpeg"}],"twitter_card":"summary_large_image","twitter_misc":{"Dur\u00e9e de lecture estim\u00e9e":"1 minute"},"schema":{"@context":"https:\/\/schema.org","@graph":[{"@type":"WebPage","@id":"https:\/\/ultraviolet.work\/_commercelocal\/parking\/","url":"https:\/\/ultraviolet.work\/_commercelocal\/parking\/","name":"Parking - Le commerce local \u00e0 Bruxelles","isPartOf":{"@id":"https:\/\/ultraviolet.work\/_commercelocal\/#website"},"datePublished":"2023-05-09T10:21:12+00:00","dateModified":"2024-03-29T10:57:29+00:00","description":"PROFITEZ D\u00c8S MAINTENANT DE L\u2019OFFRE EXCLUSIVE DE LA VILLE DE BRUXELLES ET B\u00c9N\u00c9FICIEZ D\u2019UNE HEURE DE STATIONNEMENT GRATUIT DANS NOS PARKINGS PARTENAIRES","breadcrumb":{"@id":"https:\/\/ultraviolet.work\/_commercelocal\/parking\/#breadcrumb"},"inLanguage":"fr-FR","potentialAction":[{"@type":"ReadAction","target":["https:\/\/ultraviolet.work\/_commercelocal\/parking\/"]}]},{"@type":"BreadcrumbList","@id":"https:\/\/ultraviolet.work\/_commercelocal\/parking\/#breadcrumb","itemListElement":[{"@type":"ListItem","position":1,"name":"Accueil","item":"https:\/\/ultraviolet.work\/_commercelocal\/"},{"@type":"ListItem","position":2,"name":"Parking"}]},{"@type":"WebSite","@id":"https:\/\/ultraviolet.work\/_commercelocal\/#website","url":"https:\/\/ultraviolet.work\/_commercelocal\/","name":"Le commerce local \u00e0 Bruxelles","description":"","publisher":{"@id":"https:\/\/ultraviolet.work\/_commercelocal\/#organization"},"potentialAction":[{"@type":"SearchAction","target":{"@type":"EntryPoint","urlTemplate":"https:\/\/ultraviolet.work\/_commercelocal\/?s={search_term_string}"},"query-input":{"@type":"PropertyValueSpecification","valueRequired":true,"valueName":"search_term_string"}}],"inLanguage":"fr-FR"},{"@type":"Organization","@id":"https:\/\/ultraviolet.work\/_commercelocal\/#organization","name":"Le commerce local \u00e0 Bruxelles - I shop in Brussels","url":"https:\/\/ultraviolet.work\/_commercelocal\/","logo":{"@type":"ImageObject","inLanguage":"fr-FR","@id":"https:\/\/ultraviolet.work\/_commercelocal\/#\/schema\/logo\/image\/","url":"https:\/\/ultraviolet.work\/_commercelocal\/wp-content\/uploads\/2020\/11\/IShopBrussels_w400.png","contentUrl":"https:\/\/ultraviolet.work\/_commercelocal\/wp-content\/uploads\/2020\/11\/IShopBrussels_w400.png","width":400,"height":200,"caption":"Le commerce local \u00e0 Bruxelles - I shop in Brussels"},"image":{"@id":"https:\/\/ultraviolet.work\/_commercelocal\/#\/schema\/logo\/image\/"},"sameAs":["https:\/\/www.facebook.com\/ishopinbrussels\/"]}]}},"_links":{"self":[{"href":"https:\/\/ultraviolet.work\/_commercelocal\/wp-json\/wp\/v2\/pages\/18433","targetHints":{"allow":["GET"]}}],"collection":[{"href":"https:\/\/ultraviolet.work\/_commercelocal\/wp-json\/wp\/v2\/pages"}],"about":[{"href":"https:\/\/ultraviolet.work\/_commercelocal\/wp-json\/wp\/v2\/types\/page"}],"author":[{"embeddable":true,"href":"https:\/\/ultraviolet.work\/_commercelocal\/wp-json\/wp\/v2\/users\/5"}],"replies":[{"embeddable":true,"href":"https:\/\/ultraviolet.work\/_commercelocal\/wp-json\/wp\/v2\/comments?post=18433"}],"version-history":[{"count":23,"href":"https:\/\/ultraviolet.work\/_commercelocal\/wp-json\/wp\/v2\/pages\/18433\/revisions"}],"predecessor-version":[{"id":19481,"href":"https:\/\/ultraviolet.work\/_commercelocal\/wp-json\/wp\/v2\/pages\/18433\/revisions\/19481"}],"wp:attachment":[{"href":"https:\/\/ultraviolet.work\/_commercelocal\/wp-json\/wp\/v2\/media?parent=18433"}],"wp:term":[{"taxonomy":"difl_page_category","embeddable":true,"href":"https:\/\/ultraviolet.work\/_commercelocal\/wp-json\/wp\/v2\/difl_page_category?post=18433"},{"taxonomy":"wf_page_folders","embeddable":true,"href":"https:\/\/ultraviolet.work\/_commercelocal\/wp-json\/wp\/v2\/wf_page_folders?post=18433"}],"curies":[{"name":"wp","href":"https:\/\/api.w.org\/{rel}","templated":true}]}}