{"id":3130,"date":"2020-11-17T16:45:38","date_gmt":"2020-11-17T15:45:38","guid":{"rendered":"https:\/\/ultraviolet.work\/_commercelocal\/?page_id=3130"},"modified":"2021-10-02T06:17:59","modified_gmt":"2021-10-02T04:17:59","slug":"quartier-rue-neuve","status":"publish","type":"page","link":"https:\/\/ultraviolet.work\/_commercelocal\/quartier-rue-neuve\/","title":{"rendered":"Quartier Rue Neuve"},"content":{"rendered":"<p>[et_pb_section fb_built=\u00a0\u00bb1&Prime; admin_label=\u00a0\u00bbHeader Quartier\u00a0\u00bb _builder_version=\u00a0\u00bb4.10.5&Prime; _module_preset=\u00a0\u00bbdefault\u00a0\u00bb background_color=\u00a0\u00bb#000000&Prime; locked=\u00a0\u00bboff\u00a0\u00bb collapsed=\u00a0\u00bbon\u00a0\u00bb global_colors_info=\u00a0\u00bb{}\u00a0\u00bb][et_pb_row _builder_version=\u00a0\u00bb4.10.4&Prime; _module_preset=\u00a0\u00bbdefault\u00a0\u00bb width=\u00a0\u00bb100%\u00a0\u00bb width_tablet=\u00a0\u00bb95%\u00a0\u00bb width_phone=\u00a0\u00bb95%\u00a0\u00bb width_last_edited=\u00a0\u00bboff|desktop\u00a0\u00bb max_width=\u00a0\u00bb5000px\u00a0\u00bb custom_padding=\u00a0\u00bb0px||0px||false|false\u00a0\u00bb hover_enabled=\u00a0\u00bb0&Prime; global_colors_info=\u00a0\u00bb{}\u00a0\u00bb sticky_enabled=\u00a0\u00bb0&Prime;][et_pb_column type=\u00a0\u00bb4_4&Prime; _builder_version=\u00a0\u00bb4.10.4&Prime; _module_preset=\u00a0\u00bbdefault\u00a0\u00bb global_colors_info=\u00a0\u00bb{}\u00a0\u00bb][et_pb_cta title=\u00a0\u00bbRue Neuve &#8211; Max &#8211; Jacqmain\u00a0\u00bb _builder_version=\u00a0\u00bb4.11.0&Prime; _module_preset=\u00a0\u00bba6594073-861d-4e14-a082-dc88656f5ace\u00a0\u00bb header_font_size=\u00a0\u00bb60px\u00a0\u00bb background_image=\u00a0\u00bbhttps:\/\/ultraviolet.work\/_commercelocal\/wp-content\/uploads\/2021\/09\/Quartier-Rue-Neuve-2400&#215;600-1.jpg\u00a0\u00bb header_font_size_tablet=\u00a0\u00bb\u00a0\u00bb header_font_size_phone=\u00a0\u00bb\u00a0\u00bb header_font_size_last_edited=\u00a0\u00bbon|desktop\u00a0\u00bb global_colors_info=\u00a0\u00bb{}\u00a0\u00bb][\/et_pb_cta][\/et_pb_column][\/et_pb_row][\/et_pb_section][et_pb_section fb_built=\u00a0\u00bb1&Prime; _builder_version=\u00a0\u00bb4.10.6&Prime; _module_preset=\u00a0\u00bbdefault\u00a0\u00bb background_color=\u00a0\u00bbrgba(63,191,122,0.24)\u00a0\u00bb collapsed=\u00a0\u00bboff\u00a0\u00bb global_colors_info=\u00a0\u00bb{}\u00a0\u00bb][et_pb_row _builder_version=\u00a0\u00bb4.10.6&Prime; _module_preset=\u00a0\u00bbdefault\u00a0\u00bb background_enable_color=\u00a0\u00bboff\u00a0\u00bb width_tablet=\u00a0\u00bb95%\u00a0\u00bb width_phone=\u00a0\u00bb95%\u00a0\u00bb width_last_edited=\u00a0\u00bbon|desktop\u00a0\u00bb max_width=\u00a0\u00bb100%\u00a0\u00bb module_alignment=\u00a0\u00bbcenter\u00a0\u00bb custom_padding=\u00a0\u00bb0px||0px||true|false\u00a0\u00bb global_colors_info=\u00a0\u00bb{}\u00a0\u00bb][et_pb_column type=\u00a0\u00bb4_4&Prime; _builder_version=\u00a0\u00bb4.10.5&Prime; _module_preset=\u00a0\u00bbdefault\u00a0\u00bb background_enable_color=\u00a0\u00bboff\u00a0\u00bb custom_padding=\u00a0\u00bb35px||13px||false|false\u00a0\u00bb custom_padding_tablet=\u00a0\u00bb\u00a0\u00bb custom_padding_phone=\u00a0\u00bb\u00a0\u00bb custom_padding_last_edited=\u00a0\u00bbon|desktop\u00a0\u00bb global_colors_info=\u00a0\u00bb{}\u00a0\u00bb][et_pb_image src=\u00a0\u00bbhttps:\/\/ultraviolet.work\/_commercelocal\/wp-content\/uploads\/2020\/11\/Pictos-map-quartiers7_300x256.png\u00a0\u00bb title_text=\u00a0\u00bbPictos-map-quartiers7_300x256&Prime; _builder_version=\u00a0\u00bb4.10.6&Prime; _module_preset=\u00a0\u00bb386a5da2-71d1-4c7b-847c-82f03c550ac7&Prime; global_colors_info=\u00a0\u00bb{}\u00a0\u00bb][\/et_pb_image][et_pb_text _builder_version=\u00a0\u00bb4.10.6&Prime; _module_preset=\u00a0\u00bbdefault\u00a0\u00bb header_5_font=\u00a0\u00bbRaleway|700|||||||\u00a0\u00bb header_5_text_align=\u00a0\u00bbcenter\u00a0\u00bb header_5_text_color=\u00a0\u00bb#C0C0C0&Prime; header_5_line_height=\u00a0\u00bb1.5em\u00a0\u00bb custom_padding=\u00a0\u00bb|12.1%||12.1%|false|true\u00a0\u00bb global_colors_info=\u00a0\u00bb{}\u00a0\u00bb]<\/p>\n<h5 class=\"p1\"><span style=\"color: #505050;\">La rue Neuve, totalement pi\u00e9tonne, est d\u00e9limit\u00e9e par les places Rogier et de la Monnaie. Bord\u00e9 de places et de passages, le premier p\u00f4le commercial belge s\u2019est d\u00e9velopp\u00e9 autour du commerce de l\u2019\u00e9quipement de la personne. Pi\u00e9tonnier le plus fr\u00e9quent\u00e9 de Belgique, la rue Neuve accueille les plus grandes enseignes internationales ainsi que City 2, le plus grand shopping center urbain du pays.<\/span><\/h5>\n<p>[\/et_pb_text][\/et_pb_column][\/et_pb_row][\/et_pb_section][et_pb_section fb_built=\u00a0\u00bb1&Prime; _builder_version=\u00a0\u00bb4.10.5&Prime; _module_preset=\u00a0\u00bbdefault\u00a0\u00bb custom_padding=\u00a0\u00bb50px||50px||false|false\u00a0\u00bb collapsed=\u00a0\u00bbon\u00a0\u00bb global_colors_info=\u00a0\u00bb{}\u00a0\u00bb][et_pb_row column_structure=\u00a0\u00bb1_3,2_3&Prime; use_custom_gutter=\u00a0\u00bbon\u00a0\u00bb gutter_width=\u00a0\u00bb2&Prime; _builder_version=\u00a0\u00bb4.6.6&Prime; _module_preset=\u00a0\u00bbdefault\u00a0\u00bb global_colors_info=\u00a0\u00bb{}\u00a0\u00bb][et_pb_column type=\u00a0\u00bb1_3&Prime; _builder_version=\u00a0\u00bb4.6.6&Prime; _module_preset=\u00a0\u00bbdefault\u00a0\u00bb global_colors_info=\u00a0\u00bb{}\u00a0\u00bb][et_pb_text content_tablet=\u00a0\u00bb<\/p>\n<h3 class=%22p1%22 style=%22text-align: left;%22>Le Quartier<\/h3>\n<h6 class=%22p1%22 style=%22text-align: left;%22>Internationalement connue pour son histoire, sa qualit\u00e9 architecturale et sa richesse ornementale, la Grand-Place avec son H\u00f4tel de Ville est consid\u00e9r\u00e9e comme l\u2019une des plus belles places du monde, class\u00e9e au Patrimoine mondial par l\u2019UNESCO en 1998.<\/h6>\n<p class=%22p1%22>\n\u00a0\u00bb content_last_edited=\u00a0\u00bboff|desktop\u00a0\u00bb _builder_version=\u00a0\u00bb4.7.0&Prime; _module_preset=\u00a0\u00bbdefault\u00a0\u00bb header_3_text_align=\u00a0\u00bbright\u00a0\u00bb text_orientation=\u00a0\u00bbright\u00a0\u00bb custom_padding=\u00a0\u00bb5px||0px||false|false\u00a0\u00bb header_3_text_align_tablet=\u00a0\u00bbleft\u00a0\u00bb header_3_text_align_phone=\u00a0\u00bbleft\u00a0\u00bb header_3_text_align_last_edited=\u00a0\u00bbon|phone\u00a0\u00bb text_orientation_tablet=\u00a0\u00bbleft\u00a0\u00bb text_orientation_phone=\u00a0\u00bb\u00a0\u00bb text_orientation_last_edited=\u00a0\u00bbon|phone\u00a0\u00bb border_width_top=\u00a0\u00bb1px\u00a0\u00bb border_color_top=\u00a0\u00bb#c0c0c0&Prime; global_colors_info=\u00a0\u00bb{}\u00a0\u00bb]<\/p>\n<h4 class=\"p1\">Le Quartier<\/h4>\n<p>[\/et_pb_text][\/et_pb_column][et_pb_column type=\u00a0\u00bb2_3&Prime; _builder_version=\u00a0\u00bb4.6.6&Prime; _module_preset=\u00a0\u00bbdefault\u00a0\u00bb global_colors_info=\u00a0\u00bb{}\u00a0\u00bb][et_pb_text _builder_version=\u00a0\u00bb4.7.1&Prime; _module_preset=\u00a0\u00bbdefault\u00a0\u00bb header_3_text_align=\u00a0\u00bbright\u00a0\u00bb custom_padding=\u00a0\u00bb5px||0px||false|false\u00a0\u00bb header_3_text_align_tablet=\u00a0\u00bbleft\u00a0\u00bb header_3_text_align_phone=\u00a0\u00bbleft\u00a0\u00bb header_3_text_align_last_edited=\u00a0\u00bbon|phone\u00a0\u00bb global_colors_info=\u00a0\u00bb{}\u00a0\u00bb]<\/p>\n<p class=\"p1\">La rue Neuve est un v\u00e9ritable paradis du shopping et de la consommation o\u00f9 le client se rend avec un objectif pr\u00e9cis sachant qu\u2019il va toujours trouver quelque chose ou s\u2019y rend pour passer son temps. Le quartier est per\u00e7u v\u00e9ritablement comme un centre commercial \u00e0 ciel ouvert o\u00f9 le chaland trouve tout ce qu\u2019il d\u00e9sire pour l\u2019\u00e9quipement de la personne.<\/p>\n<p class=\"p1\">Le Passage du Nord affiche un caract\u00e8re et ambiance \u00e0 part dans un cadre architectural d\u00e9but XX\u00e8me o\u00f9 l\u2019offre est plus haut de gamme : bar \u00e0 hu\u00eetres, magasin traditionnel de tabac, coutellerie, des sandwicheries de qualit\u00e9,\u2026<\/p>\n<p class=\"p1\">La place de Brouck\u00e8re et le boulevard Adolph Max sont appr\u00e9ci\u00e9s pour leur d\u00e9cor architectural, pour la terrasse de l\u2019H\u00f4tel M\u00e9tropole, les salles de cin\u00e9ma et les magasins de robes de mari\u00e9es ou de soir\u00e9e.<\/p>\n<p>[\/et_pb_text][et_pb_button button_url=\u00a0\u00bbhttps:\/\/ultraviolet.work\/_commercelocal\/quartiers\/#liste_quartiers\u00a0\u00bb button_text=\u00a0\u00bbVoir un autre quartier\u00a0\u00bb button_alignment=\u00a0\u00bbleft\u00a0\u00bb button_alignment_tablet=\u00a0\u00bbleft\u00a0\u00bb button_alignment_phone=\u00a0\u00bb\u00a0\u00bb button_alignment_last_edited=\u00a0\u00bbon|phone\u00a0\u00bb _builder_version=\u00a0\u00bb4.10.6&Prime; _module_preset=\u00a0\u00bbdefault\u00a0\u00bb button_text_size=\u00a0\u00bb13px\u00a0\u00bb button_bg_color=\u00a0\u00bb#b2b2b2&Prime; button_icon=\u00a0\u00bb%%40%%\u00a0\u00bb button_icon_color=\u00a0\u00bb#FFFFFF\u00a0\u00bb button_on_hover=\u00a0\u00bboff\u00a0\u00bb custom_margin=\u00a0\u00bb0px||||false|false\u00a0\u00bb custom_padding=\u00a0\u00bb|25px||11px|false|false\u00a0\u00bb global_module=\u00a0\u00bb3050&Prime; saved_tabs=\u00a0\u00bball\u00a0\u00bb locked=\u00a0\u00bboff\u00a0\u00bb global_colors_info=\u00a0\u00bb{}\u00a0\u00bb]<\/p>\n<h5 class=\"p1\"><span style=\"color: #505050;\"><\/span>P\u00f4le du design et du stylisme,<br \/>le quartier Dansaert est un lieu de destination incontournable.<span style=\"color: #505050;\"><\/span><\/h5>\n<p>[\/et_pb_button][\/et_pb_column][\/et_pb_row][et_pb_row column_structure=\u00a0\u00bb1_3,2_3&Prime; use_custom_gutter=\u00a0\u00bbon\u00a0\u00bb gutter_width=\u00a0\u00bb2&Prime; _builder_version=\u00a0\u00bb4.7.0&Prime; _module_preset=\u00a0\u00bbdefault\u00a0\u00bb global_colors_info=\u00a0\u00bb{}\u00a0\u00bb][et_pb_column type=\u00a0\u00bb1_3&Prime; _builder_version=\u00a0\u00bb4.7.0&Prime; _module_preset=\u00a0\u00bbdefault\u00a0\u00bb global_colors_info=\u00a0\u00bb{}\u00a0\u00bb][et_pb_text content_tablet=\u00a0\u00bb<\/p>\n<h3 class=%22p1%22 style=%22text-align: left;%22>Accessibilit\u00e9<\/h3>\n<p style=%22text-align: left;%22>\n<p class=%22p1%22>\n\u00a0\u00bb content_phone=\u00a0\u00bb<\/p>\n<h3 class=%22p1%22>Accessibilit\u00e9<\/h3>\n<p>\u00a0\u00bb content_last_edited=\u00a0\u00bboff|desktop\u00a0\u00bb _builder_version=\u00a0\u00bb4.7.0&Prime; _module_preset=\u00a0\u00bbdefault\u00a0\u00bb header_3_text_align=\u00a0\u00bbright\u00a0\u00bb text_orientation=\u00a0\u00bbright\u00a0\u00bb custom_padding=\u00a0\u00bb5px||0px||false|false\u00a0\u00bb header_3_text_align_tablet=\u00a0\u00bbleft\u00a0\u00bb header_3_text_align_phone=\u00a0\u00bbleft\u00a0\u00bb header_3_text_align_last_edited=\u00a0\u00bbon|phone\u00a0\u00bb text_orientation_tablet=\u00a0\u00bbleft\u00a0\u00bb text_orientation_phone=\u00a0\u00bb\u00a0\u00bb text_orientation_last_edited=\u00a0\u00bbon|phone\u00a0\u00bb border_width_top=\u00a0\u00bb1px\u00a0\u00bb border_color_top=\u00a0\u00bb#c0c0c0&Prime; global_colors_info=\u00a0\u00bb{}\u00a0\u00bb header_2_3_text_align_tablet=\u00a0\u00bbleft\u00a0\u00bb header_3_3_text_align_tablet=\u00a0\u00bbleft\u00a0\u00bb header_4_3_text_align_tablet=\u00a0\u00bbleft\u00a0\u00bb header_5_3_text_align_tablet=\u00a0\u00bbleft\u00a0\u00bb header_6_3_text_align_tablet=\u00a0\u00bbleft\u00a0\u00bb header_2_3_text_align_phone=\u00a0\u00bbleft\u00a0\u00bb header_3_3_text_align_phone=\u00a0\u00bbleft\u00a0\u00bb header_4_3_text_align_phone=\u00a0\u00bbleft\u00a0\u00bb header_5_3_text_align_phone=\u00a0\u00bbleft\u00a0\u00bb header_6_3_text_align_phone=\u00a0\u00bbleft\u00a0\u00bb header_2_3_text_align_last_edited=\u00a0\u00bbon|desktop\u00a0\u00bb header_3_3_text_align_last_edited=\u00a0\u00bbon|desktop\u00a0\u00bb header_4_3_text_align_last_edited=\u00a0\u00bbon|desktop\u00a0\u00bb header_5_3_text_align_last_edited=\u00a0\u00bbon|desktop\u00a0\u00bb header_6_3_text_align_last_edited=\u00a0\u00bbon|desktop\u00a0\u00bb]<\/p>\n<h4 class=\"p1\">Accessibilit\u00e9<\/h4>\n<p>[\/et_pb_text][\/et_pb_column][et_pb_column type=\u00a0\u00bb2_3&Prime; _builder_version=\u00a0\u00bb4.6.6&Prime; _module_preset=\u00a0\u00bbdefault\u00a0\u00bb global_colors_info=\u00a0\u00bb{}\u00a0\u00bb][et_pb_text _builder_version=\u00a0\u00bb4.7.0&Prime; _module_preset=\u00a0\u00bbdefault\u00a0\u00bb header_3_text_align=\u00a0\u00bbright\u00a0\u00bb custom_padding=\u00a0\u00bb5px||0px||false|false\u00a0\u00bb header_3_text_align_tablet=\u00a0\u00bbleft\u00a0\u00bb header_3_text_align_phone=\u00a0\u00bbleft\u00a0\u00bb header_3_text_align_last_edited=\u00a0\u00bbon|phone\u00a0\u00bb global_colors_info=\u00a0\u00bb{}\u00a0\u00bb]<\/p>\n<p><strong>Gares SNCB:\u00a0<\/strong>Gare Centrale\u00a0\/ Gare du Nord<\/p>\n<p><strong>Metro:<\/strong> Lignes 2 et 6<\/p>\n<p><strong>Trams:<\/strong> 25 , 55, 3 et 4<\/p>\n<p>[\/et_pb_text][\/et_pb_column][\/et_pb_row][et_pb_row column_structure=\u00a0\u00bb1_3,2_3&Prime; use_custom_gutter=\u00a0\u00bbon\u00a0\u00bb gutter_width=\u00a0\u00bb2&Prime; disabled_on=\u00a0\u00bbon|on|on\u00a0\u00bb _builder_version=\u00a0\u00bb4.7.0&Prime; _module_preset=\u00a0\u00bbdefault\u00a0\u00bb disabled=\u00a0\u00bbon\u00a0\u00bb global_colors_info=\u00a0\u00bb{}\u00a0\u00bb][et_pb_column type=\u00a0\u00bb1_3&Prime; _builder_version=\u00a0\u00bb4.6.6&Prime; _module_preset=\u00a0\u00bbdefault\u00a0\u00bb global_colors_info=\u00a0\u00bb{}\u00a0\u00bb][et_pb_text content_tablet=\u00a0\u00bb<\/p>\n<h3 class=%22p1%22>March\u00e9s<\/h3>\n<p class=%22p1%22>\n\u00a0\u00bb content_phone=\u00a0\u00bb<\/p>\n<h3 class=%22p1%22 style=%22text-align: left;%22>March\u00e9s<\/h3>\n<p class=%22p1%22>\n\u00a0\u00bb content_last_edited=\u00a0\u00bboff|desktop\u00a0\u00bb _builder_version=\u00a0\u00bb4.7.0&Prime; _module_preset=\u00a0\u00bbdefault\u00a0\u00bb header_3_text_align=\u00a0\u00bbright\u00a0\u00bb text_orientation=\u00a0\u00bbright\u00a0\u00bb custom_padding=\u00a0\u00bb5px||0px||false|false\u00a0\u00bb header_3_text_align_tablet=\u00a0\u00bbleft\u00a0\u00bb header_3_text_align_phone=\u00a0\u00bbleft\u00a0\u00bb header_3_text_align_last_edited=\u00a0\u00bbon|phone\u00a0\u00bb text_orientation_tablet=\u00a0\u00bbleft\u00a0\u00bb text_orientation_phone=\u00a0\u00bb\u00a0\u00bb text_orientation_last_edited=\u00a0\u00bbon|phone\u00a0\u00bb border_width_top=\u00a0\u00bb1px\u00a0\u00bb border_color_top=\u00a0\u00bb#c0c0c0&Prime; global_colors_info=\u00a0\u00bb{}\u00a0\u00bb]<\/p>\n<h4 class=\"p1\">March\u00e9s<\/h4>\n<p class=\"p1\">\n<p>[\/et_pb_text][\/et_pb_column][et_pb_column type=\u00a0\u00bb2_3&Prime; _builder_version=\u00a0\u00bb4.6.6&Prime; _module_preset=\u00a0\u00bbdefault\u00a0\u00bb global_colors_info=\u00a0\u00bb{}\u00a0\u00bb][et_pb_text _builder_version=\u00a0\u00bb4.7.0&Prime; _module_preset=\u00a0\u00bbdefault\u00a0\u00bb header_3_text_align=\u00a0\u00bbright\u00a0\u00bb custom_padding=\u00a0\u00bb5px||0px||false|false\u00a0\u00bb header_3_text_align_tablet=\u00a0\u00bbleft\u00a0\u00bb header_3_text_align_phone=\u00a0\u00bbleft\u00a0\u00bb header_3_text_align_last_edited=\u00a0\u00bbon|phone\u00a0\u00bb global_colors_info=\u00a0\u00bb{}\u00a0\u00bb]<\/p>\n<p style=\"text-align: left;\"><strong>Rue au Beurre<\/strong><br \/> La peinture vous passionne ou bien vous souhaitez vous faire tirer le portrait, alors ce march\u00e9 est fait pour vous!\u00a0<strong>Tous les jours de 11h \u00e0 18h.<\/strong><\/p>\n<p class=\"page-title\"><strong><span class=\"field field--name-title field--type-string field--label-hidden\">March\u00e9 d&rsquo;art et d&rsquo;artisanat<br \/><\/span><\/strong><\/p>\n<div class=\"clearfix text-formatted field field--name-body field--type-text-with-summary field--label-hidden field__item\">\n<p>Autour de la fontaine de Charles Buls, les artisans de la<span>\u00a0<\/span><strong>Place Agora<\/strong><span>\u00a0<\/span>proposent des produits artisanaux de qualit\u00e9\u00a0: bijoux, parfums, bougies originales, c\u00e9ramique, tous 100% hand made. <strong>Chaque vendredi (11h-19h)\u00a0et chaque week-end\u00a0<\/strong><span><strong>(10h-19h)<\/strong>, dans<\/span>\u00a0une ambiance conviviale, on y trouve de nombreuses pi\u00e8ces uniques et originales ayant un r\u00e9el caract\u00e8re et qui se d\u00e9marquent des objets industriels. Id\u00e9alement situ\u00e9, le march\u00e9 d\u2019art et d\u2019artisanat saura aiguiser votre curiosit\u00e9 et vous permettra de trouver le cadeau qui fait la diff\u00e9rence\u00a0!\u00a0<\/p>\n<\/div>\n<p>[\/et_pb_text][\/et_pb_column][\/et_pb_row][et_pb_row column_structure=\u00a0\u00bb1_3,2_3&Prime; use_custom_gutter=\u00a0\u00bbon\u00a0\u00bb gutter_width=\u00a0\u00bb2&Prime; _builder_version=\u00a0\u00bb4.6.6&Prime; _module_preset=\u00a0\u00bbdefault\u00a0\u00bb global_colors_info=\u00a0\u00bb{}\u00a0\u00bb][et_pb_column type=\u00a0\u00bb1_3&Prime; _builder_version=\u00a0\u00bb4.6.6&Prime; _module_preset=\u00a0\u00bbdefault\u00a0\u00bb global_colors_info=\u00a0\u00bb{}\u00a0\u00bb][et_pb_text content_tablet=\u00a0\u00bb<\/p>\n<h3 class=%22p1%22 style=%22text-align: left;%22>Contacts<\/h3>\n<p>\u00a0\u00bb content_phone=\u00a0\u00bb<\/p>\n<h3 class=%22p1%22 style=%22text-align: left;%22>Contacts<\/h3>\n<p>\u00a0\u00bb content_last_edited=\u00a0\u00bboff|desktop\u00a0\u00bb _builder_version=\u00a0\u00bb4.7.0&Prime; _module_preset=\u00a0\u00bbdefault\u00a0\u00bb header_3_text_align=\u00a0\u00bbright\u00a0\u00bb text_orientation=\u00a0\u00bbright\u00a0\u00bb custom_padding=\u00a0\u00bb5px||0px||false|false\u00a0\u00bb header_3_text_align_tablet=\u00a0\u00bbleft\u00a0\u00bb header_3_text_align_phone=\u00a0\u00bbleft\u00a0\u00bb header_3_text_align_last_edited=\u00a0\u00bbon|phone\u00a0\u00bb text_orientation_tablet=\u00a0\u00bbleft\u00a0\u00bb text_orientation_phone=\u00a0\u00bb\u00a0\u00bb text_orientation_last_edited=\u00a0\u00bbon|phone\u00a0\u00bb border_width_top=\u00a0\u00bb1px\u00a0\u00bb border_color_top=\u00a0\u00bb#c0c0c0&Prime; global_colors_info=\u00a0\u00bb{}\u00a0\u00bb]<\/p>\n<h4 class=\"p1\">Contacts<\/h4>\n<p>[\/et_pb_text][\/et_pb_column][et_pb_column type=\u00a0\u00bb2_3&Prime; _builder_version=\u00a0\u00bb4.6.6&Prime; _module_preset=\u00a0\u00bbdefault\u00a0\u00bb global_colors_info=\u00a0\u00bb{}\u00a0\u00bb][et_pb_text _builder_version=\u00a0\u00bb4.7.1&Prime; _module_preset=\u00a0\u00bbdefault\u00a0\u00bb header_3_text_align=\u00a0\u00bbright\u00a0\u00bb custom_padding=\u00a0\u00bb5px||0px||false|false\u00a0\u00bb header_3_text_align_tablet=\u00a0\u00bbleft\u00a0\u00bb header_3_text_align_phone=\u00a0\u00bbleft\u00a0\u00bb header_3_text_align_last_edited=\u00a0\u00bbon|phone\u00a0\u00bb global_colors_info=\u00a0\u00bb{}\u00a0\u00bb]<\/p>\n<div>\n<div>\n<p><strong>Shopera<\/strong><br \/> Association des commer\u00e7ants du centre-ville de Bruxelles \u2013\u00a0<a href=\"mailto:gh@shopera.be\">qh@shopera.be<\/a>\u00a0\u2013\u00a0<a href=\"https:\/\/www.shopera.be\/\">www.shopera.be<\/a><\/p>\n<\/div>\n<\/div>\n<div>\n<div><\/div>\n<\/div>\n<p>[\/et_pb_text][\/et_pb_column][\/et_pb_row][et_pb_row column_structure=\u00a0\u00bb1_3,2_3&Prime; use_custom_gutter=\u00a0\u00bbon\u00a0\u00bb gutter_width=\u00a0\u00bb2&Prime; disabled_on=\u00a0\u00bbon|on|on\u00a0\u00bb _builder_version=\u00a0\u00bb4.7.0&Prime; _module_preset=\u00a0\u00bbdefault\u00a0\u00bb disabled=\u00a0\u00bbon\u00a0\u00bb global_colors_info=\u00a0\u00bb{}\u00a0\u00bb][et_pb_column type=\u00a0\u00bb1_3&Prime; _builder_version=\u00a0\u00bb4.6.6&Prime; _module_preset=\u00a0\u00bbdefault\u00a0\u00bb global_colors_info=\u00a0\u00bb{}\u00a0\u00bb][et_pb_text content_tablet=\u00a0\u00bb<\/p>\n<h3 class=%22p1%22 style=%22text-align: left;%22>Agenda<\/h3>\n<p>\u00a0\u00bb content_phone=\u00a0\u00bb<\/p>\n<h3 class=%22p1%22 style=%22text-align: left;%22>Agenda<\/h3>\n<p>\u00a0\u00bb content_last_edited=\u00a0\u00bboff|desktop\u00a0\u00bb _builder_version=\u00a0\u00bb4.7.0&Prime; _module_preset=\u00a0\u00bbdefault\u00a0\u00bb header_3_text_align=\u00a0\u00bbright\u00a0\u00bb text_orientation=\u00a0\u00bbright\u00a0\u00bb custom_padding=\u00a0\u00bb5px||0px||false|false\u00a0\u00bb header_3_text_align_tablet=\u00a0\u00bbleft\u00a0\u00bb header_3_text_align_phone=\u00a0\u00bbleft\u00a0\u00bb header_3_text_align_last_edited=\u00a0\u00bbon|phone\u00a0\u00bb text_orientation_tablet=\u00a0\u00bbleft\u00a0\u00bb text_orientation_phone=\u00a0\u00bb\u00a0\u00bb text_orientation_last_edited=\u00a0\u00bbon|phone\u00a0\u00bb border_width_top=\u00a0\u00bb1px\u00a0\u00bb border_color_top=\u00a0\u00bb#c0c0c0&Prime; global_colors_info=\u00a0\u00bb{}\u00a0\u00bb]<\/p>\n<h3 class=\"p1\">Agenda<\/h3>\n<p>[\/et_pb_text][\/et_pb_column][et_pb_column type=\u00a0\u00bb2_3&Prime; _builder_version=\u00a0\u00bb4.6.6&Prime; _module_preset=\u00a0\u00bbdefault\u00a0\u00bb global_colors_info=\u00a0\u00bb{}\u00a0\u00bb][et_pb_blog include_categories=\u00a0\u00bball\u00a0\u00bb excerpt_length=\u00a0\u00bb500&Prime; show_more=\u00a0\u00bbon\u00a0\u00bb show_author=\u00a0\u00bboff\u00a0\u00bb show_date=\u00a0\u00bboff\u00a0\u00bb show_categories=\u00a0\u00bboff\u00a0\u00bb show_pagination=\u00a0\u00bboff\u00a0\u00bb _builder_version=\u00a0\u00bb4.7.0&Prime; _module_preset=\u00a0\u00bbdefault\u00a0\u00bb header_font=\u00a0\u00bbgothamhtf-medium||||||||\u00a0\u00bb header_text_color=\u00a0\u00bb#707070&Prime; header_font_size=\u00a0\u00bb17px\u00a0\u00bb body_font_size=\u00a0\u00bb16px\u00a0\u00bb global_colors_info=\u00a0\u00bb{}\u00a0\u00bb][\/et_pb_blog][\/et_pb_column][\/et_pb_row][\/et_pb_section]<\/p>\n","protected":false},"excerpt":{"rendered":"<p>La rue Neuve, totalement pi\u00e9tonne, est d\u00e9limit\u00e9e par les places Rogier et de la Monnaie. Bord\u00e9 de places et de passages, le premier p\u00f4le commercial belge s\u2019est d\u00e9velopp\u00e9 autour du commerce de l\u2019\u00e9quipement de la personne. Pi\u00e9tonnier le plus fr\u00e9quent\u00e9 de Belgique, la rue Neuve accueille les plus grandes enseignes internationales ainsi que City 2, [&hellip;]<\/p>\n","protected":false},"author":5,"featured_media":0,"parent":0,"menu_order":0,"comment_status":"closed","ping_status":"closed","template":"","meta":{"_et_pb_use_builder":"on","_et_pb_old_content":"<!-- wp:divi\/placeholder \/-->","_et_gb_content_width":"","inline_featured_image":false,"footnotes":""},"difl_page_category":[],"wf_page_folders":[59],"class_list":["post-3130","page","type-page","status-publish","hentry"],"yoast_head":"<!-- This site is optimized with the Yoast SEO plugin v27.5 - https:\/\/yoast.com\/product\/yoast-seo-wordpress\/ -->\n<title>Le commerce local \u00e0 Bruxelles - commercelocal.brussels<\/title>\n<meta name=\"description\" content=\"D\u00e9couvrez votre quartier! Les commerces pr\u00e8s de chez vous sont au c\u0153ur de son activit\u00e9. Tout ce qu&#039;il faut savoir, c&#039;est ici que \u00e7a se passe!\" \/>\n<meta name=\"robots\" content=\"noindex, follow, max-snippet:-1, max-image-preview:large, max-video-preview:-1\" \/>\n<meta property=\"og:locale\" content=\"fr_FR\" \/>\n<meta property=\"og:type\" content=\"article\" \/>\n<meta property=\"og:title\" content=\"Le commerce local \u00e0 Bruxelles - commercelocal.brussels\" \/>\n<meta property=\"og:description\" content=\"D\u00e9couvrez votre quartier! Les commerces pr\u00e8s de chez vous sont au c\u0153ur de son activit\u00e9. Tout ce qu&#039;il faut savoir, c&#039;est ici que \u00e7a se passe!\" \/>\n<meta property=\"og:url\" content=\"https:\/\/ultraviolet.work\/_commercelocal\/quartier-rue-neuve\/\" \/>\n<meta property=\"og:site_name\" content=\"Le commerce local \u00e0 Bruxelles\" \/>\n<meta property=\"article:publisher\" content=\"https:\/\/www.facebook.com\/ishopinbrussels\/\" \/>\n<meta property=\"article:modified_time\" content=\"2021-10-02T04:17:59+00:00\" \/>\n<meta property=\"og:image\" content=\"https:\/\/ultraviolet.work\/_commercelocal\/wp-content\/uploads\/2021\/10\/Yoast-facebook-Share-1200x800-1.jpg\" \/>\n\t<meta property=\"og:image:width\" content=\"1200\" \/>\n\t<meta property=\"og:image:height\" content=\"800\" \/>\n\t<meta property=\"og:image:type\" content=\"image\/jpeg\" \/>\n<meta name=\"twitter:card\" content=\"summary_large_image\" \/>\n<meta name=\"twitter:label1\" content=\"Dur\u00e9e de lecture estim\u00e9e\" \/>\n\t<meta name=\"twitter:data1\" content=\"9 minutes\" \/>\n<script type=\"application\/ld+json\" class=\"yoast-schema-graph\">{\"@context\":\"https:\\\/\\\/schema.org\",\"@graph\":[{\"@type\":\"WebPage\",\"@id\":\"https:\\\/\\\/ultraviolet.work\\\/_commercelocal\\\/quartier-rue-neuve\\\/\",\"url\":\"https:\\\/\\\/ultraviolet.work\\\/_commercelocal\\\/quartier-rue-neuve\\\/\",\"name\":\"Le commerce local \u00e0 Bruxelles - commercelocal.brussels\",\"isPartOf\":{\"@id\":\"https:\\\/\\\/ultraviolet.work\\\/_commercelocal\\\/#website\"},\"datePublished\":\"2020-11-17T15:45:38+00:00\",\"dateModified\":\"2021-10-02T04:17:59+00:00\",\"description\":\"D\u00e9couvrez votre quartier! Les commerces pr\u00e8s de chez vous sont au c\u0153ur de son activit\u00e9. Tout ce qu'il faut savoir, c'est ici que \u00e7a se passe!\",\"breadcrumb\":{\"@id\":\"https:\\\/\\\/ultraviolet.work\\\/_commercelocal\\\/quartier-rue-neuve\\\/#breadcrumb\"},\"inLanguage\":\"fr-FR\",\"potentialAction\":[{\"@type\":\"ReadAction\",\"target\":[\"https:\\\/\\\/ultraviolet.work\\\/_commercelocal\\\/quartier-rue-neuve\\\/\"]}]},{\"@type\":\"BreadcrumbList\",\"@id\":\"https:\\\/\\\/ultraviolet.work\\\/_commercelocal\\\/quartier-rue-neuve\\\/#breadcrumb\",\"itemListElement\":[{\"@type\":\"ListItem\",\"position\":1,\"name\":\"Accueil\",\"item\":\"https:\\\/\\\/ultraviolet.work\\\/_commercelocal\\\/\"},{\"@type\":\"ListItem\",\"position\":2,\"name\":\"Quartier Rue Neuve\"}]},{\"@type\":\"WebSite\",\"@id\":\"https:\\\/\\\/ultraviolet.work\\\/_commercelocal\\\/#website\",\"url\":\"https:\\\/\\\/ultraviolet.work\\\/_commercelocal\\\/\",\"name\":\"Le commerce local \u00e0 Bruxelles\",\"description\":\"\",\"publisher\":{\"@id\":\"https:\\\/\\\/ultraviolet.work\\\/_commercelocal\\\/#organization\"},\"potentialAction\":[{\"@type\":\"SearchAction\",\"target\":{\"@type\":\"EntryPoint\",\"urlTemplate\":\"https:\\\/\\\/ultraviolet.work\\\/_commercelocal\\\/?s={search_term_string}\"},\"query-input\":{\"@type\":\"PropertyValueSpecification\",\"valueRequired\":true,\"valueName\":\"search_term_string\"}}],\"inLanguage\":\"fr-FR\"},{\"@type\":\"Organization\",\"@id\":\"https:\\\/\\\/ultraviolet.work\\\/_commercelocal\\\/#organization\",\"name\":\"Le commerce local \u00e0 Bruxelles - I shop in Brussels\",\"url\":\"https:\\\/\\\/ultraviolet.work\\\/_commercelocal\\\/\",\"logo\":{\"@type\":\"ImageObject\",\"inLanguage\":\"fr-FR\",\"@id\":\"https:\\\/\\\/ultraviolet.work\\\/_commercelocal\\\/#\\\/schema\\\/logo\\\/image\\\/\",\"url\":\"https:\\\/\\\/ultraviolet.work\\\/_commercelocal\\\/wp-content\\\/uploads\\\/2020\\\/11\\\/IShopBrussels_w400.png\",\"contentUrl\":\"https:\\\/\\\/ultraviolet.work\\\/_commercelocal\\\/wp-content\\\/uploads\\\/2020\\\/11\\\/IShopBrussels_w400.png\",\"width\":400,\"height\":200,\"caption\":\"Le commerce local \u00e0 Bruxelles - I shop in Brussels\"},\"image\":{\"@id\":\"https:\\\/\\\/ultraviolet.work\\\/_commercelocal\\\/#\\\/schema\\\/logo\\\/image\\\/\"},\"sameAs\":[\"https:\\\/\\\/www.facebook.com\\\/ishopinbrussels\\\/\"]}]}<\/script>\n<!-- \/ Yoast SEO plugin. -->","yoast_head_json":{"title":"Le commerce local \u00e0 Bruxelles - commercelocal.brussels","description":"D\u00e9couvrez votre quartier! Les commerces pr\u00e8s de chez vous sont au c\u0153ur de son activit\u00e9. Tout ce qu'il faut savoir, c'est ici que \u00e7a se passe!","robots":{"index":"noindex","follow":"follow","max-snippet":"max-snippet:-1","max-image-preview":"max-image-preview:large","max-video-preview":"max-video-preview:-1"},"og_locale":"fr_FR","og_type":"article","og_title":"Le commerce local \u00e0 Bruxelles - commercelocal.brussels","og_description":"D\u00e9couvrez votre quartier! Les commerces pr\u00e8s de chez vous sont au c\u0153ur de son activit\u00e9. Tout ce qu'il faut savoir, c'est ici que \u00e7a se passe!","og_url":"https:\/\/ultraviolet.work\/_commercelocal\/quartier-rue-neuve\/","og_site_name":"Le commerce local \u00e0 Bruxelles","article_publisher":"https:\/\/www.facebook.com\/ishopinbrussels\/","article_modified_time":"2021-10-02T04:17:59+00:00","og_image":[{"width":1200,"height":800,"url":"https:\/\/ultraviolet.work\/_commercelocal\/wp-content\/uploads\/2021\/10\/Yoast-facebook-Share-1200x800-1.jpg","type":"image\/jpeg"}],"twitter_card":"summary_large_image","twitter_misc":{"Dur\u00e9e de lecture estim\u00e9e":"9 minutes"},"schema":{"@context":"https:\/\/schema.org","@graph":[{"@type":"WebPage","@id":"https:\/\/ultraviolet.work\/_commercelocal\/quartier-rue-neuve\/","url":"https:\/\/ultraviolet.work\/_commercelocal\/quartier-rue-neuve\/","name":"Le commerce local \u00e0 Bruxelles - commercelocal.brussels","isPartOf":{"@id":"https:\/\/ultraviolet.work\/_commercelocal\/#website"},"datePublished":"2020-11-17T15:45:38+00:00","dateModified":"2021-10-02T04:17:59+00:00","description":"D\u00e9couvrez votre quartier! Les commerces pr\u00e8s de chez vous sont au c\u0153ur de son activit\u00e9. Tout ce qu'il faut savoir, c'est ici que \u00e7a se passe!","breadcrumb":{"@id":"https:\/\/ultraviolet.work\/_commercelocal\/quartier-rue-neuve\/#breadcrumb"},"inLanguage":"fr-FR","potentialAction":[{"@type":"ReadAction","target":["https:\/\/ultraviolet.work\/_commercelocal\/quartier-rue-neuve\/"]}]},{"@type":"BreadcrumbList","@id":"https:\/\/ultraviolet.work\/_commercelocal\/quartier-rue-neuve\/#breadcrumb","itemListElement":[{"@type":"ListItem","position":1,"name":"Accueil","item":"https:\/\/ultraviolet.work\/_commercelocal\/"},{"@type":"ListItem","position":2,"name":"Quartier Rue Neuve"}]},{"@type":"WebSite","@id":"https:\/\/ultraviolet.work\/_commercelocal\/#website","url":"https:\/\/ultraviolet.work\/_commercelocal\/","name":"Le commerce local \u00e0 Bruxelles","description":"","publisher":{"@id":"https:\/\/ultraviolet.work\/_commercelocal\/#organization"},"potentialAction":[{"@type":"SearchAction","target":{"@type":"EntryPoint","urlTemplate":"https:\/\/ultraviolet.work\/_commercelocal\/?s={search_term_string}"},"query-input":{"@type":"PropertyValueSpecification","valueRequired":true,"valueName":"search_term_string"}}],"inLanguage":"fr-FR"},{"@type":"Organization","@id":"https:\/\/ultraviolet.work\/_commercelocal\/#organization","name":"Le commerce local \u00e0 Bruxelles - I shop in Brussels","url":"https:\/\/ultraviolet.work\/_commercelocal\/","logo":{"@type":"ImageObject","inLanguage":"fr-FR","@id":"https:\/\/ultraviolet.work\/_commercelocal\/#\/schema\/logo\/image\/","url":"https:\/\/ultraviolet.work\/_commercelocal\/wp-content\/uploads\/2020\/11\/IShopBrussels_w400.png","contentUrl":"https:\/\/ultraviolet.work\/_commercelocal\/wp-content\/uploads\/2020\/11\/IShopBrussels_w400.png","width":400,"height":200,"caption":"Le commerce local \u00e0 Bruxelles - I shop in Brussels"},"image":{"@id":"https:\/\/ultraviolet.work\/_commercelocal\/#\/schema\/logo\/image\/"},"sameAs":["https:\/\/www.facebook.com\/ishopinbrussels\/"]}]}},"_links":{"self":[{"href":"https:\/\/ultraviolet.work\/_commercelocal\/wp-json\/wp\/v2\/pages\/3130","targetHints":{"allow":["GET"]}}],"collection":[{"href":"https:\/\/ultraviolet.work\/_commercelocal\/wp-json\/wp\/v2\/pages"}],"about":[{"href":"https:\/\/ultraviolet.work\/_commercelocal\/wp-json\/wp\/v2\/types\/page"}],"author":[{"embeddable":true,"href":"https:\/\/ultraviolet.work\/_commercelocal\/wp-json\/wp\/v2\/users\/5"}],"replies":[{"embeddable":true,"href":"https:\/\/ultraviolet.work\/_commercelocal\/wp-json\/wp\/v2\/comments?post=3130"}],"version-history":[{"count":0,"href":"https:\/\/ultraviolet.work\/_commercelocal\/wp-json\/wp\/v2\/pages\/3130\/revisions"}],"wp:attachment":[{"href":"https:\/\/ultraviolet.work\/_commercelocal\/wp-json\/wp\/v2\/media?parent=3130"}],"wp:term":[{"taxonomy":"difl_page_category","embeddable":true,"href":"https:\/\/ultraviolet.work\/_commercelocal\/wp-json\/wp\/v2\/difl_page_category?post=3130"},{"taxonomy":"wf_page_folders","embeddable":true,"href":"https:\/\/ultraviolet.work\/_commercelocal\/wp-json\/wp\/v2\/wf_page_folders?post=3130"}],"curies":[{"name":"wp","href":"https:\/\/api.w.org\/{rel}","templated":true}]}}