{"id":3374,"date":"2020-11-18T08:45:26","date_gmt":"2020-11-18T07:45:26","guid":{"rendered":"https:\/\/ultraviolet.work\/_commercelocal\/?page_id=3374"},"modified":"2021-10-02T06:03:45","modified_gmt":"2021-10-02T04:03:45","slug":"quartier-mont-des-arts-royal","status":"publish","type":"page","link":"https:\/\/ultraviolet.work\/_commercelocal\/quartier-mont-des-arts-royal\/","title":{"rendered":"Quartier Mont des Arts-Royal"},"content":{"rendered":"<p>[et_pb_section fb_built=\u00a0\u00bb1&Prime; admin_label=\u00a0\u00bbHeader Quartier\u00a0\u00bb _builder_version=\u00a0\u00bb4.10.5&Prime; _module_preset=\u00a0\u00bbdefault\u00a0\u00bb background_color=\u00a0\u00bb#000000&Prime; locked=\u00a0\u00bboff\u00a0\u00bb global_colors_info=\u00a0\u00bb{}\u00a0\u00bb][et_pb_row _builder_version=\u00a0\u00bb4.10.4&Prime; _module_preset=\u00a0\u00bbdefault\u00a0\u00bb width=\u00a0\u00bb100%\u00a0\u00bb width_tablet=\u00a0\u00bb95%\u00a0\u00bb width_phone=\u00a0\u00bb95%\u00a0\u00bb width_last_edited=\u00a0\u00bboff|desktop\u00a0\u00bb max_width=\u00a0\u00bb5000px\u00a0\u00bb custom_padding=\u00a0\u00bb0px||0px||false|false\u00a0\u00bb global_colors_info=\u00a0\u00bb{}\u00a0\u00bb][et_pb_column type=\u00a0\u00bb4_4&Prime; _builder_version=\u00a0\u00bb4.10.4&Prime; _module_preset=\u00a0\u00bbdefault\u00a0\u00bb global_colors_info=\u00a0\u00bb{}\u00a0\u00bb][et_pb_cta title=\u00a0\u00bbRue de Namur | Bd. de Waterloo\u00a0\u00bb _builder_version=\u00a0\u00bb4.11.0&Prime; _module_preset=\u00a0\u00bba6594073-861d-4e14-a082-dc88656f5ace\u00a0\u00bb background_image=\u00a0\u00bbhttps:\/\/ultraviolet.work\/_commercelocal\/wp-content\/uploads\/2021\/09\/Quartier-Rue-de-Namur-2-2400&#215;600-1.jpg\u00a0\u00bb hover_enabled=\u00a0\u00bb0&Prime; global_colors_info=\u00a0\u00bb{}\u00a0\u00bb sticky_enabled=\u00a0\u00bb0&Prime;][\/et_pb_cta][\/et_pb_column][\/et_pb_row][\/et_pb_section][et_pb_section fb_built=\u00a0\u00bb1&Prime; _builder_version=\u00a0\u00bb4.10.6&Prime; _module_preset=\u00a0\u00bbdefault\u00a0\u00bb background_color=\u00a0\u00bb#e0e0e0&Prime; global_colors_info=\u00a0\u00bb{}\u00a0\u00bb][et_pb_row _builder_version=\u00a0\u00bb4.10.6&Prime; _module_preset=\u00a0\u00bbdefault\u00a0\u00bb background_enable_color=\u00a0\u00bboff\u00a0\u00bb width_tablet=\u00a0\u00bb95%\u00a0\u00bb width_phone=\u00a0\u00bb95%\u00a0\u00bb width_last_edited=\u00a0\u00bbon|desktop\u00a0\u00bb max_width=\u00a0\u00bb100%\u00a0\u00bb module_alignment=\u00a0\u00bbcenter\u00a0\u00bb custom_padding=\u00a0\u00bb0px||0px||true|false\u00a0\u00bb global_colors_info=\u00a0\u00bb{}\u00a0\u00bb][et_pb_column type=\u00a0\u00bb4_4&Prime; _builder_version=\u00a0\u00bb4.10.5&Prime; _module_preset=\u00a0\u00bbdefault\u00a0\u00bb background_enable_color=\u00a0\u00bboff\u00a0\u00bb custom_padding=\u00a0\u00bb35px||13px||false|false\u00a0\u00bb custom_padding_tablet=\u00a0\u00bb\u00a0\u00bb custom_padding_phone=\u00a0\u00bb\u00a0\u00bb custom_padding_last_edited=\u00a0\u00bbon|desktop\u00a0\u00bb global_colors_info=\u00a0\u00bb{}\u00a0\u00bb][et_pb_image src=\u00a0\u00bbhttps:\/\/ultraviolet.work\/_commercelocal\/wp-content\/uploads\/2020\/11\/Pictos-map-quartiers15_300x256.png\u00a0\u00bb title_text=\u00a0\u00bbPictos-map-quartiers15_300x256&Prime; _builder_version=\u00a0\u00bb4.11.0&Prime; _module_preset=\u00a0\u00bb386a5da2-71d1-4c7b-847c-82f03c550ac7&Prime; hover_enabled=\u00a0\u00bb0&Prime; global_colors_info=\u00a0\u00bb{}\u00a0\u00bb sticky_enabled=\u00a0\u00bb0&Prime;][\/et_pb_image][et_pb_text _builder_version=\u00a0\u00bb4.10.6&Prime; _module_preset=\u00a0\u00bbdefault\u00a0\u00bb header_5_font=\u00a0\u00bbRaleway|700|||||||\u00a0\u00bb header_5_text_align=\u00a0\u00bbcenter\u00a0\u00bb header_5_text_color=\u00a0\u00bb#C0C0C0&Prime; header_5_line_height=\u00a0\u00bb1.5em\u00a0\u00bb custom_padding=\u00a0\u00bb|20%||20%|false|true\u00a0\u00bb global_colors_info=\u00a0\u00bb{}\u00a0\u00bb]<\/p>\n<h5 class=\"p1\"><span style=\"color: #505050;\">Le quartier royal de Bruxelles offre une \u00e9chapp\u00e9e culturelle par excellence.<\/span><\/h5>\n<p>[\/et_pb_text][\/et_pb_column][\/et_pb_row][\/et_pb_section][et_pb_section fb_built=\u00a0\u00bb1&Prime; _builder_version=\u00a0\u00bb4.10.6&Prime; _module_preset=\u00a0\u00bbdefault\u00a0\u00bb custom_padding=\u00a0\u00bb30px||30px||true|false\u00a0\u00bb global_colors_info=\u00a0\u00bb{}\u00a0\u00bb][et_pb_row column_structure=\u00a0\u00bb1_3,2_3&Prime; use_custom_gutter=\u00a0\u00bbon\u00a0\u00bb gutter_width=\u00a0\u00bb2&Prime; _builder_version=\u00a0\u00bb4.6.6&Prime; _module_preset=\u00a0\u00bbdefault\u00a0\u00bb global_colors_info=\u00a0\u00bb{}\u00a0\u00bb][et_pb_column type=\u00a0\u00bb1_3&Prime; _builder_version=\u00a0\u00bb4.6.6&Prime; _module_preset=\u00a0\u00bbdefault\u00a0\u00bb global_colors_info=\u00a0\u00bb{}\u00a0\u00bb][et_pb_text content_tablet=\u00a0\u00bb<\/p>\n<h3 class=%22p1%22 style=%22text-align: left;%22>Le Quartier<\/h3>\n<h6 class=%22p1%22 style=%22text-align: left;%22>Internationalement connue pour son histoire, sa qualit\u00e9 architecturale et sa richesse ornementale, la Grand-Place avec son H\u00f4tel de Ville est consid\u00e9r\u00e9e comme l\u2019une des plus belles places du monde, class\u00e9e au Patrimoine mondial par l\u2019UNESCO en 1998.<\/h6>\n<p class=%22p1%22>\n\u00a0\u00bb content_last_edited=\u00a0\u00bboff|desktop\u00a0\u00bb _builder_version=\u00a0\u00bb4.7.1&Prime; _module_preset=\u00a0\u00bbdefault\u00a0\u00bb header_3_text_align=\u00a0\u00bbright\u00a0\u00bb text_orientation=\u00a0\u00bbright\u00a0\u00bb custom_padding=\u00a0\u00bb5px||0px||false|false\u00a0\u00bb header_3_text_align_tablet=\u00a0\u00bbleft\u00a0\u00bb header_3_text_align_phone=\u00a0\u00bbleft\u00a0\u00bb header_3_text_align_last_edited=\u00a0\u00bbon|phone\u00a0\u00bb text_orientation_tablet=\u00a0\u00bbleft\u00a0\u00bb text_orientation_phone=\u00a0\u00bb\u00a0\u00bb text_orientation_last_edited=\u00a0\u00bbon|phone\u00a0\u00bb border_width_top=\u00a0\u00bb1px\u00a0\u00bb border_color_top=\u00a0\u00bb#c0c0c0&Prime; global_colors_info=\u00a0\u00bb{}\u00a0\u00bb]<\/p>\n<h4 class=\"p1\">Le Quartier<\/h4>\n<p>[\/et_pb_text][\/et_pb_column][et_pb_column type=\u00a0\u00bb2_3&Prime; _builder_version=\u00a0\u00bb4.6.6&Prime; _module_preset=\u00a0\u00bbdefault\u00a0\u00bb global_colors_info=\u00a0\u00bb{}\u00a0\u00bb][et_pb_text _builder_version=\u00a0\u00bb4.7.1&Prime; _module_preset=\u00a0\u00bbdefault\u00a0\u00bb header_3_text_align=\u00a0\u00bbright\u00a0\u00bb custom_padding=\u00a0\u00bb5px||0px||false|false\u00a0\u00bb header_3_text_align_tablet=\u00a0\u00bbleft\u00a0\u00bb header_3_text_align_phone=\u00a0\u00bbleft\u00a0\u00bb header_3_text_align_last_edited=\u00a0\u00bbon|phone\u00a0\u00bb global_colors_info=\u00a0\u00bb{}\u00a0\u00bb]<\/p>\n<p class=\"p1\">Aux alentours de la magnifique place Royale cohabitent les mus\u00e9es des Beaux-Arts, Magritte, des Instruments de Musique, Belvue, le Coudenberg, le Bozar et la Biblioth\u00e8que royale. Librairies sp\u00e9cialis\u00e9es, galeries d\u2019art mais aussi de nombreux restaurants compl\u00e8tent le d\u00e9cor de ce quartier souverain, p\u00f4le culturel et touristique r\u00e9gional.<\/p>\n<p class=\"p1\">Les boutiques de luxe vous attendent rue de Namur, l\u2019axe d\u2019entr\u00e9e du centre-ville depuis la Porte de Namur. Elle jouxte le plus luxueux boulevard de la capitale, dit de Waterloo, o\u00f9 se succ\u00e8dent toutes\u00a0 les marques de prestige internationales.<\/p>\n<p>[\/et_pb_text][et_pb_button button_url=\u00a0\u00bbhttps:\/\/ultraviolet.work\/_commercelocal\/quartiers\/#liste_quartiers\u00a0\u00bb button_text=\u00a0\u00bbVoir un autre quartier\u00a0\u00bb button_alignment=\u00a0\u00bbleft\u00a0\u00bb button_alignment_tablet=\u00a0\u00bbleft\u00a0\u00bb button_alignment_phone=\u00a0\u00bb\u00a0\u00bb button_alignment_last_edited=\u00a0\u00bbon|phone\u00a0\u00bb _builder_version=\u00a0\u00bb4.10.6&Prime; _module_preset=\u00a0\u00bbdefault\u00a0\u00bb button_text_size=\u00a0\u00bb13px\u00a0\u00bb button_bg_color=\u00a0\u00bb#b2b2b2&Prime; button_icon=\u00a0\u00bb%%40%%\u00a0\u00bb button_icon_color=\u00a0\u00bb#FFFFFF\u00a0\u00bb button_on_hover=\u00a0\u00bboff\u00a0\u00bb custom_margin=\u00a0\u00bb0px||||false|false\u00a0\u00bb custom_padding=\u00a0\u00bb|25px||11px|false|false\u00a0\u00bb global_module=\u00a0\u00bb3050&Prime; saved_tabs=\u00a0\u00bball\u00a0\u00bb locked=\u00a0\u00bboff\u00a0\u00bb global_colors_info=\u00a0\u00bb{}\u00a0\u00bb]<\/p>\n<h5 class=\"p1\"><span style=\"color: #505050;\"><\/span>P\u00f4le du design et du stylisme,<br \/>le quartier Dansaert est un lieu de destination incontournable.<span style=\"color: #505050;\"><\/span><\/h5>\n<p>[\/et_pb_button][\/et_pb_column][\/et_pb_row][et_pb_row column_structure=\u00a0\u00bb1_3,2_3&Prime; use_custom_gutter=\u00a0\u00bbon\u00a0\u00bb gutter_width=\u00a0\u00bb2&Prime; _builder_version=\u00a0\u00bb4.7.0&Prime; _module_preset=\u00a0\u00bbdefault\u00a0\u00bb global_colors_info=\u00a0\u00bb{}\u00a0\u00bb][et_pb_column type=\u00a0\u00bb1_3&Prime; _builder_version=\u00a0\u00bb4.7.0&Prime; _module_preset=\u00a0\u00bbdefault\u00a0\u00bb global_colors_info=\u00a0\u00bb{}\u00a0\u00bb][et_pb_text content_tablet=\u00a0\u00bb<\/p>\n<h3 class=%22p1%22 style=%22text-align: left;%22>Accessibilit\u00e9<\/h3>\n<p style=%22text-align: left;%22>\n<p class=%22p1%22>\n\u00a0\u00bb content_phone=\u00a0\u00bb<\/p>\n<h3 class=%22p1%22>Accessibilit\u00e9<\/h3>\n<p>\u00a0\u00bb content_last_edited=\u00a0\u00bboff|desktop\u00a0\u00bb _builder_version=\u00a0\u00bb4.7.0&Prime; _module_preset=\u00a0\u00bbdefault\u00a0\u00bb header_3_text_align=\u00a0\u00bbright\u00a0\u00bb text_orientation=\u00a0\u00bbright\u00a0\u00bb custom_padding=\u00a0\u00bb5px||0px||false|false\u00a0\u00bb header_3_text_align_tablet=\u00a0\u00bbleft\u00a0\u00bb header_3_text_align_phone=\u00a0\u00bbleft\u00a0\u00bb header_3_text_align_last_edited=\u00a0\u00bbon|phone\u00a0\u00bb text_orientation_tablet=\u00a0\u00bbleft\u00a0\u00bb text_orientation_phone=\u00a0\u00bb\u00a0\u00bb text_orientation_last_edited=\u00a0\u00bbon|phone\u00a0\u00bb border_width_top=\u00a0\u00bb1px\u00a0\u00bb border_color_top=\u00a0\u00bb#c0c0c0&Prime; global_colors_info=\u00a0\u00bb{}\u00a0\u00bb header_2_3_text_align_tablet=\u00a0\u00bbleft\u00a0\u00bb header_3_3_text_align_tablet=\u00a0\u00bbleft\u00a0\u00bb header_4_3_text_align_tablet=\u00a0\u00bbleft\u00a0\u00bb header_5_3_text_align_tablet=\u00a0\u00bbleft\u00a0\u00bb header_6_3_text_align_tablet=\u00a0\u00bbleft\u00a0\u00bb header_2_3_text_align_phone=\u00a0\u00bbleft\u00a0\u00bb header_3_3_text_align_phone=\u00a0\u00bbleft\u00a0\u00bb header_4_3_text_align_phone=\u00a0\u00bbleft\u00a0\u00bb header_5_3_text_align_phone=\u00a0\u00bbleft\u00a0\u00bb header_6_3_text_align_phone=\u00a0\u00bbleft\u00a0\u00bb header_2_3_text_align_last_edited=\u00a0\u00bbon|desktop\u00a0\u00bb header_3_3_text_align_last_edited=\u00a0\u00bbon|desktop\u00a0\u00bb header_4_3_text_align_last_edited=\u00a0\u00bbon|desktop\u00a0\u00bb header_5_3_text_align_last_edited=\u00a0\u00bbon|desktop\u00a0\u00bb header_6_3_text_align_last_edited=\u00a0\u00bbon|desktop\u00a0\u00bb]<\/p>\n<h4 class=\"p1\">Accessibilit\u00e9<\/h4>\n<p>[\/et_pb_text][\/et_pb_column][et_pb_column type=\u00a0\u00bb2_3&Prime; _builder_version=\u00a0\u00bb4.6.6&Prime; _module_preset=\u00a0\u00bbdefault\u00a0\u00bb global_colors_info=\u00a0\u00bb{}\u00a0\u00bb][et_pb_text _builder_version=\u00a0\u00bb4.7.1&Prime; _module_preset=\u00a0\u00bbdefault\u00a0\u00bb header_3_text_align=\u00a0\u00bbright\u00a0\u00bb custom_padding=\u00a0\u00bb5px||0px||false|false\u00a0\u00bb header_3_text_align_tablet=\u00a0\u00bbleft\u00a0\u00bb header_3_text_align_phone=\u00a0\u00bbleft\u00a0\u00bb header_3_text_align_last_edited=\u00a0\u00bbon|phone\u00a0\u00bb global_colors_info=\u00a0\u00bb{}\u00a0\u00bb]<\/p>\n<p class=\"p1\">2 lignes de m\u00e9tro, 9 de bus, 2 de tram<\/p>\n<p>[\/et_pb_text][\/et_pb_column][\/et_pb_row][et_pb_row column_structure=\u00a0\u00bb1_3,2_3&Prime; use_custom_gutter=\u00a0\u00bbon\u00a0\u00bb gutter_width=\u00a0\u00bb2&Prime; disabled_on=\u00a0\u00bbon|on|on\u00a0\u00bb _builder_version=\u00a0\u00bb4.7.1&Prime; _module_preset=\u00a0\u00bbdefault\u00a0\u00bb disabled=\u00a0\u00bbon\u00a0\u00bb global_colors_info=\u00a0\u00bb{}\u00a0\u00bb][et_pb_column type=\u00a0\u00bb1_3&Prime; _builder_version=\u00a0\u00bb4.6.6&Prime; _module_preset=\u00a0\u00bbdefault\u00a0\u00bb global_colors_info=\u00a0\u00bb{}\u00a0\u00bb][et_pb_text content_tablet=\u00a0\u00bb<\/p>\n<h3 class=%22p1%22>March\u00e9s<\/h3>\n<p class=%22p1%22>\n\u00a0\u00bb content_phone=\u00a0\u00bb<\/p>\n<h3 class=%22p1%22 style=%22text-align: left;%22>March\u00e9s<\/h3>\n<p class=%22p1%22>\n\u00a0\u00bb content_last_edited=\u00a0\u00bboff|desktop\u00a0\u00bb _builder_version=\u00a0\u00bb4.7.0&Prime; _module_preset=\u00a0\u00bbdefault\u00a0\u00bb header_3_text_align=\u00a0\u00bbright\u00a0\u00bb text_orientation=\u00a0\u00bbright\u00a0\u00bb custom_padding=\u00a0\u00bb5px||0px||false|false\u00a0\u00bb header_3_text_align_tablet=\u00a0\u00bbleft\u00a0\u00bb header_3_text_align_phone=\u00a0\u00bbleft\u00a0\u00bb header_3_text_align_last_edited=\u00a0\u00bbon|phone\u00a0\u00bb text_orientation_tablet=\u00a0\u00bbleft\u00a0\u00bb text_orientation_phone=\u00a0\u00bb\u00a0\u00bb text_orientation_last_edited=\u00a0\u00bbon|phone\u00a0\u00bb border_width_top=\u00a0\u00bb1px\u00a0\u00bb border_color_top=\u00a0\u00bb#c0c0c0&Prime; global_colors_info=\u00a0\u00bb{}\u00a0\u00bb]<\/p>\n<h4 class=\"p1\">March\u00e9s<\/h4>\n<p class=\"p1\">\n<p>[\/et_pb_text][\/et_pb_column][et_pb_column type=\u00a0\u00bb2_3&Prime; _builder_version=\u00a0\u00bb4.6.6&Prime; _module_preset=\u00a0\u00bbdefault\u00a0\u00bb global_colors_info=\u00a0\u00bb{}\u00a0\u00bb][et_pb_text _builder_version=\u00a0\u00bb4.7.1&Prime; _module_preset=\u00a0\u00bbdefault\u00a0\u00bb header_3_text_align=\u00a0\u00bbright\u00a0\u00bb custom_padding=\u00a0\u00bb5px||0px||false|false\u00a0\u00bb header_3_text_align_tablet=\u00a0\u00bbleft\u00a0\u00bb header_3_text_align_phone=\u00a0\u00bbleft\u00a0\u00bb header_3_text_align_last_edited=\u00a0\u00bbon|phone\u00a0\u00bb global_colors_info=\u00a0\u00bb{}\u00a0\u00bb]<\/p>\n<p style=\"text-align: left;\"><strong>Rue au Beurre<\/strong><br \/> La peinture vous passionne ou bien vous souhaitez vous faire tirer le portrait, alors ce march\u00e9 est fait pour vous!\u00a0<strong>Tous les jours de 11h \u00e0 18h.<\/strong><\/p>\n<p class=\"page-title\"><strong><span class=\"field field--name-title field--type-string field--label-hidden\">March\u00e9 d&rsquo;art et d&rsquo;artisanat<br \/> <\/span><\/strong><\/p>\n<div class=\"clearfix text-formatted field field--name-body field--type-text-with-summary field--label-hidden field__item\">\n<p>Autour de la fontaine de Charles Buls, les artisans de la<span>\u00a0<\/span><strong>Place Agora<\/strong><span>\u00a0<\/span>proposent des produits artisanaux de qualit\u00e9\u00a0: bijoux, parfums, bougies originales, c\u00e9ramique, tous 100% hand made. <strong>Chaque vendredi (11h-19h)\u00a0et chaque week-end\u00a0<\/strong><span><strong>(10h-19h)<\/strong>, dans<\/span>\u00a0une ambiance conviviale, on y trouve de nombreuses pi\u00e8ces uniques et originales ayant un r\u00e9el caract\u00e8re et qui se d\u00e9marquent des objets industriels. Id\u00e9alement situ\u00e9, le march\u00e9 d\u2019art et d\u2019artisanat saura aiguiser votre curiosit\u00e9 et vous permettra de trouver le cadeau qui fait la diff\u00e9rence\u00a0!<\/p>\n<\/div>\n<p>[\/et_pb_text][et_pb_text _builder_version=\u00a0\u00bb4.7.1&Prime; _module_preset=\u00a0\u00bbdefault\u00a0\u00bb header_3_text_align=\u00a0\u00bbright\u00a0\u00bb custom_padding=\u00a0\u00bb5px||0px||false|false\u00a0\u00bb header_3_text_align_tablet=\u00a0\u00bbleft\u00a0\u00bb header_3_text_align_phone=\u00a0\u00bbleft\u00a0\u00bb header_3_text_align_last_edited=\u00a0\u00bbon|phone\u00a0\u00bb global_colors_info=\u00a0\u00bb{}\u00a0\u00bb]<\/p>\n<p style=\"text-align: left;\"><strong>Rue au Beurre<\/strong><br \/> La peinture vous passionne ou bien vous souhaitez vous faire tirer le portrait, alors ce march\u00e9 est fait pour vous!\u00a0<strong>Tous les jours de 11h \u00e0 18h.<\/strong><\/p>\n<p class=\"page-title\"><strong><span class=\"field field--name-title field--type-string field--label-hidden\">March\u00e9 d&rsquo;art et d&rsquo;artisanat<br \/> <\/span><\/strong><\/p>\n<div class=\"clearfix text-formatted field field--name-body field--type-text-with-summary field--label-hidden field__item\">\n<p>Autour de la fontaine de Charles Buls, les artisans de la<span>\u00a0<\/span><strong>Place Agora<\/strong><span>\u00a0<\/span>proposent des produits artisanaux de qualit\u00e9\u00a0: bijoux, parfums, bougies originales, c\u00e9ramique, tous 100% hand made. <strong>Chaque vendredi (11h-19h)\u00a0et chaque week-end\u00a0<\/strong><span><strong>(10h-19h)<\/strong>, dans<\/span>\u00a0une ambiance conviviale, on y trouve de nombreuses pi\u00e8ces uniques et originales ayant un r\u00e9el caract\u00e8re et qui se d\u00e9marquent des objets industriels. Id\u00e9alement situ\u00e9, le march\u00e9 d\u2019art et d\u2019artisanat saura aiguiser votre curiosit\u00e9 et vous permettra de trouver le cadeau qui fait la diff\u00e9rence\u00a0!<\/p>\n<\/div>\n<p>[\/et_pb_text][\/et_pb_column][\/et_pb_row][et_pb_row column_structure=\u00a0\u00bb1_3,2_3&Prime; use_custom_gutter=\u00a0\u00bbon\u00a0\u00bb gutter_width=\u00a0\u00bb2&Prime; _builder_version=\u00a0\u00bb4.6.6&Prime; _module_preset=\u00a0\u00bbdefault\u00a0\u00bb global_colors_info=\u00a0\u00bb{}\u00a0\u00bb][et_pb_column type=\u00a0\u00bb1_3&Prime; _builder_version=\u00a0\u00bb4.6.6&Prime; _module_preset=\u00a0\u00bbdefault\u00a0\u00bb global_colors_info=\u00a0\u00bb{}\u00a0\u00bb][et_pb_text content_tablet=\u00a0\u00bb<\/p>\n<h3 class=%22p1%22 style=%22text-align: left;%22>Contacts<\/h3>\n<p>\u00a0\u00bb content_phone=\u00a0\u00bb<\/p>\n<h3 class=%22p1%22 style=%22text-align: left;%22>Contacts<\/h3>\n<p>\u00a0\u00bb content_last_edited=\u00a0\u00bboff|desktop\u00a0\u00bb _builder_version=\u00a0\u00bb4.7.0&Prime; _module_preset=\u00a0\u00bbdefault\u00a0\u00bb header_3_text_align=\u00a0\u00bbright\u00a0\u00bb text_orientation=\u00a0\u00bbright\u00a0\u00bb custom_padding=\u00a0\u00bb5px||0px||false|false\u00a0\u00bb header_3_text_align_tablet=\u00a0\u00bbleft\u00a0\u00bb header_3_text_align_phone=\u00a0\u00bbleft\u00a0\u00bb header_3_text_align_last_edited=\u00a0\u00bbon|phone\u00a0\u00bb text_orientation_tablet=\u00a0\u00bbleft\u00a0\u00bb text_orientation_phone=\u00a0\u00bb\u00a0\u00bb text_orientation_last_edited=\u00a0\u00bbon|phone\u00a0\u00bb border_width_top=\u00a0\u00bb1px\u00a0\u00bb border_color_top=\u00a0\u00bb#c0c0c0&Prime; global_colors_info=\u00a0\u00bb{}\u00a0\u00bb]<\/p>\n<h4 class=\"p1\">Contacts<\/h4>\n<p>[\/et_pb_text][\/et_pb_column][et_pb_column type=\u00a0\u00bb2_3&Prime; _builder_version=\u00a0\u00bb4.6.6&Prime; _module_preset=\u00a0\u00bbdefault\u00a0\u00bb global_colors_info=\u00a0\u00bb{}\u00a0\u00bb][et_pb_text _builder_version=\u00a0\u00bb4.10.6&Prime; _module_preset=\u00a0\u00bbdefault\u00a0\u00bb header_3_text_align=\u00a0\u00bbright\u00a0\u00bb custom_padding=\u00a0\u00bb5px||0px||false|false\u00a0\u00bb header_3_text_align_tablet=\u00a0\u00bbleft\u00a0\u00bb header_3_text_align_phone=\u00a0\u00bbleft\u00a0\u00bb header_3_text_align_last_edited=\u00a0\u00bbon|phone\u00a0\u00bb global_colors_info=\u00a0\u00bb{}\u00a0\u00bb]<\/p>\n<div class=\"et_pb_module et_pb_text et_pb_text_8  et_pb_text_align_left et_pb_bg_layout_light\">\n<div class=\"et_pb_text_inner\">\n<p><strong>Cosy village asbl<br \/><\/strong>rue de Namur \u2013<a href=\"mailto:laurence.natural@gmail.com\">\u00a0laurence.natural@gmail.com<\/a><\/p>\n<p><strong>W-Avenue<br \/><\/strong>Bd. de Waterloo &#8211;\u00a0<a href=\"http:\/\/w-avenue.be\">w-avenue.be<\/a><\/p>\n<\/div>\n<\/div>\n<p>[\/et_pb_text][\/et_pb_column][\/et_pb_row][et_pb_row column_structure=\u00a0\u00bb1_3,2_3&Prime; use_custom_gutter=\u00a0\u00bbon\u00a0\u00bb gutter_width=\u00a0\u00bb2&Prime; disabled_on=\u00a0\u00bbon|on|on\u00a0\u00bb _builder_version=\u00a0\u00bb4.7.0&Prime; _module_preset=\u00a0\u00bbdefault\u00a0\u00bb disabled=\u00a0\u00bbon\u00a0\u00bb global_colors_info=\u00a0\u00bb{}\u00a0\u00bb][et_pb_column type=\u00a0\u00bb1_3&Prime; _builder_version=\u00a0\u00bb4.6.6&Prime; _module_preset=\u00a0\u00bbdefault\u00a0\u00bb global_colors_info=\u00a0\u00bb{}\u00a0\u00bb][et_pb_text content_tablet=\u00a0\u00bb<\/p>\n<h3 class=%22p1%22 style=%22text-align: left;%22>Agenda<\/h3>\n<p>\u00a0\u00bb content_phone=\u00a0\u00bb<\/p>\n<h3 class=%22p1%22 style=%22text-align: left;%22>Agenda<\/h3>\n<p>\u00a0\u00bb content_last_edited=\u00a0\u00bboff|desktop\u00a0\u00bb _builder_version=\u00a0\u00bb4.7.0&Prime; _module_preset=\u00a0\u00bbdefault\u00a0\u00bb header_3_text_align=\u00a0\u00bbright\u00a0\u00bb text_orientation=\u00a0\u00bbright\u00a0\u00bb custom_padding=\u00a0\u00bb5px||0px||false|false\u00a0\u00bb header_3_text_align_tablet=\u00a0\u00bbleft\u00a0\u00bb header_3_text_align_phone=\u00a0\u00bbleft\u00a0\u00bb header_3_text_align_last_edited=\u00a0\u00bbon|phone\u00a0\u00bb text_orientation_tablet=\u00a0\u00bbleft\u00a0\u00bb text_orientation_phone=\u00a0\u00bb\u00a0\u00bb text_orientation_last_edited=\u00a0\u00bbon|phone\u00a0\u00bb border_width_top=\u00a0\u00bb1px\u00a0\u00bb border_color_top=\u00a0\u00bb#c0c0c0&Prime; global_colors_info=\u00a0\u00bb{}\u00a0\u00bb]<\/p>\n<h4 class=\"p1\">Agenda<\/h4>\n<p>[\/et_pb_text][\/et_pb_column][et_pb_column type=\u00a0\u00bb2_3&Prime; _builder_version=\u00a0\u00bb4.6.6&Prime; _module_preset=\u00a0\u00bbdefault\u00a0\u00bb global_colors_info=\u00a0\u00bb{}\u00a0\u00bb][et_pb_blog include_categories=\u00a0\u00bball\u00a0\u00bb excerpt_length=\u00a0\u00bb500&Prime; show_more=\u00a0\u00bbon\u00a0\u00bb show_author=\u00a0\u00bboff\u00a0\u00bb show_date=\u00a0\u00bboff\u00a0\u00bb show_categories=\u00a0\u00bboff\u00a0\u00bb show_pagination=\u00a0\u00bboff\u00a0\u00bb _builder_version=\u00a0\u00bb4.7.1&Prime; _module_preset=\u00a0\u00bbdefault\u00a0\u00bb header_font=\u00a0\u00bbgothamhtf-medium||||||||\u00a0\u00bb header_text_color=\u00a0\u00bb#707070&Prime; header_font_size=\u00a0\u00bb17px\u00a0\u00bb body_font_size=\u00a0\u00bb16px\u00a0\u00bb text_orientation=\u00a0\u00bbleft\u00a0\u00bb global_colors_info=\u00a0\u00bb{}\u00a0\u00bb][\/et_pb_blog][\/et_pb_column][\/et_pb_row][\/et_pb_section]<\/p>\n","protected":false},"excerpt":{"rendered":"<p>Le quartier royal de Bruxelles offre une \u00e9chapp\u00e9e culturelle par excellence.Le QuartierAux alentours de la magnifique place Royale cohabitent les mus\u00e9es des Beaux-Arts, Magritte, des Instruments de Musique, Belvue, le Coudenberg, le Bozar et la Biblioth\u00e8que royale. Librairies sp\u00e9cialis\u00e9es, galeries d\u2019art mais aussi de nombreux restaurants compl\u00e8tent le d\u00e9cor de ce quartier souverain, p\u00f4le culturel [&hellip;]<\/p>\n","protected":false},"author":5,"featured_media":0,"parent":0,"menu_order":0,"comment_status":"closed","ping_status":"closed","template":"","meta":{"_et_pb_use_builder":"on","_et_pb_old_content":"<!-- wp:divi\/placeholder \/-->","_et_gb_content_width":"","inline_featured_image":false,"footnotes":""},"difl_page_category":[],"wf_page_folders":[59],"class_list":["post-3374","page","type-page","status-publish","hentry"],"yoast_head":"<!-- This site is optimized with the Yoast SEO plugin v27.5 - https:\/\/yoast.com\/product\/yoast-seo-wordpress\/ -->\n<title>Le commerce local \u00e0 Bruxelles - commercelocal.brussels<\/title>\n<meta name=\"description\" content=\"D\u00e9couvrez votre quartier! Les commerces pr\u00e8s de chez vous sont au c\u0153ur de son activit\u00e9. Tout ce qu&#039;il faut savoir, c&#039;est ici que \u00e7a se passe!\" \/>\n<meta name=\"robots\" content=\"noindex, follow, max-snippet:-1, max-image-preview:large, max-video-preview:-1\" \/>\n<meta property=\"og:locale\" content=\"fr_FR\" \/>\n<meta property=\"og:type\" content=\"article\" \/>\n<meta property=\"og:title\" content=\"Le commerce local \u00e0 Bruxelles - commercelocal.brussels\" \/>\n<meta property=\"og:description\" content=\"D\u00e9couvrez votre quartier! Les commerces pr\u00e8s de chez vous sont au c\u0153ur de son activit\u00e9. Tout ce qu&#039;il faut savoir, c&#039;est ici que \u00e7a se passe!\" \/>\n<meta property=\"og:url\" content=\"https:\/\/ultraviolet.work\/_commercelocal\/quartier-mont-des-arts-royal\/\" \/>\n<meta property=\"og:site_name\" content=\"Le commerce local \u00e0 Bruxelles\" \/>\n<meta property=\"article:publisher\" content=\"https:\/\/www.facebook.com\/ishopinbrussels\/\" \/>\n<meta property=\"article:modified_time\" content=\"2021-10-02T04:03:45+00:00\" \/>\n<meta property=\"og:image\" content=\"https:\/\/ultraviolet.work\/_commercelocal\/wp-content\/uploads\/2021\/10\/Yoast-facebook-Share-1200x800-1.jpg\" \/>\n\t<meta property=\"og:image:width\" content=\"1200\" \/>\n\t<meta property=\"og:image:height\" content=\"800\" \/>\n\t<meta property=\"og:image:type\" content=\"image\/jpeg\" \/>\n<meta name=\"twitter:card\" content=\"summary_large_image\" \/>\n<meta name=\"twitter:label1\" content=\"Dur\u00e9e de lecture estim\u00e9e\" \/>\n\t<meta name=\"twitter:data1\" content=\"9 minutes\" \/>\n<script type=\"application\/ld+json\" class=\"yoast-schema-graph\">{\"@context\":\"https:\\\/\\\/schema.org\",\"@graph\":[{\"@type\":\"WebPage\",\"@id\":\"https:\\\/\\\/ultraviolet.work\\\/_commercelocal\\\/quartier-mont-des-arts-royal\\\/\",\"url\":\"https:\\\/\\\/ultraviolet.work\\\/_commercelocal\\\/quartier-mont-des-arts-royal\\\/\",\"name\":\"Le commerce local \u00e0 Bruxelles - commercelocal.brussels\",\"isPartOf\":{\"@id\":\"https:\\\/\\\/ultraviolet.work\\\/_commercelocal\\\/#website\"},\"datePublished\":\"2020-11-18T07:45:26+00:00\",\"dateModified\":\"2021-10-02T04:03:45+00:00\",\"description\":\"D\u00e9couvrez votre quartier! Les commerces pr\u00e8s de chez vous sont au c\u0153ur de son activit\u00e9. Tout ce qu'il faut savoir, c'est ici que \u00e7a se passe!\",\"breadcrumb\":{\"@id\":\"https:\\\/\\\/ultraviolet.work\\\/_commercelocal\\\/quartier-mont-des-arts-royal\\\/#breadcrumb\"},\"inLanguage\":\"fr-FR\",\"potentialAction\":[{\"@type\":\"ReadAction\",\"target\":[\"https:\\\/\\\/ultraviolet.work\\\/_commercelocal\\\/quartier-mont-des-arts-royal\\\/\"]}]},{\"@type\":\"BreadcrumbList\",\"@id\":\"https:\\\/\\\/ultraviolet.work\\\/_commercelocal\\\/quartier-mont-des-arts-royal\\\/#breadcrumb\",\"itemListElement\":[{\"@type\":\"ListItem\",\"position\":1,\"name\":\"Accueil\",\"item\":\"https:\\\/\\\/ultraviolet.work\\\/_commercelocal\\\/\"},{\"@type\":\"ListItem\",\"position\":2,\"name\":\"Quartier Mont des Arts-Royal\"}]},{\"@type\":\"WebSite\",\"@id\":\"https:\\\/\\\/ultraviolet.work\\\/_commercelocal\\\/#website\",\"url\":\"https:\\\/\\\/ultraviolet.work\\\/_commercelocal\\\/\",\"name\":\"Le commerce local \u00e0 Bruxelles\",\"description\":\"\",\"publisher\":{\"@id\":\"https:\\\/\\\/ultraviolet.work\\\/_commercelocal\\\/#organization\"},\"potentialAction\":[{\"@type\":\"SearchAction\",\"target\":{\"@type\":\"EntryPoint\",\"urlTemplate\":\"https:\\\/\\\/ultraviolet.work\\\/_commercelocal\\\/?s={search_term_string}\"},\"query-input\":{\"@type\":\"PropertyValueSpecification\",\"valueRequired\":true,\"valueName\":\"search_term_string\"}}],\"inLanguage\":\"fr-FR\"},{\"@type\":\"Organization\",\"@id\":\"https:\\\/\\\/ultraviolet.work\\\/_commercelocal\\\/#organization\",\"name\":\"Le commerce local \u00e0 Bruxelles - I shop in Brussels\",\"url\":\"https:\\\/\\\/ultraviolet.work\\\/_commercelocal\\\/\",\"logo\":{\"@type\":\"ImageObject\",\"inLanguage\":\"fr-FR\",\"@id\":\"https:\\\/\\\/ultraviolet.work\\\/_commercelocal\\\/#\\\/schema\\\/logo\\\/image\\\/\",\"url\":\"https:\\\/\\\/ultraviolet.work\\\/_commercelocal\\\/wp-content\\\/uploads\\\/2020\\\/11\\\/IShopBrussels_w400.png\",\"contentUrl\":\"https:\\\/\\\/ultraviolet.work\\\/_commercelocal\\\/wp-content\\\/uploads\\\/2020\\\/11\\\/IShopBrussels_w400.png\",\"width\":400,\"height\":200,\"caption\":\"Le commerce local \u00e0 Bruxelles - I shop in Brussels\"},\"image\":{\"@id\":\"https:\\\/\\\/ultraviolet.work\\\/_commercelocal\\\/#\\\/schema\\\/logo\\\/image\\\/\"},\"sameAs\":[\"https:\\\/\\\/www.facebook.com\\\/ishopinbrussels\\\/\"]}]}<\/script>\n<!-- \/ Yoast SEO plugin. -->","yoast_head_json":{"title":"Le commerce local \u00e0 Bruxelles - commercelocal.brussels","description":"D\u00e9couvrez votre quartier! Les commerces pr\u00e8s de chez vous sont au c\u0153ur de son activit\u00e9. Tout ce qu'il faut savoir, c'est ici que \u00e7a se passe!","robots":{"index":"noindex","follow":"follow","max-snippet":"max-snippet:-1","max-image-preview":"max-image-preview:large","max-video-preview":"max-video-preview:-1"},"og_locale":"fr_FR","og_type":"article","og_title":"Le commerce local \u00e0 Bruxelles - commercelocal.brussels","og_description":"D\u00e9couvrez votre quartier! Les commerces pr\u00e8s de chez vous sont au c\u0153ur de son activit\u00e9. Tout ce qu'il faut savoir, c'est ici que \u00e7a se passe!","og_url":"https:\/\/ultraviolet.work\/_commercelocal\/quartier-mont-des-arts-royal\/","og_site_name":"Le commerce local \u00e0 Bruxelles","article_publisher":"https:\/\/www.facebook.com\/ishopinbrussels\/","article_modified_time":"2021-10-02T04:03:45+00:00","og_image":[{"width":1200,"height":800,"url":"https:\/\/ultraviolet.work\/_commercelocal\/wp-content\/uploads\/2021\/10\/Yoast-facebook-Share-1200x800-1.jpg","type":"image\/jpeg"}],"twitter_card":"summary_large_image","twitter_misc":{"Dur\u00e9e de lecture estim\u00e9e":"9 minutes"},"schema":{"@context":"https:\/\/schema.org","@graph":[{"@type":"WebPage","@id":"https:\/\/ultraviolet.work\/_commercelocal\/quartier-mont-des-arts-royal\/","url":"https:\/\/ultraviolet.work\/_commercelocal\/quartier-mont-des-arts-royal\/","name":"Le commerce local \u00e0 Bruxelles - commercelocal.brussels","isPartOf":{"@id":"https:\/\/ultraviolet.work\/_commercelocal\/#website"},"datePublished":"2020-11-18T07:45:26+00:00","dateModified":"2021-10-02T04:03:45+00:00","description":"D\u00e9couvrez votre quartier! Les commerces pr\u00e8s de chez vous sont au c\u0153ur de son activit\u00e9. Tout ce qu'il faut savoir, c'est ici que \u00e7a se passe!","breadcrumb":{"@id":"https:\/\/ultraviolet.work\/_commercelocal\/quartier-mont-des-arts-royal\/#breadcrumb"},"inLanguage":"fr-FR","potentialAction":[{"@type":"ReadAction","target":["https:\/\/ultraviolet.work\/_commercelocal\/quartier-mont-des-arts-royal\/"]}]},{"@type":"BreadcrumbList","@id":"https:\/\/ultraviolet.work\/_commercelocal\/quartier-mont-des-arts-royal\/#breadcrumb","itemListElement":[{"@type":"ListItem","position":1,"name":"Accueil","item":"https:\/\/ultraviolet.work\/_commercelocal\/"},{"@type":"ListItem","position":2,"name":"Quartier Mont des Arts-Royal"}]},{"@type":"WebSite","@id":"https:\/\/ultraviolet.work\/_commercelocal\/#website","url":"https:\/\/ultraviolet.work\/_commercelocal\/","name":"Le commerce local \u00e0 Bruxelles","description":"","publisher":{"@id":"https:\/\/ultraviolet.work\/_commercelocal\/#organization"},"potentialAction":[{"@type":"SearchAction","target":{"@type":"EntryPoint","urlTemplate":"https:\/\/ultraviolet.work\/_commercelocal\/?s={search_term_string}"},"query-input":{"@type":"PropertyValueSpecification","valueRequired":true,"valueName":"search_term_string"}}],"inLanguage":"fr-FR"},{"@type":"Organization","@id":"https:\/\/ultraviolet.work\/_commercelocal\/#organization","name":"Le commerce local \u00e0 Bruxelles - I shop in Brussels","url":"https:\/\/ultraviolet.work\/_commercelocal\/","logo":{"@type":"ImageObject","inLanguage":"fr-FR","@id":"https:\/\/ultraviolet.work\/_commercelocal\/#\/schema\/logo\/image\/","url":"https:\/\/ultraviolet.work\/_commercelocal\/wp-content\/uploads\/2020\/11\/IShopBrussels_w400.png","contentUrl":"https:\/\/ultraviolet.work\/_commercelocal\/wp-content\/uploads\/2020\/11\/IShopBrussels_w400.png","width":400,"height":200,"caption":"Le commerce local \u00e0 Bruxelles - I shop in Brussels"},"image":{"@id":"https:\/\/ultraviolet.work\/_commercelocal\/#\/schema\/logo\/image\/"},"sameAs":["https:\/\/www.facebook.com\/ishopinbrussels\/"]}]}},"_links":{"self":[{"href":"https:\/\/ultraviolet.work\/_commercelocal\/wp-json\/wp\/v2\/pages\/3374","targetHints":{"allow":["GET"]}}],"collection":[{"href":"https:\/\/ultraviolet.work\/_commercelocal\/wp-json\/wp\/v2\/pages"}],"about":[{"href":"https:\/\/ultraviolet.work\/_commercelocal\/wp-json\/wp\/v2\/types\/page"}],"author":[{"embeddable":true,"href":"https:\/\/ultraviolet.work\/_commercelocal\/wp-json\/wp\/v2\/users\/5"}],"replies":[{"embeddable":true,"href":"https:\/\/ultraviolet.work\/_commercelocal\/wp-json\/wp\/v2\/comments?post=3374"}],"version-history":[{"count":0,"href":"https:\/\/ultraviolet.work\/_commercelocal\/wp-json\/wp\/v2\/pages\/3374\/revisions"}],"wp:attachment":[{"href":"https:\/\/ultraviolet.work\/_commercelocal\/wp-json\/wp\/v2\/media?parent=3374"}],"wp:term":[{"taxonomy":"difl_page_category","embeddable":true,"href":"https:\/\/ultraviolet.work\/_commercelocal\/wp-json\/wp\/v2\/difl_page_category?post=3374"},{"taxonomy":"wf_page_folders","embeddable":true,"href":"https:\/\/ultraviolet.work\/_commercelocal\/wp-json\/wp\/v2\/wf_page_folders?post=3374"}],"curies":[{"name":"wp","href":"https:\/\/api.w.org\/{rel}","templated":true}]}}