{"id":3381,"date":"2020-11-18T08:56:48","date_gmt":"2020-11-18T07:56:48","guid":{"rendered":"https:\/\/ultraviolet.work\/_commercelocal\/?page_id=3381"},"modified":"2021-09-08T08:02:58","modified_gmt":"2021-09-08T06:02:58","slug":"wijk-waterloolaan-naamsestraat","status":"publish","type":"page","link":"https:\/\/ultraviolet.work\/_commercelocal\/nl\/wijk-waterloolaan-naamsestraat\/","title":{"rendered":"Wijk Waterloolaan &#8211; Naamsestraat"},"content":{"rendered":"\n[et_pb_section fb_built=\u00a0\u00bb1&Prime; admin_label=\u00a0\u00bbHeader Quartier\u00a0\u00bb _builder_version=\u00a0\u00bb4.10.5&Prime; _module_preset=\u00a0\u00bbdefault\u00a0\u00bb background_color=\u00a0\u00bb#000000&Prime; da_disable_devices=\u00a0\u00bboff|off|off\u00a0\u00bb locked=\u00a0\u00bboff\u00a0\u00bb global_colors_info=\u00a0\u00bb{}\u00a0\u00bb da_is_popup=\u00a0\u00bboff\u00a0\u00bb da_exit_intent=\u00a0\u00bboff\u00a0\u00bb da_has_close=\u00a0\u00bbon\u00a0\u00bb da_alt_close=\u00a0\u00bboff\u00a0\u00bb da_dark_close=\u00a0\u00bboff\u00a0\u00bb da_not_modal=\u00a0\u00bbon\u00a0\u00bb da_is_singular=\u00a0\u00bboff\u00a0\u00bb da_with_loader=\u00a0\u00bboff\u00a0\u00bb da_has_shadow=\u00a0\u00bbon\u00a0\u00bb][et_pb_row _builder_version=\u00a0\u00bb4.10.4&Prime; _module_preset=\u00a0\u00bbdefault\u00a0\u00bb width=\u00a0\u00bb100%\u00a0\u00bb width_tablet=\u00a0\u00bb95%\u00a0\u00bb width_phone=\u00a0\u00bb95%\u00a0\u00bb width_last_edited=\u00a0\u00bboff|desktop\u00a0\u00bb max_width=\u00a0\u00bb5000px\u00a0\u00bb custom_padding=\u00a0\u00bb0px||0px||false|false\u00a0\u00bb global_colors_info=\u00a0\u00bb{}\u00a0\u00bb][et_pb_column type=\u00a0\u00bb4_4&Prime; _builder_version=\u00a0\u00bb4.10.4&Prime; _module_preset=\u00a0\u00bbdefault\u00a0\u00bb global_colors_info=\u00a0\u00bb{}\u00a0\u00bb][et_pb_cta title=\u00a0\u00bbWaterloolaan &#8211; Naamsestraat\u00a0\u00bb _builder_version=\u00a0\u00bb4.10.6&Prime; _module_preset=\u00a0\u00bba6594073-861d-4e14-a082-dc88656f5ace\u00a0\u00bb background_image=\u00a0\u00bbhttps:\/\/ultraviolet.work\/_commercelocal\/wp-content\/uploads\/2021\/09\/Quartier-Rue-de-Namur-2-2400&#215;600-1.jpg\u00a0\u00bb global_colors_info=\u00a0\u00bb{}\u00a0\u00bb][\/et_pb_cta][\/et_pb_column][\/et_pb_row][\/et_pb_section][et_pb_section fb_built=\u00a0\u00bb1&Prime; _builder_version=\u00a0\u00bb4.10.6&Prime; _module_preset=\u00a0\u00bbdefault\u00a0\u00bb background_color=\u00a0\u00bb#e0e0e0&Prime; da_disable_devices=\u00a0\u00bboff|off|off\u00a0\u00bb global_colors_info=\u00a0\u00bb{}\u00a0\u00bb locked=\u00a0\u00bboff\u00a0\u00bb da_is_popup=\u00a0\u00bboff\u00a0\u00bb da_exit_intent=\u00a0\u00bboff\u00a0\u00bb da_has_close=\u00a0\u00bbon\u00a0\u00bb da_alt_close=\u00a0\u00bboff\u00a0\u00bb da_dark_close=\u00a0\u00bboff\u00a0\u00bb da_not_modal=\u00a0\u00bbon\u00a0\u00bb da_is_singular=\u00a0\u00bboff\u00a0\u00bb da_with_loader=\u00a0\u00bboff\u00a0\u00bb da_has_shadow=\u00a0\u00bbon\u00a0\u00bb][et_pb_row _builder_version=\u00a0\u00bb4.10.6&Prime; _module_preset=\u00a0\u00bbdefault\u00a0\u00bb background_enable_color=\u00a0\u00bboff\u00a0\u00bb width_tablet=\u00a0\u00bb95%\u00a0\u00bb width_phone=\u00a0\u00bb95%\u00a0\u00bb width_last_edited=\u00a0\u00bbon|desktop\u00a0\u00bb max_width=\u00a0\u00bb100%\u00a0\u00bb module_alignment=\u00a0\u00bbcenter\u00a0\u00bb custom_padding=\u00a0\u00bb0px||0px||true|false\u00a0\u00bb hover_enabled=\u00a0\u00bb0&Prime; global_colors_info=\u00a0\u00bb{}\u00a0\u00bb sticky_enabled=\u00a0\u00bb0&Prime;][et_pb_column type=\u00a0\u00bb4_4&Prime; _builder_version=\u00a0\u00bb4.10.5&Prime; _module_preset=\u00a0\u00bbdefault\u00a0\u00bb background_enable_color=\u00a0\u00bboff\u00a0\u00bb custom_padding=\u00a0\u00bb35px||13px||false|false\u00a0\u00bb custom_padding_tablet=\u00a0\u00bb\u00a0\u00bb custom_padding_phone=\u00a0\u00bb\u00a0\u00bb custom_padding_last_edited=\u00a0\u00bbon|desktop\u00a0\u00bb global_colors_info=\u00a0\u00bb{}\u00a0\u00bb][et_pb_image src=\u00a0\u00bbhttps:\/\/ultraviolet.work\/_commercelocal\/wp-content\/uploads\/2020\/11\/Pictos-map-quartiers15_300x256.png\u00a0\u00bb title_text=\u00a0\u00bbPictos-map-quartiers15_300x256&Prime; _builder_version=\u00a0\u00bb4.10.6&Prime; _module_preset=\u00a0\u00bb386a5da2-71d1-4c7b-847c-82f03c550ac7&Prime; global_colors_info=\u00a0\u00bb{}\u00a0\u00bb][\/et_pb_image][et_pb_text _builder_version=\u00a0\u00bb4.10.6&Prime; _module_preset=\u00a0\u00bbdefault\u00a0\u00bb header_5_font=\u00a0\u00bbRaleway|700|||||||\u00a0\u00bb header_5_text_align=\u00a0\u00bbcenter\u00a0\u00bb header_5_text_color=\u00a0\u00bb#C0C0C0&Prime; header_5_line_height=\u00a0\u00bb1.5em\u00a0\u00bb custom_padding=\u00a0\u00bb|20%||20%|false|true\u00a0\u00bb hover_enabled=\u00a0\u00bb0&Prime; global_colors_info=\u00a0\u00bb{}\u00a0\u00bb sticky_enabled=\u00a0\u00bb0&Prime;]<h5 class=\"p1\"><span style=\"color: #505050;\">De wijk rond de Kunstberg is het culturele hart van Brussel. Rond het Koningsplein liggen het Museum voor Schone Kunsten, het Magritte-museum, het Muziekinstrumentenmuseum, het Belvue-museum, de Coudenberg, Bozar en de Koninklijke Bibliotheek.<\/span><\/h5>[\/et_pb_text][\/et_pb_column][\/et_pb_row][\/et_pb_section][et_pb_section fb_built=\u00a0\u00bb1&Prime; _builder_version=\u00a0\u00bb4.10.6&Prime; _module_preset=\u00a0\u00bbdefault\u00a0\u00bb custom_padding=\u00a0\u00bb30px||30px||true|false\u00a0\u00bb hover_enabled=\u00a0\u00bb0&Prime; da_disable_devices=\u00a0\u00bboff|off|off\u00a0\u00bb global_colors_info=\u00a0\u00bb{}\u00a0\u00bb sticky_enabled=\u00a0\u00bb0&Prime; da_is_popup=\u00a0\u00bboff\u00a0\u00bb da_exit_intent=\u00a0\u00bboff\u00a0\u00bb da_has_close=\u00a0\u00bbon\u00a0\u00bb da_alt_close=\u00a0\u00bboff\u00a0\u00bb da_dark_close=\u00a0\u00bboff\u00a0\u00bb da_not_modal=\u00a0\u00bbon\u00a0\u00bb da_is_singular=\u00a0\u00bboff\u00a0\u00bb da_with_loader=\u00a0\u00bboff\u00a0\u00bb da_has_shadow=\u00a0\u00bbon\u00a0\u00bb][et_pb_row column_structure=\u00a0\u00bb1_3,2_3&Prime; use_custom_gutter=\u00a0\u00bbon\u00a0\u00bb gutter_width=\u00a0\u00bb2&Prime; _builder_version=\u00a0\u00bb4.6.6&Prime; _module_preset=\u00a0\u00bbdefault\u00a0\u00bb global_colors_info=\u00a0\u00bb{}\u00a0\u00bb][et_pb_column type=\u00a0\u00bb1_3&Prime; _builder_version=\u00a0\u00bb4.6.6&Prime; _module_preset=\u00a0\u00bbdefault\u00a0\u00bb global_colors_info=\u00a0\u00bb{}\u00a0\u00bb][et_pb_text content_tablet=\u00a0\u00bb<h3 class=%22p1%22 style=%22text-align: left;%22>Le Quartier<\/h3>\n<h6 class=%22p1%22 style=%22text-align: left;%22>Internationalement connue pour son histoire, sa qualit\u00e9 architecturale et sa richesse ornementale, la Grand-Place avec son H\u00f4tel de Ville est consid\u00e9r\u00e9e comme l\u2019une des plus belles places du monde, class\u00e9e au Patrimoine mondial par l\u2019UNESCO en 1998.<\/h6>\n<p class=%22p1%22>\n\u00a0\u00bb content_last_edited=\u00a0\u00bboff|desktop\u00a0\u00bb _builder_version=\u00a0\u00bb4.7.1&Prime; _module_preset=\u00a0\u00bbdefault\u00a0\u00bb header_3_text_align=\u00a0\u00bbright\u00a0\u00bb text_orientation=\u00a0\u00bbright\u00a0\u00bb custom_padding=\u00a0\u00bb5px||0px||false|false\u00a0\u00bb header_text_align_last_edited=\u00a0\u00bboff|tablet\u00a0\u00bb header_3_text_align_tablet=\u00a0\u00bbleft\u00a0\u00bb header_3_text_align_phone=\u00a0\u00bb\u00a0\u00bb header_3_text_align_last_edited=\u00a0\u00bbon|desktop\u00a0\u00bb text_orientation_tablet=\u00a0\u00bbleft\u00a0\u00bb text_orientation_phone=\u00a0\u00bb\u00a0\u00bb text_orientation_last_edited=\u00a0\u00bbon|phone\u00a0\u00bb border_width_top=\u00a0\u00bb1px\u00a0\u00bb border_color_top=\u00a0\u00bb#c0c0c0&Prime; global_colors_info=\u00a0\u00bb{}\u00a0\u00bb]<h4 class=\"p1\">De Wijk<\/h4>\n<p class=\"p1\"><\/p>[\/et_pb_text][\/et_pb_column][et_pb_column type=\u00a0\u00bb2_3&Prime; _builder_version=\u00a0\u00bb4.6.6&Prime; _module_preset=\u00a0\u00bbdefault\u00a0\u00bb global_colors_info=\u00a0\u00bb{}\u00a0\u00bb][et_pb_text _builder_version=\u00a0\u00bb4.10.6&Prime; _module_preset=\u00a0\u00bbdefault\u00a0\u00bb header_3_text_align=\u00a0\u00bbright\u00a0\u00bb custom_padding=\u00a0\u00bb5px||0px||false|false\u00a0\u00bb hover_enabled=\u00a0\u00bb0&Prime; header_text_align_last_edited=\u00a0\u00bboff|tablet\u00a0\u00bb header_3_text_align_tablet=\u00a0\u00bbleft\u00a0\u00bb header_3_text_align_phone=\u00a0\u00bb\u00a0\u00bb header_3_text_align_last_edited=\u00a0\u00bbon|desktop\u00a0\u00bb global_colors_info=\u00a0\u00bb{}\u00a0\u00bb sticky_enabled=\u00a0\u00bb0&Prime;]<p class=\"p1\">De gespecialiseerde boekhandels en kunstgalerijen vervolledigen het plaatje in deze koninklijke wijk die veel toeristen aantrekt.<\/p>\n<p class=\"p1\">In de Naamsestraat, de toegangspoort vanaf de Naamsepoort, liggen verschillende luxeboetieks. Het grenst aan de meest luxueuze laan van de hoofdstad, bekend als Waterloolaan, waar alle prestigieuse internationale merken elkaar opvolgen.<\/p>[\/et_pb_text][et_pb_button button_url=\u00a0\u00bbhttps:\/\/ultraviolet.work\/_commercelocal\/nl\/wijken\/#lijst_wijken\u00a0\u00bb button_text=\u00a0\u00bbZie andere wijken\u00a0\u00bb button_alignment=\u00a0\u00bbleft\u00a0\u00bb button_alignment_tablet=\u00a0\u00bbleft\u00a0\u00bb button_alignment_phone=\u00a0\u00bb\u00a0\u00bb button_alignment_last_edited=\u00a0\u00bbon|phone\u00a0\u00bb _builder_version=\u00a0\u00bb4.10.6&Prime; _module_preset=\u00a0\u00bbdefault\u00a0\u00bb button_text_size=\u00a0\u00bb13px\u00a0\u00bb button_bg_color=\u00a0\u00bb#c0c0c0&Prime; button_icon=\u00a0\u00bb%%40%%\u00a0\u00bb button_icon_color=\u00a0\u00bb#FFFFFF\u00a0\u00bb button_on_hover=\u00a0\u00bboff\u00a0\u00bb custom_margin=\u00a0\u00bb0px||||false|false\u00a0\u00bb custom_padding=\u00a0\u00bb|25px||11px|false|false\u00a0\u00bb global_module=\u00a0\u00bb3054&Prime; saved_tabs=\u00a0\u00bball\u00a0\u00bb locked=\u00a0\u00bboff\u00a0\u00bb global_colors_info=\u00a0\u00bb{}\u00a0\u00bb][\/et_pb_button][\/et_pb_column][\/et_pb_row][et_pb_row column_structure=\u00a0\u00bb1_3,2_3&Prime; use_custom_gutter=\u00a0\u00bbon\u00a0\u00bb gutter_width=\u00a0\u00bb2&Prime; _builder_version=\u00a0\u00bb4.6.6&Prime; _module_preset=\u00a0\u00bbdefault\u00a0\u00bb global_colors_info=\u00a0\u00bb{}\u00a0\u00bb][et_pb_column type=\u00a0\u00bb1_3&Prime; _builder_version=\u00a0\u00bb4.6.6&Prime; _module_preset=\u00a0\u00bbdefault\u00a0\u00bb global_colors_info=\u00a0\u00bb{}\u00a0\u00bb][et_pb_text content_tablet=\u00a0\u00bb<h3 class=%22p1%22 style=%22text-align: left;%22>Toegang<\/h3>\n<p style=%22text-align: left;%22>\n<p class=%22p1%22>\n\u00a0\u00bb content_last_edited=\u00a0\u00bboff|phone\u00a0\u00bb _builder_version=\u00a0\u00bb4.7.0&Prime; _module_preset=\u00a0\u00bbdefault\u00a0\u00bb header_3_text_align=\u00a0\u00bbright\u00a0\u00bb text_orientation=\u00a0\u00bbright\u00a0\u00bb custom_padding=\u00a0\u00bb5px||0px||false|false\u00a0\u00bb header_text_align_last_edited=\u00a0\u00bboff|tablet\u00a0\u00bb header_3_text_align_tablet=\u00a0\u00bbleft\u00a0\u00bb header_3_text_align_phone=\u00a0\u00bb\u00a0\u00bb header_3_text_align_last_edited=\u00a0\u00bbon|desktop\u00a0\u00bb text_orientation_tablet=\u00a0\u00bbleft\u00a0\u00bb text_orientation_phone=\u00a0\u00bb\u00a0\u00bb text_orientation_last_edited=\u00a0\u00bbon|phone\u00a0\u00bb border_width_top=\u00a0\u00bb1px\u00a0\u00bb border_color_top=\u00a0\u00bb#c0c0c0&Prime; global_colors_info=\u00a0\u00bb{}\u00a0\u00bb header_2_3_text_align_tablet=\u00a0\u00bbleft\u00a0\u00bb header_3_3_text_align_tablet=\u00a0\u00bbleft\u00a0\u00bb header_4_3_text_align_tablet=\u00a0\u00bbleft\u00a0\u00bb header_5_3_text_align_tablet=\u00a0\u00bbleft\u00a0\u00bb header_6_3_text_align_tablet=\u00a0\u00bbleft\u00a0\u00bb header_2_3_text_align_phone=\u00a0\u00bbleft\u00a0\u00bb header_3_3_text_align_phone=\u00a0\u00bbleft\u00a0\u00bb header_4_3_text_align_phone=\u00a0\u00bbleft\u00a0\u00bb header_5_3_text_align_phone=\u00a0\u00bbleft\u00a0\u00bb header_6_3_text_align_phone=\u00a0\u00bbleft\u00a0\u00bb header_2_3_text_align_last_edited=\u00a0\u00bbon|desktop\u00a0\u00bb header_3_3_text_align_last_edited=\u00a0\u00bbon|desktop\u00a0\u00bb header_4_3_text_align_last_edited=\u00a0\u00bbon|desktop\u00a0\u00bb header_5_3_text_align_last_edited=\u00a0\u00bbon|desktop\u00a0\u00bb header_6_3_text_align_last_edited=\u00a0\u00bbon|desktop\u00a0\u00bb]<h4 class=\"p1\">Toegang<\/h4>[\/et_pb_text][\/et_pb_column][et_pb_column type=\u00a0\u00bb2_3&Prime; _builder_version=\u00a0\u00bb4.6.6&Prime; _module_preset=\u00a0\u00bbdefault\u00a0\u00bb global_colors_info=\u00a0\u00bb{}\u00a0\u00bb][et_pb_text _builder_version=\u00a0\u00bb4.7.1&Prime; _module_preset=\u00a0\u00bbdefault\u00a0\u00bb header_3_text_align=\u00a0\u00bbright\u00a0\u00bb custom_padding=\u00a0\u00bb5px||0px||false|false\u00a0\u00bb header_text_align_last_edited=\u00a0\u00bboff|tablet\u00a0\u00bb header_3_text_align_tablet=\u00a0\u00bbleft\u00a0\u00bb header_3_text_align_phone=\u00a0\u00bb\u00a0\u00bb header_3_text_align_last_edited=\u00a0\u00bbon|desktop\u00a0\u00bb global_colors_info=\u00a0\u00bb{}\u00a0\u00bb]<p class=\"p1\">2 metrolijnen, 9 buslijnen, 2 tramlijnen<\/p>[\/et_pb_text][\/et_pb_column][\/et_pb_row][et_pb_row column_structure=\u00a0\u00bb1_3,2_3&Prime; use_custom_gutter=\u00a0\u00bbon\u00a0\u00bb gutter_width=\u00a0\u00bb2&Prime; disabled_on=\u00a0\u00bbon|on|on\u00a0\u00bb _builder_version=\u00a0\u00bb4.7.1&Prime; _module_preset=\u00a0\u00bbdefault\u00a0\u00bb disabled=\u00a0\u00bbon\u00a0\u00bb global_colors_info=\u00a0\u00bb{}\u00a0\u00bb][et_pb_column type=\u00a0\u00bb1_3&Prime; _builder_version=\u00a0\u00bb4.6.6&Prime; _module_preset=\u00a0\u00bbdefault\u00a0\u00bb global_colors_info=\u00a0\u00bb{}\u00a0\u00bb][et_pb_text content_tablet=\u00a0\u00bb<h3 class=%22p1%22>March\u00e9s<\/h3>\n<p class=%22p1%22>\n\u00a0\u00bb content_phone=\u00a0\u00bb<h3 class=%22p1%22 style=%22text-align: left;%22>March\u00e9s<\/h3>\n<p class=%22p1%22>\n\u00a0\u00bb content_last_edited=\u00a0\u00bboff|desktop\u00a0\u00bb _builder_version=\u00a0\u00bb4.7.0&Prime; _module_preset=\u00a0\u00bbdefault\u00a0\u00bb header_3_text_align=\u00a0\u00bbright\u00a0\u00bb text_orientation=\u00a0\u00bbright\u00a0\u00bb custom_padding=\u00a0\u00bb5px||0px||false|false\u00a0\u00bb header_text_align_last_edited=\u00a0\u00bboff|tablet\u00a0\u00bb header_3_text_align_tablet=\u00a0\u00bbleft\u00a0\u00bb header_3_text_align_phone=\u00a0\u00bb\u00a0\u00bb header_3_text_align_last_edited=\u00a0\u00bbon|desktop\u00a0\u00bb text_orientation_tablet=\u00a0\u00bbleft\u00a0\u00bb text_orientation_phone=\u00a0\u00bb\u00a0\u00bb text_orientation_last_edited=\u00a0\u00bbon|phone\u00a0\u00bb border_width_top=\u00a0\u00bb1px\u00a0\u00bb border_color_top=\u00a0\u00bb#c0c0c0&Prime; global_colors_info=\u00a0\u00bb{}\u00a0\u00bb]<h4>De Markten<\/h4>[\/et_pb_text][\/et_pb_column][et_pb_column type=\u00a0\u00bb2_3&Prime; _builder_version=\u00a0\u00bb4.6.6&Prime; _module_preset=\u00a0\u00bbdefault\u00a0\u00bb global_colors_info=\u00a0\u00bb{}\u00a0\u00bb][et_pb_text _builder_version=\u00a0\u00bb4.7.1&Prime; _module_preset=\u00a0\u00bbdefault\u00a0\u00bb header_3_text_align=\u00a0\u00bbright\u00a0\u00bb custom_padding=\u00a0\u00bb5px||0px||false|false\u00a0\u00bb header_text_align_last_edited=\u00a0\u00bboff|tablet\u00a0\u00bb header_3_text_align_tablet=\u00a0\u00bbleft\u00a0\u00bb header_3_text_align_phone=\u00a0\u00bb\u00a0\u00bb header_3_text_align_last_edited=\u00a0\u00bbon|desktop\u00a0\u00bb global_colors_info=\u00a0\u00bb{}\u00a0\u00bb]<p style=\"text-align: left;\"><strong>Boterstraat<br \/> <\/strong>Ben je gepassioneerd door schilderen of wil je een portret laten maken, dan is deze markt iets voor jou!<br \/> <strong>Elke dag, van 11u tot 18u.<\/strong><\/p>\n<p style=\"text-align: left;\"><strong>Kunst- en ambachtenmarkt<\/strong><\/p>\n<div id=\"block-bxl-page-title\">\n<div>\n<p>Rond de Karel Bulsfontein stellen de ambachtslui van het\u00a0Agoraplein\u00a0kwalitatieve artisanale producten voor: juwelen, parfums, originele kaarsen en aardewerk, 100 % handmade. In een gezellige sfeer vinden bezoekers er heel wat unieke en originele stukken met karakter, niet te vergelijken met industri\u00eble voorwerpen. De ideaal gelegen kunst- en ambachtenmarkt prikkelt ieders nieuwsgierigheid, men kan er beslist unieke cadeaus op de kop tikken!<br \/> <strong>11-19 uur op elke vrijdag,\u00a010-19 uur tijdens het weekend<\/strong><\/p>\n<\/div>\n<\/div>[\/et_pb_text][\/et_pb_column][\/et_pb_row][et_pb_row column_structure=\u00a0\u00bb1_3,2_3&Prime; use_custom_gutter=\u00a0\u00bbon\u00a0\u00bb gutter_width=\u00a0\u00bb2&Prime; _builder_version=\u00a0\u00bb4.6.6&Prime; _module_preset=\u00a0\u00bbdefault\u00a0\u00bb global_colors_info=\u00a0\u00bb{}\u00a0\u00bb][et_pb_column type=\u00a0\u00bb1_3&Prime; _builder_version=\u00a0\u00bb4.6.6&Prime; _module_preset=\u00a0\u00bbdefault\u00a0\u00bb global_colors_info=\u00a0\u00bb{}\u00a0\u00bb][et_pb_text content_tablet=\u00a0\u00bb<h3 class=%22p1%22 style=%22text-align: left;%22>Contacts<\/h3>\n\u00a0\u00bb content_phone=\u00a0\u00bb<h3 class=%22p1%22 style=%22text-align: left;%22>Contacts<\/h3>\n\u00a0\u00bb content_last_edited=\u00a0\u00bboff|desktop\u00a0\u00bb _builder_version=\u00a0\u00bb4.7.0&Prime; _module_preset=\u00a0\u00bbdefault\u00a0\u00bb header_3_text_align=\u00a0\u00bbright\u00a0\u00bb text_orientation=\u00a0\u00bbright\u00a0\u00bb custom_padding=\u00a0\u00bb5px||0px||false|false\u00a0\u00bb header_text_align_last_edited=\u00a0\u00bboff|tablet\u00a0\u00bb header_3_text_align_tablet=\u00a0\u00bbleft\u00a0\u00bb header_3_text_align_phone=\u00a0\u00bb\u00a0\u00bb header_3_text_align_last_edited=\u00a0\u00bbon|desktop\u00a0\u00bb text_orientation_tablet=\u00a0\u00bbleft\u00a0\u00bb text_orientation_phone=\u00a0\u00bb\u00a0\u00bb text_orientation_last_edited=\u00a0\u00bbon|phone\u00a0\u00bb border_width_top=\u00a0\u00bb1px\u00a0\u00bb border_color_top=\u00a0\u00bb#c0c0c0&Prime; global_colors_info=\u00a0\u00bb{}\u00a0\u00bb]<h4 class=\"p1\">Contacten<\/h4>[\/et_pb_text][\/et_pb_column][et_pb_column type=\u00a0\u00bb2_3&Prime; _builder_version=\u00a0\u00bb4.6.6&Prime; _module_preset=\u00a0\u00bbdefault\u00a0\u00bb global_colors_info=\u00a0\u00bb{}\u00a0\u00bb][et_pb_text _builder_version=\u00a0\u00bb4.7.1&Prime; _module_preset=\u00a0\u00bbdefault\u00a0\u00bb header_3_text_align=\u00a0\u00bbright\u00a0\u00bb custom_padding=\u00a0\u00bb5px||0px||false|false\u00a0\u00bb header_text_align_last_edited=\u00a0\u00bboff|tablet\u00a0\u00bb header_3_text_align_tablet=\u00a0\u00bbleft\u00a0\u00bb header_3_text_align_phone=\u00a0\u00bb\u00a0\u00bb header_3_text_align_last_edited=\u00a0\u00bbon|desktop\u00a0\u00bb global_colors_info=\u00a0\u00bb{}\u00a0\u00bb]<div class=\"et_pb_module et_pb_text et_pb_text_8  et_pb_text_align_left et_pb_bg_layout_light\">\n<div class=\"et_pb_text_inner\">\n<p><strong>Cosy village vzw<\/strong>\u00a0\u2013 Naamsestraat \u2013\u00a0<a href=\"mailto:laurence.natural@gmail.com\">laurence.natural@gmail.com<\/a><\/p>\n<p><strong>W-Avenue<\/strong> &#8211; Bd. de Waterloo &#8211; <a href=\"http:\/\/w-avenue.be\">w-avenue.be<\/a><\/p>\n<\/div>\n<\/div>[\/et_pb_text][\/et_pb_column][\/et_pb_row][et_pb_row column_structure=\u00a0\u00bb1_3,2_3&Prime; use_custom_gutter=\u00a0\u00bbon\u00a0\u00bb gutter_width=\u00a0\u00bb2&Prime; disabled_on=\u00a0\u00bbon|on|on\u00a0\u00bb _builder_version=\u00a0\u00bb4.7.0&Prime; _module_preset=\u00a0\u00bbdefault\u00a0\u00bb disabled=\u00a0\u00bbon\u00a0\u00bb global_colors_info=\u00a0\u00bb{}\u00a0\u00bb][et_pb_column type=\u00a0\u00bb1_3&Prime; _builder_version=\u00a0\u00bb4.6.6&Prime; _module_preset=\u00a0\u00bbdefault\u00a0\u00bb global_colors_info=\u00a0\u00bb{}\u00a0\u00bb][et_pb_text content_tablet=\u00a0\u00bb<h3 class=%22p1%22 style=%22text-align: left;%22>Agenda<\/h3>\n\u00a0\u00bb content_phone=\u00a0\u00bb<h3 class=%22p1%22 style=%22text-align: left;%22>Agenda<\/h3>\n\u00a0\u00bb content_last_edited=\u00a0\u00bboff|desktop\u00a0\u00bb _builder_version=\u00a0\u00bb4.7.0&Prime; _module_preset=\u00a0\u00bbdefault\u00a0\u00bb header_3_text_align=\u00a0\u00bbright\u00a0\u00bb text_orientation=\u00a0\u00bbright\u00a0\u00bb custom_padding=\u00a0\u00bb5px||0px||false|false\u00a0\u00bb header_text_align_last_edited=\u00a0\u00bboff|tablet\u00a0\u00bb header_3_text_align_tablet=\u00a0\u00bbleft\u00a0\u00bb header_3_text_align_phone=\u00a0\u00bb\u00a0\u00bb header_3_text_align_last_edited=\u00a0\u00bbon|desktop\u00a0\u00bb text_orientation_tablet=\u00a0\u00bbleft\u00a0\u00bb text_orientation_phone=\u00a0\u00bb\u00a0\u00bb text_orientation_last_edited=\u00a0\u00bbon|phone\u00a0\u00bb border_width_top=\u00a0\u00bb1px\u00a0\u00bb border_color_top=\u00a0\u00bb#c0c0c0&Prime; global_colors_info=\u00a0\u00bb{}\u00a0\u00bb]<h4 class=\"p1\">Agenda<\/h4>[\/et_pb_text][\/et_pb_column][et_pb_column type=\u00a0\u00bb2_3&Prime; _builder_version=\u00a0\u00bb4.6.6&Prime; _module_preset=\u00a0\u00bbdefault\u00a0\u00bb global_colors_info=\u00a0\u00bb{}\u00a0\u00bb][et_pb_blog include_categories=\u00a0\u00bball\u00a0\u00bb excerpt_length=\u00a0\u00bb500&Prime; show_more=\u00a0\u00bbon\u00a0\u00bb show_author=\u00a0\u00bboff\u00a0\u00bb show_date=\u00a0\u00bboff\u00a0\u00bb show_categories=\u00a0\u00bboff\u00a0\u00bb show_pagination=\u00a0\u00bboff\u00a0\u00bb _builder_version=\u00a0\u00bb4.7.1&Prime; _module_preset=\u00a0\u00bbdefault\u00a0\u00bb header_font=\u00a0\u00bbgothamhtf-medium||||||||\u00a0\u00bb header_text_color=\u00a0\u00bb#707070&Prime; header_font_size=\u00a0\u00bb17px\u00a0\u00bb body_font_size=\u00a0\u00bb16px\u00a0\u00bb text_orientation=\u00a0\u00bbleft\u00a0\u00bb global_colors_info=\u00a0\u00bb{}\u00a0\u00bb][\/et_pb_blog][\/et_pb_column][\/et_pb_row][\/et_pb_section]\n","protected":false},"excerpt":{"rendered":"<p>De wijk rond de Kunstberg is het culturele hart van Brussel. Rond het Koningsplein liggen het Museum voor Schone Kunsten, het Magritte-museum, het Muziekinstrumentenmuseum, het Belvue-museum, de Coudenberg, Bozar en de Koninklijke Bibliotheek.De Wijk De gespecialiseerde boekhandels en kunstgalerijen vervolledigen het plaatje in deze koninklijke wijk die veel toeristen aantrekt. In de Naamsestraat, de toegangspoort [&hellip;]<\/p>\n","protected":false},"author":5,"featured_media":0,"parent":0,"menu_order":0,"comment_status":"closed","ping_status":"closed","template":"","meta":{"_et_pb_use_builder":"on","_et_pb_old_content":"<!-- wp:divi\/placeholder \/-->","_et_gb_content_width":"","inline_featured_image":false,"footnotes":""},"difl_page_category":[],"wf_page_folders":[47],"class_list":["post-3381","page","type-page","status-publish","hentry"],"yoast_head":"<!-- This site is optimized with the Yoast SEO plugin v27.5 - https:\/\/yoast.com\/product\/yoast-seo-wordpress\/ -->\n<title>De lokale handel in Brussel - commercelocal.brussels<\/title>\n<meta name=\"description\" content=\"Ontdek je wijk! De winkels bij jou in de buurt vormen de kern van zijn activiteit. Alles wat u moet weten, dit is waar het gebeurt!\" \/>\n<meta name=\"robots\" content=\"noindex, follow, max-snippet:-1, max-image-preview:large, max-video-preview:-1\" \/>\n<meta property=\"og:locale\" content=\"fr_FR\" \/>\n<meta property=\"og:type\" content=\"article\" \/>\n<meta property=\"og:title\" content=\"De lokale handel in Brussel - commercelocal.brussels\" \/>\n<meta property=\"og:description\" content=\"Ontdek je wijk! De winkels bij jou in de buurt vormen de kern van zijn activiteit. Alles wat u moet weten, dit is waar het gebeurt!\" \/>\n<meta property=\"og:url\" content=\"https:\/\/ultraviolet.work\/_commercelocal\/nl\/wijk-waterloolaan-naamsestraat\/\" \/>\n<meta property=\"og:site_name\" content=\"Le commerce local \u00e0 Bruxelles\" \/>\n<meta property=\"article:publisher\" content=\"https:\/\/www.facebook.com\/ishopinbrussels\/\" \/>\n<meta property=\"article:modified_time\" content=\"2021-09-08T06:02:58+00:00\" \/>\n<meta property=\"og:image\" content=\"https:\/\/ultraviolet.work\/_commercelocal\/wp-content\/uploads\/2021\/10\/Yoast-facebook-Share-1200x800-1.jpg\" \/>\n\t<meta property=\"og:image:width\" content=\"1200\" \/>\n\t<meta property=\"og:image:height\" content=\"800\" \/>\n\t<meta property=\"og:image:type\" content=\"image\/jpeg\" \/>\n<meta name=\"twitter:card\" content=\"summary_large_image\" \/>\n<meta name=\"twitter:label1\" content=\"Dur\u00e9e de lecture estim\u00e9e\" \/>\n\t<meta name=\"twitter:data1\" content=\"3 minutes\" \/>\n<script type=\"application\/ld+json\" class=\"yoast-schema-graph\">{\"@context\":\"https:\\\/\\\/schema.org\",\"@graph\":[{\"@type\":\"WebPage\",\"@id\":\"https:\\\/\\\/ultraviolet.work\\\/_commercelocal\\\/nl\\\/wijk-waterloolaan-naamsestraat\\\/\",\"url\":\"https:\\\/\\\/ultraviolet.work\\\/_commercelocal\\\/nl\\\/wijk-waterloolaan-naamsestraat\\\/\",\"name\":\"De lokale handel in Brussel - commercelocal.brussels\",\"isPartOf\":{\"@id\":\"https:\\\/\\\/ultraviolet.work\\\/_commercelocal\\\/#website\"},\"datePublished\":\"2020-11-18T07:56:48+00:00\",\"dateModified\":\"2021-09-08T06:02:58+00:00\",\"description\":\"Ontdek je wijk! De winkels bij jou in de buurt vormen de kern van zijn activiteit. Alles wat u moet weten, dit is waar het gebeurt!\",\"breadcrumb\":{\"@id\":\"https:\\\/\\\/ultraviolet.work\\\/_commercelocal\\\/nl\\\/wijk-waterloolaan-naamsestraat\\\/#breadcrumb\"},\"inLanguage\":\"fr-FR\",\"potentialAction\":[{\"@type\":\"ReadAction\",\"target\":[\"https:\\\/\\\/ultraviolet.work\\\/_commercelocal\\\/nl\\\/wijk-waterloolaan-naamsestraat\\\/\"]}]},{\"@type\":\"BreadcrumbList\",\"@id\":\"https:\\\/\\\/ultraviolet.work\\\/_commercelocal\\\/nl\\\/wijk-waterloolaan-naamsestraat\\\/#breadcrumb\",\"itemListElement\":[{\"@type\":\"ListItem\",\"position\":1,\"name\":\"Accueil\",\"item\":\"https:\\\/\\\/ultraviolet.work\\\/_commercelocal\\\/\"},{\"@type\":\"ListItem\",\"position\":2,\"name\":\"Wijk Waterloolaan &#8211; Naamsestraat\"}]},{\"@type\":\"WebSite\",\"@id\":\"https:\\\/\\\/ultraviolet.work\\\/_commercelocal\\\/#website\",\"url\":\"https:\\\/\\\/ultraviolet.work\\\/_commercelocal\\\/\",\"name\":\"Le commerce local \u00e0 Bruxelles\",\"description\":\"\",\"publisher\":{\"@id\":\"https:\\\/\\\/ultraviolet.work\\\/_commercelocal\\\/#organization\"},\"potentialAction\":[{\"@type\":\"SearchAction\",\"target\":{\"@type\":\"EntryPoint\",\"urlTemplate\":\"https:\\\/\\\/ultraviolet.work\\\/_commercelocal\\\/?s={search_term_string}\"},\"query-input\":{\"@type\":\"PropertyValueSpecification\",\"valueRequired\":true,\"valueName\":\"search_term_string\"}}],\"inLanguage\":\"fr-FR\"},{\"@type\":\"Organization\",\"@id\":\"https:\\\/\\\/ultraviolet.work\\\/_commercelocal\\\/#organization\",\"name\":\"Le commerce local \u00e0 Bruxelles - I shop in Brussels\",\"url\":\"https:\\\/\\\/ultraviolet.work\\\/_commercelocal\\\/\",\"logo\":{\"@type\":\"ImageObject\",\"inLanguage\":\"fr-FR\",\"@id\":\"https:\\\/\\\/ultraviolet.work\\\/_commercelocal\\\/#\\\/schema\\\/logo\\\/image\\\/\",\"url\":\"https:\\\/\\\/ultraviolet.work\\\/_commercelocal\\\/wp-content\\\/uploads\\\/2020\\\/11\\\/IShopBrussels_w400.png\",\"contentUrl\":\"https:\\\/\\\/ultraviolet.work\\\/_commercelocal\\\/wp-content\\\/uploads\\\/2020\\\/11\\\/IShopBrussels_w400.png\",\"width\":400,\"height\":200,\"caption\":\"Le commerce local \u00e0 Bruxelles - I shop in Brussels\"},\"image\":{\"@id\":\"https:\\\/\\\/ultraviolet.work\\\/_commercelocal\\\/#\\\/schema\\\/logo\\\/image\\\/\"},\"sameAs\":[\"https:\\\/\\\/www.facebook.com\\\/ishopinbrussels\\\/\"]}]}<\/script>\n<!-- \/ Yoast SEO plugin. -->","yoast_head_json":{"title":"De lokale handel in Brussel - commercelocal.brussels","description":"Ontdek je wijk! De winkels bij jou in de buurt vormen de kern van zijn activiteit. Alles wat u moet weten, dit is waar het gebeurt!","robots":{"index":"noindex","follow":"follow","max-snippet":"max-snippet:-1","max-image-preview":"max-image-preview:large","max-video-preview":"max-video-preview:-1"},"og_locale":"fr_FR","og_type":"article","og_title":"De lokale handel in Brussel - commercelocal.brussels","og_description":"Ontdek je wijk! De winkels bij jou in de buurt vormen de kern van zijn activiteit. Alles wat u moet weten, dit is waar het gebeurt!","og_url":"https:\/\/ultraviolet.work\/_commercelocal\/nl\/wijk-waterloolaan-naamsestraat\/","og_site_name":"Le commerce local \u00e0 Bruxelles","article_publisher":"https:\/\/www.facebook.com\/ishopinbrussels\/","article_modified_time":"2021-09-08T06:02:58+00:00","og_image":[{"width":1200,"height":800,"url":"https:\/\/ultraviolet.work\/_commercelocal\/wp-content\/uploads\/2021\/10\/Yoast-facebook-Share-1200x800-1.jpg","type":"image\/jpeg"}],"twitter_card":"summary_large_image","twitter_misc":{"Dur\u00e9e de lecture estim\u00e9e":"3 minutes"},"schema":{"@context":"https:\/\/schema.org","@graph":[{"@type":"WebPage","@id":"https:\/\/ultraviolet.work\/_commercelocal\/nl\/wijk-waterloolaan-naamsestraat\/","url":"https:\/\/ultraviolet.work\/_commercelocal\/nl\/wijk-waterloolaan-naamsestraat\/","name":"De lokale handel in Brussel - commercelocal.brussels","isPartOf":{"@id":"https:\/\/ultraviolet.work\/_commercelocal\/#website"},"datePublished":"2020-11-18T07:56:48+00:00","dateModified":"2021-09-08T06:02:58+00:00","description":"Ontdek je wijk! De winkels bij jou in de buurt vormen de kern van zijn activiteit. Alles wat u moet weten, dit is waar het gebeurt!","breadcrumb":{"@id":"https:\/\/ultraviolet.work\/_commercelocal\/nl\/wijk-waterloolaan-naamsestraat\/#breadcrumb"},"inLanguage":"fr-FR","potentialAction":[{"@type":"ReadAction","target":["https:\/\/ultraviolet.work\/_commercelocal\/nl\/wijk-waterloolaan-naamsestraat\/"]}]},{"@type":"BreadcrumbList","@id":"https:\/\/ultraviolet.work\/_commercelocal\/nl\/wijk-waterloolaan-naamsestraat\/#breadcrumb","itemListElement":[{"@type":"ListItem","position":1,"name":"Accueil","item":"https:\/\/ultraviolet.work\/_commercelocal\/"},{"@type":"ListItem","position":2,"name":"Wijk Waterloolaan &#8211; Naamsestraat"}]},{"@type":"WebSite","@id":"https:\/\/ultraviolet.work\/_commercelocal\/#website","url":"https:\/\/ultraviolet.work\/_commercelocal\/","name":"Le commerce local \u00e0 Bruxelles","description":"","publisher":{"@id":"https:\/\/ultraviolet.work\/_commercelocal\/#organization"},"potentialAction":[{"@type":"SearchAction","target":{"@type":"EntryPoint","urlTemplate":"https:\/\/ultraviolet.work\/_commercelocal\/?s={search_term_string}"},"query-input":{"@type":"PropertyValueSpecification","valueRequired":true,"valueName":"search_term_string"}}],"inLanguage":"fr-FR"},{"@type":"Organization","@id":"https:\/\/ultraviolet.work\/_commercelocal\/#organization","name":"Le commerce local \u00e0 Bruxelles - I shop in Brussels","url":"https:\/\/ultraviolet.work\/_commercelocal\/","logo":{"@type":"ImageObject","inLanguage":"fr-FR","@id":"https:\/\/ultraviolet.work\/_commercelocal\/#\/schema\/logo\/image\/","url":"https:\/\/ultraviolet.work\/_commercelocal\/wp-content\/uploads\/2020\/11\/IShopBrussels_w400.png","contentUrl":"https:\/\/ultraviolet.work\/_commercelocal\/wp-content\/uploads\/2020\/11\/IShopBrussels_w400.png","width":400,"height":200,"caption":"Le commerce local \u00e0 Bruxelles - I shop in Brussels"},"image":{"@id":"https:\/\/ultraviolet.work\/_commercelocal\/#\/schema\/logo\/image\/"},"sameAs":["https:\/\/www.facebook.com\/ishopinbrussels\/"]}]}},"_links":{"self":[{"href":"https:\/\/ultraviolet.work\/_commercelocal\/wp-json\/wp\/v2\/pages\/3381","targetHints":{"allow":["GET"]}}],"collection":[{"href":"https:\/\/ultraviolet.work\/_commercelocal\/wp-json\/wp\/v2\/pages"}],"about":[{"href":"https:\/\/ultraviolet.work\/_commercelocal\/wp-json\/wp\/v2\/types\/page"}],"author":[{"embeddable":true,"href":"https:\/\/ultraviolet.work\/_commercelocal\/wp-json\/wp\/v2\/users\/5"}],"replies":[{"embeddable":true,"href":"https:\/\/ultraviolet.work\/_commercelocal\/wp-json\/wp\/v2\/comments?post=3381"}],"version-history":[{"count":0,"href":"https:\/\/ultraviolet.work\/_commercelocal\/wp-json\/wp\/v2\/pages\/3381\/revisions"}],"wp:attachment":[{"href":"https:\/\/ultraviolet.work\/_commercelocal\/wp-json\/wp\/v2\/media?parent=3381"}],"wp:term":[{"taxonomy":"difl_page_category","embeddable":true,"href":"https:\/\/ultraviolet.work\/_commercelocal\/wp-json\/wp\/v2\/difl_page_category?post=3381"},{"taxonomy":"wf_page_folders","embeddable":true,"href":"https:\/\/ultraviolet.work\/_commercelocal\/wp-json\/wp\/v2\/wf_page_folders?post=3381"}],"curies":[{"name":"wp","href":"https:\/\/api.w.org\/{rel}","templated":true}]}}