{"id":776,"date":"2021-09-25T07:51:22","date_gmt":"2021-09-25T05:51:22","guid":{"rendered":"https:\/\/ultraviolet.work\/_commercelocal\/?page_id=776"},"modified":"2021-09-26T08:31:02","modified_gmt":"2021-09-26T06:31:02","slug":"confidentialite","status":"publish","type":"page","link":"https:\/\/ultraviolet.work\/_commercelocal\/confidentialite\/","title":{"rendered":"Confidentialit\u00e9"},"content":{"rendered":"<p>[et_pb_section fb_built=\u00a0\u00bb1&Prime; admin_label=\u00a0\u00bbPopup &#8211; #undefined\u00a0\u00bb _builder_version=\u00a0\u00bb4.10.6&Prime; custom_padding=\u00a0\u00bb50px||100px||false|false\u00a0\u00bb global_colors_info=\u00a0\u00bb{}\u00a0\u00bb][et_pb_row _builder_version=\u00a0\u00bb4.6.6&Prime; custom_padding=\u00a0\u00bb||100px||false|false\u00a0\u00bb global_colors_info=\u00a0\u00bb{}\u00a0\u00bb][et_pb_column type=\u00a0\u00bb4_4&Prime; _builder_version=\u00a0\u00bb4.4.1&Prime; global_colors_info=\u00a0\u00bb{}\u00a0\u00bb][et_pb_text _builder_version=\u00a0\u00bb4.10.6&Prime; header_text_align=\u00a0\u00bbcenter\u00a0\u00bb header_text_color=\u00a0\u00bb#474747&Prime; header_font_size=\u00a0\u00bb40px\u00a0\u00bb header_2_font=\u00a0\u00bbgothamhtf-book||||||||\u00a0\u00bb header_2_font_size=\u00a0\u00bb34px\u00a0\u00bb header_3_font=\u00a0\u00bbRaleway|700|||||||\u00a0\u00bb header_3_text_align=\u00a0\u00bbleft\u00a0\u00bb header_3_font_size=\u00a0\u00bb26px\u00a0\u00bb header_3_line_height=\u00a0\u00bb1em\u00a0\u00bb header_4_font=\u00a0\u00bbgothamhtf-medium||||||||\u00a0\u00bb header_4_text_color=\u00a0\u00bb#707070&Prime; header_4_font_size=\u00a0\u00bb19px\u00a0\u00bb header_5_font=\u00a0\u00bbRaleway|500|||||||\u00a0\u00bb header_font_size_tablet=\u00a0\u00bb30px\u00a0\u00bb header_font_size_phone=\u00a0\u00bb24px\u00a0\u00bb header_font_size_last_edited=\u00a0\u00bbon|desktop\u00a0\u00bb global_colors_info=\u00a0\u00bb{}\u00a0\u00bb]<\/p>\n<h1 style=\"text-align: left;\">Protection de vos donn\u00e9es personnelles<\/h1>\n<p style=\"text-align: left;\"><em>Derni\u00e8re modification septembre 2021<\/em><\/p>\n<p style=\"text-align: left;\">L\u2019ASBL Entreprendre Bruxelles (ci-apr\u00e8s \u201cl\u2019ASBL\u201d\u00a0\u00bb) prend la protection de votre vie priv\u00e9e et de vos donn\u00e9es personnelles tr\u00e8s au s\u00e9rieux.<\/p>\n<p style=\"text-align: left;\">Cette d\u00e9claration a pour but de vous informer de la fa\u00e7on dont l\u2019ASBL collecte, traite et utilise vos donn\u00e9es personnelles dans le cadre de ses activit\u00e9s et projets, pour l\u2019envoi de communication, dans ses relations professionnelles ou encore lorsque vous utilisez ses sites web.<\/p>\n<p style=\"text-align: left;\">Le traitement des donn\u00e9es personnelles est r\u00e9alis\u00e9 conform\u00e9ment aux obligations du R\u00e8glement G\u00e9n\u00e9ral sur la Protection des Donn\u00e9es (le RGPD), toutes les r\u00e8glementations li\u00e9es \u00e0 la protection de la vie priv\u00e9e et des donn\u00e9es personnelles applicables et de la politique de protection des donn\u00e9es de l\u2019ASBL.<\/p>\n<h3 style=\"text-align: left;\">1. Le responsable du traitement<\/h3>\n<p style=\"text-align: left;\">Le responsable du traitement des donn\u00e9es personnelles est l\u2019ASBL Entreprendre Bruxelles, situ\u00e9e Quai au Bois \u00e0 Br\u00fbler, 47 \u00e0 1000 Bruxelles.<\/p>\n<p style=\"text-align: left;\">Vous pouvez contacter le d\u00e9l\u00e9gu\u00e9 \u00e0 la protection des donn\u00e9es via l\u2019adresse <a href=\"mailto:privacy@entreprendre-brucity.be\">privacy@entreprendre-brucity.be<\/a>. Vous trouverez plus d\u2019information concernant la mani\u00e8re dont vous pouvez exercer vos droits au chapitre 7.<\/p>\n<h3 style=\"text-align: left;\">2. Quelles donn\u00e9es personnelles l\u2019ASBL collecte-t-elle ?<\/h3>\n<p style=\"text-align: left;\">Les donn\u00e9es vous concernant que l\u2019ASBL collecte, le cas \u00e9ch\u00e9ant, sont :<\/p>\n<ul style=\"text-align: left;\">\n<li>Des donn\u00e9es d\u2019identification personnelles et professionnelles : comme votre nom, pr\u00e9nom, date de naissance, sexe,, num\u00e9ro d\u2019entreprise, num\u00e9ro de TVA, &#8230;<\/li>\n<li>Donn\u00e9es de contact : adresse postale, adresse email, num\u00e9ro de t\u00e9l\u00e9phone, \u2026<\/li>\n<li>Donn\u00e9es bancaires : num\u00e9ro de comptes, informations sur le titulaire, &#8230;<\/li>\n<li>Donn\u00e9es concernant votre comportement en ligne : comme les liens sur lesquels vous cliquez, les pages que vous visitez<\/li>\n<li>Des photos ou vid\u00e9os prises lors d\u2019activit\u00e9s ou projets<\/li>\n<li>Des donn\u00e9es concernant les services et produits que vous offrez (pour les commer\u00e7ants, artisans, fournisseurs, artistes,\u2026)<\/li>\n<li>Des donn\u00e9es concernant des plaintes, des questions, des remarques<\/li>\n<li>Des donn\u00e9es concernant vos comp\u00e9tences professionnelles (pour les candidats \u00e0 une offre d\u2019emploi)<\/li>\n<\/ul>\n<h3 style=\"text-align: left;\">3. Dans quels buts l&rsquo;ASBL traite-t-elle vos donn\u00e9es et sur quels fondements juridiques ?<\/h3>\n<p style=\"text-align: left;\">l&rsquo;ASBL collecte et utilise vos donn\u00e9es pour des finalit\u00e9s sp\u00e9cifiques, explicites, l\u00e9gitimes, et n\u2019utilisera pas ces donn\u00e9es pour des finalit\u00e9s ult\u00e9rieures qui ne seraient pas compatibles avec les finalit\u00e9s initiales.<\/p>\n<h5 style=\"text-align: left;\">3.1. Gestion du recrutement<\/h5>\n<ul style=\"text-align: left;\">\n<li><u>personnes concern\u00e9es\u00a0<\/u>: les candidats \u00e0 un poste \u00e0 l\u2019ASBL<\/li>\n<li><u>donn\u00e9es trait\u00e9es\u00a0<\/u><u>:<\/u> donn\u00e9es d\u2019identification, de contact, CV, lettre de motivation, interview, comp\u00e9tences, informations disponibles publiquement concernant le candidat<\/li>\n<li><u>conservation\u00a0<\/u>: dur\u00e9e n\u00e9cessaire pour la gestion de la candidature. Le nom des personnes posant leur candidature est archiv\u00e9e<\/li>\n<li><u>transfert vers des tiers\u00a0<\/u>: non<\/li>\n<li><u>fondement juridique*\u00a0<\/u>: mesures pr\u00e9contractuelles<\/li>\n<\/ul>\n<h5 style=\"text-align: left;\">3.2. R\u00e9serve de recrutement<\/h5>\n<ul style=\"text-align: left;\">\n<li><u>personnes concern\u00e9es\u00a0<\/u>: les candidats \u00e0 un poste \u00e0 l\u2019ASBL n\u2019ayant pas \u00e9t\u00e9 retenus, mais dont le profil pourrait convenir \u00e0 l\u2019avenir<\/li>\n<li><u>donn\u00e9es trait\u00e9es\u00a0: <\/u>CV, lettre de motivation, r\u00e9sum\u00e9 de l\u2019interview, comp\u00e9tences<\/li>\n<li><u>conservation\u00a0:<\/u> les donn\u00e9es sont conserv\u00e9s encore 1 an apr\u00e8s la cl\u00f4ture de la proc\u00e9dure dans le cadre d\u2019une r\u00e9serve de recrutement<\/li>\n<li><u>transfert vers des tiers\u00a0:<\/u> non<\/li>\n<li><u>fondement juridique*\u00a0:<\/u> int\u00e9r\u00eat l\u00e9gitime de l&rsquo;ASBL<\/li>\n<\/ul>\n<h5 style=\"text-align: left;\">3.3. Gestion de la base de donn\u00e9es d\u2019artistes, d\u2019artisans, d\u2019influenceurs, de propri\u00e9taires, de partenaires et de fournisseurs<\/h5>\n<ul style=\"text-align: left;\">\n<li><u>personnes concern\u00e9es\u00a0<\/u>: artistes, artisans, influenceurs, propri\u00e9taires, partenaires et fournisseurs<\/li>\n<li><u>donn\u00e9es trait\u00e9es\u00a0:<\/u> donn\u00e9es d\u2019identification, de contact, d\u00e9tail du service, produit, de la cr\u00e9ation<\/li>\n<li><u>conservation\u00a0:<\/u> jusqu\u2019\u00e0 la demande d\u2019effacement \u2013 apr\u00e8s 5 ans \u00e0 partir de la date de la derni\u00e8re prise de contact, de la derni\u00e8re participation \u00e0 une action, un projet, un march\u00e9 ou une commande<\/li>\n<li><u>transfert vers des tiers\u00a0:<\/u> sous-traitance technique; en cas de consentement envoi vers des tiers qui d\u00e9sirent prendre contact dans un cadre professionnel<\/li>\n<li><u>fondement juridique*\u00a0:<\/u> mesure pr\u00e9contractuelles ou contrat le cas \u00e9ch\u00e9ant, int\u00e9r\u00eat l\u00e9gitime de l&rsquo;ASBL et consentement (pour le transfert \u00e0 des tiers)<\/li>\n<\/ul>\n<h5 style=\"text-align: left;\">3.5. Gestion de la base de donn\u00e9es des\u00a0 commer\u00e7ants et associations de commer\u00e7ants<\/h5>\n<ul style=\"text-align: left;\">\n<li><u>personnes concern\u00e9es\u00a0<\/u>: commer\u00e7ants et associations de commer\u00e7ants<\/li>\n<li><u>donn\u00e9es trait\u00e9es<\/u>: donn\u00e9es d\u2019identification, de contact, d\u00e9tail du produit<\/li>\n<li><u>conservation\u00a0:<\/u> Jusqu\u2019\u00e0 la demande d\u2019effacement<\/li>\n<li><u>transfert vers des tiers\u00a0<\/u>: sous-traitance technique (app et site d\u2019inscription aux activit\u00e9s ou projets)\u00a0; en cas de consentement, envoi vers des tiers qui d\u00e9sirent prendre contact dans un cadre professionnel<\/li>\n<li><u>fondement juridique*\u00a0:<\/u>mesure pr\u00e9contractuelles ou contrat le cas \u00e9ch\u00e9ant, int\u00e9r\u00eat l\u00e9gitime et consentement (pour le transfert \u00e0 des tiers)<\/li>\n<\/ul>\n<h5 style=\"text-align: left;\">3.9. Analyses statistiques<\/h5>\n<ul style=\"text-align: left;\">\n<li><u>personnes concern\u00e9es\u00a0<\/u>: participants \u00e0 des actions, projets, internautes<\/li>\n<li><u>donn\u00e9es trait\u00e9es<\/u>: taux de participation, d\u2019inscription, utilisation des sites internet<\/li>\n<li><u>conservation\u00a0:<\/u> illimit\u00e9 (donn\u00e9es statistiques anonymis\u00e9es)<\/li>\n<li><u>transfert vers des tiers\u00a0<\/u>: Google analytics &#8211; USA<\/li>\n<li><u>fondement juridique*\u00a0:<\/u>int\u00e9r\u00eat l\u00e9gitime ou consentement (en cas d\u2019utilisation de cookies)<\/li>\n<\/ul>\n<h5 style=\"text-align: left;\">3.12. Gestion des contacts avec les media<\/h5>\n<ul style=\"text-align: left;\">\n<li><u>personnes concern\u00e9es\u00a0<\/u>: personnes de contact media<\/li>\n<li><u>donn\u00e9es trait\u00e9es<\/u>: donn\u00e9es d\u2019identification, secteur, donn\u00e9es de contact, contacts ant\u00e9rieurs<\/li>\n<li><u>conservation\u00a0:<\/u> jusqu\u2019\u00e0 la demande d\u2019effacement<\/li>\n<li><u>transfert vers des tiers\u00a0<\/u>: non<\/li>\n<li><u>fondement juridique*\u00a0:<\/u> int\u00e9r\u00eat l\u00e9gitime de l&rsquo;ASBL<\/li>\n<\/ul>\n<h5 style=\"text-align: left;\">3.13. Communication via les r\u00e9seaux sociaux (r\u00e9ponses aux questions, demandes)<\/h5>\n<ul style=\"text-align: left;\">\n<li><u>personnes concern\u00e9es\u00a0<\/u>: internautes<\/li>\n<li><u>donn\u00e9es trait\u00e9es<\/u>: questions, demandes, images, et autres donn\u00e9es communiqu\u00e9es<\/li>\n<li><u>conservation\u00a0:<\/u> conform\u00e9ment aux conditions des r\u00e9seaux sociaux (FB, Twitter, autres)<\/li>\n<li><u>transfert vers des tiers\u00a0<\/u>: non<\/li>\n<li><u>fondement juridique*\u00a0<\/u>: demandes des internautes<\/li>\n<\/ul>\n<h5 style=\"text-align: left;\">3.14. Utilisation de vid\u00e9os et photos pour la promotion des activit\u00e9s ou projets\u00a0 de l&rsquo;ASBL<\/h5>\n<ul style=\"text-align: left;\">\n<li><u>personnes concern\u00e9es\u00a0<\/u>: internautes, participants aux activit\u00e9s ou projets<\/li>\n<li><u>donn\u00e9es trait\u00e9es<\/u>: images et vid\u00e9os de foules, images et vid\u00e9o de personnes participant \u00e0 des activit\u00e9s ou projets<\/li>\n<li><u>conservation\u00a0:<\/u> images de foules\u00a0: 5 ans puis archivage, images de personnes ayant donn\u00e9 leur consentement\u00a0: voir dur\u00e9e de conservation sur le document communiqu\u00e9<\/li>\n<li><u>transfert vers des tiers\u00a0<\/u>: publication sur les r\u00e9seaux sociaux, le site web<\/li>\n<li><u>fondement juridique*\u00a0:<\/u> photos individuelles\u00a0: consentement\u00a0; foules\u00a0: int\u00e9r\u00eat l\u00e9gitime de l&rsquo;ASBL<\/li>\n<\/ul>\n<h5 style=\"text-align: left;\">3.17. Gestion des plaintes<\/h5>\n<ul style=\"text-align: left;\">\n<li><u>personnes concern\u00e9es\u00a0<\/u>: plaignants<\/li>\n<li><u>donn\u00e9es trait\u00e9es<\/u>: donn\u00e9es d\u2019identification, de contact, plainte, contexte, suivi<\/li>\n<li><u>conservation\u00a0:<\/u> 1 an apr\u00e8s la gestion compl\u00e8te de la plainte, puis archivage<\/li>\n<li><u>transfert vers des tiers\u00a0<\/u>: non<\/li>\n<li><u>fondement juridique*\u00a0:<\/u> int\u00e9r\u00eat l\u00e9gitime de l&rsquo;ASBL<\/li>\n<\/ul>\n<h5 style=\"text-align: left;\">*Les fondements juridiques<\/h5>\n<p style=\"text-align: left;\">Les bases sur lesquelles nous traitons vos donn\u00e9es sont<\/p>\n<ul style=\"text-align: left;\">\n<li><u>l\u2019ex\u00e9cution d\u2019un contrat<\/u> : vos donn\u00e9es personnelles sont trait\u00e9es par l&rsquo;ASBL pour l\u2019ex\u00e9cution d\u2019un contrat que vous avez conclu avec lui, ou pour l&rsquo;ex\u00e9cution de mesures pr\u00e9contractuelles prises \u00e0 votre demande.<\/li>\n<li><u>votre consentement<\/u>: l&rsquo;ASBL demandera votre consentement pour pouvoir utiliser vos donn\u00e9es personnelles dans des buts pr\u00e9cis. Lorsque nous traitons vos donn\u00e9es sur la base de votre consentement, vous avez \u00e0 tout moment le droit de retirer ce consentement.<\/li>\n<li><u>une obligation l\u00e9gale<\/u>: l&rsquo;ASBL a parfois l\u2019obligation l\u00e9gale de traiter vos donn\u00e9es.<\/li>\n<li><u>Notre int\u00e9r\u00eat l\u00e9gitime<\/u>: Dans certaines situations, le traitement des donn\u00e9es est n\u00e9cessaire aux fins des int\u00e9r\u00eats l\u00e9gitimes poursuivis par l&rsquo;ASBL. Dans ce cas, nous v\u00e9rifierons que vos int\u00e9r\u00eats, libert\u00e9s et droits fondamentaux ne pr\u00e9valent pas sur les int\u00e9r\u00eats de l&rsquo;ASBL. Lorsque nous traitons vos donn\u00e9es sur la base de notre int\u00e9r\u00eat l\u00e9gitime, il vous est possible \u00e0 tout moment de nous informer que votre int\u00e9r\u00eat pr\u00e9vaut sur le n\u00f4tre.<\/li>\n<\/ul>\n<h3 style=\"text-align: left;\">4. Achat<\/h3>\n<p style=\"text-align: left;\">Si vous \u00eates client ou acheteur, nous traitons vos donn\u00e9es d\u2019identification personnelle que vous nous fournissez (telles que votre nom, pr\u00e9nom, adresse de facturation et de livraison, login, adresse e-mail, num\u00e9ro de t\u00e9l\u00e9phone, date de naissance, num\u00e9ro client, donn\u00e9es relatives au paiement) pour le traitement de votre commande lorsque vous effectuez des achats sur le site web ou encore pour une demande sur votre commande ou votre statut client.<\/p>\n<p style=\"text-align: left;\">Pour assurer le meilleur suivi possible \u00e0 nos utilisateurs\/acheteurs, nous transmettons les donn\u00e9es dans le cadre de ce qui est autoris\u00e9 par la loi \u00e0 d\u2019autres entreprises exclusivement aux fins d\u2019ex\u00e9cuter correctement les commandes et uniquement dans les limites n\u00e9cessaires et nous garantissons que vos donn\u00e9es sont trait\u00e9es par nous conform\u00e9ment aux instructions.<\/p>\n<h3 style=\"text-align: left;\">5. Lettre d\u2019information<\/h3>\n<p style=\"text-align: left;\">Afin de recevoir la lettre d\u2019information de l\u2019ASBL, vous remplissez votre adresse e-mail et vous recevez un e-mail avec la demande de cliquer sur un lien. Grace \u00e0 ce double \u201copt-in\u201d, l\u2019ASBL s\u2019assure que vous en \u00eates le destinataire exact. Dans chaque lettre d\u2019information, vous avez un lien qui vous permet de vous d\u00e9sinscrire.<\/p>\n<p style=\"text-align: left;\">Veuillez bien prendre connaissance que, en ce qui concerne la lettre d\u2019information de l\u2019ASBL, l\u2019ASBL fait appel \u00e0 des technologies de suivi afin de mesurer l\u2019action conduite par rapport \u00e0 ses communications par courrier \u00e9lectronique comme la lecture ou l\u2019activit\u00e9 d\u2019un \u2018clic\u2019.<\/p>\n<p style=\"text-align: left;\">MailChimp, la solution utilis\u00e9e par l\u2019ASBL, stocke des donn\u00e9es \u00e0 caract\u00e8re personnel aux Etats-Unis et est certifi\u00e9 sous le UE-EU Privacy Shield Framework. Les donn\u00e9es peuvent \u00eatre communiqu\u00e9es par MailChimp aux tiers.<\/p>\n<p style=\"text-align: left;\">Vous pouvez consulter la politique de confidentialit\u00e9 de MailChimp sur leur site web :<\/p>\n<p style=\"text-align: left;\"><a href=\"https:\/\/mailchimp.com\/legal\/privacy\/?_ga=2.33089918.1981615169.1525775865-2123803736.1518706982\">Privacy Policy MailChimp<\/a><\/p>\n<p style=\"text-align: left;\">Si vous ne souhaitez pas confirmer que vous avez ouvert, activ\u00e9 d\u2019un clic ou r\u00e9achemin\u00e9 les communications de l\u2019ASBL, vous devrez vous d\u00e9sabonner, car il est techniquement impossible pour l\u2019ASBL d\u2019envoyer toute communication sans que la fonction analytique ne soit activ\u00e9e. Vous pouvez vous d\u00e9sabonner \u00e0 tout moment en suivant les instructions fournies dans les communications par courriels individuels que vous recevez de la part de l\u2019ASBL.<\/p>\n<h3 style=\"text-align: left;\">6. Avec qui partage-t-on vos donn\u00e9es ?<\/h3>\n<p style=\"text-align: left;\">1) Nous utilisons des services techniques de fournisseurs externes\u00a0:<\/p>\n<ul style=\"text-align: left;\">\n<li>Des gestionnaires de bases de donn\u00e9es (qui font la gestion des donn\u00e9es, veillent \u00e0 leur mise \u00e0 jour, \u00e0 leur qualit\u00e9)<\/li>\n<li>Des fournisseurs de syst\u00e8mes informatiques et d\u2019applications<\/li>\n<li>Des consultants externes<\/li>\n<li>Des services d\u2019h\u00e9bergement de donn\u00e9es, de s\u00e9curisation de donn\u00e9es<\/li>\n<\/ul>\n<p style=\"text-align: left;\">Nous vous garantissons que ces fournisseurs ont acc\u00e8s uniquement \u00e0 vos donn\u00e9es dans la mesure o\u00f9 cela s\u2019av\u00e8re n\u00e9cessaire pour ex\u00e9cuter leurs t\u00e2ches. Nous garantissons \u00e9galement qu\u2019ils sont li\u00e9s par une obligation de confidentialit\u00e9 et qu\u2019ils ne peuvent traiter les donn\u00e9es que conform\u00e9ment aux instructions que nous leur avons donn\u00e9es.<\/p>\n<p style=\"text-align: left;\">2) Nous sommes parfois tenus de transmettre des donn\u00e9es personnelles vous concernant \u00e0 des autorit\u00e9s publiques. C\u2019est le cas lorsqu\u2019une loi, un r\u00e8glement ou une proc\u00e9dure judiciaire nous y oblige : \u00e0 la demande des autorit\u00e9s, des pompiers, des forces de police dans le cadre d\u2019actions en application de la loi. Il est \u00e9galement possible que nous pensions qu\u2019il est n\u00e9cessaire ou souhaitable de transmettre vos donn\u00e9es pour pr\u00e9venir un dommage physique ou financier, ou en cas d\u2019enqu\u00eate sur une fraude pr\u00e9sum\u00e9e ou av\u00e9r\u00e9e ou sur des activit\u00e9s ill\u00e9gales.<\/p>\n<p style=\"text-align: left;\">3) Lorsque vos donn\u00e9es sont transmises vers un pays hors de l\u2019Espace Economique europ\u00e9en et lorsque le niveau de protection des donn\u00e9es dans ce pays n\u2019est pas jug\u00e9 ad\u00e9quat par la Commission europ\u00e9enne, nous pr\u00e9voyons les garanties n\u00e9cessaires pour prot\u00e9ger vos donn\u00e9es (nous utilisons habituellement les clauses contractuelles standard de la Commission europ\u00e9enne). Nous assurons de cette fa\u00e7on que les donn\u00e9es que nous transmettons vers des pays tiers soient prot\u00e9g\u00e9es de mani\u00e8re ad\u00e9quate.<\/p>\n<h3 style=\"text-align: left;\">7. Vos droits<\/h3>\n<p style=\"text-align: left;\">Vous avez un droit d\u2019acc\u00e9der \u00e0 vos donn\u00e9es, de recevoir l\u2019information concernant le traitement de vos donn\u00e9es, un droit de rectification, d\u2019opposition, de limitation, d\u2019effacement et de portabilit\u00e9 de vos donn\u00e9es.<\/p>\n<p style=\"text-align: left;\">Vous pouvez vous adresser \u00e0 <a href=\"mailto:privacy@entreprendre-brucity.be\">privacy@entreprendre-brucity.be<\/a> pour faire valoir vos droits. Notez qu\u2019en cas de doute l&rsquo;ASBL se r\u00e9serve le droit de v\u00e9rifier l\u2019identit\u00e9 du demandeur avant de r\u00e9pondre \u00e0 la demande.<\/p>\n<p style=\"text-align: left;\">L\u2019ASBL s\u2019engage \u00e0 vous r\u00e9pondre sans d\u00e9lai et au plus tard dans le mois de la r\u00e9ception de votre demande concernant les droits d\u00e9crits ci-dessous. Nous estimons le moment de la r\u00e9ception lorsque votre demande est compl\u00e8te, ce qui inclut la r\u00e9ception d\u2019une preuve de votre identit\u00e9 ou d\u2019une certitude de notre part concernant votre identit\u00e9. Lorsque votre demande est complexe ou que vous nous faites de nombreuses demandes, cette p\u00e9riode d\u2019un mois peut \u00e9ventuellement \u00eatre prolong\u00e9e de 2 mois. Nous vous informerons le plus rapidement possible d\u2019une telle prolongation.<\/p>\n<p style=\"text-align: left;\">Si vous n\u2019\u00eates pas d\u2019accord de la fa\u00e7on dont l\u2019ASBL traite vos donn\u00e9es, vous pouvez vous adresser \u00e0 l\u2019Autorit\u00e9 de Protection des Donn\u00e9es :<\/p>\n<ul style=\"text-align: left;\">\n<li>par courrier : Rue de la Presse 35 \u2013 1000 Bruxelles<\/li>\n<li>par e-mail : <a href=\"mailto:contact@apd-gba.be\">contact@apd-gba.be<\/a><\/li>\n<li><a href=\"https:\/\/www.autoriteprotectiondonnees.be\/\">https:\/\/www.autoriteprotectiondonnees.be<\/a><\/li>\n<\/ul>\n<h3 style=\"text-align: left;\">8. S\u00e9curisation de vos donn\u00e9es<\/h3>\n<p style=\"text-align: left;\">Nous faisons en sorte que vos donn\u00e9es personnelles soient prot\u00e9g\u00e9es par les mesures de s\u00e9curit\u00e9 techniques et organisationnelles ad\u00e9quates contre toute perte, destruction, alt\u00e9ration, utilisation, divulgation ou acc\u00e8s non autoris\u00e9, de mani\u00e8re accidentelle ou illicite.<\/p>\n<h3 style=\"text-align: left;\">9. R\u00e9seaux sociaux<\/h3>\n<p style=\"text-align: left;\">L&rsquo;ASBL utilise les r\u00e9seaux sociaux (Facebook, Twitter, Instagram\u2026) pour vous transmettre de l\u2019information. Vous pouvez \u00e9galement contacter l&rsquo;ASBL par ce biais. L&rsquo;ASBL utilisera alors vos donn\u00e9es pour r\u00e9pondre \u00e0 votre question, votre remarque ou traiter votre plainte.<\/p>\n<p style=\"text-align: left;\">Les conditions g\u00e9n\u00e9rales des fournisseurs de ces r\u00e9seaux sociaux sont d\u2019application. En utilisant ces services, vous avez accept\u00e9 ces conditions. Vous trouverez d\u00e8s lors sur leurs plates-formes plus d\u2019information sur la fa\u00e7on dont ces fournisseurs de service utilisent vos donn\u00e9es. l&rsquo;ASBL n\u2019est pas responsable du traitement de vos donn\u00e9es par ces fournisseurs de service.\u00a0\u00a0Il est n\u00e9anmoins responsable de vous fournir les informations concernant son utilisation de vos donn\u00e9es sur les r\u00e9seaux sociaux.<\/p>\n<p style=\"text-align: left;\">L&rsquo;ASBL utilise les services des r\u00e9seaux sociaux pour faire la promotion de ses \u00e9v\u00e9nements. Il peut aussi envoyer des communications \u00e0 des personnes qui lui font des demandes ou lui posent des questions.<\/p>\n<p style=\"text-align: left;\">L&rsquo;ASBL suit toutes les informations qui sont publi\u00e9es \u00e0 son sujet sur les r\u00e9seaux sociaux. Elle conserve ces donn\u00e9es. Des donn\u00e9es que vous avez publi\u00e9es au sujet de l&rsquo;ASBL peuvent donc \u00eatre conserv\u00e9es dans ce cadre.<\/p>\n<p style=\"text-align: left;\">L&rsquo;ASBL peut y publier des photos de ses activit\u00e9s ou projets, y compris des photos de personnes y assistant.<\/p>\n<p style=\"text-align: left;\">Enfin, les r\u00e9seaux sociaux peuvent aussi \u00eatre utilis\u00e9s dans le cadre de campagnes de recrutement pour avoir acc\u00e8s aux informations que vous postez ou pour vous contacter (lorsque votre profil est ouvert \u00e0 l\u2019ASBL).<\/p>\n<h3 style=\"text-align: left;\">10. Liens vers d\u2019autres sites<\/h3>\n<p style=\"text-align: left;\">Le site internet de l&rsquo;ASBL peut contenir des liens vers des sites web qui sont g\u00e9r\u00e9s par des entreprises autres que l&rsquo;ASBL. Ces sites devraient avoir leur propre d\u00e9claration vie priv\u00e9e. Nous insistons sur la n\u00e9cessit\u00e9 de lire ces d\u00e9clarations attentivement lorsque vous surfez sur ces sites. l&rsquo;ASBL ne peut en aucun cas \u00eatre responsable du contenu de ces sites ou de la mani\u00e8re dont les donn\u00e9es \u00e0 caract\u00e8re personnel sont trait\u00e9es par ces tiers.<\/p>\n<h3 style=\"text-align: left;\">11. Modification de cette D\u00e9claration<\/h3>\n<p style=\"text-align: left;\">Cette D\u00e9claration peut \u00eatre modifi\u00e9e p\u00e9riodiquement pour refl\u00e9ter au mieux la politique de protection des donn\u00e9es \u00e0 caract\u00e8re personnel de l&rsquo;ASBL. Vous trouverez la date de derni\u00e8re modification en haut de cette page.<\/p>\n<h3 style=\"text-align: left;\">12. Contactez-nous<\/h3>\n<p style=\"text-align: left;\">Vous pouvez nous contacter sur\u00a0<a href=\"mailto:privacy@entreprendre-brucity.be\">privacy@entreprendre-brucity.be<\/a> si vous avez des\u00a0questions, des\u00a0plaintes\u00a0ou une\u00a0demande\u00a0concernant le traitement de vos donn\u00e9es personnelles.<\/p>\n<div class=\"field field-name-body field-type-text-with-summary field-label-hidden\">\n<div class=\"field-items\">\n<div class=\"field-item even\" property=\"content:encoded\" style=\"text-align: left;\"><\/div>\n<\/div>\n<\/div>\n<p>[\/et_pb_text][\/et_pb_column][\/et_pb_row][\/et_pb_section]<\/p>\n","protected":false},"excerpt":{"rendered":"<p>Protection de vos donn\u00e9es personnelles Derni\u00e8re modification septembre 2021 L\u2019ASBL Entreprendre Bruxelles (ci-apr\u00e8s \u201cl\u2019ASBL\u201d\u00a0\u00bb) prend la protection de votre vie priv\u00e9e et de vos donn\u00e9es personnelles tr\u00e8s au s\u00e9rieux. Cette d\u00e9claration a pour but de vous informer de la fa\u00e7on dont l\u2019ASBL collecte, traite et utilise vos donn\u00e9es personnelles dans le cadre de ses activit\u00e9s [&hellip;]<\/p>\n","protected":false},"author":5,"featured_media":0,"parent":0,"menu_order":0,"comment_status":"closed","ping_status":"closed","template":"","meta":{"_et_pb_use_builder":"on","_et_pb_old_content":"","_et_gb_content_width":"","inline_featured_image":false,"footnotes":""},"difl_page_category":[],"wf_page_folders":[1152,70],"class_list":["post-776","page","type-page","status-publish","hentry"],"yoast_head":"<!-- This site is optimized with the Yoast SEO plugin v27.5 - https:\/\/yoast.com\/product\/yoast-seo-wordpress\/ -->\n<title>Le commerce local \u00e0 Bruxelles - Confidentialit\u00e9<\/title>\n<meta name=\"description\" content=\"La Ville de Bruxelles prot\u00e8ge vos donn\u00e9es personnelles.\" \/>\n<meta name=\"robots\" content=\"noindex, follow, max-snippet:-1, max-image-preview:large, max-video-preview:-1\" \/>\n<meta property=\"og:locale\" content=\"fr_FR\" \/>\n<meta property=\"og:type\" content=\"article\" \/>\n<meta property=\"og:title\" content=\"Le commerce local \u00e0 Bruxelles - Confidentialit\u00e9\" \/>\n<meta property=\"og:description\" content=\"La Ville de Bruxelles prot\u00e8ge vos donn\u00e9es personnelles.\" \/>\n<meta property=\"og:url\" content=\"https:\/\/ultraviolet.work\/_commercelocal\/confidentialite\/\" \/>\n<meta property=\"og:site_name\" content=\"Le commerce local \u00e0 Bruxelles\" \/>\n<meta property=\"article:publisher\" content=\"https:\/\/www.facebook.com\/ishopinbrussels\/\" \/>\n<meta property=\"article:modified_time\" content=\"2021-09-26T06:31:02+00:00\" \/>\n<meta property=\"og:image\" content=\"https:\/\/ultraviolet.work\/_commercelocal\/wp-content\/uploads\/2021\/10\/Yoast-facebook-Share-1200x800-1.jpg\" \/>\n\t<meta property=\"og:image:width\" content=\"1200\" \/>\n\t<meta property=\"og:image:height\" content=\"800\" \/>\n\t<meta property=\"og:image:type\" content=\"image\/jpeg\" \/>\n<meta name=\"twitter:card\" content=\"summary_large_image\" \/>\n<meta name=\"twitter:label1\" content=\"Dur\u00e9e de lecture estim\u00e9e\" \/>\n\t<meta name=\"twitter:data1\" content=\"11 minutes\" \/>\n<script type=\"application\/ld+json\" class=\"yoast-schema-graph\">{\"@context\":\"https:\\\/\\\/schema.org\",\"@graph\":[{\"@type\":\"WebPage\",\"@id\":\"https:\\\/\\\/ultraviolet.work\\\/_commercelocal\\\/confidentialite\\\/\",\"url\":\"https:\\\/\\\/ultraviolet.work\\\/_commercelocal\\\/confidentialite\\\/\",\"name\":\"Le commerce local \u00e0 Bruxelles - Confidentialit\u00e9\",\"isPartOf\":{\"@id\":\"https:\\\/\\\/ultraviolet.work\\\/_commercelocal\\\/#website\"},\"datePublished\":\"2021-09-25T05:51:22+00:00\",\"dateModified\":\"2021-09-26T06:31:02+00:00\",\"description\":\"La Ville de Bruxelles prot\u00e8ge vos donn\u00e9es personnelles.\",\"breadcrumb\":{\"@id\":\"https:\\\/\\\/ultraviolet.work\\\/_commercelocal\\\/confidentialite\\\/#breadcrumb\"},\"inLanguage\":\"fr-FR\",\"potentialAction\":[{\"@type\":\"ReadAction\",\"target\":[\"https:\\\/\\\/ultraviolet.work\\\/_commercelocal\\\/confidentialite\\\/\"]}]},{\"@type\":\"BreadcrumbList\",\"@id\":\"https:\\\/\\\/ultraviolet.work\\\/_commercelocal\\\/confidentialite\\\/#breadcrumb\",\"itemListElement\":[{\"@type\":\"ListItem\",\"position\":1,\"name\":\"Accueil\",\"item\":\"https:\\\/\\\/ultraviolet.work\\\/_commercelocal\\\/\"},{\"@type\":\"ListItem\",\"position\":2,\"name\":\"Confidentialit\u00e9\"}]},{\"@type\":\"WebSite\",\"@id\":\"https:\\\/\\\/ultraviolet.work\\\/_commercelocal\\\/#website\",\"url\":\"https:\\\/\\\/ultraviolet.work\\\/_commercelocal\\\/\",\"name\":\"Le commerce local \u00e0 Bruxelles\",\"description\":\"\",\"publisher\":{\"@id\":\"https:\\\/\\\/ultraviolet.work\\\/_commercelocal\\\/#organization\"},\"potentialAction\":[{\"@type\":\"SearchAction\",\"target\":{\"@type\":\"EntryPoint\",\"urlTemplate\":\"https:\\\/\\\/ultraviolet.work\\\/_commercelocal\\\/?s={search_term_string}\"},\"query-input\":{\"@type\":\"PropertyValueSpecification\",\"valueRequired\":true,\"valueName\":\"search_term_string\"}}],\"inLanguage\":\"fr-FR\"},{\"@type\":\"Organization\",\"@id\":\"https:\\\/\\\/ultraviolet.work\\\/_commercelocal\\\/#organization\",\"name\":\"Le commerce local \u00e0 Bruxelles - I shop in Brussels\",\"url\":\"https:\\\/\\\/ultraviolet.work\\\/_commercelocal\\\/\",\"logo\":{\"@type\":\"ImageObject\",\"inLanguage\":\"fr-FR\",\"@id\":\"https:\\\/\\\/ultraviolet.work\\\/_commercelocal\\\/#\\\/schema\\\/logo\\\/image\\\/\",\"url\":\"https:\\\/\\\/ultraviolet.work\\\/_commercelocal\\\/wp-content\\\/uploads\\\/2020\\\/11\\\/IShopBrussels_w400.png\",\"contentUrl\":\"https:\\\/\\\/ultraviolet.work\\\/_commercelocal\\\/wp-content\\\/uploads\\\/2020\\\/11\\\/IShopBrussels_w400.png\",\"width\":400,\"height\":200,\"caption\":\"Le commerce local \u00e0 Bruxelles - I shop in Brussels\"},\"image\":{\"@id\":\"https:\\\/\\\/ultraviolet.work\\\/_commercelocal\\\/#\\\/schema\\\/logo\\\/image\\\/\"},\"sameAs\":[\"https:\\\/\\\/www.facebook.com\\\/ishopinbrussels\\\/\"]}]}<\/script>\n<!-- \/ Yoast SEO plugin. -->","yoast_head_json":{"title":"Le commerce local \u00e0 Bruxelles - Confidentialit\u00e9","description":"La Ville de Bruxelles prot\u00e8ge vos donn\u00e9es personnelles.","robots":{"index":"noindex","follow":"follow","max-snippet":"max-snippet:-1","max-image-preview":"max-image-preview:large","max-video-preview":"max-video-preview:-1"},"og_locale":"fr_FR","og_type":"article","og_title":"Le commerce local \u00e0 Bruxelles - Confidentialit\u00e9","og_description":"La Ville de Bruxelles prot\u00e8ge vos donn\u00e9es personnelles.","og_url":"https:\/\/ultraviolet.work\/_commercelocal\/confidentialite\/","og_site_name":"Le commerce local \u00e0 Bruxelles","article_publisher":"https:\/\/www.facebook.com\/ishopinbrussels\/","article_modified_time":"2021-09-26T06:31:02+00:00","og_image":[{"width":1200,"height":800,"url":"https:\/\/ultraviolet.work\/_commercelocal\/wp-content\/uploads\/2021\/10\/Yoast-facebook-Share-1200x800-1.jpg","type":"image\/jpeg"}],"twitter_card":"summary_large_image","twitter_misc":{"Dur\u00e9e de lecture estim\u00e9e":"11 minutes"},"schema":{"@context":"https:\/\/schema.org","@graph":[{"@type":"WebPage","@id":"https:\/\/ultraviolet.work\/_commercelocal\/confidentialite\/","url":"https:\/\/ultraviolet.work\/_commercelocal\/confidentialite\/","name":"Le commerce local \u00e0 Bruxelles - Confidentialit\u00e9","isPartOf":{"@id":"https:\/\/ultraviolet.work\/_commercelocal\/#website"},"datePublished":"2021-09-25T05:51:22+00:00","dateModified":"2021-09-26T06:31:02+00:00","description":"La Ville de Bruxelles prot\u00e8ge vos donn\u00e9es personnelles.","breadcrumb":{"@id":"https:\/\/ultraviolet.work\/_commercelocal\/confidentialite\/#breadcrumb"},"inLanguage":"fr-FR","potentialAction":[{"@type":"ReadAction","target":["https:\/\/ultraviolet.work\/_commercelocal\/confidentialite\/"]}]},{"@type":"BreadcrumbList","@id":"https:\/\/ultraviolet.work\/_commercelocal\/confidentialite\/#breadcrumb","itemListElement":[{"@type":"ListItem","position":1,"name":"Accueil","item":"https:\/\/ultraviolet.work\/_commercelocal\/"},{"@type":"ListItem","position":2,"name":"Confidentialit\u00e9"}]},{"@type":"WebSite","@id":"https:\/\/ultraviolet.work\/_commercelocal\/#website","url":"https:\/\/ultraviolet.work\/_commercelocal\/","name":"Le commerce local \u00e0 Bruxelles","description":"","publisher":{"@id":"https:\/\/ultraviolet.work\/_commercelocal\/#organization"},"potentialAction":[{"@type":"SearchAction","target":{"@type":"EntryPoint","urlTemplate":"https:\/\/ultraviolet.work\/_commercelocal\/?s={search_term_string}"},"query-input":{"@type":"PropertyValueSpecification","valueRequired":true,"valueName":"search_term_string"}}],"inLanguage":"fr-FR"},{"@type":"Organization","@id":"https:\/\/ultraviolet.work\/_commercelocal\/#organization","name":"Le commerce local \u00e0 Bruxelles - I shop in Brussels","url":"https:\/\/ultraviolet.work\/_commercelocal\/","logo":{"@type":"ImageObject","inLanguage":"fr-FR","@id":"https:\/\/ultraviolet.work\/_commercelocal\/#\/schema\/logo\/image\/","url":"https:\/\/ultraviolet.work\/_commercelocal\/wp-content\/uploads\/2020\/11\/IShopBrussels_w400.png","contentUrl":"https:\/\/ultraviolet.work\/_commercelocal\/wp-content\/uploads\/2020\/11\/IShopBrussels_w400.png","width":400,"height":200,"caption":"Le commerce local \u00e0 Bruxelles - I shop in Brussels"},"image":{"@id":"https:\/\/ultraviolet.work\/_commercelocal\/#\/schema\/logo\/image\/"},"sameAs":["https:\/\/www.facebook.com\/ishopinbrussels\/"]}]}},"_links":{"self":[{"href":"https:\/\/ultraviolet.work\/_commercelocal\/wp-json\/wp\/v2\/pages\/776","targetHints":{"allow":["GET"]}}],"collection":[{"href":"https:\/\/ultraviolet.work\/_commercelocal\/wp-json\/wp\/v2\/pages"}],"about":[{"href":"https:\/\/ultraviolet.work\/_commercelocal\/wp-json\/wp\/v2\/types\/page"}],"author":[{"embeddable":true,"href":"https:\/\/ultraviolet.work\/_commercelocal\/wp-json\/wp\/v2\/users\/5"}],"replies":[{"embeddable":true,"href":"https:\/\/ultraviolet.work\/_commercelocal\/wp-json\/wp\/v2\/comments?post=776"}],"version-history":[{"count":0,"href":"https:\/\/ultraviolet.work\/_commercelocal\/wp-json\/wp\/v2\/pages\/776\/revisions"}],"wp:attachment":[{"href":"https:\/\/ultraviolet.work\/_commercelocal\/wp-json\/wp\/v2\/media?parent=776"}],"wp:term":[{"taxonomy":"difl_page_category","embeddable":true,"href":"https:\/\/ultraviolet.work\/_commercelocal\/wp-json\/wp\/v2\/difl_page_category?post=776"},{"taxonomy":"wf_page_folders","embeddable":true,"href":"https:\/\/ultraviolet.work\/_commercelocal\/wp-json\/wp\/v2\/wf_page_folders?post=776"}],"curies":[{"name":"wp","href":"https:\/\/api.w.org\/{rel}","templated":true}]}}