{"id":10958,"date":"2022-06-23T12:43:34","date_gmt":"2022-06-23T10:43:34","guid":{"rendered":"https:\/\/ultraviolet.work\/_commercelocal\/project\/raphaelis-coiffure\/"},"modified":"2022-06-23T12:43:34","modified_gmt":"2022-06-23T10:43:34","slug":"raphaelis-coiffure","status":"publish","type":"project","link":"https:\/\/ultraviolet.work\/_commercelocal\/project\/raphaelis-coiffure\/","title":{"rendered":"Raphaeli\u2019s Coiffure"},"content":{"rendered":"<h2>Raphaeli\u2019s Coiffure<\/h2>\n<h5>Services<\/h5>\n<h4>Rue Saint-Michel 25, 1000 Bruxelles<\/h4>\n<h6><a href=\"https:\/\/raphaelis.mytreatwell.be\/\" target=\"_blank\" rel=\"noopener\">https:\/\/raphaelis.mytreatwell.be\/<\/a><\/h6>\n<p>Apr\u00e8s avoir exerc\u00e9 ses talents dans de tr\u00e8s grandes enseignes, Tina fonde son propre salon de coiffure en 2015, avec, \u00e0 ses c\u00f4t\u00e9s, sa fille Raphaela qui suit ses pas. En plein c\u0153ur de ville, le salon Raphaeli\u2019s, labellis\u00e9 Star colorist, un label d\u00e9livr\u00e9 par l\u2019Or\u00e9al professionnel, est compos\u00e9 d\u2019une \u00e9quipe \u00e0 la pointe et continuellement en formation. Coupes, extensions, colorations, barbier\u2026 avec les gammes professionnelles L\u2019Or\u00e9al, Kerastase et Myriam K\u2009; une bonne adresse pour \u00eatre impeccable et bien coiff\u00e9e.<\/p>\n","protected":false},"excerpt":{"rendered":"<p>Raphaeli\u2019s Coiffure Services Rue Saint-Michel 25, 1000 Bruxelles https:\/\/raphaelis.mytreatwell.be\/ Apr\u00e8s avoir exerc\u00e9 ses talents dans de tr\u00e8s grandes enseignes, Tina fonde son propre salon de coiffure en 2015, avec, \u00e0 ses c\u00f4t\u00e9s, sa fille Raphaela qui suit ses pas. En plein c\u0153ur de ville, le salon Raphaeli\u2019s, labellis\u00e9 Star colorist, un label d\u00e9livr\u00e9 par l\u2019Or\u00e9al [&hellip;]<\/p>\n","protected":false},"author":5,"featured_media":12591,"comment_status":"closed","ping_status":"closed","template":"","meta":{"_et_pb_use_builder":"","_et_pb_old_content":"","_et_gb_content_width":"","inline_featured_image":false,"footnotes":""},"project_category":[546],"project_tag":[],"wf_project_folders":[386],"class_list":["post-10958","project","type-project","status-publish","has-post-thumbnail","hentry","project_category-services"],"yoast_head":"<!-- This site is optimized with the Yoast SEO plugin v27.5 - https:\/\/yoast.com\/product\/yoast-seo-wordpress\/ -->\n<title>Raphaeli\u2019s Coiffure - Le commerce local \u00e0 Bruxelles<\/title>\n<meta name=\"robots\" content=\"noindex, follow\" \/>\n<meta property=\"og:locale\" content=\"fr_FR\" \/>\n<meta property=\"og:type\" content=\"article\" \/>\n<meta property=\"og:title\" content=\"Raphaeli\u2019s Coiffure - Le commerce local \u00e0 Bruxelles\" \/>\n<meta property=\"og:description\" content=\"Raphaeli\u2019s Coiffure Services Rue Saint-Michel 25, 1000 Bruxelles https:\/\/raphaelis.mytreatwell.be\/ Apr\u00e8s avoir exerc\u00e9 ses talents dans de tr\u00e8s grandes enseignes, Tina fonde son propre salon de coiffure en 2015, avec, \u00e0 ses c\u00f4t\u00e9s, sa fille Raphaela qui suit ses pas. En plein c\u0153ur de ville, le salon Raphaeli\u2019s, labellis\u00e9 Star colorist, un label d\u00e9livr\u00e9 par l\u2019Or\u00e9al [&hellip;]\" \/>\n<meta property=\"og:url\" content=\"https:\/\/ultraviolet.work\/_commercelocal\/project\/raphaelis-coiffure\/\" \/>\n<meta property=\"og:site_name\" content=\"Le commerce local \u00e0 Bruxelles\" \/>\n<meta property=\"article:publisher\" content=\"https:\/\/www.facebook.com\/ishopinbrussels\/\" \/>\n<meta property=\"og:image\" content=\"https:\/\/ultraviolet.work\/_commercelocal\/wp-content\/uploads\/2022\/06\/raphaeli-s-coiffure-800.jpg\" \/>\n\t<meta property=\"og:image:width\" content=\"2000\" \/>\n\t<meta property=\"og:image:height\" content=\"1074\" \/>\n\t<meta property=\"og:image:type\" content=\"image\/jpeg\" \/>\n<meta name=\"twitter:card\" content=\"summary_large_image\" \/>\n<meta name=\"twitter:label1\" content=\"Dur\u00e9e de lecture estim\u00e9e\" \/>\n\t<meta name=\"twitter:data1\" content=\"1 minute\" \/>\n<script type=\"application\/ld+json\" class=\"yoast-schema-graph\">{\"@context\":\"https:\\\/\\\/schema.org\",\"@graph\":[{\"@type\":\"WebPage\",\"@id\":\"https:\\\/\\\/ultraviolet.work\\\/_commercelocal\\\/project\\\/raphaelis-coiffure\\\/\",\"url\":\"https:\\\/\\\/ultraviolet.work\\\/_commercelocal\\\/project\\\/raphaelis-coiffure\\\/\",\"name\":\"Raphaeli\u2019s Coiffure - Le commerce local \u00e0 Bruxelles\",\"isPartOf\":{\"@id\":\"https:\\\/\\\/ultraviolet.work\\\/_commercelocal\\\/#website\"},\"primaryImageOfPage\":{\"@id\":\"https:\\\/\\\/ultraviolet.work\\\/_commercelocal\\\/project\\\/raphaelis-coiffure\\\/#primaryimage\"},\"image\":{\"@id\":\"https:\\\/\\\/ultraviolet.work\\\/_commercelocal\\\/project\\\/raphaelis-coiffure\\\/#primaryimage\"},\"thumbnailUrl\":\"https:\\\/\\\/ultraviolet.work\\\/_commercelocal\\\/wp-content\\\/uploads\\\/2022\\\/06\\\/raphaeli-s-coiffure-800.jpg\",\"datePublished\":\"2022-06-23T10:43:34+00:00\",\"breadcrumb\":{\"@id\":\"https:\\\/\\\/ultraviolet.work\\\/_commercelocal\\\/project\\\/raphaelis-coiffure\\\/#breadcrumb\"},\"inLanguage\":\"fr-FR\",\"potentialAction\":[{\"@type\":\"ReadAction\",\"target\":[\"https:\\\/\\\/ultraviolet.work\\\/_commercelocal\\\/project\\\/raphaelis-coiffure\\\/\"]}]},{\"@type\":\"ImageObject\",\"inLanguage\":\"fr-FR\",\"@id\":\"https:\\\/\\\/ultraviolet.work\\\/_commercelocal\\\/project\\\/raphaelis-coiffure\\\/#primaryimage\",\"url\":\"https:\\\/\\\/ultraviolet.work\\\/_commercelocal\\\/wp-content\\\/uploads\\\/2022\\\/06\\\/raphaeli-s-coiffure-800.jpg\",\"contentUrl\":\"https:\\\/\\\/ultraviolet.work\\\/_commercelocal\\\/wp-content\\\/uploads\\\/2022\\\/06\\\/raphaeli-s-coiffure-800.jpg\",\"width\":2000,\"height\":1074},{\"@type\":\"BreadcrumbList\",\"@id\":\"https:\\\/\\\/ultraviolet.work\\\/_commercelocal\\\/project\\\/raphaelis-coiffure\\\/#breadcrumb\",\"itemListElement\":[{\"@type\":\"ListItem\",\"position\":1,\"name\":\"Accueil\",\"item\":\"https:\\\/\\\/ultraviolet.work\\\/_commercelocal\\\/\"},{\"@type\":\"ListItem\",\"position\":2,\"name\":\"Projets\",\"item\":\"https:\\\/\\\/ultraviolet.work\\\/_commercelocal\\\/project\\\/\"},{\"@type\":\"ListItem\",\"position\":3,\"name\":\"Raphaeli\u2019s Coiffure\"}]},{\"@type\":\"WebSite\",\"@id\":\"https:\\\/\\\/ultraviolet.work\\\/_commercelocal\\\/#website\",\"url\":\"https:\\\/\\\/ultraviolet.work\\\/_commercelocal\\\/\",\"name\":\"Le commerce local \u00e0 Bruxelles\",\"description\":\"\",\"publisher\":{\"@id\":\"https:\\\/\\\/ultraviolet.work\\\/_commercelocal\\\/#organization\"},\"potentialAction\":[{\"@type\":\"SearchAction\",\"target\":{\"@type\":\"EntryPoint\",\"urlTemplate\":\"https:\\\/\\\/ultraviolet.work\\\/_commercelocal\\\/?s={search_term_string}\"},\"query-input\":{\"@type\":\"PropertyValueSpecification\",\"valueRequired\":true,\"valueName\":\"search_term_string\"}}],\"inLanguage\":\"fr-FR\"},{\"@type\":\"Organization\",\"@id\":\"https:\\\/\\\/ultraviolet.work\\\/_commercelocal\\\/#organization\",\"name\":\"Le commerce local \u00e0 Bruxelles - I shop in Brussels\",\"url\":\"https:\\\/\\\/ultraviolet.work\\\/_commercelocal\\\/\",\"logo\":{\"@type\":\"ImageObject\",\"inLanguage\":\"fr-FR\",\"@id\":\"https:\\\/\\\/ultraviolet.work\\\/_commercelocal\\\/#\\\/schema\\\/logo\\\/image\\\/\",\"url\":\"https:\\\/\\\/ultraviolet.work\\\/_commercelocal\\\/wp-content\\\/uploads\\\/2020\\\/11\\\/IShopBrussels_w400.png\",\"contentUrl\":\"https:\\\/\\\/ultraviolet.work\\\/_commercelocal\\\/wp-content\\\/uploads\\\/2020\\\/11\\\/IShopBrussels_w400.png\",\"width\":400,\"height\":200,\"caption\":\"Le commerce local \u00e0 Bruxelles - I shop in Brussels\"},\"image\":{\"@id\":\"https:\\\/\\\/ultraviolet.work\\\/_commercelocal\\\/#\\\/schema\\\/logo\\\/image\\\/\"},\"sameAs\":[\"https:\\\/\\\/www.facebook.com\\\/ishopinbrussels\\\/\"]}]}<\/script>\n<!-- \/ Yoast SEO plugin. -->","yoast_head_json":{"title":"Raphaeli\u2019s Coiffure - Le commerce local \u00e0 Bruxelles","robots":{"index":"noindex","follow":"follow"},"og_locale":"fr_FR","og_type":"article","og_title":"Raphaeli\u2019s Coiffure - Le commerce local \u00e0 Bruxelles","og_description":"Raphaeli\u2019s Coiffure Services Rue Saint-Michel 25, 1000 Bruxelles https:\/\/raphaelis.mytreatwell.be\/ Apr\u00e8s avoir exerc\u00e9 ses talents dans de tr\u00e8s grandes enseignes, Tina fonde son propre salon de coiffure en 2015, avec, \u00e0 ses c\u00f4t\u00e9s, sa fille Raphaela qui suit ses pas. En plein c\u0153ur de ville, le salon Raphaeli\u2019s, labellis\u00e9 Star colorist, un label d\u00e9livr\u00e9 par l\u2019Or\u00e9al [&hellip;]","og_url":"https:\/\/ultraviolet.work\/_commercelocal\/project\/raphaelis-coiffure\/","og_site_name":"Le commerce local \u00e0 Bruxelles","article_publisher":"https:\/\/www.facebook.com\/ishopinbrussels\/","og_image":[{"width":2000,"height":1074,"url":"https:\/\/ultraviolet.work\/_commercelocal\/wp-content\/uploads\/2022\/06\/raphaeli-s-coiffure-800.jpg","type":"image\/jpeg"}],"twitter_card":"summary_large_image","twitter_misc":{"Dur\u00e9e de lecture estim\u00e9e":"1 minute"},"schema":{"@context":"https:\/\/schema.org","@graph":[{"@type":"WebPage","@id":"https:\/\/ultraviolet.work\/_commercelocal\/project\/raphaelis-coiffure\/","url":"https:\/\/ultraviolet.work\/_commercelocal\/project\/raphaelis-coiffure\/","name":"Raphaeli\u2019s Coiffure - Le commerce local \u00e0 Bruxelles","isPartOf":{"@id":"https:\/\/ultraviolet.work\/_commercelocal\/#website"},"primaryImageOfPage":{"@id":"https:\/\/ultraviolet.work\/_commercelocal\/project\/raphaelis-coiffure\/#primaryimage"},"image":{"@id":"https:\/\/ultraviolet.work\/_commercelocal\/project\/raphaelis-coiffure\/#primaryimage"},"thumbnailUrl":"https:\/\/ultraviolet.work\/_commercelocal\/wp-content\/uploads\/2022\/06\/raphaeli-s-coiffure-800.jpg","datePublished":"2022-06-23T10:43:34+00:00","breadcrumb":{"@id":"https:\/\/ultraviolet.work\/_commercelocal\/project\/raphaelis-coiffure\/#breadcrumb"},"inLanguage":"fr-FR","potentialAction":[{"@type":"ReadAction","target":["https:\/\/ultraviolet.work\/_commercelocal\/project\/raphaelis-coiffure\/"]}]},{"@type":"ImageObject","inLanguage":"fr-FR","@id":"https:\/\/ultraviolet.work\/_commercelocal\/project\/raphaelis-coiffure\/#primaryimage","url":"https:\/\/ultraviolet.work\/_commercelocal\/wp-content\/uploads\/2022\/06\/raphaeli-s-coiffure-800.jpg","contentUrl":"https:\/\/ultraviolet.work\/_commercelocal\/wp-content\/uploads\/2022\/06\/raphaeli-s-coiffure-800.jpg","width":2000,"height":1074},{"@type":"BreadcrumbList","@id":"https:\/\/ultraviolet.work\/_commercelocal\/project\/raphaelis-coiffure\/#breadcrumb","itemListElement":[{"@type":"ListItem","position":1,"name":"Accueil","item":"https:\/\/ultraviolet.work\/_commercelocal\/"},{"@type":"ListItem","position":2,"name":"Projets","item":"https:\/\/ultraviolet.work\/_commercelocal\/project\/"},{"@type":"ListItem","position":3,"name":"Raphaeli\u2019s Coiffure"}]},{"@type":"WebSite","@id":"https:\/\/ultraviolet.work\/_commercelocal\/#website","url":"https:\/\/ultraviolet.work\/_commercelocal\/","name":"Le commerce local \u00e0 Bruxelles","description":"","publisher":{"@id":"https:\/\/ultraviolet.work\/_commercelocal\/#organization"},"potentialAction":[{"@type":"SearchAction","target":{"@type":"EntryPoint","urlTemplate":"https:\/\/ultraviolet.work\/_commercelocal\/?s={search_term_string}"},"query-input":{"@type":"PropertyValueSpecification","valueRequired":true,"valueName":"search_term_string"}}],"inLanguage":"fr-FR"},{"@type":"Organization","@id":"https:\/\/ultraviolet.work\/_commercelocal\/#organization","name":"Le commerce local \u00e0 Bruxelles - I shop in Brussels","url":"https:\/\/ultraviolet.work\/_commercelocal\/","logo":{"@type":"ImageObject","inLanguage":"fr-FR","@id":"https:\/\/ultraviolet.work\/_commercelocal\/#\/schema\/logo\/image\/","url":"https:\/\/ultraviolet.work\/_commercelocal\/wp-content\/uploads\/2020\/11\/IShopBrussels_w400.png","contentUrl":"https:\/\/ultraviolet.work\/_commercelocal\/wp-content\/uploads\/2020\/11\/IShopBrussels_w400.png","width":400,"height":200,"caption":"Le commerce local \u00e0 Bruxelles - I shop in Brussels"},"image":{"@id":"https:\/\/ultraviolet.work\/_commercelocal\/#\/schema\/logo\/image\/"},"sameAs":["https:\/\/www.facebook.com\/ishopinbrussels\/"]}]}},"_links":{"self":[{"href":"https:\/\/ultraviolet.work\/_commercelocal\/wp-json\/wp\/v2\/project\/10958","targetHints":{"allow":["GET"]}}],"collection":[{"href":"https:\/\/ultraviolet.work\/_commercelocal\/wp-json\/wp\/v2\/project"}],"about":[{"href":"https:\/\/ultraviolet.work\/_commercelocal\/wp-json\/wp\/v2\/types\/project"}],"author":[{"embeddable":true,"href":"https:\/\/ultraviolet.work\/_commercelocal\/wp-json\/wp\/v2\/users\/5"}],"replies":[{"embeddable":true,"href":"https:\/\/ultraviolet.work\/_commercelocal\/wp-json\/wp\/v2\/comments?post=10958"}],"version-history":[{"count":0,"href":"https:\/\/ultraviolet.work\/_commercelocal\/wp-json\/wp\/v2\/project\/10958\/revisions"}],"wp:featuredmedia":[{"embeddable":true,"href":"https:\/\/ultraviolet.work\/_commercelocal\/wp-json\/wp\/v2\/media\/12591"}],"wp:attachment":[{"href":"https:\/\/ultraviolet.work\/_commercelocal\/wp-json\/wp\/v2\/media?parent=10958"}],"wp:term":[{"taxonomy":"project_category","embeddable":true,"href":"https:\/\/ultraviolet.work\/_commercelocal\/wp-json\/wp\/v2\/project_category?post=10958"},{"taxonomy":"project_tag","embeddable":true,"href":"https:\/\/ultraviolet.work\/_commercelocal\/wp-json\/wp\/v2\/project_tag?post=10958"},{"taxonomy":"wf_project_folders","embeddable":true,"href":"https:\/\/ultraviolet.work\/_commercelocal\/wp-json\/wp\/v2\/wf_project_folders?post=10958"}],"curies":[{"name":"wp","href":"https:\/\/api.w.org\/{rel}","templated":true}]}}