{"id":10961,"date":"2022-06-23T12:43:40","date_gmt":"2022-06-23T10:43:40","guid":{"rendered":"https:\/\/ultraviolet.work\/_commercelocal\/project\/les-bulles-a-flotter-bruxelles\/"},"modified":"2022-06-23T12:43:40","modified_gmt":"2022-06-23T10:43:40","slug":"les-bulles-a-flotter-bruxelles","status":"publish","type":"project","link":"https:\/\/ultraviolet.work\/_commercelocal\/project\/les-bulles-a-flotter-bruxelles\/","title":{"rendered":"Les Bulles \u00e0 flotter Bruxelles"},"content":{"rendered":"<h2>Les Bulles \u00e0 flotter Bruxelles<\/h2>\n<h5>Services<\/h5>\n<h4>Rue du P\u00e9pin, 40, 1000 Bruxelles<\/h4>\n<h6><a href=\"https:\/\/www.lesbullesaflotter.fr\/lesbullesaflotter-bruxelles.php\" target=\"_blank\" rel=\"noopener\">https:\/\/www.lesbullesaflotter.fr\/lesbullesaflotter-bruxelles.php<\/a><\/h6>\n<p>Qu\u2019est-ce que la flottaison en isolation sensorielle\u2009? Une fa\u00e7on simple d\u2019acc\u00e9der au bien-\u00eatre et \u00e0 la relaxation. Sp\u00e9cialiste de cette m\u00e9thode \u00e0 Paris, Bordeaux, Lille et Bruxelles, cet \u00e9tablissement vous invite \u00e0 venir flotter dans ses Bulles, pour oublier le stress et lib\u00e9rer votre esprit\u2026 en apesanteur.\u00a0<\/p>\n","protected":false},"excerpt":{"rendered":"<p>Les Bulles \u00e0 flotter Bruxelles Services Rue du P\u00e9pin, 40, 1000 Bruxelles https:\/\/www.lesbullesaflotter.fr\/lesbullesaflotter-bruxelles.php Qu\u2019est-ce que la flottaison en isolation sensorielle\u2009? Une fa\u00e7on simple d\u2019acc\u00e9der au bien-\u00eatre et \u00e0 la relaxation. Sp\u00e9cialiste de cette m\u00e9thode \u00e0 Paris, Bordeaux, Lille et Bruxelles, cet \u00e9tablissement vous invite \u00e0 venir flotter dans ses Bulles, pour oublier le stress et [&hellip;]<\/p>\n","protected":false},"author":5,"featured_media":12543,"comment_status":"closed","ping_status":"closed","template":"","meta":{"_et_pb_use_builder":"","_et_pb_old_content":"","_et_gb_content_width":"","inline_featured_image":false,"footnotes":""},"project_category":[546],"project_tag":[],"wf_project_folders":[386],"class_list":["post-10961","project","type-project","status-publish","has-post-thumbnail","hentry","project_category-services"],"yoast_head":"<!-- This site is optimized with the Yoast SEO plugin v27.5 - https:\/\/yoast.com\/product\/yoast-seo-wordpress\/ -->\n<title>Les Bulles \u00e0 flotter Bruxelles - Le commerce local \u00e0 Bruxelles<\/title>\n<meta name=\"robots\" content=\"noindex, follow\" \/>\n<meta property=\"og:locale\" content=\"fr_FR\" \/>\n<meta property=\"og:type\" content=\"article\" \/>\n<meta property=\"og:title\" content=\"Les Bulles \u00e0 flotter Bruxelles - Le commerce local \u00e0 Bruxelles\" \/>\n<meta property=\"og:description\" content=\"Les Bulles \u00e0 flotter Bruxelles Services Rue du P\u00e9pin, 40, 1000 Bruxelles https:\/\/www.lesbullesaflotter.fr\/lesbullesaflotter-bruxelles.php Qu\u2019est-ce que la flottaison en isolation sensorielle\u2009? Une fa\u00e7on simple d\u2019acc\u00e9der au bien-\u00eatre et \u00e0 la relaxation. Sp\u00e9cialiste de cette m\u00e9thode \u00e0 Paris, Bordeaux, Lille et Bruxelles, cet \u00e9tablissement vous invite \u00e0 venir flotter dans ses Bulles, pour oublier le stress et [&hellip;]\" \/>\n<meta property=\"og:url\" content=\"https:\/\/ultraviolet.work\/_commercelocal\/project\/les-bulles-a-flotter-bruxelles\/\" \/>\n<meta property=\"og:site_name\" content=\"Le commerce local \u00e0 Bruxelles\" \/>\n<meta property=\"article:publisher\" content=\"https:\/\/www.facebook.com\/ishopinbrussels\/\" \/>\n<meta property=\"og:image\" content=\"https:\/\/ultraviolet.work\/_commercelocal\/wp-content\/uploads\/2022\/06\/les-bulles-copyright-atlouboulanger-800.jpg\" \/>\n\t<meta property=\"og:image:width\" content=\"2000\" \/>\n\t<meta property=\"og:image:height\" content=\"1600\" \/>\n\t<meta property=\"og:image:type\" content=\"image\/jpeg\" \/>\n<meta name=\"twitter:card\" content=\"summary_large_image\" \/>\n<script type=\"application\/ld+json\" class=\"yoast-schema-graph\">{\"@context\":\"https:\\\/\\\/schema.org\",\"@graph\":[{\"@type\":\"WebPage\",\"@id\":\"https:\\\/\\\/ultraviolet.work\\\/_commercelocal\\\/project\\\/les-bulles-a-flotter-bruxelles\\\/\",\"url\":\"https:\\\/\\\/ultraviolet.work\\\/_commercelocal\\\/project\\\/les-bulles-a-flotter-bruxelles\\\/\",\"name\":\"Les Bulles \u00e0 flotter Bruxelles - Le commerce local \u00e0 Bruxelles\",\"isPartOf\":{\"@id\":\"https:\\\/\\\/ultraviolet.work\\\/_commercelocal\\\/#website\"},\"primaryImageOfPage\":{\"@id\":\"https:\\\/\\\/ultraviolet.work\\\/_commercelocal\\\/project\\\/les-bulles-a-flotter-bruxelles\\\/#primaryimage\"},\"image\":{\"@id\":\"https:\\\/\\\/ultraviolet.work\\\/_commercelocal\\\/project\\\/les-bulles-a-flotter-bruxelles\\\/#primaryimage\"},\"thumbnailUrl\":\"https:\\\/\\\/ultraviolet.work\\\/_commercelocal\\\/wp-content\\\/uploads\\\/2022\\\/06\\\/les-bulles-copyright-atlouboulanger-800.jpg\",\"datePublished\":\"2022-06-23T10:43:40+00:00\",\"breadcrumb\":{\"@id\":\"https:\\\/\\\/ultraviolet.work\\\/_commercelocal\\\/project\\\/les-bulles-a-flotter-bruxelles\\\/#breadcrumb\"},\"inLanguage\":\"fr-FR\",\"potentialAction\":[{\"@type\":\"ReadAction\",\"target\":[\"https:\\\/\\\/ultraviolet.work\\\/_commercelocal\\\/project\\\/les-bulles-a-flotter-bruxelles\\\/\"]}]},{\"@type\":\"ImageObject\",\"inLanguage\":\"fr-FR\",\"@id\":\"https:\\\/\\\/ultraviolet.work\\\/_commercelocal\\\/project\\\/les-bulles-a-flotter-bruxelles\\\/#primaryimage\",\"url\":\"https:\\\/\\\/ultraviolet.work\\\/_commercelocal\\\/wp-content\\\/uploads\\\/2022\\\/06\\\/les-bulles-copyright-atlouboulanger-800.jpg\",\"contentUrl\":\"https:\\\/\\\/ultraviolet.work\\\/_commercelocal\\\/wp-content\\\/uploads\\\/2022\\\/06\\\/les-bulles-copyright-atlouboulanger-800.jpg\",\"width\":2000,\"height\":1600},{\"@type\":\"BreadcrumbList\",\"@id\":\"https:\\\/\\\/ultraviolet.work\\\/_commercelocal\\\/project\\\/les-bulles-a-flotter-bruxelles\\\/#breadcrumb\",\"itemListElement\":[{\"@type\":\"ListItem\",\"position\":1,\"name\":\"Accueil\",\"item\":\"https:\\\/\\\/ultraviolet.work\\\/_commercelocal\\\/\"},{\"@type\":\"ListItem\",\"position\":2,\"name\":\"Projets\",\"item\":\"https:\\\/\\\/ultraviolet.work\\\/_commercelocal\\\/project\\\/\"},{\"@type\":\"ListItem\",\"position\":3,\"name\":\"Les Bulles \u00e0 flotter Bruxelles\"}]},{\"@type\":\"WebSite\",\"@id\":\"https:\\\/\\\/ultraviolet.work\\\/_commercelocal\\\/#website\",\"url\":\"https:\\\/\\\/ultraviolet.work\\\/_commercelocal\\\/\",\"name\":\"Le commerce local \u00e0 Bruxelles\",\"description\":\"\",\"publisher\":{\"@id\":\"https:\\\/\\\/ultraviolet.work\\\/_commercelocal\\\/#organization\"},\"potentialAction\":[{\"@type\":\"SearchAction\",\"target\":{\"@type\":\"EntryPoint\",\"urlTemplate\":\"https:\\\/\\\/ultraviolet.work\\\/_commercelocal\\\/?s={search_term_string}\"},\"query-input\":{\"@type\":\"PropertyValueSpecification\",\"valueRequired\":true,\"valueName\":\"search_term_string\"}}],\"inLanguage\":\"fr-FR\"},{\"@type\":\"Organization\",\"@id\":\"https:\\\/\\\/ultraviolet.work\\\/_commercelocal\\\/#organization\",\"name\":\"Le commerce local \u00e0 Bruxelles - I shop in Brussels\",\"url\":\"https:\\\/\\\/ultraviolet.work\\\/_commercelocal\\\/\",\"logo\":{\"@type\":\"ImageObject\",\"inLanguage\":\"fr-FR\",\"@id\":\"https:\\\/\\\/ultraviolet.work\\\/_commercelocal\\\/#\\\/schema\\\/logo\\\/image\\\/\",\"url\":\"https:\\\/\\\/ultraviolet.work\\\/_commercelocal\\\/wp-content\\\/uploads\\\/2020\\\/11\\\/IShopBrussels_w400.png\",\"contentUrl\":\"https:\\\/\\\/ultraviolet.work\\\/_commercelocal\\\/wp-content\\\/uploads\\\/2020\\\/11\\\/IShopBrussels_w400.png\",\"width\":400,\"height\":200,\"caption\":\"Le commerce local \u00e0 Bruxelles - I shop in Brussels\"},\"image\":{\"@id\":\"https:\\\/\\\/ultraviolet.work\\\/_commercelocal\\\/#\\\/schema\\\/logo\\\/image\\\/\"},\"sameAs\":[\"https:\\\/\\\/www.facebook.com\\\/ishopinbrussels\\\/\"]}]}<\/script>\n<!-- \/ Yoast SEO plugin. -->","yoast_head_json":{"title":"Les Bulles \u00e0 flotter Bruxelles - Le commerce local \u00e0 Bruxelles","robots":{"index":"noindex","follow":"follow"},"og_locale":"fr_FR","og_type":"article","og_title":"Les Bulles \u00e0 flotter Bruxelles - Le commerce local \u00e0 Bruxelles","og_description":"Les Bulles \u00e0 flotter Bruxelles Services Rue du P\u00e9pin, 40, 1000 Bruxelles https:\/\/www.lesbullesaflotter.fr\/lesbullesaflotter-bruxelles.php Qu\u2019est-ce que la flottaison en isolation sensorielle\u2009? Une fa\u00e7on simple d\u2019acc\u00e9der au bien-\u00eatre et \u00e0 la relaxation. Sp\u00e9cialiste de cette m\u00e9thode \u00e0 Paris, Bordeaux, Lille et Bruxelles, cet \u00e9tablissement vous invite \u00e0 venir flotter dans ses Bulles, pour oublier le stress et [&hellip;]","og_url":"https:\/\/ultraviolet.work\/_commercelocal\/project\/les-bulles-a-flotter-bruxelles\/","og_site_name":"Le commerce local \u00e0 Bruxelles","article_publisher":"https:\/\/www.facebook.com\/ishopinbrussels\/","og_image":[{"width":2000,"height":1600,"url":"https:\/\/ultraviolet.work\/_commercelocal\/wp-content\/uploads\/2022\/06\/les-bulles-copyright-atlouboulanger-800.jpg","type":"image\/jpeg"}],"twitter_card":"summary_large_image","schema":{"@context":"https:\/\/schema.org","@graph":[{"@type":"WebPage","@id":"https:\/\/ultraviolet.work\/_commercelocal\/project\/les-bulles-a-flotter-bruxelles\/","url":"https:\/\/ultraviolet.work\/_commercelocal\/project\/les-bulles-a-flotter-bruxelles\/","name":"Les Bulles \u00e0 flotter Bruxelles - Le commerce local \u00e0 Bruxelles","isPartOf":{"@id":"https:\/\/ultraviolet.work\/_commercelocal\/#website"},"primaryImageOfPage":{"@id":"https:\/\/ultraviolet.work\/_commercelocal\/project\/les-bulles-a-flotter-bruxelles\/#primaryimage"},"image":{"@id":"https:\/\/ultraviolet.work\/_commercelocal\/project\/les-bulles-a-flotter-bruxelles\/#primaryimage"},"thumbnailUrl":"https:\/\/ultraviolet.work\/_commercelocal\/wp-content\/uploads\/2022\/06\/les-bulles-copyright-atlouboulanger-800.jpg","datePublished":"2022-06-23T10:43:40+00:00","breadcrumb":{"@id":"https:\/\/ultraviolet.work\/_commercelocal\/project\/les-bulles-a-flotter-bruxelles\/#breadcrumb"},"inLanguage":"fr-FR","potentialAction":[{"@type":"ReadAction","target":["https:\/\/ultraviolet.work\/_commercelocal\/project\/les-bulles-a-flotter-bruxelles\/"]}]},{"@type":"ImageObject","inLanguage":"fr-FR","@id":"https:\/\/ultraviolet.work\/_commercelocal\/project\/les-bulles-a-flotter-bruxelles\/#primaryimage","url":"https:\/\/ultraviolet.work\/_commercelocal\/wp-content\/uploads\/2022\/06\/les-bulles-copyright-atlouboulanger-800.jpg","contentUrl":"https:\/\/ultraviolet.work\/_commercelocal\/wp-content\/uploads\/2022\/06\/les-bulles-copyright-atlouboulanger-800.jpg","width":2000,"height":1600},{"@type":"BreadcrumbList","@id":"https:\/\/ultraviolet.work\/_commercelocal\/project\/les-bulles-a-flotter-bruxelles\/#breadcrumb","itemListElement":[{"@type":"ListItem","position":1,"name":"Accueil","item":"https:\/\/ultraviolet.work\/_commercelocal\/"},{"@type":"ListItem","position":2,"name":"Projets","item":"https:\/\/ultraviolet.work\/_commercelocal\/project\/"},{"@type":"ListItem","position":3,"name":"Les Bulles \u00e0 flotter Bruxelles"}]},{"@type":"WebSite","@id":"https:\/\/ultraviolet.work\/_commercelocal\/#website","url":"https:\/\/ultraviolet.work\/_commercelocal\/","name":"Le commerce local \u00e0 Bruxelles","description":"","publisher":{"@id":"https:\/\/ultraviolet.work\/_commercelocal\/#organization"},"potentialAction":[{"@type":"SearchAction","target":{"@type":"EntryPoint","urlTemplate":"https:\/\/ultraviolet.work\/_commercelocal\/?s={search_term_string}"},"query-input":{"@type":"PropertyValueSpecification","valueRequired":true,"valueName":"search_term_string"}}],"inLanguage":"fr-FR"},{"@type":"Organization","@id":"https:\/\/ultraviolet.work\/_commercelocal\/#organization","name":"Le commerce local \u00e0 Bruxelles - I shop in Brussels","url":"https:\/\/ultraviolet.work\/_commercelocal\/","logo":{"@type":"ImageObject","inLanguage":"fr-FR","@id":"https:\/\/ultraviolet.work\/_commercelocal\/#\/schema\/logo\/image\/","url":"https:\/\/ultraviolet.work\/_commercelocal\/wp-content\/uploads\/2020\/11\/IShopBrussels_w400.png","contentUrl":"https:\/\/ultraviolet.work\/_commercelocal\/wp-content\/uploads\/2020\/11\/IShopBrussels_w400.png","width":400,"height":200,"caption":"Le commerce local \u00e0 Bruxelles - I shop in Brussels"},"image":{"@id":"https:\/\/ultraviolet.work\/_commercelocal\/#\/schema\/logo\/image\/"},"sameAs":["https:\/\/www.facebook.com\/ishopinbrussels\/"]}]}},"_links":{"self":[{"href":"https:\/\/ultraviolet.work\/_commercelocal\/wp-json\/wp\/v2\/project\/10961","targetHints":{"allow":["GET"]}}],"collection":[{"href":"https:\/\/ultraviolet.work\/_commercelocal\/wp-json\/wp\/v2\/project"}],"about":[{"href":"https:\/\/ultraviolet.work\/_commercelocal\/wp-json\/wp\/v2\/types\/project"}],"author":[{"embeddable":true,"href":"https:\/\/ultraviolet.work\/_commercelocal\/wp-json\/wp\/v2\/users\/5"}],"replies":[{"embeddable":true,"href":"https:\/\/ultraviolet.work\/_commercelocal\/wp-json\/wp\/v2\/comments?post=10961"}],"version-history":[{"count":0,"href":"https:\/\/ultraviolet.work\/_commercelocal\/wp-json\/wp\/v2\/project\/10961\/revisions"}],"wp:featuredmedia":[{"embeddable":true,"href":"https:\/\/ultraviolet.work\/_commercelocal\/wp-json\/wp\/v2\/media\/12543"}],"wp:attachment":[{"href":"https:\/\/ultraviolet.work\/_commercelocal\/wp-json\/wp\/v2\/media?parent=10961"}],"wp:term":[{"taxonomy":"project_category","embeddable":true,"href":"https:\/\/ultraviolet.work\/_commercelocal\/wp-json\/wp\/v2\/project_category?post=10961"},{"taxonomy":"project_tag","embeddable":true,"href":"https:\/\/ultraviolet.work\/_commercelocal\/wp-json\/wp\/v2\/project_tag?post=10961"},{"taxonomy":"wf_project_folders","embeddable":true,"href":"https:\/\/ultraviolet.work\/_commercelocal\/wp-json\/wp\/v2\/wf_project_folders?post=10961"}],"curies":[{"name":"wp","href":"https:\/\/api.w.org\/{rel}","templated":true}]}}