{"id":11094,"date":"2022-06-23T12:47:56","date_gmt":"2022-06-23T10:47:56","guid":{"rendered":"https:\/\/ultraviolet.work\/_commercelocal\/project\/le-marche-du-wine-bar\/"},"modified":"2022-06-23T12:47:56","modified_gmt":"2022-06-23T10:47:56","slug":"le-marche-du-wine-bar","status":"publish","type":"project","link":"https:\/\/ultraviolet.work\/_commercelocal\/project\/le-marche-du-wine-bar\/","title":{"rendered":"Le March\u00e9 du Wine Bar"},"content":{"rendered":"<h2>Le March\u00e9 du Wine Bar<\/h2>\n<h5>Bar<\/h5>\n<h4>Rue Haute, 198, 1000 Bruxelles<\/h4>\n<h6><a href=\"https:\/\/www.winebarsablon.be\/notre-menu\/le-march%C3%A9-du-wine-bar\/\" target=\"_blank\" rel=\"noopener\">https:\/\/www.winebarsablon.be\/notre-menu\/le-march%C3%A9-du-wine-bar\/<\/a><\/h6>\n<p>Au March\u00e9 du Wine Bar, on chine de saison\u2026 Des fruits juteux, des l\u00e9gumes go\u00fbteux, des produits d\u2019\u00e9picerie fine de producteurs locaux et bios. Mais aussi des conserves de poissons, viande, cassoulet, confit de canard ou tripes \u00e0 la mode de Caen\u2026 Que des saveurs naturelles et sans additifs.<\/p>\n","protected":false},"excerpt":{"rendered":"<p>Le March\u00e9 du Wine Bar Bar Rue Haute, 198, 1000 Bruxelles https:\/\/www.winebarsablon.be\/notre-menu\/le-march%C3%A9-du-wine-bar\/ Au March\u00e9 du Wine Bar, on chine de saison\u2026 Des fruits juteux, des l\u00e9gumes go\u00fbteux, des produits d\u2019\u00e9picerie fine de producteurs locaux et bios. Mais aussi des conserves de poissons, viande, cassoulet, confit de canard ou tripes \u00e0 la mode de Caen\u2026 Que [&hellip;]<\/p>\n","protected":false},"author":5,"featured_media":12637,"comment_status":"closed","ping_status":"closed","template":"","meta":{"_et_pb_use_builder":"","_et_pb_old_content":"","_et_gb_content_width":"","inline_featured_image":false,"footnotes":""},"project_category":[560],"project_tag":[],"wf_project_folders":[386],"class_list":["post-11094","project","type-project","status-publish","has-post-thumbnail","hentry","project_category-bar"],"yoast_head":"<!-- This site is optimized with the Yoast SEO plugin v27.5 - https:\/\/yoast.com\/product\/yoast-seo-wordpress\/ -->\n<title>Le March\u00e9 du Wine Bar - Le commerce local \u00e0 Bruxelles<\/title>\n<meta name=\"robots\" content=\"noindex, follow\" \/>\n<meta property=\"og:locale\" content=\"fr_FR\" \/>\n<meta property=\"og:type\" content=\"article\" \/>\n<meta property=\"og:title\" content=\"Le March\u00e9 du Wine Bar - Le commerce local \u00e0 Bruxelles\" \/>\n<meta property=\"og:description\" content=\"Le March\u00e9 du Wine Bar Bar Rue Haute, 198, 1000 Bruxelles https:\/\/www.winebarsablon.be\/notre-menu\/le-march%C3%A9-du-wine-bar\/ Au March\u00e9 du Wine Bar, on chine de saison\u2026 Des fruits juteux, des l\u00e9gumes go\u00fbteux, des produits d\u2019\u00e9picerie fine de producteurs locaux et bios. Mais aussi des conserves de poissons, viande, cassoulet, confit de canard ou tripes \u00e0 la mode de Caen\u2026 Que [&hellip;]\" \/>\n<meta property=\"og:url\" content=\"https:\/\/ultraviolet.work\/_commercelocal\/project\/le-marche-du-wine-bar\/\" \/>\n<meta property=\"og:site_name\" content=\"Le commerce local \u00e0 Bruxelles\" \/>\n<meta property=\"article:publisher\" content=\"https:\/\/www.facebook.com\/ishopinbrussels\/\" \/>\n<meta property=\"og:image\" content=\"https:\/\/ultraviolet.work\/_commercelocal\/wp-content\/uploads\/2022\/06\/wine-bar-gentleman2-800.jpg\" \/>\n\t<meta property=\"og:image:width\" content=\"2000\" \/>\n\t<meta property=\"og:image:height\" content=\"1332\" \/>\n\t<meta property=\"og:image:type\" content=\"image\/jpeg\" \/>\n<meta name=\"twitter:card\" content=\"summary_large_image\" \/>\n<script type=\"application\/ld+json\" class=\"yoast-schema-graph\">{\"@context\":\"https:\\\/\\\/schema.org\",\"@graph\":[{\"@type\":\"WebPage\",\"@id\":\"https:\\\/\\\/ultraviolet.work\\\/_commercelocal\\\/project\\\/le-marche-du-wine-bar\\\/\",\"url\":\"https:\\\/\\\/ultraviolet.work\\\/_commercelocal\\\/project\\\/le-marche-du-wine-bar\\\/\",\"name\":\"Le March\u00e9 du Wine Bar - Le commerce local \u00e0 Bruxelles\",\"isPartOf\":{\"@id\":\"https:\\\/\\\/ultraviolet.work\\\/_commercelocal\\\/#website\"},\"primaryImageOfPage\":{\"@id\":\"https:\\\/\\\/ultraviolet.work\\\/_commercelocal\\\/project\\\/le-marche-du-wine-bar\\\/#primaryimage\"},\"image\":{\"@id\":\"https:\\\/\\\/ultraviolet.work\\\/_commercelocal\\\/project\\\/le-marche-du-wine-bar\\\/#primaryimage\"},\"thumbnailUrl\":\"https:\\\/\\\/ultraviolet.work\\\/_commercelocal\\\/wp-content\\\/uploads\\\/2022\\\/06\\\/wine-bar-gentleman2-800.jpg\",\"datePublished\":\"2022-06-23T10:47:56+00:00\",\"breadcrumb\":{\"@id\":\"https:\\\/\\\/ultraviolet.work\\\/_commercelocal\\\/project\\\/le-marche-du-wine-bar\\\/#breadcrumb\"},\"inLanguage\":\"fr-FR\",\"potentialAction\":[{\"@type\":\"ReadAction\",\"target\":[\"https:\\\/\\\/ultraviolet.work\\\/_commercelocal\\\/project\\\/le-marche-du-wine-bar\\\/\"]}]},{\"@type\":\"ImageObject\",\"inLanguage\":\"fr-FR\",\"@id\":\"https:\\\/\\\/ultraviolet.work\\\/_commercelocal\\\/project\\\/le-marche-du-wine-bar\\\/#primaryimage\",\"url\":\"https:\\\/\\\/ultraviolet.work\\\/_commercelocal\\\/wp-content\\\/uploads\\\/2022\\\/06\\\/wine-bar-gentleman2-800.jpg\",\"contentUrl\":\"https:\\\/\\\/ultraviolet.work\\\/_commercelocal\\\/wp-content\\\/uploads\\\/2022\\\/06\\\/wine-bar-gentleman2-800.jpg\",\"width\":2000,\"height\":1332},{\"@type\":\"BreadcrumbList\",\"@id\":\"https:\\\/\\\/ultraviolet.work\\\/_commercelocal\\\/project\\\/le-marche-du-wine-bar\\\/#breadcrumb\",\"itemListElement\":[{\"@type\":\"ListItem\",\"position\":1,\"name\":\"Accueil\",\"item\":\"https:\\\/\\\/ultraviolet.work\\\/_commercelocal\\\/\"},{\"@type\":\"ListItem\",\"position\":2,\"name\":\"Projets\",\"item\":\"https:\\\/\\\/ultraviolet.work\\\/_commercelocal\\\/project\\\/\"},{\"@type\":\"ListItem\",\"position\":3,\"name\":\"Le March\u00e9 du Wine Bar\"}]},{\"@type\":\"WebSite\",\"@id\":\"https:\\\/\\\/ultraviolet.work\\\/_commercelocal\\\/#website\",\"url\":\"https:\\\/\\\/ultraviolet.work\\\/_commercelocal\\\/\",\"name\":\"Le commerce local \u00e0 Bruxelles\",\"description\":\"\",\"publisher\":{\"@id\":\"https:\\\/\\\/ultraviolet.work\\\/_commercelocal\\\/#organization\"},\"potentialAction\":[{\"@type\":\"SearchAction\",\"target\":{\"@type\":\"EntryPoint\",\"urlTemplate\":\"https:\\\/\\\/ultraviolet.work\\\/_commercelocal\\\/?s={search_term_string}\"},\"query-input\":{\"@type\":\"PropertyValueSpecification\",\"valueRequired\":true,\"valueName\":\"search_term_string\"}}],\"inLanguage\":\"fr-FR\"},{\"@type\":\"Organization\",\"@id\":\"https:\\\/\\\/ultraviolet.work\\\/_commercelocal\\\/#organization\",\"name\":\"Le commerce local \u00e0 Bruxelles - I shop in Brussels\",\"url\":\"https:\\\/\\\/ultraviolet.work\\\/_commercelocal\\\/\",\"logo\":{\"@type\":\"ImageObject\",\"inLanguage\":\"fr-FR\",\"@id\":\"https:\\\/\\\/ultraviolet.work\\\/_commercelocal\\\/#\\\/schema\\\/logo\\\/image\\\/\",\"url\":\"https:\\\/\\\/ultraviolet.work\\\/_commercelocal\\\/wp-content\\\/uploads\\\/2020\\\/11\\\/IShopBrussels_w400.png\",\"contentUrl\":\"https:\\\/\\\/ultraviolet.work\\\/_commercelocal\\\/wp-content\\\/uploads\\\/2020\\\/11\\\/IShopBrussels_w400.png\",\"width\":400,\"height\":200,\"caption\":\"Le commerce local \u00e0 Bruxelles - I shop in Brussels\"},\"image\":{\"@id\":\"https:\\\/\\\/ultraviolet.work\\\/_commercelocal\\\/#\\\/schema\\\/logo\\\/image\\\/\"},\"sameAs\":[\"https:\\\/\\\/www.facebook.com\\\/ishopinbrussels\\\/\"]}]}<\/script>\n<!-- \/ Yoast SEO plugin. -->","yoast_head_json":{"title":"Le March\u00e9 du Wine Bar - Le commerce local \u00e0 Bruxelles","robots":{"index":"noindex","follow":"follow"},"og_locale":"fr_FR","og_type":"article","og_title":"Le March\u00e9 du Wine Bar - Le commerce local \u00e0 Bruxelles","og_description":"Le March\u00e9 du Wine Bar Bar Rue Haute, 198, 1000 Bruxelles https:\/\/www.winebarsablon.be\/notre-menu\/le-march%C3%A9-du-wine-bar\/ Au March\u00e9 du Wine Bar, on chine de saison\u2026 Des fruits juteux, des l\u00e9gumes go\u00fbteux, des produits d\u2019\u00e9picerie fine de producteurs locaux et bios. Mais aussi des conserves de poissons, viande, cassoulet, confit de canard ou tripes \u00e0 la mode de Caen\u2026 Que [&hellip;]","og_url":"https:\/\/ultraviolet.work\/_commercelocal\/project\/le-marche-du-wine-bar\/","og_site_name":"Le commerce local \u00e0 Bruxelles","article_publisher":"https:\/\/www.facebook.com\/ishopinbrussels\/","og_image":[{"width":2000,"height":1332,"url":"https:\/\/ultraviolet.work\/_commercelocal\/wp-content\/uploads\/2022\/06\/wine-bar-gentleman2-800.jpg","type":"image\/jpeg"}],"twitter_card":"summary_large_image","schema":{"@context":"https:\/\/schema.org","@graph":[{"@type":"WebPage","@id":"https:\/\/ultraviolet.work\/_commercelocal\/project\/le-marche-du-wine-bar\/","url":"https:\/\/ultraviolet.work\/_commercelocal\/project\/le-marche-du-wine-bar\/","name":"Le March\u00e9 du Wine Bar - Le commerce local \u00e0 Bruxelles","isPartOf":{"@id":"https:\/\/ultraviolet.work\/_commercelocal\/#website"},"primaryImageOfPage":{"@id":"https:\/\/ultraviolet.work\/_commercelocal\/project\/le-marche-du-wine-bar\/#primaryimage"},"image":{"@id":"https:\/\/ultraviolet.work\/_commercelocal\/project\/le-marche-du-wine-bar\/#primaryimage"},"thumbnailUrl":"https:\/\/ultraviolet.work\/_commercelocal\/wp-content\/uploads\/2022\/06\/wine-bar-gentleman2-800.jpg","datePublished":"2022-06-23T10:47:56+00:00","breadcrumb":{"@id":"https:\/\/ultraviolet.work\/_commercelocal\/project\/le-marche-du-wine-bar\/#breadcrumb"},"inLanguage":"fr-FR","potentialAction":[{"@type":"ReadAction","target":["https:\/\/ultraviolet.work\/_commercelocal\/project\/le-marche-du-wine-bar\/"]}]},{"@type":"ImageObject","inLanguage":"fr-FR","@id":"https:\/\/ultraviolet.work\/_commercelocal\/project\/le-marche-du-wine-bar\/#primaryimage","url":"https:\/\/ultraviolet.work\/_commercelocal\/wp-content\/uploads\/2022\/06\/wine-bar-gentleman2-800.jpg","contentUrl":"https:\/\/ultraviolet.work\/_commercelocal\/wp-content\/uploads\/2022\/06\/wine-bar-gentleman2-800.jpg","width":2000,"height":1332},{"@type":"BreadcrumbList","@id":"https:\/\/ultraviolet.work\/_commercelocal\/project\/le-marche-du-wine-bar\/#breadcrumb","itemListElement":[{"@type":"ListItem","position":1,"name":"Accueil","item":"https:\/\/ultraviolet.work\/_commercelocal\/"},{"@type":"ListItem","position":2,"name":"Projets","item":"https:\/\/ultraviolet.work\/_commercelocal\/project\/"},{"@type":"ListItem","position":3,"name":"Le March\u00e9 du Wine Bar"}]},{"@type":"WebSite","@id":"https:\/\/ultraviolet.work\/_commercelocal\/#website","url":"https:\/\/ultraviolet.work\/_commercelocal\/","name":"Le commerce local \u00e0 Bruxelles","description":"","publisher":{"@id":"https:\/\/ultraviolet.work\/_commercelocal\/#organization"},"potentialAction":[{"@type":"SearchAction","target":{"@type":"EntryPoint","urlTemplate":"https:\/\/ultraviolet.work\/_commercelocal\/?s={search_term_string}"},"query-input":{"@type":"PropertyValueSpecification","valueRequired":true,"valueName":"search_term_string"}}],"inLanguage":"fr-FR"},{"@type":"Organization","@id":"https:\/\/ultraviolet.work\/_commercelocal\/#organization","name":"Le commerce local \u00e0 Bruxelles - I shop in Brussels","url":"https:\/\/ultraviolet.work\/_commercelocal\/","logo":{"@type":"ImageObject","inLanguage":"fr-FR","@id":"https:\/\/ultraviolet.work\/_commercelocal\/#\/schema\/logo\/image\/","url":"https:\/\/ultraviolet.work\/_commercelocal\/wp-content\/uploads\/2020\/11\/IShopBrussels_w400.png","contentUrl":"https:\/\/ultraviolet.work\/_commercelocal\/wp-content\/uploads\/2020\/11\/IShopBrussels_w400.png","width":400,"height":200,"caption":"Le commerce local \u00e0 Bruxelles - I shop in Brussels"},"image":{"@id":"https:\/\/ultraviolet.work\/_commercelocal\/#\/schema\/logo\/image\/"},"sameAs":["https:\/\/www.facebook.com\/ishopinbrussels\/"]}]}},"_links":{"self":[{"href":"https:\/\/ultraviolet.work\/_commercelocal\/wp-json\/wp\/v2\/project\/11094","targetHints":{"allow":["GET"]}}],"collection":[{"href":"https:\/\/ultraviolet.work\/_commercelocal\/wp-json\/wp\/v2\/project"}],"about":[{"href":"https:\/\/ultraviolet.work\/_commercelocal\/wp-json\/wp\/v2\/types\/project"}],"author":[{"embeddable":true,"href":"https:\/\/ultraviolet.work\/_commercelocal\/wp-json\/wp\/v2\/users\/5"}],"replies":[{"embeddable":true,"href":"https:\/\/ultraviolet.work\/_commercelocal\/wp-json\/wp\/v2\/comments?post=11094"}],"version-history":[{"count":0,"href":"https:\/\/ultraviolet.work\/_commercelocal\/wp-json\/wp\/v2\/project\/11094\/revisions"}],"wp:featuredmedia":[{"embeddable":true,"href":"https:\/\/ultraviolet.work\/_commercelocal\/wp-json\/wp\/v2\/media\/12637"}],"wp:attachment":[{"href":"https:\/\/ultraviolet.work\/_commercelocal\/wp-json\/wp\/v2\/media?parent=11094"}],"wp:term":[{"taxonomy":"project_category","embeddable":true,"href":"https:\/\/ultraviolet.work\/_commercelocal\/wp-json\/wp\/v2\/project_category?post=11094"},{"taxonomy":"project_tag","embeddable":true,"href":"https:\/\/ultraviolet.work\/_commercelocal\/wp-json\/wp\/v2\/project_tag?post=11094"},{"taxonomy":"wf_project_folders","embeddable":true,"href":"https:\/\/ultraviolet.work\/_commercelocal\/wp-json\/wp\/v2\/wf_project_folders?post=11094"}],"curies":[{"name":"wp","href":"https:\/\/api.w.org\/{rel}","templated":true}]}}