{"id":16088,"date":"2022-10-14T09:40:32","date_gmt":"2022-10-14T07:40:32","guid":{"rendered":"https:\/\/ultraviolet.work\/_commercelocal\/project\/les-bulles-a-flotter-bruxelles-3\/"},"modified":"2022-10-14T09:40:32","modified_gmt":"2022-10-14T07:40:32","slug":"les-bulles-a-flotter-bruxelles-3","status":"publish","type":"project","link":"https:\/\/ultraviolet.work\/_commercelocal\/project\/les-bulles-a-flotter-bruxelles-3\/","title":{"rendered":"Les Bulles \u00e0 flotter Bruxelles"},"content":{"rendered":"<h2>Les Bulles \u00e0 flotter Bruxelles<\/h2>\n<h5>Service<\/h5>\n<h4>Rue du P\u00e9pin 40, 1000 Bruxelles<\/h4>\n<h5>Label : Qualit\u00e9 &#038; Savoir-faire<\/h5>\n<h6><a href=\"https:\/\/www.lesbullesaflotter.fr\/lesbullesaflotter-bruxelles.php\" target=\"_blank\" rel=\"noopener\">https:\/\/www.lesbullesaflotter.fr\/lesbullesaflotter-bruxelles.php<\/a><\/h6>\n<p>Qu\u2019est-ce que la flottaison en isolation sensorielle ? Une fa\u00e7on simple d\u2019acc\u00e9der au bien-\u00eatre et \u00e0 la relaxation. Sp\u00e9cialiste de cette m\u00e9thode \u00e0 Paris, Bordeaux, Lille et Bruxelles, cet \u00e9tablissement vous invite \u00e0 venir flotter dans ses Bulles, pour oublier le stress et lib\u00e9rer votre esprit&#8230; en apesanteur.<\/p>\n","protected":false},"excerpt":{"rendered":"<p>Les Bulles \u00e0 flotter Bruxelles Service Rue du P\u00e9pin 40, 1000 Bruxelles Label : Qualit\u00e9 &#038; Savoir-faire https:\/\/www.lesbullesaflotter.fr\/lesbullesaflotter-bruxelles.php Qu\u2019est-ce que la flottaison en isolation sensorielle ? Une fa\u00e7on simple d\u2019acc\u00e9der au bien-\u00eatre et \u00e0 la relaxation. Sp\u00e9cialiste de cette m\u00e9thode \u00e0 Paris, Bordeaux, Lille et Bruxelles, cet \u00e9tablissement vous invite \u00e0 venir flotter dans ses [&hellip;]<\/p>\n","protected":false},"author":5,"featured_media":15292,"comment_status":"closed","ping_status":"closed","template":"","meta":{"_et_pb_use_builder":"","_et_pb_old_content":"","_et_gb_content_width":"","inline_featured_image":false,"footnotes":""},"project_category":[1176],"project_tag":[1190],"wf_project_folders":[1224],"class_list":["post-16088","project","type-project","status-publish","has-post-thumbnail","hentry","project_category-rue-de-namur-boulevard-de-waterlo","project_tag-service"],"yoast_head":"<!-- This site is optimized with the Yoast SEO plugin v27.5 - https:\/\/yoast.com\/product\/yoast-seo-wordpress\/ -->\n<title>Les Bulles \u00e0 flotter Bruxelles - Le commerce local \u00e0 Bruxelles<\/title>\n<meta name=\"robots\" content=\"noindex, follow\" \/>\n<meta property=\"og:locale\" content=\"fr_FR\" \/>\n<meta property=\"og:type\" content=\"article\" \/>\n<meta property=\"og:title\" content=\"Les Bulles \u00e0 flotter Bruxelles - Le commerce local \u00e0 Bruxelles\" \/>\n<meta property=\"og:description\" content=\"Les Bulles \u00e0 flotter Bruxelles Service Rue du P\u00e9pin 40, 1000 Bruxelles Label : Qualit\u00e9 &#038; Savoir-faire https:\/\/www.lesbullesaflotter.fr\/lesbullesaflotter-bruxelles.php Qu\u2019est-ce que la flottaison en isolation sensorielle ? Une fa\u00e7on simple d\u2019acc\u00e9der au bien-\u00eatre et \u00e0 la relaxation. Sp\u00e9cialiste de cette m\u00e9thode \u00e0 Paris, Bordeaux, Lille et Bruxelles, cet \u00e9tablissement vous invite \u00e0 venir flotter dans ses [&hellip;]\" \/>\n<meta property=\"og:url\" content=\"https:\/\/ultraviolet.work\/_commercelocal\/project\/les-bulles-a-flotter-bruxelles-3\/\" \/>\n<meta property=\"og:site_name\" content=\"Le commerce local \u00e0 Bruxelles\" \/>\n<meta property=\"article:publisher\" content=\"https:\/\/www.facebook.com\/ishopinbrussels\/\" \/>\n<meta property=\"og:image\" content=\"https:\/\/ultraviolet.work\/_commercelocal\/wp-content\/uploads\/2022\/10\/les-bulles-copyright-atlouboulanger-1400.jpg\" \/>\n\t<meta property=\"og:image:width\" content=\"1400\" \/>\n\t<meta property=\"og:image:height\" content=\"1120\" \/>\n\t<meta property=\"og:image:type\" content=\"image\/jpeg\" \/>\n<meta name=\"twitter:card\" content=\"summary_large_image\" \/>\n<script type=\"application\/ld+json\" class=\"yoast-schema-graph\">{\"@context\":\"https:\\\/\\\/schema.org\",\"@graph\":[{\"@type\":\"WebPage\",\"@id\":\"https:\\\/\\\/ultraviolet.work\\\/_commercelocal\\\/project\\\/les-bulles-a-flotter-bruxelles-3\\\/\",\"url\":\"https:\\\/\\\/ultraviolet.work\\\/_commercelocal\\\/project\\\/les-bulles-a-flotter-bruxelles-3\\\/\",\"name\":\"Les Bulles \u00e0 flotter Bruxelles - Le commerce local \u00e0 Bruxelles\",\"isPartOf\":{\"@id\":\"https:\\\/\\\/ultraviolet.work\\\/_commercelocal\\\/#website\"},\"primaryImageOfPage\":{\"@id\":\"https:\\\/\\\/ultraviolet.work\\\/_commercelocal\\\/project\\\/les-bulles-a-flotter-bruxelles-3\\\/#primaryimage\"},\"image\":{\"@id\":\"https:\\\/\\\/ultraviolet.work\\\/_commercelocal\\\/project\\\/les-bulles-a-flotter-bruxelles-3\\\/#primaryimage\"},\"thumbnailUrl\":\"https:\\\/\\\/ultraviolet.work\\\/_commercelocal\\\/wp-content\\\/uploads\\\/2022\\\/10\\\/les-bulles-copyright-atlouboulanger-1400.jpg\",\"datePublished\":\"2022-10-14T07:40:32+00:00\",\"breadcrumb\":{\"@id\":\"https:\\\/\\\/ultraviolet.work\\\/_commercelocal\\\/project\\\/les-bulles-a-flotter-bruxelles-3\\\/#breadcrumb\"},\"inLanguage\":\"fr-FR\",\"potentialAction\":[{\"@type\":\"ReadAction\",\"target\":[\"https:\\\/\\\/ultraviolet.work\\\/_commercelocal\\\/project\\\/les-bulles-a-flotter-bruxelles-3\\\/\"]}]},{\"@type\":\"ImageObject\",\"inLanguage\":\"fr-FR\",\"@id\":\"https:\\\/\\\/ultraviolet.work\\\/_commercelocal\\\/project\\\/les-bulles-a-flotter-bruxelles-3\\\/#primaryimage\",\"url\":\"https:\\\/\\\/ultraviolet.work\\\/_commercelocal\\\/wp-content\\\/uploads\\\/2022\\\/10\\\/les-bulles-copyright-atlouboulanger-1400.jpg\",\"contentUrl\":\"https:\\\/\\\/ultraviolet.work\\\/_commercelocal\\\/wp-content\\\/uploads\\\/2022\\\/10\\\/les-bulles-copyright-atlouboulanger-1400.jpg\",\"width\":1400,\"height\":1120},{\"@type\":\"BreadcrumbList\",\"@id\":\"https:\\\/\\\/ultraviolet.work\\\/_commercelocal\\\/project\\\/les-bulles-a-flotter-bruxelles-3\\\/#breadcrumb\",\"itemListElement\":[{\"@type\":\"ListItem\",\"position\":1,\"name\":\"Accueil\",\"item\":\"https:\\\/\\\/ultraviolet.work\\\/_commercelocal\\\/\"},{\"@type\":\"ListItem\",\"position\":2,\"name\":\"Projets\",\"item\":\"https:\\\/\\\/ultraviolet.work\\\/_commercelocal\\\/project\\\/\"},{\"@type\":\"ListItem\",\"position\":3,\"name\":\"Les Bulles \u00e0 flotter Bruxelles\"}]},{\"@type\":\"WebSite\",\"@id\":\"https:\\\/\\\/ultraviolet.work\\\/_commercelocal\\\/#website\",\"url\":\"https:\\\/\\\/ultraviolet.work\\\/_commercelocal\\\/\",\"name\":\"Le commerce local \u00e0 Bruxelles\",\"description\":\"\",\"publisher\":{\"@id\":\"https:\\\/\\\/ultraviolet.work\\\/_commercelocal\\\/#organization\"},\"potentialAction\":[{\"@type\":\"SearchAction\",\"target\":{\"@type\":\"EntryPoint\",\"urlTemplate\":\"https:\\\/\\\/ultraviolet.work\\\/_commercelocal\\\/?s={search_term_string}\"},\"query-input\":{\"@type\":\"PropertyValueSpecification\",\"valueRequired\":true,\"valueName\":\"search_term_string\"}}],\"inLanguage\":\"fr-FR\"},{\"@type\":\"Organization\",\"@id\":\"https:\\\/\\\/ultraviolet.work\\\/_commercelocal\\\/#organization\",\"name\":\"Le commerce local \u00e0 Bruxelles - I shop in Brussels\",\"url\":\"https:\\\/\\\/ultraviolet.work\\\/_commercelocal\\\/\",\"logo\":{\"@type\":\"ImageObject\",\"inLanguage\":\"fr-FR\",\"@id\":\"https:\\\/\\\/ultraviolet.work\\\/_commercelocal\\\/#\\\/schema\\\/logo\\\/image\\\/\",\"url\":\"https:\\\/\\\/ultraviolet.work\\\/_commercelocal\\\/wp-content\\\/uploads\\\/2020\\\/11\\\/IShopBrussels_w400.png\",\"contentUrl\":\"https:\\\/\\\/ultraviolet.work\\\/_commercelocal\\\/wp-content\\\/uploads\\\/2020\\\/11\\\/IShopBrussels_w400.png\",\"width\":400,\"height\":200,\"caption\":\"Le commerce local \u00e0 Bruxelles - I shop in Brussels\"},\"image\":{\"@id\":\"https:\\\/\\\/ultraviolet.work\\\/_commercelocal\\\/#\\\/schema\\\/logo\\\/image\\\/\"},\"sameAs\":[\"https:\\\/\\\/www.facebook.com\\\/ishopinbrussels\\\/\"]}]}<\/script>\n<!-- \/ Yoast SEO plugin. -->","yoast_head_json":{"title":"Les Bulles \u00e0 flotter Bruxelles - Le commerce local \u00e0 Bruxelles","robots":{"index":"noindex","follow":"follow"},"og_locale":"fr_FR","og_type":"article","og_title":"Les Bulles \u00e0 flotter Bruxelles - Le commerce local \u00e0 Bruxelles","og_description":"Les Bulles \u00e0 flotter Bruxelles Service Rue du P\u00e9pin 40, 1000 Bruxelles Label : Qualit\u00e9 &#038; Savoir-faire https:\/\/www.lesbullesaflotter.fr\/lesbullesaflotter-bruxelles.php Qu\u2019est-ce que la flottaison en isolation sensorielle ? Une fa\u00e7on simple d\u2019acc\u00e9der au bien-\u00eatre et \u00e0 la relaxation. Sp\u00e9cialiste de cette m\u00e9thode \u00e0 Paris, Bordeaux, Lille et Bruxelles, cet \u00e9tablissement vous invite \u00e0 venir flotter dans ses [&hellip;]","og_url":"https:\/\/ultraviolet.work\/_commercelocal\/project\/les-bulles-a-flotter-bruxelles-3\/","og_site_name":"Le commerce local \u00e0 Bruxelles","article_publisher":"https:\/\/www.facebook.com\/ishopinbrussels\/","og_image":[{"width":1400,"height":1120,"url":"https:\/\/ultraviolet.work\/_commercelocal\/wp-content\/uploads\/2022\/10\/les-bulles-copyright-atlouboulanger-1400.jpg","type":"image\/jpeg"}],"twitter_card":"summary_large_image","schema":{"@context":"https:\/\/schema.org","@graph":[{"@type":"WebPage","@id":"https:\/\/ultraviolet.work\/_commercelocal\/project\/les-bulles-a-flotter-bruxelles-3\/","url":"https:\/\/ultraviolet.work\/_commercelocal\/project\/les-bulles-a-flotter-bruxelles-3\/","name":"Les Bulles \u00e0 flotter Bruxelles - Le commerce local \u00e0 Bruxelles","isPartOf":{"@id":"https:\/\/ultraviolet.work\/_commercelocal\/#website"},"primaryImageOfPage":{"@id":"https:\/\/ultraviolet.work\/_commercelocal\/project\/les-bulles-a-flotter-bruxelles-3\/#primaryimage"},"image":{"@id":"https:\/\/ultraviolet.work\/_commercelocal\/project\/les-bulles-a-flotter-bruxelles-3\/#primaryimage"},"thumbnailUrl":"https:\/\/ultraviolet.work\/_commercelocal\/wp-content\/uploads\/2022\/10\/les-bulles-copyright-atlouboulanger-1400.jpg","datePublished":"2022-10-14T07:40:32+00:00","breadcrumb":{"@id":"https:\/\/ultraviolet.work\/_commercelocal\/project\/les-bulles-a-flotter-bruxelles-3\/#breadcrumb"},"inLanguage":"fr-FR","potentialAction":[{"@type":"ReadAction","target":["https:\/\/ultraviolet.work\/_commercelocal\/project\/les-bulles-a-flotter-bruxelles-3\/"]}]},{"@type":"ImageObject","inLanguage":"fr-FR","@id":"https:\/\/ultraviolet.work\/_commercelocal\/project\/les-bulles-a-flotter-bruxelles-3\/#primaryimage","url":"https:\/\/ultraviolet.work\/_commercelocal\/wp-content\/uploads\/2022\/10\/les-bulles-copyright-atlouboulanger-1400.jpg","contentUrl":"https:\/\/ultraviolet.work\/_commercelocal\/wp-content\/uploads\/2022\/10\/les-bulles-copyright-atlouboulanger-1400.jpg","width":1400,"height":1120},{"@type":"BreadcrumbList","@id":"https:\/\/ultraviolet.work\/_commercelocal\/project\/les-bulles-a-flotter-bruxelles-3\/#breadcrumb","itemListElement":[{"@type":"ListItem","position":1,"name":"Accueil","item":"https:\/\/ultraviolet.work\/_commercelocal\/"},{"@type":"ListItem","position":2,"name":"Projets","item":"https:\/\/ultraviolet.work\/_commercelocal\/project\/"},{"@type":"ListItem","position":3,"name":"Les Bulles \u00e0 flotter Bruxelles"}]},{"@type":"WebSite","@id":"https:\/\/ultraviolet.work\/_commercelocal\/#website","url":"https:\/\/ultraviolet.work\/_commercelocal\/","name":"Le commerce local \u00e0 Bruxelles","description":"","publisher":{"@id":"https:\/\/ultraviolet.work\/_commercelocal\/#organization"},"potentialAction":[{"@type":"SearchAction","target":{"@type":"EntryPoint","urlTemplate":"https:\/\/ultraviolet.work\/_commercelocal\/?s={search_term_string}"},"query-input":{"@type":"PropertyValueSpecification","valueRequired":true,"valueName":"search_term_string"}}],"inLanguage":"fr-FR"},{"@type":"Organization","@id":"https:\/\/ultraviolet.work\/_commercelocal\/#organization","name":"Le commerce local \u00e0 Bruxelles - I shop in Brussels","url":"https:\/\/ultraviolet.work\/_commercelocal\/","logo":{"@type":"ImageObject","inLanguage":"fr-FR","@id":"https:\/\/ultraviolet.work\/_commercelocal\/#\/schema\/logo\/image\/","url":"https:\/\/ultraviolet.work\/_commercelocal\/wp-content\/uploads\/2020\/11\/IShopBrussels_w400.png","contentUrl":"https:\/\/ultraviolet.work\/_commercelocal\/wp-content\/uploads\/2020\/11\/IShopBrussels_w400.png","width":400,"height":200,"caption":"Le commerce local \u00e0 Bruxelles - I shop in Brussels"},"image":{"@id":"https:\/\/ultraviolet.work\/_commercelocal\/#\/schema\/logo\/image\/"},"sameAs":["https:\/\/www.facebook.com\/ishopinbrussels\/"]}]}},"_links":{"self":[{"href":"https:\/\/ultraviolet.work\/_commercelocal\/wp-json\/wp\/v2\/project\/16088","targetHints":{"allow":["GET"]}}],"collection":[{"href":"https:\/\/ultraviolet.work\/_commercelocal\/wp-json\/wp\/v2\/project"}],"about":[{"href":"https:\/\/ultraviolet.work\/_commercelocal\/wp-json\/wp\/v2\/types\/project"}],"author":[{"embeddable":true,"href":"https:\/\/ultraviolet.work\/_commercelocal\/wp-json\/wp\/v2\/users\/5"}],"replies":[{"embeddable":true,"href":"https:\/\/ultraviolet.work\/_commercelocal\/wp-json\/wp\/v2\/comments?post=16088"}],"version-history":[{"count":0,"href":"https:\/\/ultraviolet.work\/_commercelocal\/wp-json\/wp\/v2\/project\/16088\/revisions"}],"wp:featuredmedia":[{"embeddable":true,"href":"https:\/\/ultraviolet.work\/_commercelocal\/wp-json\/wp\/v2\/media\/15292"}],"wp:attachment":[{"href":"https:\/\/ultraviolet.work\/_commercelocal\/wp-json\/wp\/v2\/media?parent=16088"}],"wp:term":[{"taxonomy":"project_category","embeddable":true,"href":"https:\/\/ultraviolet.work\/_commercelocal\/wp-json\/wp\/v2\/project_category?post=16088"},{"taxonomy":"project_tag","embeddable":true,"href":"https:\/\/ultraviolet.work\/_commercelocal\/wp-json\/wp\/v2\/project_tag?post=16088"},{"taxonomy":"wf_project_folders","embeddable":true,"href":"https:\/\/ultraviolet.work\/_commercelocal\/wp-json\/wp\/v2\/wf_project_folders?post=16088"}],"curies":[{"name":"wp","href":"https:\/\/api.w.org\/{rel}","templated":true}]}}