{"id":16294,"date":"2022-10-14T09:55:00","date_gmt":"2022-10-14T07:55:00","guid":{"rendered":"https:\/\/ultraviolet.work\/_commercelocal\/project\/espace-periple-art-et-lettres-helleniques-3\/"},"modified":"2022-10-14T09:55:00","modified_gmt":"2022-10-14T07:55:00","slug":"espace-periple-art-et-lettres-helleniques-3","status":"publish","type":"project","link":"https:\/\/ultraviolet.work\/_commercelocal\/project\/espace-periple-art-et-lettres-helleniques-3\/","title":{"rendered":"Espace P\u00e9riple &#8211; Art et Lettres Hell\u00e9niques"},"content":{"rendered":"<h2>Espace P\u00e9riple &#8211; Art et Lettres Hell\u00e9niques<\/h2>\n<h5>Galerie<\/h5>\n<h4>Rue Froissart 115, 1040 Bruxelles<\/h4>\n<h5>Label : Qualit\u00e9 &#038; Savoir-faire<\/h5>\n<h6><a href=\"https:\/\/www.periple.eu\/index.php?language=fr\" target=\"_blank\" rel=\"noopener\">https:\/\/www.periple.eu\/index.php?language=fr<\/a><\/h6>\n<p>L\u2019Espace P\u00e9riple est \u00e0 la fois un centre d\u2019art et un lieu de rencontre autour des Arts et Lettres Hell\u00e9niques \u00e0 Bruxelles. Inaugur\u00e9 en 1992, son rayonnement n\u2019a de cesse d\u2019augmenter et des \u00e9v\u00e9nements culturels y sont organis\u00e9s, entre litt\u00e9rature, po\u00e9sie, et expos de cr\u00e9ateurs grecs.<\/p>\n","protected":false},"excerpt":{"rendered":"<p>Espace P\u00e9riple &#8211; Art et Lettres Hell\u00e9niques Galerie Rue Froissart 115, 1040 Bruxelles Label : Qualit\u00e9 &#038; Savoir-faire https:\/\/www.periple.eu\/index.php?language=fr L\u2019Espace P\u00e9riple est \u00e0 la fois un centre d\u2019art et un lieu de rencontre autour des Arts et Lettres Hell\u00e9niques \u00e0 Bruxelles. Inaugur\u00e9 en 1992, son rayonnement n\u2019a de cesse d\u2019augmenter et des \u00e9v\u00e9nements culturels y [&hellip;]<\/p>\n","protected":false},"author":5,"featured_media":15387,"comment_status":"closed","ping_status":"closed","template":"","meta":{"_et_pb_use_builder":"","_et_pb_old_content":"","_et_gb_content_width":"","inline_featured_image":false,"footnotes":""},"project_category":[1172],"project_tag":[1214],"wf_project_folders":[1224],"class_list":["post-16294","project","type-project","status-publish","has-post-thumbnail","hentry","project_category-quartier-europeen","project_tag-galerie"],"yoast_head":"<!-- This site is optimized with the Yoast SEO plugin v27.5 - https:\/\/yoast.com\/product\/yoast-seo-wordpress\/ -->\n<title>Espace P\u00e9riple - Art et Lettres Hell\u00e9niques - Le commerce local \u00e0 Bruxelles<\/title>\n<meta name=\"robots\" content=\"noindex, follow\" \/>\n<meta property=\"og:locale\" content=\"fr_FR\" \/>\n<meta property=\"og:type\" content=\"article\" \/>\n<meta property=\"og:title\" content=\"Espace P\u00e9riple - Art et Lettres Hell\u00e9niques - Le commerce local \u00e0 Bruxelles\" \/>\n<meta property=\"og:description\" content=\"Espace P\u00e9riple &#8211; Art et Lettres Hell\u00e9niques Galerie Rue Froissart 115, 1040 Bruxelles Label : Qualit\u00e9 &#038; Savoir-faire https:\/\/www.periple.eu\/index.php?language=fr L\u2019Espace P\u00e9riple est \u00e0 la fois un centre d\u2019art et un lieu de rencontre autour des Arts et Lettres Hell\u00e9niques \u00e0 Bruxelles. Inaugur\u00e9 en 1992, son rayonnement n\u2019a de cesse d\u2019augmenter et des \u00e9v\u00e9nements culturels y [&hellip;]\" \/>\n<meta property=\"og:url\" content=\"https:\/\/ultraviolet.work\/_commercelocal\/project\/espace-periple-art-et-lettres-helleniques-3\/\" \/>\n<meta property=\"og:site_name\" content=\"Le commerce local \u00e0 Bruxelles\" \/>\n<meta property=\"article:publisher\" content=\"https:\/\/www.facebook.com\/ishopinbrussels\/\" \/>\n<meta property=\"og:image\" content=\"https:\/\/ultraviolet.work\/_commercelocal\/wp-content\/uploads\/2022\/10\/periple-1400.jpg\" \/>\n\t<meta property=\"og:image:width\" content=\"1400\" \/>\n\t<meta property=\"og:image:height\" content=\"1867\" \/>\n\t<meta property=\"og:image:type\" content=\"image\/jpeg\" \/>\n<meta name=\"twitter:card\" content=\"summary_large_image\" \/>\n<script type=\"application\/ld+json\" class=\"yoast-schema-graph\">{\"@context\":\"https:\\\/\\\/schema.org\",\"@graph\":[{\"@type\":\"WebPage\",\"@id\":\"https:\\\/\\\/ultraviolet.work\\\/_commercelocal\\\/project\\\/espace-periple-art-et-lettres-helleniques-3\\\/\",\"url\":\"https:\\\/\\\/ultraviolet.work\\\/_commercelocal\\\/project\\\/espace-periple-art-et-lettres-helleniques-3\\\/\",\"name\":\"Espace P\u00e9riple - Art et Lettres Hell\u00e9niques - Le commerce local \u00e0 Bruxelles\",\"isPartOf\":{\"@id\":\"https:\\\/\\\/ultraviolet.work\\\/_commercelocal\\\/#website\"},\"primaryImageOfPage\":{\"@id\":\"https:\\\/\\\/ultraviolet.work\\\/_commercelocal\\\/project\\\/espace-periple-art-et-lettres-helleniques-3\\\/#primaryimage\"},\"image\":{\"@id\":\"https:\\\/\\\/ultraviolet.work\\\/_commercelocal\\\/project\\\/espace-periple-art-et-lettres-helleniques-3\\\/#primaryimage\"},\"thumbnailUrl\":\"https:\\\/\\\/ultraviolet.work\\\/_commercelocal\\\/wp-content\\\/uploads\\\/2022\\\/10\\\/periple-1400.jpg\",\"datePublished\":\"2022-10-14T07:55:00+00:00\",\"breadcrumb\":{\"@id\":\"https:\\\/\\\/ultraviolet.work\\\/_commercelocal\\\/project\\\/espace-periple-art-et-lettres-helleniques-3\\\/#breadcrumb\"},\"inLanguage\":\"fr-FR\",\"potentialAction\":[{\"@type\":\"ReadAction\",\"target\":[\"https:\\\/\\\/ultraviolet.work\\\/_commercelocal\\\/project\\\/espace-periple-art-et-lettres-helleniques-3\\\/\"]}]},{\"@type\":\"ImageObject\",\"inLanguage\":\"fr-FR\",\"@id\":\"https:\\\/\\\/ultraviolet.work\\\/_commercelocal\\\/project\\\/espace-periple-art-et-lettres-helleniques-3\\\/#primaryimage\",\"url\":\"https:\\\/\\\/ultraviolet.work\\\/_commercelocal\\\/wp-content\\\/uploads\\\/2022\\\/10\\\/periple-1400.jpg\",\"contentUrl\":\"https:\\\/\\\/ultraviolet.work\\\/_commercelocal\\\/wp-content\\\/uploads\\\/2022\\\/10\\\/periple-1400.jpg\",\"width\":1400,\"height\":1867},{\"@type\":\"BreadcrumbList\",\"@id\":\"https:\\\/\\\/ultraviolet.work\\\/_commercelocal\\\/project\\\/espace-periple-art-et-lettres-helleniques-3\\\/#breadcrumb\",\"itemListElement\":[{\"@type\":\"ListItem\",\"position\":1,\"name\":\"Accueil\",\"item\":\"https:\\\/\\\/ultraviolet.work\\\/_commercelocal\\\/\"},{\"@type\":\"ListItem\",\"position\":2,\"name\":\"Projets\",\"item\":\"https:\\\/\\\/ultraviolet.work\\\/_commercelocal\\\/project\\\/\"},{\"@type\":\"ListItem\",\"position\":3,\"name\":\"Espace P\u00e9riple &#8211; Art et Lettres Hell\u00e9niques\"}]},{\"@type\":\"WebSite\",\"@id\":\"https:\\\/\\\/ultraviolet.work\\\/_commercelocal\\\/#website\",\"url\":\"https:\\\/\\\/ultraviolet.work\\\/_commercelocal\\\/\",\"name\":\"Le commerce local \u00e0 Bruxelles\",\"description\":\"\",\"publisher\":{\"@id\":\"https:\\\/\\\/ultraviolet.work\\\/_commercelocal\\\/#organization\"},\"potentialAction\":[{\"@type\":\"SearchAction\",\"target\":{\"@type\":\"EntryPoint\",\"urlTemplate\":\"https:\\\/\\\/ultraviolet.work\\\/_commercelocal\\\/?s={search_term_string}\"},\"query-input\":{\"@type\":\"PropertyValueSpecification\",\"valueRequired\":true,\"valueName\":\"search_term_string\"}}],\"inLanguage\":\"fr-FR\"},{\"@type\":\"Organization\",\"@id\":\"https:\\\/\\\/ultraviolet.work\\\/_commercelocal\\\/#organization\",\"name\":\"Le commerce local \u00e0 Bruxelles - I shop in Brussels\",\"url\":\"https:\\\/\\\/ultraviolet.work\\\/_commercelocal\\\/\",\"logo\":{\"@type\":\"ImageObject\",\"inLanguage\":\"fr-FR\",\"@id\":\"https:\\\/\\\/ultraviolet.work\\\/_commercelocal\\\/#\\\/schema\\\/logo\\\/image\\\/\",\"url\":\"https:\\\/\\\/ultraviolet.work\\\/_commercelocal\\\/wp-content\\\/uploads\\\/2020\\\/11\\\/IShopBrussels_w400.png\",\"contentUrl\":\"https:\\\/\\\/ultraviolet.work\\\/_commercelocal\\\/wp-content\\\/uploads\\\/2020\\\/11\\\/IShopBrussels_w400.png\",\"width\":400,\"height\":200,\"caption\":\"Le commerce local \u00e0 Bruxelles - I shop in Brussels\"},\"image\":{\"@id\":\"https:\\\/\\\/ultraviolet.work\\\/_commercelocal\\\/#\\\/schema\\\/logo\\\/image\\\/\"},\"sameAs\":[\"https:\\\/\\\/www.facebook.com\\\/ishopinbrussels\\\/\"]}]}<\/script>\n<!-- \/ Yoast SEO plugin. -->","yoast_head_json":{"title":"Espace P\u00e9riple - Art et Lettres Hell\u00e9niques - Le commerce local \u00e0 Bruxelles","robots":{"index":"noindex","follow":"follow"},"og_locale":"fr_FR","og_type":"article","og_title":"Espace P\u00e9riple - Art et Lettres Hell\u00e9niques - Le commerce local \u00e0 Bruxelles","og_description":"Espace P\u00e9riple &#8211; Art et Lettres Hell\u00e9niques Galerie Rue Froissart 115, 1040 Bruxelles Label : Qualit\u00e9 &#038; Savoir-faire https:\/\/www.periple.eu\/index.php?language=fr L\u2019Espace P\u00e9riple est \u00e0 la fois un centre d\u2019art et un lieu de rencontre autour des Arts et Lettres Hell\u00e9niques \u00e0 Bruxelles. Inaugur\u00e9 en 1992, son rayonnement n\u2019a de cesse d\u2019augmenter et des \u00e9v\u00e9nements culturels y [&hellip;]","og_url":"https:\/\/ultraviolet.work\/_commercelocal\/project\/espace-periple-art-et-lettres-helleniques-3\/","og_site_name":"Le commerce local \u00e0 Bruxelles","article_publisher":"https:\/\/www.facebook.com\/ishopinbrussels\/","og_image":[{"width":1400,"height":1867,"url":"https:\/\/ultraviolet.work\/_commercelocal\/wp-content\/uploads\/2022\/10\/periple-1400.jpg","type":"image\/jpeg"}],"twitter_card":"summary_large_image","schema":{"@context":"https:\/\/schema.org","@graph":[{"@type":"WebPage","@id":"https:\/\/ultraviolet.work\/_commercelocal\/project\/espace-periple-art-et-lettres-helleniques-3\/","url":"https:\/\/ultraviolet.work\/_commercelocal\/project\/espace-periple-art-et-lettres-helleniques-3\/","name":"Espace P\u00e9riple - Art et Lettres Hell\u00e9niques - Le commerce local \u00e0 Bruxelles","isPartOf":{"@id":"https:\/\/ultraviolet.work\/_commercelocal\/#website"},"primaryImageOfPage":{"@id":"https:\/\/ultraviolet.work\/_commercelocal\/project\/espace-periple-art-et-lettres-helleniques-3\/#primaryimage"},"image":{"@id":"https:\/\/ultraviolet.work\/_commercelocal\/project\/espace-periple-art-et-lettres-helleniques-3\/#primaryimage"},"thumbnailUrl":"https:\/\/ultraviolet.work\/_commercelocal\/wp-content\/uploads\/2022\/10\/periple-1400.jpg","datePublished":"2022-10-14T07:55:00+00:00","breadcrumb":{"@id":"https:\/\/ultraviolet.work\/_commercelocal\/project\/espace-periple-art-et-lettres-helleniques-3\/#breadcrumb"},"inLanguage":"fr-FR","potentialAction":[{"@type":"ReadAction","target":["https:\/\/ultraviolet.work\/_commercelocal\/project\/espace-periple-art-et-lettres-helleniques-3\/"]}]},{"@type":"ImageObject","inLanguage":"fr-FR","@id":"https:\/\/ultraviolet.work\/_commercelocal\/project\/espace-periple-art-et-lettres-helleniques-3\/#primaryimage","url":"https:\/\/ultraviolet.work\/_commercelocal\/wp-content\/uploads\/2022\/10\/periple-1400.jpg","contentUrl":"https:\/\/ultraviolet.work\/_commercelocal\/wp-content\/uploads\/2022\/10\/periple-1400.jpg","width":1400,"height":1867},{"@type":"BreadcrumbList","@id":"https:\/\/ultraviolet.work\/_commercelocal\/project\/espace-periple-art-et-lettres-helleniques-3\/#breadcrumb","itemListElement":[{"@type":"ListItem","position":1,"name":"Accueil","item":"https:\/\/ultraviolet.work\/_commercelocal\/"},{"@type":"ListItem","position":2,"name":"Projets","item":"https:\/\/ultraviolet.work\/_commercelocal\/project\/"},{"@type":"ListItem","position":3,"name":"Espace P\u00e9riple &#8211; Art et Lettres Hell\u00e9niques"}]},{"@type":"WebSite","@id":"https:\/\/ultraviolet.work\/_commercelocal\/#website","url":"https:\/\/ultraviolet.work\/_commercelocal\/","name":"Le commerce local \u00e0 Bruxelles","description":"","publisher":{"@id":"https:\/\/ultraviolet.work\/_commercelocal\/#organization"},"potentialAction":[{"@type":"SearchAction","target":{"@type":"EntryPoint","urlTemplate":"https:\/\/ultraviolet.work\/_commercelocal\/?s={search_term_string}"},"query-input":{"@type":"PropertyValueSpecification","valueRequired":true,"valueName":"search_term_string"}}],"inLanguage":"fr-FR"},{"@type":"Organization","@id":"https:\/\/ultraviolet.work\/_commercelocal\/#organization","name":"Le commerce local \u00e0 Bruxelles - I shop in Brussels","url":"https:\/\/ultraviolet.work\/_commercelocal\/","logo":{"@type":"ImageObject","inLanguage":"fr-FR","@id":"https:\/\/ultraviolet.work\/_commercelocal\/#\/schema\/logo\/image\/","url":"https:\/\/ultraviolet.work\/_commercelocal\/wp-content\/uploads\/2020\/11\/IShopBrussels_w400.png","contentUrl":"https:\/\/ultraviolet.work\/_commercelocal\/wp-content\/uploads\/2020\/11\/IShopBrussels_w400.png","width":400,"height":200,"caption":"Le commerce local \u00e0 Bruxelles - I shop in Brussels"},"image":{"@id":"https:\/\/ultraviolet.work\/_commercelocal\/#\/schema\/logo\/image\/"},"sameAs":["https:\/\/www.facebook.com\/ishopinbrussels\/"]}]}},"_links":{"self":[{"href":"https:\/\/ultraviolet.work\/_commercelocal\/wp-json\/wp\/v2\/project\/16294","targetHints":{"allow":["GET"]}}],"collection":[{"href":"https:\/\/ultraviolet.work\/_commercelocal\/wp-json\/wp\/v2\/project"}],"about":[{"href":"https:\/\/ultraviolet.work\/_commercelocal\/wp-json\/wp\/v2\/types\/project"}],"author":[{"embeddable":true,"href":"https:\/\/ultraviolet.work\/_commercelocal\/wp-json\/wp\/v2\/users\/5"}],"replies":[{"embeddable":true,"href":"https:\/\/ultraviolet.work\/_commercelocal\/wp-json\/wp\/v2\/comments?post=16294"}],"version-history":[{"count":0,"href":"https:\/\/ultraviolet.work\/_commercelocal\/wp-json\/wp\/v2\/project\/16294\/revisions"}],"wp:featuredmedia":[{"embeddable":true,"href":"https:\/\/ultraviolet.work\/_commercelocal\/wp-json\/wp\/v2\/media\/15387"}],"wp:attachment":[{"href":"https:\/\/ultraviolet.work\/_commercelocal\/wp-json\/wp\/v2\/media?parent=16294"}],"wp:term":[{"taxonomy":"project_category","embeddable":true,"href":"https:\/\/ultraviolet.work\/_commercelocal\/wp-json\/wp\/v2\/project_category?post=16294"},{"taxonomy":"project_tag","embeddable":true,"href":"https:\/\/ultraviolet.work\/_commercelocal\/wp-json\/wp\/v2\/project_tag?post=16294"},{"taxonomy":"wf_project_folders","embeddable":true,"href":"https:\/\/ultraviolet.work\/_commercelocal\/wp-json\/wp\/v2\/wf_project_folders?post=16294"}],"curies":[{"name":"wp","href":"https:\/\/api.w.org\/{rel}","templated":true}]}}