{"id":16349,"date":"2022-10-14T09:57:20","date_gmt":"2022-10-14T07:57:20","guid":{"rendered":"https:\/\/ultraviolet.work\/_commercelocal\/project\/manneke-3\/"},"modified":"2022-10-14T09:57:20","modified_gmt":"2022-10-14T07:57:20","slug":"manneke-3","status":"publish","type":"project","link":"https:\/\/ultraviolet.work\/_commercelocal\/project\/manneke-3\/","title":{"rendered":"Manneke"},"content":{"rendered":"<h2>Manneke<\/h2>\n<h5>Commerce sp\u00e9cialis\u00e9<\/h5>\n<h4>Rue de la Madeleine 31, 1000 Bruxelles<\/h4>\n<h5>Label : Qualit\u00e9 &#038; Savoir-faire<\/h5>\n<h6><a href=\"https:\/\/manneke.brussels\/fr\" target=\"_blank\" rel=\"noopener\">https:\/\/manneke.brussels\/fr<\/a><\/h6>\n<p>C\u2019\u00e9tait le r\u00eave de Lawrence et Nick, deux amoureux de Bruxelles. Plus qu\u2019une boutique, Manneke se veut un espace incontournable, o\u00f9 se croisent public, cr\u00e9ateurs et producteurs locaux. Le lieu de ralliement des passionn\u00e9s d\u2019objets made in Bruxelles, o\u00f9 l\u2019on r\u00e9invente le commerce du \u2018\u2019souvenir\u2019\u2019.<\/p>\n","protected":false},"excerpt":{"rendered":"<p>Manneke Commerce sp\u00e9cialis\u00e9 Rue de la Madeleine 31, 1000 Bruxelles Label : Qualit\u00e9 &#038; Savoir-faire https:\/\/manneke.brussels\/fr C\u2019\u00e9tait le r\u00eave de Lawrence et Nick, deux amoureux de Bruxelles. Plus qu\u2019une boutique, Manneke se veut un espace incontournable, o\u00f9 se croisent public, cr\u00e9ateurs et producteurs locaux. Le lieu de ralliement des passionn\u00e9s d\u2019objets made in Bruxelles, o\u00f9 [&hellip;]<\/p>\n","protected":false},"author":5,"featured_media":15328,"comment_status":"closed","ping_status":"closed","template":"","meta":{"_et_pb_use_builder":"","_et_pb_old_content":"","_et_gb_content_width":"","inline_featured_image":false,"footnotes":""},"project_category":[1184],"project_tag":[1218],"wf_project_folders":[1224],"class_list":["post-16349","project","type-project","status-publish","has-post-thumbnail","hentry","project_category-grand-place","project_tag-commerce-specialise"],"yoast_head":"<!-- This site is optimized with the Yoast SEO plugin v27.5 - https:\/\/yoast.com\/product\/yoast-seo-wordpress\/ -->\n<title>Manneke - Le commerce local \u00e0 Bruxelles<\/title>\n<meta name=\"robots\" content=\"noindex, follow\" \/>\n<meta property=\"og:locale\" content=\"fr_FR\" \/>\n<meta property=\"og:type\" content=\"article\" \/>\n<meta property=\"og:title\" content=\"Manneke - Le commerce local \u00e0 Bruxelles\" \/>\n<meta property=\"og:description\" content=\"Manneke Commerce sp\u00e9cialis\u00e9 Rue de la Madeleine 31, 1000 Bruxelles Label : Qualit\u00e9 &#038; Savoir-faire https:\/\/manneke.brussels\/fr C\u2019\u00e9tait le r\u00eave de Lawrence et Nick, deux amoureux de Bruxelles. Plus qu\u2019une boutique, Manneke se veut un espace incontournable, o\u00f9 se croisent public, cr\u00e9ateurs et producteurs locaux. Le lieu de ralliement des passionn\u00e9s d\u2019objets made in Bruxelles, o\u00f9 [&hellip;]\" \/>\n<meta property=\"og:url\" content=\"https:\/\/ultraviolet.work\/_commercelocal\/project\/manneke-3\/\" \/>\n<meta property=\"og:site_name\" content=\"Le commerce local \u00e0 Bruxelles\" \/>\n<meta property=\"article:publisher\" content=\"https:\/\/www.facebook.com\/ishopinbrussels\/\" \/>\n<meta property=\"og:image\" content=\"https:\/\/ultraviolet.work\/_commercelocal\/wp-content\/uploads\/2022\/10\/manneke-1400.jpg\" \/>\n\t<meta property=\"og:image:width\" content=\"1400\" \/>\n\t<meta property=\"og:image:height\" content=\"933\" \/>\n\t<meta property=\"og:image:type\" content=\"image\/jpeg\" \/>\n<meta name=\"twitter:card\" content=\"summary_large_image\" \/>\n<script type=\"application\/ld+json\" class=\"yoast-schema-graph\">{\"@context\":\"https:\\\/\\\/schema.org\",\"@graph\":[{\"@type\":\"WebPage\",\"@id\":\"https:\\\/\\\/ultraviolet.work\\\/_commercelocal\\\/project\\\/manneke-3\\\/\",\"url\":\"https:\\\/\\\/ultraviolet.work\\\/_commercelocal\\\/project\\\/manneke-3\\\/\",\"name\":\"Manneke - Le commerce local \u00e0 Bruxelles\",\"isPartOf\":{\"@id\":\"https:\\\/\\\/ultraviolet.work\\\/_commercelocal\\\/#website\"},\"primaryImageOfPage\":{\"@id\":\"https:\\\/\\\/ultraviolet.work\\\/_commercelocal\\\/project\\\/manneke-3\\\/#primaryimage\"},\"image\":{\"@id\":\"https:\\\/\\\/ultraviolet.work\\\/_commercelocal\\\/project\\\/manneke-3\\\/#primaryimage\"},\"thumbnailUrl\":\"https:\\\/\\\/ultraviolet.work\\\/_commercelocal\\\/wp-content\\\/uploads\\\/2022\\\/10\\\/manneke-1400.jpg\",\"datePublished\":\"2022-10-14T07:57:20+00:00\",\"breadcrumb\":{\"@id\":\"https:\\\/\\\/ultraviolet.work\\\/_commercelocal\\\/project\\\/manneke-3\\\/#breadcrumb\"},\"inLanguage\":\"fr-FR\",\"potentialAction\":[{\"@type\":\"ReadAction\",\"target\":[\"https:\\\/\\\/ultraviolet.work\\\/_commercelocal\\\/project\\\/manneke-3\\\/\"]}]},{\"@type\":\"ImageObject\",\"inLanguage\":\"fr-FR\",\"@id\":\"https:\\\/\\\/ultraviolet.work\\\/_commercelocal\\\/project\\\/manneke-3\\\/#primaryimage\",\"url\":\"https:\\\/\\\/ultraviolet.work\\\/_commercelocal\\\/wp-content\\\/uploads\\\/2022\\\/10\\\/manneke-1400.jpg\",\"contentUrl\":\"https:\\\/\\\/ultraviolet.work\\\/_commercelocal\\\/wp-content\\\/uploads\\\/2022\\\/10\\\/manneke-1400.jpg\",\"width\":1400,\"height\":933},{\"@type\":\"BreadcrumbList\",\"@id\":\"https:\\\/\\\/ultraviolet.work\\\/_commercelocal\\\/project\\\/manneke-3\\\/#breadcrumb\",\"itemListElement\":[{\"@type\":\"ListItem\",\"position\":1,\"name\":\"Accueil\",\"item\":\"https:\\\/\\\/ultraviolet.work\\\/_commercelocal\\\/\"},{\"@type\":\"ListItem\",\"position\":2,\"name\":\"Projets\",\"item\":\"https:\\\/\\\/ultraviolet.work\\\/_commercelocal\\\/project\\\/\"},{\"@type\":\"ListItem\",\"position\":3,\"name\":\"Manneke\"}]},{\"@type\":\"WebSite\",\"@id\":\"https:\\\/\\\/ultraviolet.work\\\/_commercelocal\\\/#website\",\"url\":\"https:\\\/\\\/ultraviolet.work\\\/_commercelocal\\\/\",\"name\":\"Le commerce local \u00e0 Bruxelles\",\"description\":\"\",\"publisher\":{\"@id\":\"https:\\\/\\\/ultraviolet.work\\\/_commercelocal\\\/#organization\"},\"potentialAction\":[{\"@type\":\"SearchAction\",\"target\":{\"@type\":\"EntryPoint\",\"urlTemplate\":\"https:\\\/\\\/ultraviolet.work\\\/_commercelocal\\\/?s={search_term_string}\"},\"query-input\":{\"@type\":\"PropertyValueSpecification\",\"valueRequired\":true,\"valueName\":\"search_term_string\"}}],\"inLanguage\":\"fr-FR\"},{\"@type\":\"Organization\",\"@id\":\"https:\\\/\\\/ultraviolet.work\\\/_commercelocal\\\/#organization\",\"name\":\"Le commerce local \u00e0 Bruxelles - I shop in Brussels\",\"url\":\"https:\\\/\\\/ultraviolet.work\\\/_commercelocal\\\/\",\"logo\":{\"@type\":\"ImageObject\",\"inLanguage\":\"fr-FR\",\"@id\":\"https:\\\/\\\/ultraviolet.work\\\/_commercelocal\\\/#\\\/schema\\\/logo\\\/image\\\/\",\"url\":\"https:\\\/\\\/ultraviolet.work\\\/_commercelocal\\\/wp-content\\\/uploads\\\/2020\\\/11\\\/IShopBrussels_w400.png\",\"contentUrl\":\"https:\\\/\\\/ultraviolet.work\\\/_commercelocal\\\/wp-content\\\/uploads\\\/2020\\\/11\\\/IShopBrussels_w400.png\",\"width\":400,\"height\":200,\"caption\":\"Le commerce local \u00e0 Bruxelles - I shop in Brussels\"},\"image\":{\"@id\":\"https:\\\/\\\/ultraviolet.work\\\/_commercelocal\\\/#\\\/schema\\\/logo\\\/image\\\/\"},\"sameAs\":[\"https:\\\/\\\/www.facebook.com\\\/ishopinbrussels\\\/\"]}]}<\/script>\n<!-- \/ Yoast SEO plugin. -->","yoast_head_json":{"title":"Manneke - Le commerce local \u00e0 Bruxelles","robots":{"index":"noindex","follow":"follow"},"og_locale":"fr_FR","og_type":"article","og_title":"Manneke - Le commerce local \u00e0 Bruxelles","og_description":"Manneke Commerce sp\u00e9cialis\u00e9 Rue de la Madeleine 31, 1000 Bruxelles Label : Qualit\u00e9 &#038; Savoir-faire https:\/\/manneke.brussels\/fr C\u2019\u00e9tait le r\u00eave de Lawrence et Nick, deux amoureux de Bruxelles. Plus qu\u2019une boutique, Manneke se veut un espace incontournable, o\u00f9 se croisent public, cr\u00e9ateurs et producteurs locaux. Le lieu de ralliement des passionn\u00e9s d\u2019objets made in Bruxelles, o\u00f9 [&hellip;]","og_url":"https:\/\/ultraviolet.work\/_commercelocal\/project\/manneke-3\/","og_site_name":"Le commerce local \u00e0 Bruxelles","article_publisher":"https:\/\/www.facebook.com\/ishopinbrussels\/","og_image":[{"width":1400,"height":933,"url":"https:\/\/ultraviolet.work\/_commercelocal\/wp-content\/uploads\/2022\/10\/manneke-1400.jpg","type":"image\/jpeg"}],"twitter_card":"summary_large_image","schema":{"@context":"https:\/\/schema.org","@graph":[{"@type":"WebPage","@id":"https:\/\/ultraviolet.work\/_commercelocal\/project\/manneke-3\/","url":"https:\/\/ultraviolet.work\/_commercelocal\/project\/manneke-3\/","name":"Manneke - Le commerce local \u00e0 Bruxelles","isPartOf":{"@id":"https:\/\/ultraviolet.work\/_commercelocal\/#website"},"primaryImageOfPage":{"@id":"https:\/\/ultraviolet.work\/_commercelocal\/project\/manneke-3\/#primaryimage"},"image":{"@id":"https:\/\/ultraviolet.work\/_commercelocal\/project\/manneke-3\/#primaryimage"},"thumbnailUrl":"https:\/\/ultraviolet.work\/_commercelocal\/wp-content\/uploads\/2022\/10\/manneke-1400.jpg","datePublished":"2022-10-14T07:57:20+00:00","breadcrumb":{"@id":"https:\/\/ultraviolet.work\/_commercelocal\/project\/manneke-3\/#breadcrumb"},"inLanguage":"fr-FR","potentialAction":[{"@type":"ReadAction","target":["https:\/\/ultraviolet.work\/_commercelocal\/project\/manneke-3\/"]}]},{"@type":"ImageObject","inLanguage":"fr-FR","@id":"https:\/\/ultraviolet.work\/_commercelocal\/project\/manneke-3\/#primaryimage","url":"https:\/\/ultraviolet.work\/_commercelocal\/wp-content\/uploads\/2022\/10\/manneke-1400.jpg","contentUrl":"https:\/\/ultraviolet.work\/_commercelocal\/wp-content\/uploads\/2022\/10\/manneke-1400.jpg","width":1400,"height":933},{"@type":"BreadcrumbList","@id":"https:\/\/ultraviolet.work\/_commercelocal\/project\/manneke-3\/#breadcrumb","itemListElement":[{"@type":"ListItem","position":1,"name":"Accueil","item":"https:\/\/ultraviolet.work\/_commercelocal\/"},{"@type":"ListItem","position":2,"name":"Projets","item":"https:\/\/ultraviolet.work\/_commercelocal\/project\/"},{"@type":"ListItem","position":3,"name":"Manneke"}]},{"@type":"WebSite","@id":"https:\/\/ultraviolet.work\/_commercelocal\/#website","url":"https:\/\/ultraviolet.work\/_commercelocal\/","name":"Le commerce local \u00e0 Bruxelles","description":"","publisher":{"@id":"https:\/\/ultraviolet.work\/_commercelocal\/#organization"},"potentialAction":[{"@type":"SearchAction","target":{"@type":"EntryPoint","urlTemplate":"https:\/\/ultraviolet.work\/_commercelocal\/?s={search_term_string}"},"query-input":{"@type":"PropertyValueSpecification","valueRequired":true,"valueName":"search_term_string"}}],"inLanguage":"fr-FR"},{"@type":"Organization","@id":"https:\/\/ultraviolet.work\/_commercelocal\/#organization","name":"Le commerce local \u00e0 Bruxelles - I shop in Brussels","url":"https:\/\/ultraviolet.work\/_commercelocal\/","logo":{"@type":"ImageObject","inLanguage":"fr-FR","@id":"https:\/\/ultraviolet.work\/_commercelocal\/#\/schema\/logo\/image\/","url":"https:\/\/ultraviolet.work\/_commercelocal\/wp-content\/uploads\/2020\/11\/IShopBrussels_w400.png","contentUrl":"https:\/\/ultraviolet.work\/_commercelocal\/wp-content\/uploads\/2020\/11\/IShopBrussels_w400.png","width":400,"height":200,"caption":"Le commerce local \u00e0 Bruxelles - I shop in Brussels"},"image":{"@id":"https:\/\/ultraviolet.work\/_commercelocal\/#\/schema\/logo\/image\/"},"sameAs":["https:\/\/www.facebook.com\/ishopinbrussels\/"]}]}},"_links":{"self":[{"href":"https:\/\/ultraviolet.work\/_commercelocal\/wp-json\/wp\/v2\/project\/16349","targetHints":{"allow":["GET"]}}],"collection":[{"href":"https:\/\/ultraviolet.work\/_commercelocal\/wp-json\/wp\/v2\/project"}],"about":[{"href":"https:\/\/ultraviolet.work\/_commercelocal\/wp-json\/wp\/v2\/types\/project"}],"author":[{"embeddable":true,"href":"https:\/\/ultraviolet.work\/_commercelocal\/wp-json\/wp\/v2\/users\/5"}],"replies":[{"embeddable":true,"href":"https:\/\/ultraviolet.work\/_commercelocal\/wp-json\/wp\/v2\/comments?post=16349"}],"version-history":[{"count":0,"href":"https:\/\/ultraviolet.work\/_commercelocal\/wp-json\/wp\/v2\/project\/16349\/revisions"}],"wp:featuredmedia":[{"embeddable":true,"href":"https:\/\/ultraviolet.work\/_commercelocal\/wp-json\/wp\/v2\/media\/15328"}],"wp:attachment":[{"href":"https:\/\/ultraviolet.work\/_commercelocal\/wp-json\/wp\/v2\/media?parent=16349"}],"wp:term":[{"taxonomy":"project_category","embeddable":true,"href":"https:\/\/ultraviolet.work\/_commercelocal\/wp-json\/wp\/v2\/project_category?post=16349"},{"taxonomy":"project_tag","embeddable":true,"href":"https:\/\/ultraviolet.work\/_commercelocal\/wp-json\/wp\/v2\/project_tag?post=16349"},{"taxonomy":"wf_project_folders","embeddable":true,"href":"https:\/\/ultraviolet.work\/_commercelocal\/wp-json\/wp\/v2\/wf_project_folders?post=16349"}],"curies":[{"name":"wp","href":"https:\/\/api.w.org\/{rel}","templated":true}]}}