{"id":16419,"date":"2022-10-14T10:00:28","date_gmt":"2022-10-14T08:00:28","guid":{"rendered":"https:\/\/ultraviolet.work\/_commercelocal\/project\/atelier-bram-de-man-3\/"},"modified":"2022-10-14T10:00:28","modified_gmt":"2022-10-14T08:00:28","slug":"atelier-bram-de-man-3","status":"publish","type":"project","link":"https:\/\/ultraviolet.work\/_commercelocal\/project\/atelier-bram-de-man-3\/","title":{"rendered":"Atelier Bram de Man"},"content":{"rendered":"<h2>Atelier Bram de Man<\/h2>\n<h5>Commerce sp\u00e9cialis\u00e9<\/h5>\n<h4>Place de Dinant 5, 1000 Bruxelles <\/h4>\n<h5>Label : Qualit\u00e9 &#038; Savoir-faire<\/h5>\n<h6><a href=\"https:\/\/www.doublebass.be\/?gclid=CjwKCAjwqauVBhBGEiwAXOepkYzNG6ZSk6GiVe-DYPbM5AFOH_Qgi7Zu9zd0B_aDagC_IvPf0MHFkBoCCBcQAvD_BwE\" target=\"_blank\" rel=\"noopener\">https:\/\/www.doublebass.be\/?gclid=CjwKCAjwqauVBhBGEiwAXOepkYzNG6ZSk6GiVe-DYPbM5AFOH_Qgi7Zu9zd0B_aDagC_IvPf0MHFkBoCCBcQAvD_BwE<\/a><\/h6>\n<p>\u00c0 proximit\u00e9 du Conservatoire, l\u2019Atelier Bram De Man est dirig\u00e9 par un Ma\u00eetre Luthier. Dans un immeuble avec deux pans de murs vitr\u00e9s, on assiste \u00e0 la fabrication d\u2019instruments neufs, mais aussi \u00e0 leur restauration et leur optimisation. Entour\u00e9 de ses contrebasses, Bram De Man est en droite ligne avec l\u2019identit\u00e9 artisanale du quartier.<\/p>\n","protected":false},"excerpt":{"rendered":"<p>Atelier Bram de Man Commerce sp\u00e9cialis\u00e9 Place de Dinant 5, 1000 Bruxelles Label : Qualit\u00e9 &#038; Savoir-faire https:\/\/www.doublebass.be\/?gclid=CjwKCAjwqauVBhBGEiwAXOepkYzNG6ZSk6GiVe-DYPbM5AFOH_Qgi7Zu9zd0B_aDagC_IvPf0MHFkBoCCBcQAvD_BwE \u00c0 proximit\u00e9 du Conservatoire, l\u2019Atelier Bram De Man est dirig\u00e9 par un Ma\u00eetre Luthier. Dans un immeuble avec deux pans de murs vitr\u00e9s, on assiste \u00e0 la fabrication d\u2019instruments neufs, mais aussi \u00e0 leur restauration et leur [&hellip;]<\/p>\n","protected":false},"author":5,"featured_media":15009,"comment_status":"closed","ping_status":"closed","template":"","meta":{"_et_pb_use_builder":"","_et_pb_old_content":"","_et_gb_content_width":"","inline_featured_image":false,"footnotes":""},"project_category":[1174],"project_tag":[1218],"wf_project_folders":[1224],"class_list":["post-16419","project","type-project","status-publish","has-post-thumbnail","hentry","project_category-saint-jacques","project_tag-commerce-specialise"],"yoast_head":"<!-- This site is optimized with the Yoast SEO plugin v27.5 - https:\/\/yoast.com\/product\/yoast-seo-wordpress\/ -->\n<title>Atelier Bram de Man - Le commerce local \u00e0 Bruxelles<\/title>\n<meta name=\"robots\" content=\"noindex, follow\" \/>\n<meta property=\"og:locale\" content=\"fr_FR\" \/>\n<meta property=\"og:type\" content=\"article\" \/>\n<meta property=\"og:title\" content=\"Atelier Bram de Man - Le commerce local \u00e0 Bruxelles\" \/>\n<meta property=\"og:description\" content=\"Atelier Bram de Man Commerce sp\u00e9cialis\u00e9 Place de Dinant 5, 1000 Bruxelles Label : Qualit\u00e9 &#038; Savoir-faire https:\/\/www.doublebass.be\/?gclid=CjwKCAjwqauVBhBGEiwAXOepkYzNG6ZSk6GiVe-DYPbM5AFOH_Qgi7Zu9zd0B_aDagC_IvPf0MHFkBoCCBcQAvD_BwE \u00c0 proximit\u00e9 du Conservatoire, l\u2019Atelier Bram De Man est dirig\u00e9 par un Ma\u00eetre Luthier. Dans un immeuble avec deux pans de murs vitr\u00e9s, on assiste \u00e0 la fabrication d\u2019instruments neufs, mais aussi \u00e0 leur restauration et leur [&hellip;]\" \/>\n<meta property=\"og:url\" content=\"https:\/\/ultraviolet.work\/_commercelocal\/project\/atelier-bram-de-man-3\/\" \/>\n<meta property=\"og:site_name\" content=\"Le commerce local \u00e0 Bruxelles\" \/>\n<meta property=\"article:publisher\" content=\"https:\/\/www.facebook.com\/ishopinbrussels\/\" \/>\n<meta property=\"og:image\" content=\"https:\/\/ultraviolet.work\/_commercelocal\/wp-content\/uploads\/2022\/10\/atelier-bram-de-man-1400.jpeg\" \/>\n\t<meta property=\"og:image:width\" content=\"1400\" \/>\n\t<meta property=\"og:image:height\" content=\"1252\" \/>\n\t<meta property=\"og:image:type\" content=\"image\/jpeg\" \/>\n<meta name=\"twitter:card\" content=\"summary_large_image\" \/>\n<script type=\"application\/ld+json\" class=\"yoast-schema-graph\">{\"@context\":\"https:\\\/\\\/schema.org\",\"@graph\":[{\"@type\":\"WebPage\",\"@id\":\"https:\\\/\\\/ultraviolet.work\\\/_commercelocal\\\/project\\\/atelier-bram-de-man-3\\\/\",\"url\":\"https:\\\/\\\/ultraviolet.work\\\/_commercelocal\\\/project\\\/atelier-bram-de-man-3\\\/\",\"name\":\"Atelier Bram de Man - Le commerce local \u00e0 Bruxelles\",\"isPartOf\":{\"@id\":\"https:\\\/\\\/ultraviolet.work\\\/_commercelocal\\\/#website\"},\"primaryImageOfPage\":{\"@id\":\"https:\\\/\\\/ultraviolet.work\\\/_commercelocal\\\/project\\\/atelier-bram-de-man-3\\\/#primaryimage\"},\"image\":{\"@id\":\"https:\\\/\\\/ultraviolet.work\\\/_commercelocal\\\/project\\\/atelier-bram-de-man-3\\\/#primaryimage\"},\"thumbnailUrl\":\"https:\\\/\\\/ultraviolet.work\\\/_commercelocal\\\/wp-content\\\/uploads\\\/2022\\\/10\\\/atelier-bram-de-man-1400.jpeg\",\"datePublished\":\"2022-10-14T08:00:28+00:00\",\"breadcrumb\":{\"@id\":\"https:\\\/\\\/ultraviolet.work\\\/_commercelocal\\\/project\\\/atelier-bram-de-man-3\\\/#breadcrumb\"},\"inLanguage\":\"fr-FR\",\"potentialAction\":[{\"@type\":\"ReadAction\",\"target\":[\"https:\\\/\\\/ultraviolet.work\\\/_commercelocal\\\/project\\\/atelier-bram-de-man-3\\\/\"]}]},{\"@type\":\"ImageObject\",\"inLanguage\":\"fr-FR\",\"@id\":\"https:\\\/\\\/ultraviolet.work\\\/_commercelocal\\\/project\\\/atelier-bram-de-man-3\\\/#primaryimage\",\"url\":\"https:\\\/\\\/ultraviolet.work\\\/_commercelocal\\\/wp-content\\\/uploads\\\/2022\\\/10\\\/atelier-bram-de-man-1400.jpeg\",\"contentUrl\":\"https:\\\/\\\/ultraviolet.work\\\/_commercelocal\\\/wp-content\\\/uploads\\\/2022\\\/10\\\/atelier-bram-de-man-1400.jpeg\",\"width\":1400,\"height\":1252},{\"@type\":\"BreadcrumbList\",\"@id\":\"https:\\\/\\\/ultraviolet.work\\\/_commercelocal\\\/project\\\/atelier-bram-de-man-3\\\/#breadcrumb\",\"itemListElement\":[{\"@type\":\"ListItem\",\"position\":1,\"name\":\"Accueil\",\"item\":\"https:\\\/\\\/ultraviolet.work\\\/_commercelocal\\\/\"},{\"@type\":\"ListItem\",\"position\":2,\"name\":\"Projets\",\"item\":\"https:\\\/\\\/ultraviolet.work\\\/_commercelocal\\\/project\\\/\"},{\"@type\":\"ListItem\",\"position\":3,\"name\":\"Atelier Bram de Man\"}]},{\"@type\":\"WebSite\",\"@id\":\"https:\\\/\\\/ultraviolet.work\\\/_commercelocal\\\/#website\",\"url\":\"https:\\\/\\\/ultraviolet.work\\\/_commercelocal\\\/\",\"name\":\"Le commerce local \u00e0 Bruxelles\",\"description\":\"\",\"publisher\":{\"@id\":\"https:\\\/\\\/ultraviolet.work\\\/_commercelocal\\\/#organization\"},\"potentialAction\":[{\"@type\":\"SearchAction\",\"target\":{\"@type\":\"EntryPoint\",\"urlTemplate\":\"https:\\\/\\\/ultraviolet.work\\\/_commercelocal\\\/?s={search_term_string}\"},\"query-input\":{\"@type\":\"PropertyValueSpecification\",\"valueRequired\":true,\"valueName\":\"search_term_string\"}}],\"inLanguage\":\"fr-FR\"},{\"@type\":\"Organization\",\"@id\":\"https:\\\/\\\/ultraviolet.work\\\/_commercelocal\\\/#organization\",\"name\":\"Le commerce local \u00e0 Bruxelles - I shop in Brussels\",\"url\":\"https:\\\/\\\/ultraviolet.work\\\/_commercelocal\\\/\",\"logo\":{\"@type\":\"ImageObject\",\"inLanguage\":\"fr-FR\",\"@id\":\"https:\\\/\\\/ultraviolet.work\\\/_commercelocal\\\/#\\\/schema\\\/logo\\\/image\\\/\",\"url\":\"https:\\\/\\\/ultraviolet.work\\\/_commercelocal\\\/wp-content\\\/uploads\\\/2020\\\/11\\\/IShopBrussels_w400.png\",\"contentUrl\":\"https:\\\/\\\/ultraviolet.work\\\/_commercelocal\\\/wp-content\\\/uploads\\\/2020\\\/11\\\/IShopBrussels_w400.png\",\"width\":400,\"height\":200,\"caption\":\"Le commerce local \u00e0 Bruxelles - I shop in Brussels\"},\"image\":{\"@id\":\"https:\\\/\\\/ultraviolet.work\\\/_commercelocal\\\/#\\\/schema\\\/logo\\\/image\\\/\"},\"sameAs\":[\"https:\\\/\\\/www.facebook.com\\\/ishopinbrussels\\\/\"]}]}<\/script>\n<!-- \/ Yoast SEO plugin. -->","yoast_head_json":{"title":"Atelier Bram de Man - Le commerce local \u00e0 Bruxelles","robots":{"index":"noindex","follow":"follow"},"og_locale":"fr_FR","og_type":"article","og_title":"Atelier Bram de Man - Le commerce local \u00e0 Bruxelles","og_description":"Atelier Bram de Man Commerce sp\u00e9cialis\u00e9 Place de Dinant 5, 1000 Bruxelles Label : Qualit\u00e9 &#038; Savoir-faire https:\/\/www.doublebass.be\/?gclid=CjwKCAjwqauVBhBGEiwAXOepkYzNG6ZSk6GiVe-DYPbM5AFOH_Qgi7Zu9zd0B_aDagC_IvPf0MHFkBoCCBcQAvD_BwE \u00c0 proximit\u00e9 du Conservatoire, l\u2019Atelier Bram De Man est dirig\u00e9 par un Ma\u00eetre Luthier. Dans un immeuble avec deux pans de murs vitr\u00e9s, on assiste \u00e0 la fabrication d\u2019instruments neufs, mais aussi \u00e0 leur restauration et leur [&hellip;]","og_url":"https:\/\/ultraviolet.work\/_commercelocal\/project\/atelier-bram-de-man-3\/","og_site_name":"Le commerce local \u00e0 Bruxelles","article_publisher":"https:\/\/www.facebook.com\/ishopinbrussels\/","og_image":[{"width":1400,"height":1252,"url":"https:\/\/ultraviolet.work\/_commercelocal\/wp-content\/uploads\/2022\/10\/atelier-bram-de-man-1400.jpeg","type":"image\/jpeg"}],"twitter_card":"summary_large_image","schema":{"@context":"https:\/\/schema.org","@graph":[{"@type":"WebPage","@id":"https:\/\/ultraviolet.work\/_commercelocal\/project\/atelier-bram-de-man-3\/","url":"https:\/\/ultraviolet.work\/_commercelocal\/project\/atelier-bram-de-man-3\/","name":"Atelier Bram de Man - Le commerce local \u00e0 Bruxelles","isPartOf":{"@id":"https:\/\/ultraviolet.work\/_commercelocal\/#website"},"primaryImageOfPage":{"@id":"https:\/\/ultraviolet.work\/_commercelocal\/project\/atelier-bram-de-man-3\/#primaryimage"},"image":{"@id":"https:\/\/ultraviolet.work\/_commercelocal\/project\/atelier-bram-de-man-3\/#primaryimage"},"thumbnailUrl":"https:\/\/ultraviolet.work\/_commercelocal\/wp-content\/uploads\/2022\/10\/atelier-bram-de-man-1400.jpeg","datePublished":"2022-10-14T08:00:28+00:00","breadcrumb":{"@id":"https:\/\/ultraviolet.work\/_commercelocal\/project\/atelier-bram-de-man-3\/#breadcrumb"},"inLanguage":"fr-FR","potentialAction":[{"@type":"ReadAction","target":["https:\/\/ultraviolet.work\/_commercelocal\/project\/atelier-bram-de-man-3\/"]}]},{"@type":"ImageObject","inLanguage":"fr-FR","@id":"https:\/\/ultraviolet.work\/_commercelocal\/project\/atelier-bram-de-man-3\/#primaryimage","url":"https:\/\/ultraviolet.work\/_commercelocal\/wp-content\/uploads\/2022\/10\/atelier-bram-de-man-1400.jpeg","contentUrl":"https:\/\/ultraviolet.work\/_commercelocal\/wp-content\/uploads\/2022\/10\/atelier-bram-de-man-1400.jpeg","width":1400,"height":1252},{"@type":"BreadcrumbList","@id":"https:\/\/ultraviolet.work\/_commercelocal\/project\/atelier-bram-de-man-3\/#breadcrumb","itemListElement":[{"@type":"ListItem","position":1,"name":"Accueil","item":"https:\/\/ultraviolet.work\/_commercelocal\/"},{"@type":"ListItem","position":2,"name":"Projets","item":"https:\/\/ultraviolet.work\/_commercelocal\/project\/"},{"@type":"ListItem","position":3,"name":"Atelier Bram de Man"}]},{"@type":"WebSite","@id":"https:\/\/ultraviolet.work\/_commercelocal\/#website","url":"https:\/\/ultraviolet.work\/_commercelocal\/","name":"Le commerce local \u00e0 Bruxelles","description":"","publisher":{"@id":"https:\/\/ultraviolet.work\/_commercelocal\/#organization"},"potentialAction":[{"@type":"SearchAction","target":{"@type":"EntryPoint","urlTemplate":"https:\/\/ultraviolet.work\/_commercelocal\/?s={search_term_string}"},"query-input":{"@type":"PropertyValueSpecification","valueRequired":true,"valueName":"search_term_string"}}],"inLanguage":"fr-FR"},{"@type":"Organization","@id":"https:\/\/ultraviolet.work\/_commercelocal\/#organization","name":"Le commerce local \u00e0 Bruxelles - I shop in Brussels","url":"https:\/\/ultraviolet.work\/_commercelocal\/","logo":{"@type":"ImageObject","inLanguage":"fr-FR","@id":"https:\/\/ultraviolet.work\/_commercelocal\/#\/schema\/logo\/image\/","url":"https:\/\/ultraviolet.work\/_commercelocal\/wp-content\/uploads\/2020\/11\/IShopBrussels_w400.png","contentUrl":"https:\/\/ultraviolet.work\/_commercelocal\/wp-content\/uploads\/2020\/11\/IShopBrussels_w400.png","width":400,"height":200,"caption":"Le commerce local \u00e0 Bruxelles - I shop in Brussels"},"image":{"@id":"https:\/\/ultraviolet.work\/_commercelocal\/#\/schema\/logo\/image\/"},"sameAs":["https:\/\/www.facebook.com\/ishopinbrussels\/"]}]}},"_links":{"self":[{"href":"https:\/\/ultraviolet.work\/_commercelocal\/wp-json\/wp\/v2\/project\/16419","targetHints":{"allow":["GET"]}}],"collection":[{"href":"https:\/\/ultraviolet.work\/_commercelocal\/wp-json\/wp\/v2\/project"}],"about":[{"href":"https:\/\/ultraviolet.work\/_commercelocal\/wp-json\/wp\/v2\/types\/project"}],"author":[{"embeddable":true,"href":"https:\/\/ultraviolet.work\/_commercelocal\/wp-json\/wp\/v2\/users\/5"}],"replies":[{"embeddable":true,"href":"https:\/\/ultraviolet.work\/_commercelocal\/wp-json\/wp\/v2\/comments?post=16419"}],"version-history":[{"count":0,"href":"https:\/\/ultraviolet.work\/_commercelocal\/wp-json\/wp\/v2\/project\/16419\/revisions"}],"wp:featuredmedia":[{"embeddable":true,"href":"https:\/\/ultraviolet.work\/_commercelocal\/wp-json\/wp\/v2\/media\/15009"}],"wp:attachment":[{"href":"https:\/\/ultraviolet.work\/_commercelocal\/wp-json\/wp\/v2\/media?parent=16419"}],"wp:term":[{"taxonomy":"project_category","embeddable":true,"href":"https:\/\/ultraviolet.work\/_commercelocal\/wp-json\/wp\/v2\/project_category?post=16419"},{"taxonomy":"project_tag","embeddable":true,"href":"https:\/\/ultraviolet.work\/_commercelocal\/wp-json\/wp\/v2\/project_tag?post=16419"},{"taxonomy":"wf_project_folders","embeddable":true,"href":"https:\/\/ultraviolet.work\/_commercelocal\/wp-json\/wp\/v2\/wf_project_folders?post=16419"}],"curies":[{"name":"wp","href":"https:\/\/api.w.org\/{rel}","templated":true}]}}