{"id":16488,"date":"2022-10-14T10:03:15","date_gmt":"2022-10-14T08:03:15","guid":{"rendered":"https:\/\/ultraviolet.work\/_commercelocal\/project\/jardins-des-olives-3\/"},"modified":"2022-10-14T10:03:15","modified_gmt":"2022-10-14T08:03:15","slug":"jardins-des-olives-3","status":"publish","type":"project","link":"https:\/\/ultraviolet.work\/_commercelocal\/project\/jardins-des-olives-3\/","title":{"rendered":"Jardins des Olives"},"content":{"rendered":"<h2>Jardins des Olives<\/h2>\n<h5>Alimentation<\/h5>\n<h4>Rue du March\u00e9 au Charbon 96 &#038; 100, 1000 Bruxelles<\/h4>\n<h5>Label : Qualit\u00e9 &#038; Savoir-faire<\/h5>\n<h6><a href=\"\" target=\"_blank\" rel=\"noopener\"><\/a><\/h6>\n<p>\u00c0 deux pas de la Grand-Place face \u00e0 l\u2019\u00e9glise Notre-Dame de Bon Secours, laissez-vous surprendre par le Jardin des Olives. Une \u00e9picerie fine et bar \u00e0 vins qui propose d\u2019excellents crus et des produits gourmands de qualit\u00e9 \u00e0 emporter ou \u00e0 d\u00e9guster dans un cadre enchanteur et convivial.<\/p>\n","protected":false},"excerpt":{"rendered":"<p>Jardins des Olives Alimentation Rue du March\u00e9 au Charbon 96 &#038; 100, 1000 Bruxelles Label : Qualit\u00e9 &#038; Savoir-faire \u00c0 deux pas de la Grand-Place face \u00e0 l\u2019\u00e9glise Notre-Dame de Bon Secours, laissez-vous surprendre par le Jardin des Olives. Une \u00e9picerie fine et bar \u00e0 vins qui propose d\u2019excellents crus et des produits gourmands de [&hellip;]<\/p>\n","protected":false},"author":5,"featured_media":15210,"comment_status":"closed","ping_status":"closed","template":"","meta":{"_et_pb_use_builder":"","_et_pb_old_content":"","_et_gb_content_width":"","inline_featured_image":false,"footnotes":""},"project_category":[1174],"project_tag":[1222],"wf_project_folders":[1224],"class_list":["post-16488","project","type-project","status-publish","has-post-thumbnail","hentry","project_category-saint-jacques","project_tag-alimentation"],"yoast_head":"<!-- This site is optimized with the Yoast SEO plugin v27.5 - https:\/\/yoast.com\/product\/yoast-seo-wordpress\/ -->\n<title>Jardins des Olives - Le commerce local \u00e0 Bruxelles<\/title>\n<meta name=\"robots\" content=\"noindex, follow\" \/>\n<meta property=\"og:locale\" content=\"fr_FR\" \/>\n<meta property=\"og:type\" content=\"article\" \/>\n<meta property=\"og:title\" content=\"Jardins des Olives - Le commerce local \u00e0 Bruxelles\" \/>\n<meta property=\"og:description\" content=\"Jardins des Olives Alimentation Rue du March\u00e9 au Charbon 96 &#038; 100, 1000 Bruxelles Label : Qualit\u00e9 &#038; Savoir-faire \u00c0 deux pas de la Grand-Place face \u00e0 l\u2019\u00e9glise Notre-Dame de Bon Secours, laissez-vous surprendre par le Jardin des Olives. Une \u00e9picerie fine et bar \u00e0 vins qui propose d\u2019excellents crus et des produits gourmands de [&hellip;]\" \/>\n<meta property=\"og:url\" content=\"https:\/\/ultraviolet.work\/_commercelocal\/project\/jardins-des-olives-3\/\" \/>\n<meta property=\"og:site_name\" content=\"Le commerce local \u00e0 Bruxelles\" \/>\n<meta property=\"article:publisher\" content=\"https:\/\/www.facebook.com\/ishopinbrussels\/\" \/>\n<meta property=\"og:image\" content=\"https:\/\/ultraviolet.work\/_commercelocal\/wp-content\/uploads\/2022\/10\/jardin-des-olives-1400.jpg\" \/>\n\t<meta property=\"og:image:width\" content=\"1400\" \/>\n\t<meta property=\"og:image:height\" content=\"1867\" \/>\n\t<meta property=\"og:image:type\" content=\"image\/jpeg\" \/>\n<meta name=\"twitter:card\" content=\"summary_large_image\" \/>\n<script type=\"application\/ld+json\" class=\"yoast-schema-graph\">{\"@context\":\"https:\\\/\\\/schema.org\",\"@graph\":[{\"@type\":\"WebPage\",\"@id\":\"https:\\\/\\\/ultraviolet.work\\\/_commercelocal\\\/project\\\/jardins-des-olives-3\\\/\",\"url\":\"https:\\\/\\\/ultraviolet.work\\\/_commercelocal\\\/project\\\/jardins-des-olives-3\\\/\",\"name\":\"Jardins des Olives - Le commerce local \u00e0 Bruxelles\",\"isPartOf\":{\"@id\":\"https:\\\/\\\/ultraviolet.work\\\/_commercelocal\\\/#website\"},\"primaryImageOfPage\":{\"@id\":\"https:\\\/\\\/ultraviolet.work\\\/_commercelocal\\\/project\\\/jardins-des-olives-3\\\/#primaryimage\"},\"image\":{\"@id\":\"https:\\\/\\\/ultraviolet.work\\\/_commercelocal\\\/project\\\/jardins-des-olives-3\\\/#primaryimage\"},\"thumbnailUrl\":\"https:\\\/\\\/ultraviolet.work\\\/_commercelocal\\\/wp-content\\\/uploads\\\/2022\\\/10\\\/jardin-des-olives-1400.jpg\",\"datePublished\":\"2022-10-14T08:03:15+00:00\",\"breadcrumb\":{\"@id\":\"https:\\\/\\\/ultraviolet.work\\\/_commercelocal\\\/project\\\/jardins-des-olives-3\\\/#breadcrumb\"},\"inLanguage\":\"fr-FR\",\"potentialAction\":[{\"@type\":\"ReadAction\",\"target\":[\"https:\\\/\\\/ultraviolet.work\\\/_commercelocal\\\/project\\\/jardins-des-olives-3\\\/\"]}]},{\"@type\":\"ImageObject\",\"inLanguage\":\"fr-FR\",\"@id\":\"https:\\\/\\\/ultraviolet.work\\\/_commercelocal\\\/project\\\/jardins-des-olives-3\\\/#primaryimage\",\"url\":\"https:\\\/\\\/ultraviolet.work\\\/_commercelocal\\\/wp-content\\\/uploads\\\/2022\\\/10\\\/jardin-des-olives-1400.jpg\",\"contentUrl\":\"https:\\\/\\\/ultraviolet.work\\\/_commercelocal\\\/wp-content\\\/uploads\\\/2022\\\/10\\\/jardin-des-olives-1400.jpg\",\"width\":1400,\"height\":1867},{\"@type\":\"BreadcrumbList\",\"@id\":\"https:\\\/\\\/ultraviolet.work\\\/_commercelocal\\\/project\\\/jardins-des-olives-3\\\/#breadcrumb\",\"itemListElement\":[{\"@type\":\"ListItem\",\"position\":1,\"name\":\"Accueil\",\"item\":\"https:\\\/\\\/ultraviolet.work\\\/_commercelocal\\\/\"},{\"@type\":\"ListItem\",\"position\":2,\"name\":\"Projets\",\"item\":\"https:\\\/\\\/ultraviolet.work\\\/_commercelocal\\\/project\\\/\"},{\"@type\":\"ListItem\",\"position\":3,\"name\":\"Jardins des Olives\"}]},{\"@type\":\"WebSite\",\"@id\":\"https:\\\/\\\/ultraviolet.work\\\/_commercelocal\\\/#website\",\"url\":\"https:\\\/\\\/ultraviolet.work\\\/_commercelocal\\\/\",\"name\":\"Le commerce local \u00e0 Bruxelles\",\"description\":\"\",\"publisher\":{\"@id\":\"https:\\\/\\\/ultraviolet.work\\\/_commercelocal\\\/#organization\"},\"potentialAction\":[{\"@type\":\"SearchAction\",\"target\":{\"@type\":\"EntryPoint\",\"urlTemplate\":\"https:\\\/\\\/ultraviolet.work\\\/_commercelocal\\\/?s={search_term_string}\"},\"query-input\":{\"@type\":\"PropertyValueSpecification\",\"valueRequired\":true,\"valueName\":\"search_term_string\"}}],\"inLanguage\":\"fr-FR\"},{\"@type\":\"Organization\",\"@id\":\"https:\\\/\\\/ultraviolet.work\\\/_commercelocal\\\/#organization\",\"name\":\"Le commerce local \u00e0 Bruxelles - I shop in Brussels\",\"url\":\"https:\\\/\\\/ultraviolet.work\\\/_commercelocal\\\/\",\"logo\":{\"@type\":\"ImageObject\",\"inLanguage\":\"fr-FR\",\"@id\":\"https:\\\/\\\/ultraviolet.work\\\/_commercelocal\\\/#\\\/schema\\\/logo\\\/image\\\/\",\"url\":\"https:\\\/\\\/ultraviolet.work\\\/_commercelocal\\\/wp-content\\\/uploads\\\/2020\\\/11\\\/IShopBrussels_w400.png\",\"contentUrl\":\"https:\\\/\\\/ultraviolet.work\\\/_commercelocal\\\/wp-content\\\/uploads\\\/2020\\\/11\\\/IShopBrussels_w400.png\",\"width\":400,\"height\":200,\"caption\":\"Le commerce local \u00e0 Bruxelles - I shop in Brussels\"},\"image\":{\"@id\":\"https:\\\/\\\/ultraviolet.work\\\/_commercelocal\\\/#\\\/schema\\\/logo\\\/image\\\/\"},\"sameAs\":[\"https:\\\/\\\/www.facebook.com\\\/ishopinbrussels\\\/\"]}]}<\/script>\n<!-- \/ Yoast SEO plugin. -->","yoast_head_json":{"title":"Jardins des Olives - Le commerce local \u00e0 Bruxelles","robots":{"index":"noindex","follow":"follow"},"og_locale":"fr_FR","og_type":"article","og_title":"Jardins des Olives - Le commerce local \u00e0 Bruxelles","og_description":"Jardins des Olives Alimentation Rue du March\u00e9 au Charbon 96 &#038; 100, 1000 Bruxelles Label : Qualit\u00e9 &#038; Savoir-faire \u00c0 deux pas de la Grand-Place face \u00e0 l\u2019\u00e9glise Notre-Dame de Bon Secours, laissez-vous surprendre par le Jardin des Olives. Une \u00e9picerie fine et bar \u00e0 vins qui propose d\u2019excellents crus et des produits gourmands de [&hellip;]","og_url":"https:\/\/ultraviolet.work\/_commercelocal\/project\/jardins-des-olives-3\/","og_site_name":"Le commerce local \u00e0 Bruxelles","article_publisher":"https:\/\/www.facebook.com\/ishopinbrussels\/","og_image":[{"width":1400,"height":1867,"url":"https:\/\/ultraviolet.work\/_commercelocal\/wp-content\/uploads\/2022\/10\/jardin-des-olives-1400.jpg","type":"image\/jpeg"}],"twitter_card":"summary_large_image","schema":{"@context":"https:\/\/schema.org","@graph":[{"@type":"WebPage","@id":"https:\/\/ultraviolet.work\/_commercelocal\/project\/jardins-des-olives-3\/","url":"https:\/\/ultraviolet.work\/_commercelocal\/project\/jardins-des-olives-3\/","name":"Jardins des Olives - Le commerce local \u00e0 Bruxelles","isPartOf":{"@id":"https:\/\/ultraviolet.work\/_commercelocal\/#website"},"primaryImageOfPage":{"@id":"https:\/\/ultraviolet.work\/_commercelocal\/project\/jardins-des-olives-3\/#primaryimage"},"image":{"@id":"https:\/\/ultraviolet.work\/_commercelocal\/project\/jardins-des-olives-3\/#primaryimage"},"thumbnailUrl":"https:\/\/ultraviolet.work\/_commercelocal\/wp-content\/uploads\/2022\/10\/jardin-des-olives-1400.jpg","datePublished":"2022-10-14T08:03:15+00:00","breadcrumb":{"@id":"https:\/\/ultraviolet.work\/_commercelocal\/project\/jardins-des-olives-3\/#breadcrumb"},"inLanguage":"fr-FR","potentialAction":[{"@type":"ReadAction","target":["https:\/\/ultraviolet.work\/_commercelocal\/project\/jardins-des-olives-3\/"]}]},{"@type":"ImageObject","inLanguage":"fr-FR","@id":"https:\/\/ultraviolet.work\/_commercelocal\/project\/jardins-des-olives-3\/#primaryimage","url":"https:\/\/ultraviolet.work\/_commercelocal\/wp-content\/uploads\/2022\/10\/jardin-des-olives-1400.jpg","contentUrl":"https:\/\/ultraviolet.work\/_commercelocal\/wp-content\/uploads\/2022\/10\/jardin-des-olives-1400.jpg","width":1400,"height":1867},{"@type":"BreadcrumbList","@id":"https:\/\/ultraviolet.work\/_commercelocal\/project\/jardins-des-olives-3\/#breadcrumb","itemListElement":[{"@type":"ListItem","position":1,"name":"Accueil","item":"https:\/\/ultraviolet.work\/_commercelocal\/"},{"@type":"ListItem","position":2,"name":"Projets","item":"https:\/\/ultraviolet.work\/_commercelocal\/project\/"},{"@type":"ListItem","position":3,"name":"Jardins des Olives"}]},{"@type":"WebSite","@id":"https:\/\/ultraviolet.work\/_commercelocal\/#website","url":"https:\/\/ultraviolet.work\/_commercelocal\/","name":"Le commerce local \u00e0 Bruxelles","description":"","publisher":{"@id":"https:\/\/ultraviolet.work\/_commercelocal\/#organization"},"potentialAction":[{"@type":"SearchAction","target":{"@type":"EntryPoint","urlTemplate":"https:\/\/ultraviolet.work\/_commercelocal\/?s={search_term_string}"},"query-input":{"@type":"PropertyValueSpecification","valueRequired":true,"valueName":"search_term_string"}}],"inLanguage":"fr-FR"},{"@type":"Organization","@id":"https:\/\/ultraviolet.work\/_commercelocal\/#organization","name":"Le commerce local \u00e0 Bruxelles - I shop in Brussels","url":"https:\/\/ultraviolet.work\/_commercelocal\/","logo":{"@type":"ImageObject","inLanguage":"fr-FR","@id":"https:\/\/ultraviolet.work\/_commercelocal\/#\/schema\/logo\/image\/","url":"https:\/\/ultraviolet.work\/_commercelocal\/wp-content\/uploads\/2020\/11\/IShopBrussels_w400.png","contentUrl":"https:\/\/ultraviolet.work\/_commercelocal\/wp-content\/uploads\/2020\/11\/IShopBrussels_w400.png","width":400,"height":200,"caption":"Le commerce local \u00e0 Bruxelles - I shop in Brussels"},"image":{"@id":"https:\/\/ultraviolet.work\/_commercelocal\/#\/schema\/logo\/image\/"},"sameAs":["https:\/\/www.facebook.com\/ishopinbrussels\/"]}]}},"_links":{"self":[{"href":"https:\/\/ultraviolet.work\/_commercelocal\/wp-json\/wp\/v2\/project\/16488","targetHints":{"allow":["GET"]}}],"collection":[{"href":"https:\/\/ultraviolet.work\/_commercelocal\/wp-json\/wp\/v2\/project"}],"about":[{"href":"https:\/\/ultraviolet.work\/_commercelocal\/wp-json\/wp\/v2\/types\/project"}],"author":[{"embeddable":true,"href":"https:\/\/ultraviolet.work\/_commercelocal\/wp-json\/wp\/v2\/users\/5"}],"replies":[{"embeddable":true,"href":"https:\/\/ultraviolet.work\/_commercelocal\/wp-json\/wp\/v2\/comments?post=16488"}],"version-history":[{"count":0,"href":"https:\/\/ultraviolet.work\/_commercelocal\/wp-json\/wp\/v2\/project\/16488\/revisions"}],"wp:featuredmedia":[{"embeddable":true,"href":"https:\/\/ultraviolet.work\/_commercelocal\/wp-json\/wp\/v2\/media\/15210"}],"wp:attachment":[{"href":"https:\/\/ultraviolet.work\/_commercelocal\/wp-json\/wp\/v2\/media?parent=16488"}],"wp:term":[{"taxonomy":"project_category","embeddable":true,"href":"https:\/\/ultraviolet.work\/_commercelocal\/wp-json\/wp\/v2\/project_category?post=16488"},{"taxonomy":"project_tag","embeddable":true,"href":"https:\/\/ultraviolet.work\/_commercelocal\/wp-json\/wp\/v2\/project_tag?post=16488"},{"taxonomy":"wf_project_folders","embeddable":true,"href":"https:\/\/ultraviolet.work\/_commercelocal\/wp-json\/wp\/v2\/wf_project_folders?post=16488"}],"curies":[{"name":"wp","href":"https:\/\/api.w.org\/{rel}","templated":true}]}}