{"id":19241,"date":"2023-12-05T09:36:40","date_gmt":"2023-12-05T08:36:40","guid":{"rendered":"https:\/\/ultraviolet.work\/_commercelocal\/project\/costa-damalfi\/"},"modified":"2023-12-05T09:36:40","modified_gmt":"2023-12-05T08:36:40","slug":"costa-damalfi","status":"publish","type":"project","link":"https:\/\/ultraviolet.work\/_commercelocal\/project\/costa-damalfi\/","title":{"rendered":"Costa d&rsquo;Amalfi"},"content":{"rendered":"<h2>Costa d&rsquo;Amalfi<\/h2>\n<h5>Restaurant<\/h5>\n<h4>Rue Stevin 192, 1000 Bruxelles<\/h4>\n<h5>Label : Qualit\u00e9 &#038; Savoir-faire<\/h5>\n<h6><a href=\"https:\/\/www.costadamalfi.be\/fr\/accueil\/\" target=\"_blank\" rel=\"noopener\">https:\/\/www.costadamalfi.be\/fr\/accueil\/<\/a><\/h6>\n<p>\u00c9tablissement unanimement pl\u00e9biscit\u00e9 pour la qualit\u00e9 de ses produits et le raffinement de ses plats. Tant les poissons que les p\u00e2tes surprennent par leur finesse et la simplicit\u00e9 des saveurs, et le reste de la carte met la qualit\u00e9 des produits \u00e0 l&rsquo;honneur. La client\u00e8le d&rsquo;habitu\u00e9s amoureux du lieu ne saurait mentir : courez-y les yeux ferm\u00e9s et les papilles salivantes.<\/p>\n","protected":false},"excerpt":{"rendered":"<p>Costa d&rsquo;Amalfi Restaurant Rue Stevin 192, 1000 Bruxelles Label : Qualit\u00e9 &#038; Savoir-faire https:\/\/www.costadamalfi.be\/fr\/accueil\/ \u00c9tablissement unanimement pl\u00e9biscit\u00e9 pour la qualit\u00e9 de ses produits et le raffinement de ses plats. Tant les poissons que les p\u00e2tes surprennent par leur finesse et la simplicit\u00e9 des saveurs, et le reste de la carte met la qualit\u00e9 des produits [&hellip;]<\/p>\n","protected":false},"author":5,"featured_media":18908,"comment_status":"closed","ping_status":"closed","template":"","meta":{"_et_pb_use_builder":"","_et_pb_old_content":"","_et_gb_content_width":"","inline_featured_image":false,"footnotes":""},"project_category":[1172],"project_tag":[1200],"wf_project_folders":[1224],"class_list":["post-19241","project","type-project","status-publish","has-post-thumbnail","hentry","project_category-quartier-europeen","project_tag-restaurant"],"yoast_head":"<!-- This site is optimized with the Yoast SEO plugin v27.5 - https:\/\/yoast.com\/product\/yoast-seo-wordpress\/ -->\n<title>Costa d&#039;Amalfi - Le commerce local \u00e0 Bruxelles<\/title>\n<meta name=\"robots\" content=\"noindex, follow\" \/>\n<meta property=\"og:locale\" content=\"fr_FR\" \/>\n<meta property=\"og:type\" content=\"article\" \/>\n<meta property=\"og:title\" content=\"Costa d&#039;Amalfi - Le commerce local \u00e0 Bruxelles\" \/>\n<meta property=\"og:description\" content=\"Costa d&rsquo;Amalfi Restaurant Rue Stevin 192, 1000 Bruxelles Label : Qualit\u00e9 &#038; Savoir-faire https:\/\/www.costadamalfi.be\/fr\/accueil\/ \u00c9tablissement unanimement pl\u00e9biscit\u00e9 pour la qualit\u00e9 de ses produits et le raffinement de ses plats. Tant les poissons que les p\u00e2tes surprennent par leur finesse et la simplicit\u00e9 des saveurs, et le reste de la carte met la qualit\u00e9 des produits [&hellip;]\" \/>\n<meta property=\"og:url\" content=\"https:\/\/ultraviolet.work\/_commercelocal\/project\/costa-damalfi\/\" \/>\n<meta property=\"og:site_name\" content=\"Le commerce local \u00e0 Bruxelles\" \/>\n<meta property=\"article:publisher\" content=\"https:\/\/www.facebook.com\/ishopinbrussels\/\" \/>\n<meta property=\"og:image\" content=\"https:\/\/ultraviolet.work\/_commercelocal\/wp-content\/uploads\/2023\/12\/coste-d-amalfi-2023-1400.jpg\" \/>\n\t<meta property=\"og:image:width\" content=\"1400\" \/>\n\t<meta property=\"og:image:height\" content=\"2101\" \/>\n\t<meta property=\"og:image:type\" content=\"image\/jpeg\" \/>\n<meta name=\"twitter:card\" content=\"summary_large_image\" \/>\n<script type=\"application\/ld+json\" class=\"yoast-schema-graph\">{\"@context\":\"https:\\\/\\\/schema.org\",\"@graph\":[{\"@type\":\"WebPage\",\"@id\":\"https:\\\/\\\/ultraviolet.work\\\/_commercelocal\\\/project\\\/costa-damalfi\\\/\",\"url\":\"https:\\\/\\\/ultraviolet.work\\\/_commercelocal\\\/project\\\/costa-damalfi\\\/\",\"name\":\"Costa d'Amalfi - Le commerce local \u00e0 Bruxelles\",\"isPartOf\":{\"@id\":\"https:\\\/\\\/ultraviolet.work\\\/_commercelocal\\\/#website\"},\"primaryImageOfPage\":{\"@id\":\"https:\\\/\\\/ultraviolet.work\\\/_commercelocal\\\/project\\\/costa-damalfi\\\/#primaryimage\"},\"image\":{\"@id\":\"https:\\\/\\\/ultraviolet.work\\\/_commercelocal\\\/project\\\/costa-damalfi\\\/#primaryimage\"},\"thumbnailUrl\":\"https:\\\/\\\/ultraviolet.work\\\/_commercelocal\\\/wp-content\\\/uploads\\\/2023\\\/12\\\/coste-d-amalfi-2023-1400.jpg\",\"datePublished\":\"2023-12-05T08:36:40+00:00\",\"breadcrumb\":{\"@id\":\"https:\\\/\\\/ultraviolet.work\\\/_commercelocal\\\/project\\\/costa-damalfi\\\/#breadcrumb\"},\"inLanguage\":\"fr-FR\",\"potentialAction\":[{\"@type\":\"ReadAction\",\"target\":[\"https:\\\/\\\/ultraviolet.work\\\/_commercelocal\\\/project\\\/costa-damalfi\\\/\"]}]},{\"@type\":\"ImageObject\",\"inLanguage\":\"fr-FR\",\"@id\":\"https:\\\/\\\/ultraviolet.work\\\/_commercelocal\\\/project\\\/costa-damalfi\\\/#primaryimage\",\"url\":\"https:\\\/\\\/ultraviolet.work\\\/_commercelocal\\\/wp-content\\\/uploads\\\/2023\\\/12\\\/coste-d-amalfi-2023-1400.jpg\",\"contentUrl\":\"https:\\\/\\\/ultraviolet.work\\\/_commercelocal\\\/wp-content\\\/uploads\\\/2023\\\/12\\\/coste-d-amalfi-2023-1400.jpg\",\"width\":1400,\"height\":2101},{\"@type\":\"BreadcrumbList\",\"@id\":\"https:\\\/\\\/ultraviolet.work\\\/_commercelocal\\\/project\\\/costa-damalfi\\\/#breadcrumb\",\"itemListElement\":[{\"@type\":\"ListItem\",\"position\":1,\"name\":\"Accueil\",\"item\":\"https:\\\/\\\/ultraviolet.work\\\/_commercelocal\\\/\"},{\"@type\":\"ListItem\",\"position\":2,\"name\":\"Projets\",\"item\":\"https:\\\/\\\/ultraviolet.work\\\/_commercelocal\\\/project\\\/\"},{\"@type\":\"ListItem\",\"position\":3,\"name\":\"Costa d&rsquo;Amalfi\"}]},{\"@type\":\"WebSite\",\"@id\":\"https:\\\/\\\/ultraviolet.work\\\/_commercelocal\\\/#website\",\"url\":\"https:\\\/\\\/ultraviolet.work\\\/_commercelocal\\\/\",\"name\":\"Le commerce local \u00e0 Bruxelles\",\"description\":\"\",\"publisher\":{\"@id\":\"https:\\\/\\\/ultraviolet.work\\\/_commercelocal\\\/#organization\"},\"potentialAction\":[{\"@type\":\"SearchAction\",\"target\":{\"@type\":\"EntryPoint\",\"urlTemplate\":\"https:\\\/\\\/ultraviolet.work\\\/_commercelocal\\\/?s={search_term_string}\"},\"query-input\":{\"@type\":\"PropertyValueSpecification\",\"valueRequired\":true,\"valueName\":\"search_term_string\"}}],\"inLanguage\":\"fr-FR\"},{\"@type\":\"Organization\",\"@id\":\"https:\\\/\\\/ultraviolet.work\\\/_commercelocal\\\/#organization\",\"name\":\"Le commerce local \u00e0 Bruxelles - I shop in Brussels\",\"url\":\"https:\\\/\\\/ultraviolet.work\\\/_commercelocal\\\/\",\"logo\":{\"@type\":\"ImageObject\",\"inLanguage\":\"fr-FR\",\"@id\":\"https:\\\/\\\/ultraviolet.work\\\/_commercelocal\\\/#\\\/schema\\\/logo\\\/image\\\/\",\"url\":\"https:\\\/\\\/ultraviolet.work\\\/_commercelocal\\\/wp-content\\\/uploads\\\/2020\\\/11\\\/IShopBrussels_w400.png\",\"contentUrl\":\"https:\\\/\\\/ultraviolet.work\\\/_commercelocal\\\/wp-content\\\/uploads\\\/2020\\\/11\\\/IShopBrussels_w400.png\",\"width\":400,\"height\":200,\"caption\":\"Le commerce local \u00e0 Bruxelles - I shop in Brussels\"},\"image\":{\"@id\":\"https:\\\/\\\/ultraviolet.work\\\/_commercelocal\\\/#\\\/schema\\\/logo\\\/image\\\/\"},\"sameAs\":[\"https:\\\/\\\/www.facebook.com\\\/ishopinbrussels\\\/\"]}]}<\/script>\n<!-- \/ Yoast SEO plugin. -->","yoast_head_json":{"title":"Costa d'Amalfi - Le commerce local \u00e0 Bruxelles","robots":{"index":"noindex","follow":"follow"},"og_locale":"fr_FR","og_type":"article","og_title":"Costa d'Amalfi - Le commerce local \u00e0 Bruxelles","og_description":"Costa d&rsquo;Amalfi Restaurant Rue Stevin 192, 1000 Bruxelles Label : Qualit\u00e9 &#038; Savoir-faire https:\/\/www.costadamalfi.be\/fr\/accueil\/ \u00c9tablissement unanimement pl\u00e9biscit\u00e9 pour la qualit\u00e9 de ses produits et le raffinement de ses plats. Tant les poissons que les p\u00e2tes surprennent par leur finesse et la simplicit\u00e9 des saveurs, et le reste de la carte met la qualit\u00e9 des produits [&hellip;]","og_url":"https:\/\/ultraviolet.work\/_commercelocal\/project\/costa-damalfi\/","og_site_name":"Le commerce local \u00e0 Bruxelles","article_publisher":"https:\/\/www.facebook.com\/ishopinbrussels\/","og_image":[{"width":1400,"height":2101,"url":"https:\/\/ultraviolet.work\/_commercelocal\/wp-content\/uploads\/2023\/12\/coste-d-amalfi-2023-1400.jpg","type":"image\/jpeg"}],"twitter_card":"summary_large_image","schema":{"@context":"https:\/\/schema.org","@graph":[{"@type":"WebPage","@id":"https:\/\/ultraviolet.work\/_commercelocal\/project\/costa-damalfi\/","url":"https:\/\/ultraviolet.work\/_commercelocal\/project\/costa-damalfi\/","name":"Costa d'Amalfi - Le commerce local \u00e0 Bruxelles","isPartOf":{"@id":"https:\/\/ultraviolet.work\/_commercelocal\/#website"},"primaryImageOfPage":{"@id":"https:\/\/ultraviolet.work\/_commercelocal\/project\/costa-damalfi\/#primaryimage"},"image":{"@id":"https:\/\/ultraviolet.work\/_commercelocal\/project\/costa-damalfi\/#primaryimage"},"thumbnailUrl":"https:\/\/ultraviolet.work\/_commercelocal\/wp-content\/uploads\/2023\/12\/coste-d-amalfi-2023-1400.jpg","datePublished":"2023-12-05T08:36:40+00:00","breadcrumb":{"@id":"https:\/\/ultraviolet.work\/_commercelocal\/project\/costa-damalfi\/#breadcrumb"},"inLanguage":"fr-FR","potentialAction":[{"@type":"ReadAction","target":["https:\/\/ultraviolet.work\/_commercelocal\/project\/costa-damalfi\/"]}]},{"@type":"ImageObject","inLanguage":"fr-FR","@id":"https:\/\/ultraviolet.work\/_commercelocal\/project\/costa-damalfi\/#primaryimage","url":"https:\/\/ultraviolet.work\/_commercelocal\/wp-content\/uploads\/2023\/12\/coste-d-amalfi-2023-1400.jpg","contentUrl":"https:\/\/ultraviolet.work\/_commercelocal\/wp-content\/uploads\/2023\/12\/coste-d-amalfi-2023-1400.jpg","width":1400,"height":2101},{"@type":"BreadcrumbList","@id":"https:\/\/ultraviolet.work\/_commercelocal\/project\/costa-damalfi\/#breadcrumb","itemListElement":[{"@type":"ListItem","position":1,"name":"Accueil","item":"https:\/\/ultraviolet.work\/_commercelocal\/"},{"@type":"ListItem","position":2,"name":"Projets","item":"https:\/\/ultraviolet.work\/_commercelocal\/project\/"},{"@type":"ListItem","position":3,"name":"Costa d&rsquo;Amalfi"}]},{"@type":"WebSite","@id":"https:\/\/ultraviolet.work\/_commercelocal\/#website","url":"https:\/\/ultraviolet.work\/_commercelocal\/","name":"Le commerce local \u00e0 Bruxelles","description":"","publisher":{"@id":"https:\/\/ultraviolet.work\/_commercelocal\/#organization"},"potentialAction":[{"@type":"SearchAction","target":{"@type":"EntryPoint","urlTemplate":"https:\/\/ultraviolet.work\/_commercelocal\/?s={search_term_string}"},"query-input":{"@type":"PropertyValueSpecification","valueRequired":true,"valueName":"search_term_string"}}],"inLanguage":"fr-FR"},{"@type":"Organization","@id":"https:\/\/ultraviolet.work\/_commercelocal\/#organization","name":"Le commerce local \u00e0 Bruxelles - I shop in Brussels","url":"https:\/\/ultraviolet.work\/_commercelocal\/","logo":{"@type":"ImageObject","inLanguage":"fr-FR","@id":"https:\/\/ultraviolet.work\/_commercelocal\/#\/schema\/logo\/image\/","url":"https:\/\/ultraviolet.work\/_commercelocal\/wp-content\/uploads\/2020\/11\/IShopBrussels_w400.png","contentUrl":"https:\/\/ultraviolet.work\/_commercelocal\/wp-content\/uploads\/2020\/11\/IShopBrussels_w400.png","width":400,"height":200,"caption":"Le commerce local \u00e0 Bruxelles - I shop in Brussels"},"image":{"@id":"https:\/\/ultraviolet.work\/_commercelocal\/#\/schema\/logo\/image\/"},"sameAs":["https:\/\/www.facebook.com\/ishopinbrussels\/"]}]}},"_links":{"self":[{"href":"https:\/\/ultraviolet.work\/_commercelocal\/wp-json\/wp\/v2\/project\/19241","targetHints":{"allow":["GET"]}}],"collection":[{"href":"https:\/\/ultraviolet.work\/_commercelocal\/wp-json\/wp\/v2\/project"}],"about":[{"href":"https:\/\/ultraviolet.work\/_commercelocal\/wp-json\/wp\/v2\/types\/project"}],"author":[{"embeddable":true,"href":"https:\/\/ultraviolet.work\/_commercelocal\/wp-json\/wp\/v2\/users\/5"}],"replies":[{"embeddable":true,"href":"https:\/\/ultraviolet.work\/_commercelocal\/wp-json\/wp\/v2\/comments?post=19241"}],"version-history":[{"count":0,"href":"https:\/\/ultraviolet.work\/_commercelocal\/wp-json\/wp\/v2\/project\/19241\/revisions"}],"wp:featuredmedia":[{"embeddable":true,"href":"https:\/\/ultraviolet.work\/_commercelocal\/wp-json\/wp\/v2\/media\/18908"}],"wp:attachment":[{"href":"https:\/\/ultraviolet.work\/_commercelocal\/wp-json\/wp\/v2\/media?parent=19241"}],"wp:term":[{"taxonomy":"project_category","embeddable":true,"href":"https:\/\/ultraviolet.work\/_commercelocal\/wp-json\/wp\/v2\/project_category?post=19241"},{"taxonomy":"project_tag","embeddable":true,"href":"https:\/\/ultraviolet.work\/_commercelocal\/wp-json\/wp\/v2\/project_tag?post=19241"},{"taxonomy":"wf_project_folders","embeddable":true,"href":"https:\/\/ultraviolet.work\/_commercelocal\/wp-json\/wp\/v2\/wf_project_folders?post=19241"}],"curies":[{"name":"wp","href":"https:\/\/api.w.org\/{rel}","templated":true}]}}