{"id":16036,"date":"2022-04-28T13:23:42","date_gmt":"2022-04-28T11:23:42","guid":{"rendered":"https:\/\/ultraviolet.work\/_optionb\/?page_id=16036"},"modified":"2023-03-29T14:08:44","modified_gmt":"2023-03-29T12:08:44","slug":"ob3-evenementen","status":"publish","type":"page","link":"https:\/\/ultraviolet.work\/_optionb\/nl\/self-care-nl\/ob3-evenementen\/","title":{"rendered":"OB3-Evenementen"},"content":{"rendered":"<p>[et_pb_section fb_built=\u00a0\u00bb1&Prime; custom_padding_last_edited=\u00a0\u00bbon|phone\u00a0\u00bb _builder_version=\u00a0\u00bb4.15.1&Prime; _module_preset=\u00a0\u00bbdefault\u00a0\u00bb background_color=\u00a0\u00bb#1e686d\u00a0\u00bb module_alignment=\u00a0\u00bbcenter\u00a0\u00bb min_height_tablet=\u00a0\u00bb\u00a0\u00bb min_height_phone=\u00a0\u00bb\u00a0\u00bb min_height_last_edited=\u00a0\u00bbon|desktop\u00a0\u00bb custom_padding=\u00a0\u00bb2.5vh||2.5vh||false|false\u00a0\u00bb custom_padding_tablet=\u00a0\u00bb2vh||2vh||true|false\u00a0\u00bb custom_padding_phone=\u00a0\u00bb\u00a0\u00bb custom_css_main_element=\u00a0\u00bbalign-items: center\u00a0\u00bb da_disable_devices=\u00a0\u00bboff|off|off\u00a0\u00bb global_module=\u00a0\u00bb12832&Prime; saved_tabs=\u00a0\u00bball\u00a0\u00bb global_colors_info=\u00a0\u00bb{}\u00a0\u00bb da_is_popup=\u00a0\u00bboff\u00a0\u00bb da_exit_intent=\u00a0\u00bboff\u00a0\u00bb da_has_close=\u00a0\u00bbon\u00a0\u00bb da_alt_close=\u00a0\u00bboff\u00a0\u00bb da_dark_close=\u00a0\u00bboff\u00a0\u00bb da_not_modal=\u00a0\u00bbon\u00a0\u00bb da_is_singular=\u00a0\u00bboff\u00a0\u00bb da_with_loader=\u00a0\u00bboff\u00a0\u00bb da_has_shadow=\u00a0\u00bbon\u00a0\u00bb][et_pb_row make_equal=\u00a0\u00bbon\u00a0\u00bb _builder_version=\u00a0\u00bb4.16&Prime; _module_preset=\u00a0\u00bbdefault\u00a0\u00bb custom_margin=\u00a0\u00bb0px||0px||false|false\u00a0\u00bb custom_padding=\u00a0\u00bb0px||0px||false|false\u00a0\u00bb custom_css_main_element=\u00a0\u00bbalign-items: center;\u00a0\u00bb global_colors_info=\u00a0\u00bb{}\u00a0\u00bb][et_pb_column type=\u00a0\u00bb4_4&Prime; _builder_version=\u00a0\u00bb4.16&Prime; _module_preset=\u00a0\u00bbdefault\u00a0\u00bb global_colors_info=\u00a0\u00bb{}\u00a0\u00bb][et_pb_image src=\u00a0\u00bbhttps:\/\/ultraviolet.work\/_optionb\/wp-content\/uploads\/2022\/04\/ob3-pictotext-fr-white.svg\u00a0\u00bb title_text=\u00a0\u00bbob3-pictotext-fr-white\u00a0\u00bb _builder_version=\u00a0\u00bb4.16.0&Prime; _module_preset=\u00a0\u00bbdefault\u00a0\u00bb max_width_tablet=\u00a0\u00bb500px\u00a0\u00bb max_width_phone=\u00a0\u00bb300px\u00a0\u00bb max_width_last_edited=\u00a0\u00bboff|desktop\u00a0\u00bb height=\u00a0\u00bb100px\u00a0\u00bb height_tablet=\u00a0\u00bb100px\u00a0\u00bb height_phone=\u00a0\u00bb\u00a0\u00bb height_last_edited=\u00a0\u00bbon|desktop\u00a0\u00bb custom_padding=\u00a0\u00bb0px||0px||true|false\u00a0\u00bb global_colors_info=\u00a0\u00bb{}\u00a0\u00bb][\/et_pb_image][\/et_pb_column][\/et_pb_row][\/et_pb_section][et_pb_section fb_built=\u00a0\u00bb1&Prime; fullwidth=\u00a0\u00bbon\u00a0\u00bb _builder_version=\u00a0\u00bb4.16&Prime; _module_preset=\u00a0\u00bbdefault\u00a0\u00bb z_index=\u00a0\u00bb50&Prime; da_disable_devices=\u00a0\u00bboff|off|off\u00a0\u00bb locked=\u00a0\u00bboff\u00a0\u00bb global_colors_info=\u00a0\u00bb{}\u00a0\u00bb da_is_popup=\u00a0\u00bboff\u00a0\u00bb da_exit_intent=\u00a0\u00bboff\u00a0\u00bb da_has_close=\u00a0\u00bbon\u00a0\u00bb da_alt_close=\u00a0\u00bboff\u00a0\u00bb da_dark_close=\u00a0\u00bboff\u00a0\u00bb da_not_modal=\u00a0\u00bbon\u00a0\u00bb da_is_singular=\u00a0\u00bboff\u00a0\u00bb da_with_loader=\u00a0\u00bboff\u00a0\u00bb da_has_shadow=\u00a0\u00bbon\u00a0\u00bb][et_pb_fullwidth_image src=\u00a0\u00bbhttps:\/\/ultraviolet.work\/_optionb\/wp-content\/uploads\/2022\/04\/OB3-events-NL-2560&#215;470-1.jpg\u00a0\u00bb title_text=\u00a0\u00bbOB3-niet te missen-1000&#215;1000&Prime; src_tablet=\u00a0\u00bbhttps:\/\/ultraviolet.work\/_optionb\/wp-content\/uploads\/2022\/03\/OB3-niet-te-missen-1000&#215;1000-1.jpg\u00a0\u00bb src_phone=\u00a0\u00bbhttps:\/\/ultraviolet.work\/_optionb\/wp-content\/uploads\/2022\/03\/OB3-niet-te-missen-1000&#215;1000-1.jpg\u00a0\u00bb src_last_edited=\u00a0\u00bbon|phone\u00a0\u00bb _builder_version=\u00a0\u00bb4.17.2&Prime; _module_preset=\u00a0\u00bbdefault\u00a0\u00bb global_colors_info=\u00a0\u00bb{}\u00a0\u00bb][\/et_pb_fullwidth_image][\/et_pb_section][et_pb_section fb_built=\u00a0\u00bb1&Prime; _builder_version=\u00a0\u00bb4.17.2&Prime; _module_preset=\u00a0\u00bbdefault\u00a0\u00bb background_color=\u00a0\u00bb#4E9FA3&Prime; z_index=\u00a0\u00bb0&Prime; custom_margin=\u00a0\u00bb0px||10px||false|false\u00a0\u00bb custom_padding=\u00a0\u00bb60px||60px||false|false\u00a0\u00bb da_disable_devices=\u00a0\u00bboff|off|off\u00a0\u00bb global_colors_info=\u00a0\u00bb{}\u00a0\u00bb da_is_popup=\u00a0\u00bboff\u00a0\u00bb da_exit_intent=\u00a0\u00bboff\u00a0\u00bb da_has_close=\u00a0\u00bbon\u00a0\u00bb da_alt_close=\u00a0\u00bboff\u00a0\u00bb da_dark_close=\u00a0\u00bboff\u00a0\u00bb da_not_modal=\u00a0\u00bbon\u00a0\u00bb da_is_singular=\u00a0\u00bboff\u00a0\u00bb da_with_loader=\u00a0\u00bboff\u00a0\u00bb da_has_shadow=\u00a0\u00bbon\u00a0\u00bb][et_pb_row column_structure=\u00a0\u00bb1_3,2_3&Prime; use_custom_gutter=\u00a0\u00bbon\u00a0\u00bb _builder_version=\u00a0\u00bb4.16&Prime; _module_preset=\u00a0\u00bbdefault\u00a0\u00bb z_index=\u00a0\u00bb9&Prime; custom_margin=\u00a0\u00bb0px||0px||false|false\u00a0\u00bb custom_padding=\u00a0\u00bb0px||0px||false|false\u00a0\u00bb global_colors_info=\u00a0\u00bb{}\u00a0\u00bb][et_pb_column type=\u00a0\u00bb1_3&Prime; _builder_version=\u00a0\u00bb4.16&Prime; _module_preset=\u00a0\u00bbdefault\u00a0\u00bb custom_padding=\u00a0\u00bb0px||0px||false|false\u00a0\u00bb global_colors_info=\u00a0\u00bb{}\u00a0\u00bb][et_pb_text content_tablet=\u00a0\u00bb<\/p>\n<h3 class=%22p1%22 style=%22text-align: left;%22>Le Quartier<\/h3>\n<h6 class=%22p1%22 style=%22text-align: left;%22>Internationalement connue pour son histoire, sa qualit\u00e9 architecturale et sa richesse ornementale, la Grand-Place avec son H\u00f4tel de Ville est consid\u00e9r\u00e9e comme l\u2019une des plus belles places du monde, class\u00e9e au Patrimoine mondial par l\u2019UNESCO en 1998.<\/h6>\n<p class=%22p1%22>\n\u00a0\u00bb content_last_edited=\u00a0\u00bboff|desktop\u00a0\u00bb _builder_version=\u00a0\u00bb4.17.2&Prime; _module_preset=\u00a0\u00bb93cf1c6e-09f0-4246-a91c-b71c6a33905a\u00a0\u00bb global_colors_info=\u00a0\u00bb{}\u00a0\u00bb]<\/p>\n<h3 class=\"p1\" style=\"text-align: left;\">Evenementen<\/h3>\n<p class=\"p1\">[\/et_pb_text][\/et_pb_column][et_pb_column type=\u00a0\u00bb2_3&Prime; _builder_version=\u00a0\u00bb4.16&Prime; _module_preset=\u00a0\u00bbdefault\u00a0\u00bb custom_padding=\u00a0\u00bb0px||0px||false|false\u00a0\u00bb global_colors_info=\u00a0\u00bb{}\u00a0\u00bb][et_pb_text _builder_version=\u00a0\u00bb4.17.2&Prime; _module_preset=\u00a0\u00bb93cf1c6e-09f0-4246-a91c-b71c6a33905a\u00a0\u00bb global_colors_info=\u00a0\u00bb{}\u00a0\u00bb]<\/p>\n<h6 class=\"p1\">Ontdek Optie B-initiatieven en evenementen georganiseerd door de stad, om op alle mogelijke manieren voor u te zorgen.<\/h6>\n<p>[\/et_pb_text][\/et_pb_column][\/et_pb_row][\/et_pb_section][et_pb_section fb_built=\u00a0\u00bb1&Prime; admin_label=\u00a0\u00bba ne pas manquer\u00a0\u00bb _builder_version=\u00a0\u00bb4.17.2&Prime; _module_preset=\u00a0\u00bb0faa6def-a259-4e69-94f6-5527c55e18fd\u00a0\u00bb da_popup_slug=\u00a0\u00bbselfcare-a-ne-pas-manquer\u00a0\u00bb da_disable_devices=\u00a0\u00bboff|off|off\u00a0\u00bb locked=\u00a0\u00bboff\u00a0\u00bb collapsed=\u00a0\u00bbon\u00a0\u00bb global_colors_info=\u00a0\u00bb{}\u00a0\u00bb da_is_popup=\u00a0\u00bboff\u00a0\u00bb da_exit_intent=\u00a0\u00bboff\u00a0\u00bb da_has_close=\u00a0\u00bbon\u00a0\u00bb da_alt_close=\u00a0\u00bboff\u00a0\u00bb da_dark_close=\u00a0\u00bboff\u00a0\u00bb da_not_modal=\u00a0\u00bbon\u00a0\u00bb da_is_singular=\u00a0\u00bboff\u00a0\u00bb da_with_loader=\u00a0\u00bboff\u00a0\u00bb da_has_shadow=\u00a0\u00bbon\u00a0\u00bb][et_pb_row column_structure=\u00a0\u00bb1_4,1_2,1_4&Prime; use_custom_gutter=\u00a0\u00bbon\u00a0\u00bb make_equal=\u00a0\u00bbon\u00a0\u00bb _builder_version=\u00a0\u00bb4.17.2&Prime; _module_preset=\u00a0\u00bbdefault\u00a0\u00bb custom_padding=\u00a0\u00bb0px||0px||false|false\u00a0\u00bb custom_css_main_element=\u00a0\u00bbalign-items:center;\u00a0\u00bb border_color_bottom=\u00a0\u00bb#C0C0C0&Prime; global_colors_info=\u00a0\u00bb{}\u00a0\u00bb][et_pb_column type=\u00a0\u00bb1_4&Prime; _builder_version=\u00a0\u00bb4.16&Prime; _module_preset=\u00a0\u00bbdefault\u00a0\u00bb global_colors_info=\u00a0\u00bb{}\u00a0\u00bb][et_pb_image src=\u00a0\u00bbhttps:\/\/ultraviolet.work\/_optionb\/wp-content\/uploads\/2022\/04\/ob3-evenements-nl-1000&#215;1000-1.jpg\u00a0\u00bb title_text=\u00a0\u00bbob3-evenements-nl-1000&#215;1000&Prime; show_bottom_space=\u00a0\u00bboff\u00a0\u00bb force_fullwidth=\u00a0\u00bbon\u00a0\u00bb _builder_version=\u00a0\u00bb4.17.2&Prime; _module_preset=\u00a0\u00bbdefault\u00a0\u00bb global_colors_info=\u00a0\u00bb{}\u00a0\u00bb][\/et_pb_image][\/et_pb_column][et_pb_column type=\u00a0\u00bb1_2&Prime; module_class=\u00a0\u00bbpa-inline-buttons\u00a0\u00bb _builder_version=\u00a0\u00bb4.16&Prime; _module_preset=\u00a0\u00bbdefault\u00a0\u00bb global_colors_info=\u00a0\u00bb{}\u00a0\u00bb][et_pb_image src=\u00a0\u00bbhttps:\/\/ultraviolet.work\/_optionb\/wp-content\/uploads\/2022\/04\/ob3-pictotext-nl.svg\u00a0\u00bb title_text=\u00a0\u00bbob3-pictotext-nl\u00a0\u00bb _builder_version=\u00a0\u00bb4.17.2&Prime; _module_preset=\u00a0\u00bb50e9bcca-8bc2-4a26-8737-4245578c2dd7&Prime; locked=\u00a0\u00bboff\u00a0\u00bb global_colors_info=\u00a0\u00bb{}\u00a0\u00bb][\/et_pb_image][et_pb_text _builder_version=\u00a0\u00bb4.17.2&Prime; _module_preset=\u00a0\u00bbea15b017-a47f-4127-885e-3170511aab61&Prime; global_colors_info=\u00a0\u00bb{}\u00a0\u00bb]<\/p>\n<h6><span style=\"color: #4e9fa3;\">Evenement<\/span><\/h6>\n<h3>Genieten van het leven<br \/>en de stad<\/h3>\n<h5>Tijdens de acties van Optie B rond self care worden in de hele stad positieve boodschappen op de straatstenen getekend. Bezoekers worden uitgenodigd om ze te zoeken, er foto&rsquo;s van te maken en ze op sociale media te posten met de hashtag #optieb<\/h5>\n<p>[\/et_pb_text][\/et_pb_column][et_pb_column type=\u00a0\u00bb1_4&Prime; module_class=\u00a0\u00bbpa-inline-buttons\u00a0\u00bb _builder_version=\u00a0\u00bb4.17.2&Prime; _module_preset=\u00a0\u00bbdefault\u00a0\u00bb custom_padding=\u00a0\u00bb30px||30px|20px|true|false\u00a0\u00bb border_color_all=\u00a0\u00bb#4E9FA3&Prime; border_width_left=\u00a0\u00bb1px\u00a0\u00bb global_colors_info=\u00a0\u00bb{}\u00a0\u00bb][et_pb_text _builder_version=\u00a0\u00bb4.17.2&Prime; _module_preset=\u00a0\u00bbea15b017-a47f-4127-885e-3170511aab61&Prime; locked=\u00a0\u00bboff\u00a0\u00bb global_colors_info=\u00a0\u00bb{}\u00a0\u00bb]<\/p>\n<h5>Tijdens de Self Care acties<\/h5>\n<p>[\/et_pb_text][\/et_pb_column][\/et_pb_row][\/et_pb_section][et_pb_section fb_built=\u00a0\u00bb1&Prime; admin_label=\u00a0\u00bba ne pas manquer\u00a0\u00bb _builder_version=\u00a0\u00bb4.17.2&Prime; _module_preset=\u00a0\u00bb0faa6def-a259-4e69-94f6-5527c55e18fd\u00a0\u00bb da_popup_slug=\u00a0\u00bbselfcare-a-ne-pas-manquer\u00a0\u00bb da_disable_devices=\u00a0\u00bboff|off|off\u00a0\u00bb locked=\u00a0\u00bboff\u00a0\u00bb collapsed=\u00a0\u00bbon\u00a0\u00bb global_colors_info=\u00a0\u00bb{}\u00a0\u00bb da_is_popup=\u00a0\u00bboff\u00a0\u00bb da_exit_intent=\u00a0\u00bboff\u00a0\u00bb da_has_close=\u00a0\u00bbon\u00a0\u00bb da_alt_close=\u00a0\u00bboff\u00a0\u00bb da_dark_close=\u00a0\u00bboff\u00a0\u00bb da_not_modal=\u00a0\u00bbon\u00a0\u00bb da_is_singular=\u00a0\u00bboff\u00a0\u00bb da_with_loader=\u00a0\u00bboff\u00a0\u00bb da_has_shadow=\u00a0\u00bbon\u00a0\u00bb][et_pb_row column_structure=\u00a0\u00bb1_4,1_2,1_4&Prime; use_custom_gutter=\u00a0\u00bbon\u00a0\u00bb make_equal=\u00a0\u00bbon\u00a0\u00bb _builder_version=\u00a0\u00bb4.17.2&Prime; _module_preset=\u00a0\u00bbdefault\u00a0\u00bb custom_padding=\u00a0\u00bb0px||0px||false|false\u00a0\u00bb custom_css_main_element=\u00a0\u00bbalign-items:center;\u00a0\u00bb border_color_bottom=\u00a0\u00bb#C0C0C0&Prime; global_colors_info=\u00a0\u00bb{}\u00a0\u00bb][et_pb_column type=\u00a0\u00bb1_4&Prime; _builder_version=\u00a0\u00bb4.16&Prime; _module_preset=\u00a0\u00bbdefault\u00a0\u00bb global_colors_info=\u00a0\u00bb{}\u00a0\u00bb][et_pb_image src=\u00a0\u00bbhttps:\/\/ultraviolet.work\/_optionb\/wp-content\/uploads\/2022\/03\/instagram-concours-600.jpg\u00a0\u00bb title_text=\u00a0\u00bbinstagram-concours-600&Prime; show_bottom_space=\u00a0\u00bboff\u00a0\u00bb force_fullwidth=\u00a0\u00bbon\u00a0\u00bb _builder_version=\u00a0\u00bb4.17.2&Prime; _module_preset=\u00a0\u00bbdefault\u00a0\u00bb global_colors_info=\u00a0\u00bb{}\u00a0\u00bb][\/et_pb_image][\/et_pb_column][et_pb_column type=\u00a0\u00bb1_2&Prime; module_class=\u00a0\u00bbpa-inline-buttons\u00a0\u00bb _builder_version=\u00a0\u00bb4.16&Prime; _module_preset=\u00a0\u00bbdefault\u00a0\u00bb global_colors_info=\u00a0\u00bb{}\u00a0\u00bb][et_pb_image src=\u00a0\u00bbhttps:\/\/ultraviolet.work\/_optionb\/wp-content\/uploads\/2022\/04\/ob3-pictotext-nl.svg\u00a0\u00bb title_text=\u00a0\u00bbob3-pictotext-fr\u00a0\u00bb _builder_version=\u00a0\u00bb4.16.0&Prime; _module_preset=\u00a0\u00bb50e9bcca-8bc2-4a26-8737-4245578c2dd7&Prime; locked=\u00a0\u00bboff\u00a0\u00bb global_colors_info=\u00a0\u00bb{}\u00a0\u00bb][\/et_pb_image][et_pb_text _builder_version=\u00a0\u00bb4.17.2&Prime; _module_preset=\u00a0\u00bbea15b017-a47f-4127-885e-3170511aab61&Prime; global_colors_info=\u00a0\u00bb{}\u00a0\u00bb]<\/p>\n<h6><span style=\"color: #4e9fa3;\">Evenement<\/span><\/h6>\n<h3>Instagramwedstrijd<\/h3>\n<h5>Door je Optie A wellness-droomervaring door te sturen maakte je kans op een al even schitterende Brusselse Optie B via de Instagramaccount van Optie B.<\/h5>\n<p>[\/et_pb_text][\/et_pb_column][et_pb_column type=\u00a0\u00bb1_4&Prime; module_class=\u00a0\u00bbpa-inline-buttons\u00a0\u00bb _builder_version=\u00a0\u00bb4.17.2&Prime; _module_preset=\u00a0\u00bbdefault\u00a0\u00bb custom_padding=\u00a0\u00bb30px||30px|20px|true|false\u00a0\u00bb border_color_all=\u00a0\u00bb#4E9FA3&Prime; border_width_left=\u00a0\u00bb1px\u00a0\u00bb global_colors_info=\u00a0\u00bb{}\u00a0\u00bb][et_pb_text _builder_version=\u00a0\u00bb4.17.2&Prime; _module_preset=\u00a0\u00bbea15b017-a47f-4127-885e-3170511aab61&Prime; locked=\u00a0\u00bboff\u00a0\u00bb global_colors_info=\u00a0\u00bb{}\u00a0\u00bb]<\/p>\n<h6>Deze wedstrijd is afgelopen.<\/h6>\n<p>[\/et_pb_text][\/et_pb_column][\/et_pb_row][\/et_pb_section]<\/p>\n","protected":false},"excerpt":{"rendered":"<p>Evenementen Ontdek Optie B-initiatieven en evenementen georganiseerd door de stad, om op alle mogelijke manieren voor u te zorgen.Evenement Genieten van het levenen de stad Tijdens de acties van Optie B rond self care worden in de hele stad positieve boodschappen op de straatstenen getekend. Bezoekers worden uitgenodigd om ze te zoeken, er foto&rsquo;s van [&hellip;]<\/p>\n","protected":false},"author":1,"featured_media":0,"parent":13232,"menu_order":0,"comment_status":"closed","ping_status":"closed","template":"","meta":{"_et_pb_use_builder":"on","_et_pb_old_content":"","_et_gb_content_width":"","inline_featured_image":false,"footnotes":""},"wf_page_folders":[894],"class_list":["post-16036","page","type-page","status-publish","hentry"],"yoast_head":"<!-- This site is optimized with the Yoast SEO plugin v27.5 - https:\/\/yoast.com\/product\/yoast-seo-wordpress\/ -->\n<title>OB3-Evenementen - Option-B<\/title>\n<meta name=\"description\" content=\"Ontdek Optie B-initiatieven en evenementen georganiseerd door de stad Brussel, om op alle mogelijke manieren voor u te zorgen.\" \/>\n<meta name=\"robots\" content=\"index, follow, max-snippet:-1, max-image-preview:large, max-video-preview:-1\" \/>\n<link rel=\"canonical\" href=\"https:\/\/ultraviolet.work\/_optionb\/nl\/self-care-nl\/ob3-evenementen\/\" \/>\n<meta property=\"og:locale\" content=\"fr_FR\" \/>\n<meta property=\"og:type\" content=\"article\" \/>\n<meta property=\"og:title\" content=\"OB3-Evenementen - Option-B\" \/>\n<meta property=\"og:description\" content=\"Ontdek Optie B-initiatieven en evenementen georganiseerd door de stad Brussel, om op alle mogelijke manieren voor u te zorgen.\" \/>\n<meta property=\"og:url\" content=\"https:\/\/ultraviolet.work\/_optionb\/nl\/self-care-nl\/ob3-evenementen\/\" \/>\n<meta property=\"og:site_name\" content=\"Option-B\" \/>\n<meta property=\"article:modified_time\" content=\"2023-03-29T12:08:44+00:00\" \/>\n<meta property=\"og:image\" content=\"https:\/\/ultraviolet.work\/_optionb\/wp-content\/uploads\/2022\/04\/ENTR-2203-Facebook-Yoast-share-1000x520-1.jpg\" \/>\n\t<meta property=\"og:image:width\" content=\"1000\" \/>\n\t<meta property=\"og:image:height\" content=\"520\" \/>\n\t<meta property=\"og:image:type\" content=\"image\/jpeg\" \/>\n<meta name=\"twitter:card\" content=\"summary_large_image\" \/>\n<meta name=\"twitter:label1\" content=\"Dur\u00e9e de lecture estim\u00e9e\" \/>\n\t<meta name=\"twitter:data1\" content=\"4 minutes\" \/>\n<script type=\"application\/ld+json\" class=\"yoast-schema-graph\">{\"@context\":\"https:\\\/\\\/schema.org\",\"@graph\":[{\"@type\":\"WebPage\",\"@id\":\"https:\\\/\\\/ultraviolet.work\\\/_optionb\\\/nl\\\/self-care-nl\\\/ob3-evenementen\\\/\",\"url\":\"https:\\\/\\\/ultraviolet.work\\\/_optionb\\\/nl\\\/self-care-nl\\\/ob3-evenementen\\\/\",\"name\":\"OB3-Evenementen - Option-B\",\"isPartOf\":{\"@id\":\"https:\\\/\\\/ultraviolet.work\\\/_optionb\\\/#website\"},\"datePublished\":\"2022-04-28T11:23:42+00:00\",\"dateModified\":\"2023-03-29T12:08:44+00:00\",\"description\":\"Ontdek Optie B-initiatieven en evenementen georganiseerd door de stad Brussel, om op alle mogelijke manieren voor u te zorgen.\",\"breadcrumb\":{\"@id\":\"https:\\\/\\\/ultraviolet.work\\\/_optionb\\\/nl\\\/self-care-nl\\\/ob3-evenementen\\\/#breadcrumb\"},\"inLanguage\":\"fr-FR\",\"potentialAction\":[{\"@type\":\"ReadAction\",\"target\":[\"https:\\\/\\\/ultraviolet.work\\\/_optionb\\\/nl\\\/self-care-nl\\\/ob3-evenementen\\\/\"]}]},{\"@type\":\"BreadcrumbList\",\"@id\":\"https:\\\/\\\/ultraviolet.work\\\/_optionb\\\/nl\\\/self-care-nl\\\/ob3-evenementen\\\/#breadcrumb\",\"itemListElement\":[{\"@type\":\"ListItem\",\"position\":1,\"name\":\"Accueil\",\"item\":\"https:\\\/\\\/ultraviolet.work\\\/_optionb\\\/\"},{\"@type\":\"ListItem\",\"position\":2,\"name\":\"Self-Care-nl\",\"item\":\"https:\\\/\\\/ultraviolet.work\\\/_optionb\\\/nl\\\/self-care-nl\\\/\"},{\"@type\":\"ListItem\",\"position\":3,\"name\":\"OB3-Evenementen\"}]},{\"@type\":\"WebSite\",\"@id\":\"https:\\\/\\\/ultraviolet.work\\\/_optionb\\\/#website\",\"url\":\"https:\\\/\\\/ultraviolet.work\\\/_optionb\\\/\",\"name\":\"Option-B\",\"description\":\"\",\"publisher\":{\"@id\":\"https:\\\/\\\/ultraviolet.work\\\/_optionb\\\/#organization\"},\"potentialAction\":[{\"@type\":\"SearchAction\",\"target\":{\"@type\":\"EntryPoint\",\"urlTemplate\":\"https:\\\/\\\/ultraviolet.work\\\/_optionb\\\/?s={search_term_string}\"},\"query-input\":{\"@type\":\"PropertyValueSpecification\",\"valueRequired\":true,\"valueName\":\"search_term_string\"}}],\"inLanguage\":\"fr-FR\"},{\"@type\":\"Organization\",\"@id\":\"https:\\\/\\\/ultraviolet.work\\\/_optionb\\\/#organization\",\"name\":\"Option-B\",\"url\":\"https:\\\/\\\/ultraviolet.work\\\/_optionb\\\/\",\"logo\":{\"@type\":\"ImageObject\",\"inLanguage\":\"fr-FR\",\"@id\":\"https:\\\/\\\/ultraviolet.work\\\/_optionb\\\/#\\\/schema\\\/logo\\\/image\\\/\",\"url\":\"https:\\\/\\\/ultraviolet.work\\\/_optionb\\\/wp-content\\\/uploads\\\/2022\\\/02\\\/OptionB-B-gen-gris.png\",\"contentUrl\":\"https:\\\/\\\/ultraviolet.work\\\/_optionb\\\/wp-content\\\/uploads\\\/2022\\\/02\\\/OptionB-B-gen-gris.png\",\"width\":512,\"height\":512,\"caption\":\"Option-B\"},\"image\":{\"@id\":\"https:\\\/\\\/ultraviolet.work\\\/_optionb\\\/#\\\/schema\\\/logo\\\/image\\\/\"}}]}<\/script>\n<!-- \/ Yoast SEO plugin. -->","yoast_head_json":{"title":"OB3-Evenementen - Option-B","description":"Ontdek Optie B-initiatieven en evenementen georganiseerd door de stad Brussel, om op alle mogelijke manieren voor u te zorgen.","robots":{"index":"index","follow":"follow","max-snippet":"max-snippet:-1","max-image-preview":"max-image-preview:large","max-video-preview":"max-video-preview:-1"},"canonical":"https:\/\/ultraviolet.work\/_optionb\/nl\/self-care-nl\/ob3-evenementen\/","og_locale":"fr_FR","og_type":"article","og_title":"OB3-Evenementen - Option-B","og_description":"Ontdek Optie B-initiatieven en evenementen georganiseerd door de stad Brussel, om op alle mogelijke manieren voor u te zorgen.","og_url":"https:\/\/ultraviolet.work\/_optionb\/nl\/self-care-nl\/ob3-evenementen\/","og_site_name":"Option-B","article_modified_time":"2023-03-29T12:08:44+00:00","og_image":[{"width":1000,"height":520,"url":"https:\/\/ultraviolet.work\/_optionb\/wp-content\/uploads\/2022\/04\/ENTR-2203-Facebook-Yoast-share-1000x520-1.jpg","type":"image\/jpeg"}],"twitter_card":"summary_large_image","twitter_misc":{"Dur\u00e9e de lecture estim\u00e9e":"4 minutes"},"schema":{"@context":"https:\/\/schema.org","@graph":[{"@type":"WebPage","@id":"https:\/\/ultraviolet.work\/_optionb\/nl\/self-care-nl\/ob3-evenementen\/","url":"https:\/\/ultraviolet.work\/_optionb\/nl\/self-care-nl\/ob3-evenementen\/","name":"OB3-Evenementen - Option-B","isPartOf":{"@id":"https:\/\/ultraviolet.work\/_optionb\/#website"},"datePublished":"2022-04-28T11:23:42+00:00","dateModified":"2023-03-29T12:08:44+00:00","description":"Ontdek Optie B-initiatieven en evenementen georganiseerd door de stad Brussel, om op alle mogelijke manieren voor u te zorgen.","breadcrumb":{"@id":"https:\/\/ultraviolet.work\/_optionb\/nl\/self-care-nl\/ob3-evenementen\/#breadcrumb"},"inLanguage":"fr-FR","potentialAction":[{"@type":"ReadAction","target":["https:\/\/ultraviolet.work\/_optionb\/nl\/self-care-nl\/ob3-evenementen\/"]}]},{"@type":"BreadcrumbList","@id":"https:\/\/ultraviolet.work\/_optionb\/nl\/self-care-nl\/ob3-evenementen\/#breadcrumb","itemListElement":[{"@type":"ListItem","position":1,"name":"Accueil","item":"https:\/\/ultraviolet.work\/_optionb\/"},{"@type":"ListItem","position":2,"name":"Self-Care-nl","item":"https:\/\/ultraviolet.work\/_optionb\/nl\/self-care-nl\/"},{"@type":"ListItem","position":3,"name":"OB3-Evenementen"}]},{"@type":"WebSite","@id":"https:\/\/ultraviolet.work\/_optionb\/#website","url":"https:\/\/ultraviolet.work\/_optionb\/","name":"Option-B","description":"","publisher":{"@id":"https:\/\/ultraviolet.work\/_optionb\/#organization"},"potentialAction":[{"@type":"SearchAction","target":{"@type":"EntryPoint","urlTemplate":"https:\/\/ultraviolet.work\/_optionb\/?s={search_term_string}"},"query-input":{"@type":"PropertyValueSpecification","valueRequired":true,"valueName":"search_term_string"}}],"inLanguage":"fr-FR"},{"@type":"Organization","@id":"https:\/\/ultraviolet.work\/_optionb\/#organization","name":"Option-B","url":"https:\/\/ultraviolet.work\/_optionb\/","logo":{"@type":"ImageObject","inLanguage":"fr-FR","@id":"https:\/\/ultraviolet.work\/_optionb\/#\/schema\/logo\/image\/","url":"https:\/\/ultraviolet.work\/_optionb\/wp-content\/uploads\/2022\/02\/OptionB-B-gen-gris.png","contentUrl":"https:\/\/ultraviolet.work\/_optionb\/wp-content\/uploads\/2022\/02\/OptionB-B-gen-gris.png","width":512,"height":512,"caption":"Option-B"},"image":{"@id":"https:\/\/ultraviolet.work\/_optionb\/#\/schema\/logo\/image\/"}}]}},"_links":{"self":[{"href":"https:\/\/ultraviolet.work\/_optionb\/wp-json\/wp\/v2\/pages\/16036","targetHints":{"allow":["GET"]}}],"collection":[{"href":"https:\/\/ultraviolet.work\/_optionb\/wp-json\/wp\/v2\/pages"}],"about":[{"href":"https:\/\/ultraviolet.work\/_optionb\/wp-json\/wp\/v2\/types\/page"}],"author":[{"embeddable":true,"href":"https:\/\/ultraviolet.work\/_optionb\/wp-json\/wp\/v2\/users\/1"}],"replies":[{"embeddable":true,"href":"https:\/\/ultraviolet.work\/_optionb\/wp-json\/wp\/v2\/comments?post=16036"}],"version-history":[{"count":0,"href":"https:\/\/ultraviolet.work\/_optionb\/wp-json\/wp\/v2\/pages\/16036\/revisions"}],"up":[{"embeddable":true,"href":"https:\/\/ultraviolet.work\/_optionb\/wp-json\/wp\/v2\/pages\/13232"}],"wp:attachment":[{"href":"https:\/\/ultraviolet.work\/_optionb\/wp-json\/wp\/v2\/media?parent=16036"}],"wp:term":[{"taxonomy":"wf_page_folders","embeddable":true,"href":"https:\/\/ultraviolet.work\/_optionb\/wp-json\/wp\/v2\/wf_page_folders?post=16036"}],"curies":[{"name":"wp","href":"https:\/\/api.w.org\/{rel}","templated":true}]}}