{"id":17292,"date":"2022-05-05T17:29:12","date_gmt":"2022-05-05T15:29:12","guid":{"rendered":"https:\/\/ultraviolet.work\/_optionb\/?page_id=17292"},"modified":"2022-05-23T17:13:55","modified_gmt":"2022-05-23T15:13:55","slug":"beer-gin-wine","status":"publish","type":"page","link":"https:\/\/ultraviolet.work\/_optionb\/beer-gin-wine\/","title":{"rendered":"Beer-Gin-Wine"},"content":{"rendered":"<p>[et_pb_section fb_built=\u00a0\u00bb1&Prime; custom_padding_last_edited=\u00a0\u00bbon|phone\u00a0\u00bb admin_label=\u00a0\u00bbSection\u00a0\u00bb _builder_version=\u00a0\u00bb4.16&Prime; _module_preset=\u00a0\u00bbdefault\u00a0\u00bb background_enable_color=\u00a0\u00bboff\u00a0\u00bb background_image=\u00a0\u00bbhttps:\/\/ultraviolet.work\/_optionb\/wp-content\/uploads\/2022\/04\/OB4-background-gold.svg\u00a0\u00bb module_alignment=\u00a0\u00bbcenter\u00a0\u00bb min_height_tablet=\u00a0\u00bb\u00a0\u00bb min_height_phone=\u00a0\u00bb\u00a0\u00bb min_height_last_edited=\u00a0\u00bbon|desktop\u00a0\u00bb custom_padding=\u00a0\u00bb2.5vh||2.5vh||false|false\u00a0\u00bb custom_padding_tablet=\u00a0\u00bb2vh||2vh||true|false\u00a0\u00bb custom_padding_phone=\u00a0\u00bb\u00a0\u00bb custom_css_main_element=\u00a0\u00bbalign-items: center\u00a0\u00bb da_disable_devices=\u00a0\u00bboff|off|off\u00a0\u00bb global_module=\u00a0\u00bb13733&Prime; locked=\u00a0\u00bboff\u00a0\u00bb global_colors_info=\u00a0\u00bb{}\u00a0\u00bb da_is_popup=\u00a0\u00bboff\u00a0\u00bb da_exit_intent=\u00a0\u00bboff\u00a0\u00bb da_has_close=\u00a0\u00bbon\u00a0\u00bb da_alt_close=\u00a0\u00bboff\u00a0\u00bb da_dark_close=\u00a0\u00bboff\u00a0\u00bb da_not_modal=\u00a0\u00bbon\u00a0\u00bb da_is_singular=\u00a0\u00bboff\u00a0\u00bb da_with_loader=\u00a0\u00bboff\u00a0\u00bb da_has_shadow=\u00a0\u00bbon\u00a0\u00bb][et_pb_row make_equal=\u00a0\u00bbon\u00a0\u00bb _builder_version=\u00a0\u00bb4.16&Prime; _module_preset=\u00a0\u00bbdefault\u00a0\u00bb custom_margin=\u00a0\u00bb0px||0px||false|false\u00a0\u00bb custom_padding=\u00a0\u00bb0px||0px||false|false\u00a0\u00bb custom_css_main_element=\u00a0\u00bbalign-items: center;\u00a0\u00bb global_colors_info=\u00a0\u00bb{}\u00a0\u00bb][et_pb_column type=\u00a0\u00bb4_4&Prime; _builder_version=\u00a0\u00bb4.16&Prime; _module_preset=\u00a0\u00bbdefault\u00a0\u00bb global_colors_info=\u00a0\u00bb{}\u00a0\u00bb][et_pb_image src=\u00a0\u00bbhttps:\/\/ultraviolet.work\/_optionb\/wp-content\/uploads\/2022\/04\/OB4-pictotext-gold-fr-white.svg\u00a0\u00bb title_text=\u00a0\u00bbOB4-pictotext-gold-fr-white\u00a0\u00bb _builder_version=\u00a0\u00bb4.16.0&Prime; _module_preset=\u00a0\u00bbdefault\u00a0\u00bb max_width_tablet=\u00a0\u00bb500px\u00a0\u00bb max_width_phone=\u00a0\u00bb300px\u00a0\u00bb max_width_last_edited=\u00a0\u00bboff|desktop\u00a0\u00bb height=\u00a0\u00bb100px\u00a0\u00bb height_tablet=\u00a0\u00bb100px\u00a0\u00bb height_phone=\u00a0\u00bb\u00a0\u00bb height_last_edited=\u00a0\u00bbon|desktop\u00a0\u00bb custom_padding=\u00a0\u00bb0px||0px||true|false\u00a0\u00bb global_colors_info=\u00a0\u00bb{}\u00a0\u00bb][\/et_pb_image][\/et_pb_column][\/et_pb_row][\/et_pb_section][et_pb_section fb_built=\u00a0\u00bb1&Prime; fullwidth=\u00a0\u00bbon\u00a0\u00bb admin_label=\u00a0\u00bbSection\u00a0\u00bb _builder_version=\u00a0\u00bb4.16&Prime; _module_preset=\u00a0\u00bbdefault\u00a0\u00bb z_index=\u00a0\u00bb0&Prime; module_alignment=\u00a0\u00bbcenter\u00a0\u00bb da_disable_devices=\u00a0\u00bboff|off|off\u00a0\u00bb border_color_top=\u00a0\u00bb#E02B20&Prime; locked=\u00a0\u00bboff\u00a0\u00bb collapsed=\u00a0\u00bbon\u00a0\u00bb global_colors_info=\u00a0\u00bb{}\u00a0\u00bb da_is_popup=\u00a0\u00bboff\u00a0\u00bb da_exit_intent=\u00a0\u00bboff\u00a0\u00bb da_has_close=\u00a0\u00bbon\u00a0\u00bb da_alt_close=\u00a0\u00bboff\u00a0\u00bb da_dark_close=\u00a0\u00bboff\u00a0\u00bb da_not_modal=\u00a0\u00bbon\u00a0\u00bb da_is_singular=\u00a0\u00bboff\u00a0\u00bb da_with_loader=\u00a0\u00bboff\u00a0\u00bb da_has_shadow=\u00a0\u00bbon\u00a0\u00bb][et_pb_fullwidth_image src=\u00a0\u00bbhttps:\/\/ultraviolet.work\/_optionb\/wp-content\/uploads\/2022\/05\/ob4-main-headers-v-fr-2560&#215;700-1.svg\u00a0\u00bb title_text=\u00a0\u00bbob4-main-headers-v-fr-1200&#215;600&Prime; src_tablet=\u00a0\u00bbhttps:\/\/ultraviolet.work\/_optionb\/wp-content\/uploads\/2022\/05\/ob4-main-headers-v-fr-1200&#215;600-1.svg\u00a0\u00bb src_phone=\u00a0\u00bbhttps:\/\/ultraviolet.work\/_optionb\/wp-content\/uploads\/2022\/05\/ob4-main-headers-v-fr-1200&#215;600-1.svg\u00a0\u00bb src_last_edited=\u00a0\u00bbon|phone\u00a0\u00bb _builder_version=\u00a0\u00bb4.17.2&Prime; _module_preset=\u00a0\u00bbdefault\u00a0\u00bb module_alignment=\u00a0\u00bbcenter\u00a0\u00bb global_colors_info=\u00a0\u00bb{}\u00a0\u00bb][\/et_pb_fullwidth_image][\/et_pb_section][et_pb_section fb_built=\u00a0\u00bb1&Prime; admin_label=\u00a0\u00bbIntro\u00a0\u00bb _builder_version=\u00a0\u00bb4.17.2&Prime; _module_preset=\u00a0\u00bbdefault\u00a0\u00bb background_color=\u00a0\u00bb#C49821&Prime; background_image=\u00a0\u00bbhttps:\/\/ultraviolet.work\/_optionb\/wp-content\/uploads\/2022\/04\/OB4-background-gold.svg\u00a0\u00bb background_enable_image=\u00a0\u00bboff\u00a0\u00bb custom_margin=\u00a0\u00bb0px||10px||false|false\u00a0\u00bb custom_padding=\u00a0\u00bb30px||30px||true|false\u00a0\u00bb da_disable_devices=\u00a0\u00bboff|off|off\u00a0\u00bb locked=\u00a0\u00bboff\u00a0\u00bb collapsed=\u00a0\u00bbon\u00a0\u00bb global_colors_info=\u00a0\u00bb{}\u00a0\u00bb da_is_popup=\u00a0\u00bboff\u00a0\u00bb da_exit_intent=\u00a0\u00bboff\u00a0\u00bb da_has_close=\u00a0\u00bbon\u00a0\u00bb da_alt_close=\u00a0\u00bboff\u00a0\u00bb da_dark_close=\u00a0\u00bboff\u00a0\u00bb da_not_modal=\u00a0\u00bbon\u00a0\u00bb da_is_singular=\u00a0\u00bboff\u00a0\u00bb da_with_loader=\u00a0\u00bboff\u00a0\u00bb da_has_shadow=\u00a0\u00bbon\u00a0\u00bb][et_pb_row use_custom_gutter=\u00a0\u00bbon\u00a0\u00bb _builder_version=\u00a0\u00bb4.17.2&Prime; _module_preset=\u00a0\u00bbdefault\u00a0\u00bb background_enable_color=\u00a0\u00bboff\u00a0\u00bb width_phone=\u00a0\u00bb90%\u00a0\u00bb width_last_edited=\u00a0\u00bboff|tablet\u00a0\u00bb module_alignment=\u00a0\u00bbcenter\u00a0\u00bb custom_margin=\u00a0\u00bb0px||0px||false|false\u00a0\u00bb custom_padding=\u00a0\u00bb0px||0px||false|false\u00a0\u00bb global_colors_info=\u00a0\u00bb{}\u00a0\u00bb][et_pb_column type=\u00a0\u00bb4_4&Prime; _builder_version=\u00a0\u00bb4.16&Prime; _module_preset=\u00a0\u00bbdefault\u00a0\u00bb background_enable_color=\u00a0\u00bboff\u00a0\u00bb custom_padding=\u00a0\u00bb35px||13px||false|false\u00a0\u00bb custom_padding_tablet=\u00a0\u00bb\u00a0\u00bb custom_padding_phone=\u00a0\u00bb\u00a0\u00bb custom_padding_last_edited=\u00a0\u00bbon|desktop\u00a0\u00bb global_colors_info=\u00a0\u00bb{}\u00a0\u00bb][et_pb_text _builder_version=\u00a0\u00bb4.17.4&Prime; _module_preset=\u00a0\u00bb93cf1c6e-09f0-4246-a91c-b71c6a33905a\u00a0\u00bb custom_padding_tablet=\u00a0\u00bb|0px|||false|false\u00a0\u00bb custom_padding_phone=\u00a0\u00bb|0px|||false|false\u00a0\u00bb custom_padding_last_edited=\u00a0\u00bboff|desktop\u00a0\u00bb global_colors_info=\u00a0\u00bb{}\u00a0\u00bb]<\/p>\n<h6 style=\"text-align: left;\">Si Bruxelles est connue dans le monde entier comme capitale de la bi\u00e8re et que blondes et brunes s\u2019y disputent les podiums, le gin conna\u00eet aujourd\u2019hui un engouement qui le place en autre valeur s\u00fbre parmi nos sp\u00e9cialit\u00e9s, car contrairement \u00e0 ce que l\u2019on croit, le gin n\u2019est pas une invention anglaise\u2026 mais belgo-hollandaise ! Les whisky belges se sont aussi invit\u00e9s \u00e0 la f\u00eate, un d\u2019entre eux a m\u00eame \u00e9t\u00e9 \u00e9lu meilleur whisky europ\u00e9en par la c\u00e9l\u00e8bre Whisky Bible. Et ce n\u2019est pas tout, la ville s\u2019est lanc\u00e9e depuis peu dans la viticulture et l\u2019assemblage de c\u00e9pages bio conf\u00e8re \u00e0 ses vins un caract\u00e8re des plus s\u00e9duisant.<\/h6>\n<h6 style=\"text-align: left;\">La pl\u00e9thore de cavistes en ville n\u2019est n\u2019ailleurs pas fruit du hasard, mais de la vigne : l\u2019essor des vins naturels y est spectaculaire. La liste des sp\u00e9cialit\u00e9s capiteuses de la Capitale serait trop longue \u00e0 \u00e9num\u00e9rer ici, mais saviez-vous par exemple qu\u2019il existe aussi du Rhum bruxellois, ou encore d\u2019intrigantes vodkas belges ? Et si pour appr\u00e9cier il faut avoir go\u00fbt\u00e9, Bruxelles ne manque pas de lieux d\u00e9di\u00e9s \u00e0 la d\u00e9gustation : des mythiques caf\u00e9s art d\u00e9co aux nouveaux venus qui rivalisent de qualit\u00e9 et d\u2019originalit\u00e9, certains vous proposent des centaines de bi\u00e8res, d\u2019autres de gins, d\u2019autres encore, de mixologies\u2026<\/h6>\n<h6 style=\"text-align: left;\">Vous l\u2019aurez compris, les Bruxellois aiment faire la f\u00eate et savent comment la faire mousser, mais ceux pour qui l&rsquo;alcool n&rsquo;est pas la tasse de th\u00e9 et pr\u00e9f\u00e8rent pouvoir consommer sans mod\u00e9ration ne seront pas laiss\u00e9s pour compte, nos \u00e9tablissements proposent aujourd&rsquo;hui des recettes sans alcool qui n&rsquo;ont plus rien \u00e0 envier \u00e0 leurs grandes s\u0153urs!<\/h6>\n<h6 style=\"text-align: left;\">Finalement, la seule difficult\u00e9 que vous rencontrerez sera celle de choisir.<\/h6>\n<p>[\/et_pb_text][\/et_pb_column][\/et_pb_row][\/et_pb_section][et_pb_section fb_built=\u00a0\u00bb1&Prime; custom_padding_last_edited=\u00a0\u00bbon|tablet\u00a0\u00bb disabled_on=\u00a0\u00bboff|off|off\u00a0\u00bb admin_label=\u00a0\u00bbJardins\u00a0\u00bb _builder_version=\u00a0\u00bb4.17.1&Prime; _module_preset=\u00a0\u00bbdefault\u00a0\u00bb background_color=\u00a0\u00bbrgba(214,198,99,0.48)\u00a0\u00bb positioning=\u00a0\u00bbrelative\u00a0\u00bb z_index=\u00a0\u00bb150&Prime; custom_padding=\u00a0\u00bb0px||0px||true|false\u00a0\u00bb custom_padding_tablet=\u00a0\u00bb10%||10%||true|false\u00a0\u00bb custom_padding_phone=\u00a0\u00bb10%||16%||false|false\u00a0\u00bb da_popup_slug=\u00a0\u00bbserres-laken\u00a0\u00bb da_disable_devices=\u00a0\u00bboff|off|off\u00a0\u00bb border_width_bottom=\u00a0\u00bb10px\u00a0\u00bb border_color_bottom=\u00a0\u00bb#FFFFFF\u00a0\u00bb locked=\u00a0\u00bboff\u00a0\u00bb collapsed=\u00a0\u00bbon\u00a0\u00bb global_colors_info=\u00a0\u00bb{}\u00a0\u00bb da_is_popup=\u00a0\u00bboff\u00a0\u00bb da_exit_intent=\u00a0\u00bboff\u00a0\u00bb da_has_close=\u00a0\u00bbon\u00a0\u00bb da_alt_close=\u00a0\u00bboff\u00a0\u00bb da_dark_close=\u00a0\u00bboff\u00a0\u00bb da_not_modal=\u00a0\u00bbon\u00a0\u00bb da_is_singular=\u00a0\u00bboff\u00a0\u00bb da_with_loader=\u00a0\u00bboff\u00a0\u00bb da_has_shadow=\u00a0\u00bbon\u00a0\u00bb][et_pb_row column_structure=\u00a0\u00bb1_4,1_2,1_4&Prime; use_custom_gutter=\u00a0\u00bbon\u00a0\u00bb make_equal=\u00a0\u00bbon\u00a0\u00bb _builder_version=\u00a0\u00bb4.17.2&Prime; _module_preset=\u00a0\u00bbdefault\u00a0\u00bb custom_padding=\u00a0\u00bb0px||0px||false|false\u00a0\u00bb custom_css_main_element=\u00a0\u00bbalign-items:center;\u00a0\u00bb global_colors_info=\u00a0\u00bb{}\u00a0\u00bb][et_pb_column type=\u00a0\u00bb1_4&Prime; _builder_version=\u00a0\u00bb4.16&Prime; _module_preset=\u00a0\u00bbdefault\u00a0\u00bb global_colors_info=\u00a0\u00bb{}\u00a0\u00bb][et_pb_image src=\u00a0\u00bbhttps:\/\/ultraviolet.work\/_optionb\/wp-content\/uploads\/2022\/05\/ob4-beer-header-mobile-1000&#215;1000-1.jpg\u00a0\u00bb title_text=\u00a0\u00bbob4-beer-header-mobile-1000&#215;1000&Prime; show_bottom_space=\u00a0\u00bboff\u00a0\u00bb force_fullwidth=\u00a0\u00bbon\u00a0\u00bb _builder_version=\u00a0\u00bb4.17.2&Prime; _module_preset=\u00a0\u00bbdefault\u00a0\u00bb global_colors_info=\u00a0\u00bb{}\u00a0\u00bb][\/et_pb_image][\/et_pb_column][et_pb_column type=\u00a0\u00bb1_2&Prime; module_class=\u00a0\u00bbpa-inline-buttons\u00a0\u00bb _builder_version=\u00a0\u00bb4.16&Prime; _module_preset=\u00a0\u00bbdefault\u00a0\u00bb global_colors_info=\u00a0\u00bb{}\u00a0\u00bb][et_pb_image src=\u00a0\u00bbhttps:\/\/ultraviolet.work\/_optionb\/wp-content\/uploads\/2022\/04\/OB4-pictotext-gold-fr-black.svg\u00a0\u00bb title_text=\u00a0\u00bbOB4-pictotext-gold-fr-black\u00a0\u00bb _builder_version=\u00a0\u00bb4.17.1&Prime; _module_preset=\u00a0\u00bb50e9bcca-8bc2-4a26-8737-4245578c2dd7&Prime; filter_opacity=\u00a0\u00bb60%\u00a0\u00bb locked=\u00a0\u00bboff\u00a0\u00bb global_colors_info=\u00a0\u00bb{}\u00a0\u00bb][\/et_pb_image][et_pb_text _builder_version=\u00a0\u00bb4.17.2&Prime; _module_preset=\u00a0\u00bbea15b017-a47f-4127-885e-3170511aab61&Prime; global_colors_info=\u00a0\u00bb{}\u00a0\u00bb]<\/p>\n<h3>Beer<\/h3>\n<h5>S\u2019il est bien un plaisir qui demande \u00e0 \u00eatre partag\u00e9, c\u2019est la bi\u00e8re. Produit social par excellence, c\u2019est un liant id\u00e9al pour toute communaut\u00e9. Bruxelles a de quoi se faire mousser : dans certains de ses innombrables bistrots, on peut d\u00e9guster plusieurs centaines de bi\u00e8res diff\u00e9rentes. Mais attention, consommez-la avec mod\u00e9ration !<\/h5>\n<p>[\/et_pb_text][\/et_pb_column][et_pb_column type=\u00a0\u00bb1_4&Prime; _builder_version=\u00a0\u00bb4.17.2&Prime; _module_preset=\u00a0\u00bbdefault\u00a0\u00bb custom_padding=\u00a0\u00bb30px||30px|20px|true|false\u00a0\u00bb border_color_all=\u00a0\u00bb#4E9FA3&Prime; border_width_left=\u00a0\u00bb1px\u00a0\u00bb border_color_left=\u00a0\u00bb#d6c663&Prime; global_colors_info=\u00a0\u00bb{}\u00a0\u00bb][et_pb_button button_url=\u00a0\u00bb@ET-DC@eyJkeW5hbWljIjp0cnVlLCJjb250ZW50IjoicG9zdF9saW5rX3VybF9wYWdlIiwic2V0dGluZ3MiOnsicG9zdF9pZCI6IjE2NDIyIn19@\u00a0\u00bb button_text=\u00a0\u00bbBeer\u00a0\u00bb _builder_version=\u00a0\u00bb4.17.2&Prime; _dynamic_attributes=\u00a0\u00bbbutton_url\u00a0\u00bb _module_preset=\u00a0\u00bb11bdeb4e-1465-49c0-8d34-156bae8641d8&Prime; button_bg_color=\u00a0\u00bb#977916&Prime; custom_margin=\u00a0\u00bb0px|15px|0px||true|false\u00a0\u00bb locked=\u00a0\u00bboff\u00a0\u00bb global_colors_info=\u00a0\u00bb{}\u00a0\u00bb][\/et_pb_button][\/et_pb_column][\/et_pb_row][\/et_pb_section][et_pb_section fb_built=\u00a0\u00bb1&Prime; custom_padding_last_edited=\u00a0\u00bbon|tablet\u00a0\u00bb disabled_on=\u00a0\u00bboff|off|off\u00a0\u00bb admin_label=\u00a0\u00bbJardins\u00a0\u00bb _builder_version=\u00a0\u00bb4.17.1&Prime; _module_preset=\u00a0\u00bbdefault\u00a0\u00bb background_color=\u00a0\u00bbrgba(214,198,99,0.48)\u00a0\u00bb positioning=\u00a0\u00bbrelative\u00a0\u00bb z_index=\u00a0\u00bb150&Prime; custom_padding=\u00a0\u00bb0px||0px||true|false\u00a0\u00bb custom_padding_tablet=\u00a0\u00bb10%||10%||true|false\u00a0\u00bb custom_padding_phone=\u00a0\u00bb10%||16%||false|false\u00a0\u00bb da_popup_slug=\u00a0\u00bbserres-laken\u00a0\u00bb da_disable_devices=\u00a0\u00bboff|off|off\u00a0\u00bb border_width_bottom=\u00a0\u00bb10px\u00a0\u00bb border_color_bottom=\u00a0\u00bb#FFFFFF\u00a0\u00bb locked=\u00a0\u00bboff\u00a0\u00bb collapsed=\u00a0\u00bbon\u00a0\u00bb global_colors_info=\u00a0\u00bb{}\u00a0\u00bb da_is_popup=\u00a0\u00bboff\u00a0\u00bb da_exit_intent=\u00a0\u00bboff\u00a0\u00bb da_has_close=\u00a0\u00bbon\u00a0\u00bb da_alt_close=\u00a0\u00bboff\u00a0\u00bb da_dark_close=\u00a0\u00bboff\u00a0\u00bb da_not_modal=\u00a0\u00bbon\u00a0\u00bb da_is_singular=\u00a0\u00bboff\u00a0\u00bb da_with_loader=\u00a0\u00bboff\u00a0\u00bb da_has_shadow=\u00a0\u00bbon\u00a0\u00bb][et_pb_row column_structure=\u00a0\u00bb1_4,1_2,1_4&Prime; use_custom_gutter=\u00a0\u00bbon\u00a0\u00bb make_equal=\u00a0\u00bbon\u00a0\u00bb _builder_version=\u00a0\u00bb4.17.2&Prime; _module_preset=\u00a0\u00bbdefault\u00a0\u00bb custom_padding=\u00a0\u00bb0px||0px||false|false\u00a0\u00bb custom_css_main_element=\u00a0\u00bbalign-items:center;\u00a0\u00bb global_colors_info=\u00a0\u00bb{}\u00a0\u00bb][et_pb_column type=\u00a0\u00bb1_4&Prime; _builder_version=\u00a0\u00bb4.16&Prime; _module_preset=\u00a0\u00bbdefault\u00a0\u00bb global_colors_info=\u00a0\u00bb{}\u00a0\u00bb][et_pb_image src=\u00a0\u00bbhttps:\/\/ultraviolet.work\/_optionb\/wp-content\/uploads\/2022\/05\/ob4-gin-header-mobile-1000&#215;1000-1.jpg\u00a0\u00bb title_text=\u00a0\u00bbob4-gin-header-mobile-1000&#215;1000&Prime; show_bottom_space=\u00a0\u00bboff\u00a0\u00bb force_fullwidth=\u00a0\u00bbon\u00a0\u00bb _builder_version=\u00a0\u00bb4.17.2&Prime; _module_preset=\u00a0\u00bbdefault\u00a0\u00bb global_colors_info=\u00a0\u00bb{}\u00a0\u00bb][\/et_pb_image][\/et_pb_column][et_pb_column type=\u00a0\u00bb1_2&Prime; module_class=\u00a0\u00bbpa-inline-buttons\u00a0\u00bb _builder_version=\u00a0\u00bb4.16&Prime; _module_preset=\u00a0\u00bbdefault\u00a0\u00bb global_colors_info=\u00a0\u00bb{}\u00a0\u00bb][et_pb_image src=\u00a0\u00bbhttps:\/\/ultraviolet.work\/_optionb\/wp-content\/uploads\/2022\/04\/OB4-pictotext-gold-fr-black.svg\u00a0\u00bb title_text=\u00a0\u00bbOB4-pictotext-gold-fr-black\u00a0\u00bb _builder_version=\u00a0\u00bb4.17.1&Prime; _module_preset=\u00a0\u00bb50e9bcca-8bc2-4a26-8737-4245578c2dd7&Prime; filter_opacity=\u00a0\u00bb60%\u00a0\u00bb locked=\u00a0\u00bboff\u00a0\u00bb global_colors_info=\u00a0\u00bb{}\u00a0\u00bb][\/et_pb_image][et_pb_text _builder_version=\u00a0\u00bb4.17.2&Prime; _module_preset=\u00a0\u00bbea15b017-a47f-4127-885e-3170511aab61&Prime; global_colors_info=\u00a0\u00bb{}\u00a0\u00bb]<\/p>\n<h3>Gin<\/h3>\n<h5>L\u2019invention du Gin est belge, et date du 17e si\u00e8cle. Outre la fiert\u00e9 tir\u00e9e de sa production autochtone, Bruxelles est aussi un v\u00e9ritable un sanctuaire pour la d\u00e9gustation du gin, et le nombre de cocktails \u00e0 base de gin \u00e9tant presque infini, les temples qui y sont d\u00e9di\u00e9s n\u2019y manquent pas non plus<\/h5>\n<p>[\/et_pb_text][\/et_pb_column][et_pb_column type=\u00a0\u00bb1_4&Prime; _builder_version=\u00a0\u00bb4.17.2&Prime; _module_preset=\u00a0\u00bbdefault\u00a0\u00bb custom_padding=\u00a0\u00bb30px||30px|20px|true|false\u00a0\u00bb border_color_all=\u00a0\u00bb#4E9FA3&Prime; border_width_left=\u00a0\u00bb1px\u00a0\u00bb border_color_left=\u00a0\u00bb#d6c663&Prime; global_colors_info=\u00a0\u00bb{}\u00a0\u00bb][et_pb_button button_url=\u00a0\u00bb@ET-DC@eyJkeW5hbWljIjp0cnVlLCJjb250ZW50IjoicG9zdF9saW5rX3VybF9wYWdlIiwic2V0dGluZ3MiOnsicG9zdF9pZCI6IjE2NDMyIn19@\u00a0\u00bb button_text=\u00a0\u00bbGin\u00a0\u00bb _builder_version=\u00a0\u00bb4.17.2&Prime; _dynamic_attributes=\u00a0\u00bbbutton_url\u00a0\u00bb _module_preset=\u00a0\u00bb11bdeb4e-1465-49c0-8d34-156bae8641d8&Prime; button_bg_color=\u00a0\u00bb#977916&Prime; custom_margin=\u00a0\u00bb0px|15px|0px||true|false\u00a0\u00bb locked=\u00a0\u00bboff\u00a0\u00bb global_colors_info=\u00a0\u00bb{}\u00a0\u00bb][\/et_pb_button][\/et_pb_column][\/et_pb_row][\/et_pb_section][et_pb_section fb_built=\u00a0\u00bb1&Prime; custom_padding_last_edited=\u00a0\u00bbon|tablet\u00a0\u00bb disabled_on=\u00a0\u00bboff|off|off\u00a0\u00bb admin_label=\u00a0\u00bbJardins\u00a0\u00bb _builder_version=\u00a0\u00bb4.17.2&Prime; _module_preset=\u00a0\u00bbdefault\u00a0\u00bb background_color=\u00a0\u00bbrgba(214,198,99,0.48)\u00a0\u00bb positioning=\u00a0\u00bbrelative\u00a0\u00bb z_index=\u00a0\u00bb150&Prime; custom_padding=\u00a0\u00bb0px||0px||true|false\u00a0\u00bb custom_padding_tablet=\u00a0\u00bb10%||10%||true|false\u00a0\u00bb custom_padding_phone=\u00a0\u00bb10%||16%||false|false\u00a0\u00bb da_popup_slug=\u00a0\u00bbserres-laken\u00a0\u00bb da_disable_devices=\u00a0\u00bboff|off|off\u00a0\u00bb border_width_bottom=\u00a0\u00bb10px\u00a0\u00bb border_color_bottom=\u00a0\u00bb#FFFFFF\u00a0\u00bb locked=\u00a0\u00bboff\u00a0\u00bb collapsed=\u00a0\u00bbon\u00a0\u00bb global_colors_info=\u00a0\u00bb{}\u00a0\u00bb da_is_popup=\u00a0\u00bboff\u00a0\u00bb da_exit_intent=\u00a0\u00bboff\u00a0\u00bb da_has_close=\u00a0\u00bbon\u00a0\u00bb da_alt_close=\u00a0\u00bboff\u00a0\u00bb da_dark_close=\u00a0\u00bboff\u00a0\u00bb da_not_modal=\u00a0\u00bbon\u00a0\u00bb da_is_singular=\u00a0\u00bboff\u00a0\u00bb da_with_loader=\u00a0\u00bboff\u00a0\u00bb da_has_shadow=\u00a0\u00bbon\u00a0\u00bb][et_pb_row column_structure=\u00a0\u00bb1_4,1_2,1_4&Prime; use_custom_gutter=\u00a0\u00bbon\u00a0\u00bb make_equal=\u00a0\u00bbon\u00a0\u00bb _builder_version=\u00a0\u00bb4.17.2&Prime; _module_preset=\u00a0\u00bbdefault\u00a0\u00bb custom_padding=\u00a0\u00bb0px||0px||false|false\u00a0\u00bb custom_css_main_element=\u00a0\u00bbalign-items:center;\u00a0\u00bb global_colors_info=\u00a0\u00bb{}\u00a0\u00bb][et_pb_column type=\u00a0\u00bb1_4&Prime; _builder_version=\u00a0\u00bb4.16&Prime; _module_preset=\u00a0\u00bbdefault\u00a0\u00bb global_colors_info=\u00a0\u00bb{}\u00a0\u00bb][et_pb_image src=\u00a0\u00bbhttps:\/\/ultraviolet.work\/_optionb\/wp-content\/uploads\/2022\/05\/ob4-wine-header-mobile-1000&#215;1000-1.jpg\u00a0\u00bb title_text=\u00a0\u00bbob4-wine-header-mobile-1000&#215;1000&Prime; show_bottom_space=\u00a0\u00bboff\u00a0\u00bb force_fullwidth=\u00a0\u00bbon\u00a0\u00bb _builder_version=\u00a0\u00bb4.17.2&Prime; _module_preset=\u00a0\u00bbdefault\u00a0\u00bb global_colors_info=\u00a0\u00bb{}\u00a0\u00bb][\/et_pb_image][\/et_pb_column][et_pb_column type=\u00a0\u00bb1_2&Prime; module_class=\u00a0\u00bbpa-inline-buttons\u00a0\u00bb _builder_version=\u00a0\u00bb4.16&Prime; _module_preset=\u00a0\u00bbdefault\u00a0\u00bb global_colors_info=\u00a0\u00bb{}\u00a0\u00bb][et_pb_image src=\u00a0\u00bbhttps:\/\/ultraviolet.work\/_optionb\/wp-content\/uploads\/2022\/04\/OB4-pictotext-gold-fr-black.svg\u00a0\u00bb title_text=\u00a0\u00bbOB4-pictotext-gold-fr-black\u00a0\u00bb _builder_version=\u00a0\u00bb4.17.2&Prime; _module_preset=\u00a0\u00bb50e9bcca-8bc2-4a26-8737-4245578c2dd7&Prime; filter_opacity=\u00a0\u00bb60%\u00a0\u00bb locked=\u00a0\u00bboff\u00a0\u00bb global_colors_info=\u00a0\u00bb{}\u00a0\u00bb][\/et_pb_image][et_pb_text _builder_version=\u00a0\u00bb4.17.2&Prime; _module_preset=\u00a0\u00bbea15b017-a47f-4127-885e-3170511aab61&Prime; global_colors_info=\u00a0\u00bb{}\u00a0\u00bb]<\/p>\n<h3>Wine<\/h3>\n<h5>Les vignobles belges ne sont pas implant\u00e9s dans la capitale, mais leurs grappes s\u2019y sont naturalis\u00e9es et sont aujourd\u2019hui assembl\u00e9es en plein c\u0153ur de la ville, dans un chai qui vise une production urbaine et durable de vins bio ainsi qu\u2019une distribution locale et directe.<\/h5>\n<p>[\/et_pb_text][\/et_pb_column][et_pb_column type=\u00a0\u00bb1_4&Prime; _builder_version=\u00a0\u00bb4.17.2&Prime; _module_preset=\u00a0\u00bbdefault\u00a0\u00bb custom_padding=\u00a0\u00bb30px||30px|20px|true|false\u00a0\u00bb border_color_all=\u00a0\u00bb#4E9FA3&Prime; border_width_left=\u00a0\u00bb1px\u00a0\u00bb border_color_left=\u00a0\u00bb#d6c663&Prime; global_colors_info=\u00a0\u00bb{}\u00a0\u00bb][et_pb_button button_url=\u00a0\u00bb@ET-DC@eyJkeW5hbWljIjp0cnVlLCJjb250ZW50IjoicG9zdF9saW5rX3VybF9wYWdlIiwic2V0dGluZ3MiOnsicG9zdF9pZCI6IjE2NDM2In19@\u00a0\u00bb button_text=\u00a0\u00bbWine\u00a0\u00bb _builder_version=\u00a0\u00bb4.17.2&Prime; _dynamic_attributes=\u00a0\u00bbbutton_url\u00a0\u00bb _module_preset=\u00a0\u00bb11bdeb4e-1465-49c0-8d34-156bae8641d8&Prime; button_bg_color=\u00a0\u00bb#977916&Prime; custom_margin=\u00a0\u00bb0px|15px|0px||true|false\u00a0\u00bb locked=\u00a0\u00bboff\u00a0\u00bb global_colors_info=\u00a0\u00bb{}\u00a0\u00bb][\/et_pb_button][\/et_pb_column][\/et_pb_row][\/et_pb_section][et_pb_section fb_built=\u00a0\u00bb1&Prime; custom_padding_last_edited=\u00a0\u00bbon|tablet\u00a0\u00bb disabled_on=\u00a0\u00bboff|off|off\u00a0\u00bb admin_label=\u00a0\u00bbJardins\u00a0\u00bb _builder_version=\u00a0\u00bb4.17.2&Prime; _module_preset=\u00a0\u00bbdefault\u00a0\u00bb background_color=\u00a0\u00bb#f9f4de\u00a0\u00bb positioning=\u00a0\u00bbrelative\u00a0\u00bb z_index=\u00a0\u00bb150&Prime; custom_padding=\u00a0\u00bb0px||0px||true|false\u00a0\u00bb custom_padding_tablet=\u00a0\u00bb10%||10%||true|false\u00a0\u00bb custom_padding_phone=\u00a0\u00bb10%||16%||false|false\u00a0\u00bb da_popup_slug=\u00a0\u00bbserres-laken\u00a0\u00bb da_disable_devices=\u00a0\u00bboff|off|off\u00a0\u00bb border_width_bottom=\u00a0\u00bb10px\u00a0\u00bb border_color_bottom=\u00a0\u00bb#FFFFFF\u00a0\u00bb locked=\u00a0\u00bboff\u00a0\u00bb collapsed=\u00a0\u00bbon\u00a0\u00bb global_colors_info=\u00a0\u00bb{}\u00a0\u00bb da_is_popup=\u00a0\u00bboff\u00a0\u00bb da_exit_intent=\u00a0\u00bboff\u00a0\u00bb da_has_close=\u00a0\u00bbon\u00a0\u00bb da_alt_close=\u00a0\u00bboff\u00a0\u00bb da_dark_close=\u00a0\u00bboff\u00a0\u00bb da_not_modal=\u00a0\u00bbon\u00a0\u00bb da_is_singular=\u00a0\u00bboff\u00a0\u00bb da_with_loader=\u00a0\u00bboff\u00a0\u00bb da_has_shadow=\u00a0\u00bbon\u00a0\u00bb][et_pb_row column_structure=\u00a0\u00bb1_4,1_2,1_4&Prime; use_custom_gutter=\u00a0\u00bbon\u00a0\u00bb make_equal=\u00a0\u00bbon\u00a0\u00bb _builder_version=\u00a0\u00bb4.17.2&Prime; _module_preset=\u00a0\u00bbdefault\u00a0\u00bb custom_padding=\u00a0\u00bb0px||0px||false|false\u00a0\u00bb custom_css_main_element=\u00a0\u00bbalign-items:center;\u00a0\u00bb global_colors_info=\u00a0\u00bb{}\u00a0\u00bb][et_pb_column type=\u00a0\u00bb1_4&Prime; _builder_version=\u00a0\u00bb4.16&Prime; _module_preset=\u00a0\u00bbdefault\u00a0\u00bb global_colors_info=\u00a0\u00bb{}\u00a0\u00bb][et_pb_image src=\u00a0\u00bbhttps:\/\/ultraviolet.work\/_optionb\/wp-content\/uploads\/2022\/05\/ob4-brewery-header-mobile-1000&#215;1000-1.jpg\u00a0\u00bb title_text=\u00a0\u00bbVintage,Copper,Kettle,In,Brewery,-,Belgium\u00a0\u00bb show_bottom_space=\u00a0\u00bboff\u00a0\u00bb force_fullwidth=\u00a0\u00bbon\u00a0\u00bb _builder_version=\u00a0\u00bb4.17.2&Prime; _module_preset=\u00a0\u00bbdefault\u00a0\u00bb global_colors_info=\u00a0\u00bb{}\u00a0\u00bb][\/et_pb_image][\/et_pb_column][et_pb_column type=\u00a0\u00bb1_2&Prime; module_class=\u00a0\u00bbpa-inline-buttons\u00a0\u00bb _builder_version=\u00a0\u00bb4.16&Prime; _module_preset=\u00a0\u00bbdefault\u00a0\u00bb global_colors_info=\u00a0\u00bb{}\u00a0\u00bb][et_pb_image src=\u00a0\u00bbhttps:\/\/ultraviolet.work\/_optionb\/wp-content\/uploads\/2022\/04\/OB4-pictotext-gold-fr-black.svg\u00a0\u00bb title_text=\u00a0\u00bbOB4-pictotext-gold-fr-black\u00a0\u00bb _builder_version=\u00a0\u00bb4.17.1&Prime; _module_preset=\u00a0\u00bb50e9bcca-8bc2-4a26-8737-4245578c2dd7&Prime; filter_opacity=\u00a0\u00bb60%\u00a0\u00bb locked=\u00a0\u00bboff\u00a0\u00bb global_colors_info=\u00a0\u00bb{}\u00a0\u00bb][\/et_pb_image][et_pb_text _builder_version=\u00a0\u00bb4.17.2&Prime; _module_preset=\u00a0\u00bbea15b017-a47f-4127-885e-3170511aab61&Prime; header_5_letter_spacing=\u00a0\u00bb0.4px\u00a0\u00bb global_colors_info=\u00a0\u00bb{}\u00a0\u00bb]<\/p>\n<h3>MICRO-BRASSERIES, <br \/>MAXI-CONVIVIALIT\u00c9.<\/h3>\n<h5>Il n\u2019y a pas que la Senne qui coule \u00e0 flots \u00e0 Bruxelles, les catalogues de nos micro-brasseries en t\u00e9moignent et n&rsquo;attendent que vous : du Brussels Beer Project \u00e0 la Brasserie Surr\u00e9aliste, en passant par la Brasserie de la Source et celle de la Senne,&#8230; en Stoemelings, Mazette !<\/h5>\n<p>[\/et_pb_text][\/et_pb_column][et_pb_column type=\u00a0\u00bb1_4&Prime; _builder_version=\u00a0\u00bb4.17.2&Prime; _module_preset=\u00a0\u00bbdefault\u00a0\u00bb custom_padding=\u00a0\u00bb30px||30px|20px|true|false\u00a0\u00bb border_color_all=\u00a0\u00bb#4E9FA3&Prime; border_width_left=\u00a0\u00bb1px\u00a0\u00bb border_color_left=\u00a0\u00bb#d6c663&Prime; global_colors_info=\u00a0\u00bb{}\u00a0\u00bb][et_pb_button button_url=\u00a0\u00bb@ET-DC@eyJkeW5hbWljIjp0cnVlLCJjb250ZW50IjoicG9zdF9saW5rX3VybF9wYWdlIiwic2V0dGluZ3MiOnsicG9zdF9pZCI6IjE4NDc2In19@\u00a0\u00bb button_text=\u00a0\u00bbMicro-brasseries\u00a0\u00bb _builder_version=\u00a0\u00bb4.17.2&Prime; _dynamic_attributes=\u00a0\u00bbbutton_url\u00a0\u00bb _module_preset=\u00a0\u00bb11bdeb4e-1465-49c0-8d34-156bae8641d8&Prime; button_bg_color=\u00a0\u00bb#977916&Prime; custom_margin=\u00a0\u00bb0px|15px|0px||true|false\u00a0\u00bb locked=\u00a0\u00bboff\u00a0\u00bb global_colors_info=\u00a0\u00bb{}\u00a0\u00bb][\/et_pb_button][\/et_pb_column][\/et_pb_row][\/et_pb_section][et_pb_section fb_built=\u00a0\u00bb1&Prime; custom_padding_last_edited=\u00a0\u00bbon|tablet\u00a0\u00bb disabled_on=\u00a0\u00bboff|off|off\u00a0\u00bb admin_label=\u00a0\u00bbJardins\u00a0\u00bb _builder_version=\u00a0\u00bb4.17.4&Prime; _module_preset=\u00a0\u00bbdefault\u00a0\u00bb background_color=\u00a0\u00bb#ffe2e6&Prime; positioning=\u00a0\u00bbrelative\u00a0\u00bb z_index=\u00a0\u00bb150&Prime; custom_padding=\u00a0\u00bb0px||0px||true|false\u00a0\u00bb custom_padding_tablet=\u00a0\u00bb10%||10%||true|false\u00a0\u00bb custom_padding_phone=\u00a0\u00bb10%||16%||false|false\u00a0\u00bb hover_enabled=\u00a0\u00bb0&Prime; da_popup_slug=\u00a0\u00bbserres-laken\u00a0\u00bb da_disable_devices=\u00a0\u00bboff|off|off\u00a0\u00bb border_color_all=\u00a0\u00bb#C49821&Prime; border_width_bottom=\u00a0\u00bb10px\u00a0\u00bb border_color_bottom=\u00a0\u00bb#FFFFFF\u00a0\u00bb locked=\u00a0\u00bboff\u00a0\u00bb collapsed=\u00a0\u00bbon\u00a0\u00bb global_colors_info=\u00a0\u00bb{}\u00a0\u00bb sticky_enabled=\u00a0\u00bb0&Prime; da_is_popup=\u00a0\u00bboff\u00a0\u00bb da_exit_intent=\u00a0\u00bboff\u00a0\u00bb da_has_close=\u00a0\u00bbon\u00a0\u00bb da_alt_close=\u00a0\u00bboff\u00a0\u00bb da_dark_close=\u00a0\u00bboff\u00a0\u00bb da_not_modal=\u00a0\u00bbon\u00a0\u00bb da_is_singular=\u00a0\u00bboff\u00a0\u00bb da_with_loader=\u00a0\u00bboff\u00a0\u00bb da_has_shadow=\u00a0\u00bbon\u00a0\u00bb][et_pb_row column_structure=\u00a0\u00bb1_4,1_2,1_4&Prime; use_custom_gutter=\u00a0\u00bbon\u00a0\u00bb make_equal=\u00a0\u00bbon\u00a0\u00bb _builder_version=\u00a0\u00bb4.17.4&Prime; _module_preset=\u00a0\u00bbdefault\u00a0\u00bb custom_padding=\u00a0\u00bb0px||0px||false|false\u00a0\u00bb custom_css_main_element=\u00a0\u00bbalign-items:center;\u00a0\u00bb global_colors_info=\u00a0\u00bb{}\u00a0\u00bb][et_pb_column type=\u00a0\u00bb1_4&Prime; _builder_version=\u00a0\u00bb4.16&Prime; _module_preset=\u00a0\u00bbdefault\u00a0\u00bb global_colors_info=\u00a0\u00bb{}\u00a0\u00bb][et_pb_image src=\u00a0\u00bbhttps:\/\/ultraviolet.work\/_optionb\/wp-content\/uploads\/2022\/05\/entre-copines-1000&#215;1000-1.jpg\u00a0\u00bb title_text=\u00a0\u00bbentre-copines-1000&#215;1000&Prime; show_bottom_space=\u00a0\u00bboff\u00a0\u00bb force_fullwidth=\u00a0\u00bbon\u00a0\u00bb _builder_version=\u00a0\u00bb4.17.4&Prime; _module_preset=\u00a0\u00bbdefault\u00a0\u00bb hover_enabled=\u00a0\u00bb0&Prime; global_colors_info=\u00a0\u00bb{}\u00a0\u00bb sticky_enabled=\u00a0\u00bb0&Prime;][\/et_pb_image][\/et_pb_column][et_pb_column type=\u00a0\u00bb1_2&Prime; module_class=\u00a0\u00bbpa-inline-buttons\u00a0\u00bb _builder_version=\u00a0\u00bb4.16&Prime; _module_preset=\u00a0\u00bbdefault\u00a0\u00bb global_colors_info=\u00a0\u00bb{}\u00a0\u00bb][et_pb_image src=\u00a0\u00bbhttps:\/\/ultraviolet.work\/_optionb\/wp-content\/uploads\/2022\/04\/OB4-pictotext-gold-fr-black.svg\u00a0\u00bb title_text=\u00a0\u00bbOB4-pictotext-gold-fr-black\u00a0\u00bb _builder_version=\u00a0\u00bb4.17.1&Prime; _module_preset=\u00a0\u00bb50e9bcca-8bc2-4a26-8737-4245578c2dd7&Prime; filter_opacity=\u00a0\u00bb60%\u00a0\u00bb locked=\u00a0\u00bboff\u00a0\u00bb global_colors_info=\u00a0\u00bb{}\u00a0\u00bb][\/et_pb_image][et_pb_text _builder_version=\u00a0\u00bb4.17.4&Prime; _module_preset=\u00a0\u00bbea15b017-a47f-4127-885e-3170511aab61&Prime; header_5_letter_spacing=\u00a0\u00bb0.4px\u00a0\u00bb hover_enabled=\u00a0\u00bb0&Prime; global_colors_info=\u00a0\u00bb{}\u00a0\u00bb sticky_enabled=\u00a0\u00bb0&Prime;]<\/p>\n<h3>Vir\u00e9e entre copines<\/h3>\n<h5>un gin-to qui tue sa race ? Une pression d\u2019enfer ? Un vin de chez divin ? OK, tr\u00e8s bien\u2026 mais pas n\u2019importe o\u00f9 ! Allez, on vous balance une dizaine d&rsquo;endroits les plus ouf. Et on parie la tourn\u00e9e que vous ne serez pas d\u00e9\u00e7ues ! En tout cas, d\u00e9j\u00e0 le plaisir de se revoir, et en plus dans des lieux pareils, y a peu de chance \ud83d\ude42<\/h5>\n<p>[\/et_pb_text][\/et_pb_column][et_pb_column type=\u00a0\u00bb1_4&Prime; _builder_version=\u00a0\u00bb4.17.2&Prime; _module_preset=\u00a0\u00bbdefault\u00a0\u00bb custom_padding=\u00a0\u00bb30px||30px|20px|true|false\u00a0\u00bb border_color_all=\u00a0\u00bb#4E9FA3&Prime; border_width_left=\u00a0\u00bb1px\u00a0\u00bb border_color_left=\u00a0\u00bb#d6c663&Prime; global_colors_info=\u00a0\u00bb{}\u00a0\u00bb][et_pb_button button_url=\u00a0\u00bb@ET-DC@eyJkeW5hbWljIjp0cnVlLCJjb250ZW50IjoicG9zdF9saW5rX3VybF9wYWdlIiwic2V0dGluZ3MiOnsicG9zdF9pZCI6IjE5NjY1In19@\u00a0\u00bb button_text=\u00a0\u00bbLa vir\u00e9e bruxelloise\u00a0\u00bb _builder_version=\u00a0\u00bb4.17.4&Prime; _dynamic_attributes=\u00a0\u00bbbutton_url\u00a0\u00bb _module_preset=\u00a0\u00bb11bdeb4e-1465-49c0-8d34-156bae8641d8&Prime; button_bg_color=\u00a0\u00bb#977916&Prime; custom_margin=\u00a0\u00bb0px|15px|0px||true|false\u00a0\u00bb hover_enabled=\u00a0\u00bb0&Prime; locked=\u00a0\u00bboff\u00a0\u00bb global_colors_info=\u00a0\u00bb{}\u00a0\u00bb sticky_enabled=\u00a0\u00bb0&Prime;][\/et_pb_button][\/et_pb_column][\/et_pb_row][\/et_pb_section][et_pb_section fb_built=\u00a0\u00bb1&Prime; custom_padding_last_edited=\u00a0\u00bbon|tablet\u00a0\u00bb disabled_on=\u00a0\u00bboff|off|off\u00a0\u00bb admin_label=\u00a0\u00bbJardins\u00a0\u00bb _builder_version=\u00a0\u00bb4.17.4&Prime; _module_preset=\u00a0\u00bbdefault\u00a0\u00bb background_color=\u00a0\u00bb#f9f4de\u00a0\u00bb positioning=\u00a0\u00bbrelative\u00a0\u00bb z_index=\u00a0\u00bb150&Prime; custom_padding=\u00a0\u00bb0px||0px||true|false\u00a0\u00bb custom_padding_tablet=\u00a0\u00bb10%||10%||true|false\u00a0\u00bb custom_padding_phone=\u00a0\u00bb10%||16%||false|false\u00a0\u00bb da_popup_slug=\u00a0\u00bbserres-laken\u00a0\u00bb da_disable_devices=\u00a0\u00bboff|off|off\u00a0\u00bb border_color_all=\u00a0\u00bb#C49821&Prime; border_width_bottom=\u00a0\u00bb10px\u00a0\u00bb border_color_bottom=\u00a0\u00bb#FFFFFF\u00a0\u00bb locked=\u00a0\u00bboff\u00a0\u00bb collapsed=\u00a0\u00bbon\u00a0\u00bb global_colors_info=\u00a0\u00bb{}\u00a0\u00bb da_is_popup=\u00a0\u00bboff\u00a0\u00bb da_exit_intent=\u00a0\u00bboff\u00a0\u00bb da_has_close=\u00a0\u00bbon\u00a0\u00bb da_alt_close=\u00a0\u00bboff\u00a0\u00bb da_dark_close=\u00a0\u00bboff\u00a0\u00bb da_not_modal=\u00a0\u00bbon\u00a0\u00bb da_is_singular=\u00a0\u00bboff\u00a0\u00bb da_with_loader=\u00a0\u00bboff\u00a0\u00bb da_has_shadow=\u00a0\u00bbon\u00a0\u00bb][et_pb_row column_structure=\u00a0\u00bb1_4,1_2,1_4&Prime; use_custom_gutter=\u00a0\u00bbon\u00a0\u00bb make_equal=\u00a0\u00bbon\u00a0\u00bb _builder_version=\u00a0\u00bb4.17.4&Prime; _module_preset=\u00a0\u00bbdefault\u00a0\u00bb custom_padding=\u00a0\u00bb0px||0px||false|false\u00a0\u00bb custom_css_main_element=\u00a0\u00bbalign-items:center;\u00a0\u00bb global_colors_info=\u00a0\u00bb{}\u00a0\u00bb][et_pb_column type=\u00a0\u00bb1_4&Prime; _builder_version=\u00a0\u00bb4.16&Prime; _module_preset=\u00a0\u00bbdefault\u00a0\u00bb global_colors_info=\u00a0\u00bb{}\u00a0\u00bb][et_pb_image src=\u00a0\u00bbhttps:\/\/ultraviolet.work\/_optionb\/wp-content\/uploads\/2022\/05\/ob4-events-fr-1000.jpg\u00a0\u00bb title_text=\u00a0\u00bbob4-events-fr-1000&Prime; show_bottom_space=\u00a0\u00bboff\u00a0\u00bb force_fullwidth=\u00a0\u00bbon\u00a0\u00bb _builder_version=\u00a0\u00bb4.17.4&Prime; _module_preset=\u00a0\u00bbdefault\u00a0\u00bb global_colors_info=\u00a0\u00bb{}\u00a0\u00bb][\/et_pb_image][\/et_pb_column][et_pb_column type=\u00a0\u00bb1_2&Prime; module_class=\u00a0\u00bbpa-inline-buttons\u00a0\u00bb _builder_version=\u00a0\u00bb4.16&Prime; _module_preset=\u00a0\u00bbdefault\u00a0\u00bb global_colors_info=\u00a0\u00bb{}\u00a0\u00bb][et_pb_image src=\u00a0\u00bbhttps:\/\/ultraviolet.work\/_optionb\/wp-content\/uploads\/2022\/04\/OB4-pictotext-gold-fr-black.svg\u00a0\u00bb title_text=\u00a0\u00bbOB4-pictotext-gold-fr-black\u00a0\u00bb _builder_version=\u00a0\u00bb4.17.1&Prime; _module_preset=\u00a0\u00bb50e9bcca-8bc2-4a26-8737-4245578c2dd7&Prime; filter_opacity=\u00a0\u00bb60%\u00a0\u00bb locked=\u00a0\u00bboff\u00a0\u00bb global_colors_info=\u00a0\u00bb{}\u00a0\u00bb][\/et_pb_image][et_pb_text _builder_version=\u00a0\u00bb4.17.4&Prime; _module_preset=\u00a0\u00bbea15b017-a47f-4127-885e-3170511aab61&Prime; header_5_letter_spacing=\u00a0\u00bb0.4px\u00a0\u00bb global_colors_info=\u00a0\u00bb{}\u00a0\u00bb]<\/p>\n<h3>Animations, d\u00e9gustations, \u00e9v\u00e9nements<\/h3>\n<h5>Amateur de bi\u00e8re, de vin ou de gin, ou des trois \u00e0 la fois, voici de quoi \u00e9clairer vos lanternes, parfaire vos connaissances, affirmer vos go\u00fbts, aff\u00fbter vos papilles, sensibiliser votre palais et \u00e9tancher votre soif\u2026 Tout un programme ! Mais vous composerez le v\u00f4tre comme vous l\u2019entendez, ou plut\u00f4t comme vous le d\u00e9gusterez.<\/h5>\n<p>[\/et_pb_text][\/et_pb_column][et_pb_column type=\u00a0\u00bb1_4&Prime; _builder_version=\u00a0\u00bb4.17.2&Prime; _module_preset=\u00a0\u00bbdefault\u00a0\u00bb custom_padding=\u00a0\u00bb30px||30px|20px|true|false\u00a0\u00bb border_color_all=\u00a0\u00bb#4E9FA3&Prime; border_width_left=\u00a0\u00bb1px\u00a0\u00bb border_color_left=\u00a0\u00bb#d6c663&Prime; global_colors_info=\u00a0\u00bb{}\u00a0\u00bb][et_pb_button button_url=\u00a0\u00bb@ET-DC@eyJkeW5hbWljIjp0cnVlLCJjb250ZW50IjoicG9zdF9saW5rX3VybF9wYWdlIiwic2V0dGluZ3MiOnsicG9zdF9pZCI6IjE4NDQ1In19@\u00a0\u00bb button_text=\u00a0\u00bbAnimations\u00a0\u00bb _builder_version=\u00a0\u00bb4.17.4&Prime; _dynamic_attributes=\u00a0\u00bbbutton_url\u00a0\u00bb _module_preset=\u00a0\u00bb11bdeb4e-1465-49c0-8d34-156bae8641d8&Prime; button_bg_color=\u00a0\u00bb#977916&Prime; custom_margin=\u00a0\u00bb0px|15px|0px||true|false\u00a0\u00bb locked=\u00a0\u00bboff\u00a0\u00bb global_colors_info=\u00a0\u00bb{}\u00a0\u00bb][\/et_pb_button][\/et_pb_column][\/et_pb_row][\/et_pb_section][et_pb_section fb_built=\u00a0\u00bb1&Prime; custom_padding_last_edited=\u00a0\u00bbon|phone\u00a0\u00bb disabled_on=\u00a0\u00bboff|off|off\u00a0\u00bb admin_label=\u00a0\u00bbcoups de coeur\u00a0\u00bb module_id=\u00a0\u00bbob4-coups-de-coeur\u00a0\u00bb _builder_version=\u00a0\u00bb4.17.4&Prime; _module_preset=\u00a0\u00bbdefault\u00a0\u00bb background_color=\u00a0\u00bb#FFFFFF\u00a0\u00bb positioning=\u00a0\u00bbrelative\u00a0\u00bb z_index=\u00a0\u00bb200&Prime; custom_margin_tablet=\u00a0\u00bb||10px||false|false\u00a0\u00bb custom_margin_phone=\u00a0\u00bb||10px||false|false\u00a0\u00bb custom_margin_last_edited=\u00a0\u00bboff|desktop\u00a0\u00bb custom_padding=\u00a0\u00bb0px||61px||false|false\u00a0\u00bb custom_padding_tablet=\u00a0\u00bb10%||61px||false|false\u00a0\u00bb custom_padding_phone=\u00a0\u00bb10%||61px||false|false\u00a0\u00bb da_popup_slug=\u00a0\u00bbob4-coups-de-coeur\u00a0\u00bb da_disable_devices=\u00a0\u00bboff|off|off\u00a0\u00bb locked=\u00a0\u00bboff\u00a0\u00bb collapsed=\u00a0\u00bboff\u00a0\u00bb global_colors_info=\u00a0\u00bb{}\u00a0\u00bb da_is_popup=\u00a0\u00bboff\u00a0\u00bb da_exit_intent=\u00a0\u00bboff\u00a0\u00bb da_has_close=\u00a0\u00bbon\u00a0\u00bb da_alt_close=\u00a0\u00bboff\u00a0\u00bb da_dark_close=\u00a0\u00bboff\u00a0\u00bb da_not_modal=\u00a0\u00bbon\u00a0\u00bb da_is_singular=\u00a0\u00bboff\u00a0\u00bb da_with_loader=\u00a0\u00bboff\u00a0\u00bb da_has_shadow=\u00a0\u00bbon\u00a0\u00bb][et_pb_row column_structure=\u00a0\u00bb1_4,1_2,1_4&Prime; use_custom_gutter=\u00a0\u00bbon\u00a0\u00bb make_equal=\u00a0\u00bbon\u00a0\u00bb _builder_version=\u00a0\u00bb4.17.2&Prime; _module_preset=\u00a0\u00bbdefault\u00a0\u00bb custom_padding=\u00a0\u00bb0px||0px||false|false\u00a0\u00bb custom_css_main_element=\u00a0\u00bbalign-items:center;\u00a0\u00bb border_color_bottom=\u00a0\u00bb#C0C0C0&Prime; global_colors_info=\u00a0\u00bb{}\u00a0\u00bb][et_pb_column type=\u00a0\u00bb1_4&Prime; _builder_version=\u00a0\u00bb4.16&Prime; _module_preset=\u00a0\u00bbdefault\u00a0\u00bb global_colors_info=\u00a0\u00bb{}\u00a0\u00bb][et_pb_image src=\u00a0\u00bbhttps:\/\/ultraviolet.work\/_optionb\/wp-content\/uploads\/2022\/05\/ob4-coups-de-coeur-fr-1000.jpg\u00a0\u00bb title_text=\u00a0\u00bbob4-coups-de-coeur-fr-1000&Prime; show_bottom_space=\u00a0\u00bboff\u00a0\u00bb force_fullwidth=\u00a0\u00bbon\u00a0\u00bb _builder_version=\u00a0\u00bb4.17.2&Prime; _module_preset=\u00a0\u00bbdefault\u00a0\u00bb global_colors_info=\u00a0\u00bb{}\u00a0\u00bb][\/et_pb_image][\/et_pb_column][et_pb_column type=\u00a0\u00bb1_2&Prime; module_class=\u00a0\u00bbpa-inline-buttons\u00a0\u00bb _builder_version=\u00a0\u00bb4.16&Prime; _module_preset=\u00a0\u00bbdefault\u00a0\u00bb global_colors_info=\u00a0\u00bb{}\u00a0\u00bb][et_pb_image src=\u00a0\u00bbhttps:\/\/ultraviolet.work\/_optionb\/wp-content\/uploads\/2022\/04\/OB4-pictotext-gold-fr-black.svg\u00a0\u00bb title_text=\u00a0\u00bbOB4-pictotext-gold-fr-black\u00a0\u00bb _builder_version=\u00a0\u00bb4.17.1&Prime; _module_preset=\u00a0\u00bb50e9bcca-8bc2-4a26-8737-4245578c2dd7&Prime; filter_opacity=\u00a0\u00bb60%\u00a0\u00bb locked=\u00a0\u00bboff\u00a0\u00bb global_colors_info=\u00a0\u00bb{}\u00a0\u00bb][\/et_pb_image][et_pb_text _builder_version=\u00a0\u00bb4.16.0&Prime; _module_preset=\u00a0\u00bbea15b017-a47f-4127-885e-3170511aab61&Prime; global_colors_info=\u00a0\u00bb{}\u00a0\u00bb]<\/p>\n<h3 style=\"text-align: left;\"><span style=\"color: #505050;\">Coups de c\u0153ur<\/span><\/h3>\n<p>[\/et_pb_text][et_pb_text _builder_version=\u00a0\u00bb4.17.2&Prime; _module_preset=\u00a0\u00bbea15b017-a47f-4127-885e-3170511aab61&Prime; global_colors_info=\u00a0\u00bb{}\u00a0\u00bb]<\/p>\n<h5><span style=\"color: #707070;\">Sortir et boire un verre, c\u2019est aussi d\u00e9couvrir des lieux et faire des rencontres, dans des ambiances tant\u00f4t conviviales, tant\u00f4t chic, tant\u00f4t branch\u00e9es\u2026 Nous avons s\u00e9lectionn\u00e9 ici quelques adresses bruxelloises marquantes, insolites ou originales qui vous permettront de d\u00e9couvrir les aspects tr\u00e8s vari\u00e9s de l&rsquo;offre en bi\u00e8re, gins et vins que vous pourrez trouver en ville.<\/span><\/h5>\n<p>[\/et_pb_text][\/et_pb_column][et_pb_column type=\u00a0\u00bb1_4&Prime; module_class=\u00a0\u00bbpa-inline-buttons\u00a0\u00bb _builder_version=\u00a0\u00bb4.16&Prime; _module_preset=\u00a0\u00bbdefault\u00a0\u00bb global_colors_info=\u00a0\u00bb{}\u00a0\u00bb][\/et_pb_column][\/et_pb_row][et_pb_row _builder_version=\u00a0\u00bb4.17.2&Prime; _module_preset=\u00a0\u00bbdefault\u00a0\u00bb custom_margin=\u00a0\u00bb50px||20px||false|false\u00a0\u00bb custom_padding=\u00a0\u00bb0px||0px||false|false\u00a0\u00bb global_colors_info=\u00a0\u00bb{}\u00a0\u00bb][et_pb_column type=\u00a0\u00bb4_4&Prime; _builder_version=\u00a0\u00bb4.16.0&Prime; _module_preset=\u00a0\u00bbdefault\u00a0\u00bb global_colors_info=\u00a0\u00bb{}\u00a0\u00bb][et_pb_text _builder_version=\u00a0\u00bb4.16.0&Prime; _module_preset=\u00a0\u00bbe9a7ea11-4cad-479c-ab60-113dcf9791a8&Prime; custom_padding=\u00a0\u00bb0px||0px||true|false\u00a0\u00bb global_colors_info=\u00a0\u00bb{}\u00a0\u00bb]<\/p>\n<h6 style=\"text-align: left;\">on adore :<\/h6>\n<p>[\/et_pb_text][\/et_pb_column][\/et_pb_row][et_pb_row column_structure=\u00a0\u00bb1_4,1_4,1_4,1_4&Prime; use_custom_gutter=\u00a0\u00bbon\u00a0\u00bb make_equal=\u00a0\u00bbon\u00a0\u00bb _builder_version=\u00a0\u00bb4.16.0&Prime; _module_preset=\u00a0\u00bbdefault\u00a0\u00bb z_index=\u00a0\u00bb9&Prime; custom_margin=\u00a0\u00bb0px||0px||false|false\u00a0\u00bb custom_padding=\u00a0\u00bb0px||0px||false|false\u00a0\u00bb locked=\u00a0\u00bboff\u00a0\u00bb global_colors_info=\u00a0\u00bb{}\u00a0\u00bb][et_pb_column type=\u00a0\u00bb1_4&Prime; _builder_version=\u00a0\u00bb4.16&Prime; _module_preset=\u00a0\u00bbdefault\u00a0\u00bb custom_padding=\u00a0\u00bb0px||0px||false|false\u00a0\u00bb global_colors_info=\u00a0\u00bb{}\u00a0\u00bb][et_pb_blurb title=\u00a0\u00bb\u00c0 LA MORT SUBITE\u00a0\u00bb image=\u00a0\u00bbhttps:\/\/ultraviolet.work\/_optionb\/wp-content\/uploads\/2022\/05\/a-la-mort-subite-ob4-1000.jpg\u00a0\u00bb _builder_version=\u00a0\u00bb4.17.4&Prime; _module_preset=\u00a0\u00bb5380a41e-bd85-4942-afdc-359206174b92&Prime; body_link_text_color=\u00a0\u00bb#C49821&Prime; image_icon_custom_margin_tablet=\u00a0\u00bb||-10px||false|false\u00a0\u00bb image_icon_custom_margin_phone=\u00a0\u00bb||-10px||false|false\u00a0\u00bb animation_last_edited=\u00a0\u00bboff|desktop\u00a0\u00bb global_colors_info=\u00a0\u00bb{}\u00a0\u00bb]<\/p>\n<h5>BAR \u00c0 BI\u00c8RES<\/h5>\n<h6>RUE MONTAGE-AUX-HERBES POTAG\u00c8RES 7,<br \/>1000 BRUXELLES<\/h6>\n<h5><a href=\"https:\/\/www.alamortsubite.com\/en\/\" target=\"_blank\" rel=\"noopener\">https:\/\/www.alamortsubite.com\/en\/<\/a><\/h5>\n<p>A La Mort Subite est un des bars mythiques de Bruxelles. Son nom provient du jeu de d\u00e9s \u00ab 421 \u00bb dont le perdant est nomm\u00e9 la \u00ab mort subite \u00bb. Autrefois, la client\u00e8le y jouait sans cesse jusqu\u2019au jour o\u00f9 Th\u00e9ophile Vossen eut l\u2019id\u00e9e d\u2019utiliser ce terme pour nommer son caf\u00e9. Aujourd\u2019hui, la quatri\u00e8me g\u00e9n\u00e9ration Vossen, Olivier et Bernard, continuent \u00e0 vous servir leurs gueuses d\u00e9licieuses.<\/p>\n<p>[\/et_pb_blurb][\/et_pb_column][et_pb_column type=\u00a0\u00bb1_4&Prime; _builder_version=\u00a0\u00bb4.16&Prime; _module_preset=\u00a0\u00bbdefault\u00a0\u00bb custom_padding=\u00a0\u00bb0px||0px||false|false\u00a0\u00bb global_colors_info=\u00a0\u00bb{}\u00a0\u00bb][et_pb_blurb title=\u00a0\u00bbARTE SANO VINOTECA\u00a0\u00bb image=\u00a0\u00bbhttps:\/\/ultraviolet.work\/_optionb\/wp-content\/uploads\/2022\/05\/arte-sano-vinoteca-ob4-1000.jpg\u00a0\u00bb _builder_version=\u00a0\u00bb4.17.4&Prime; _module_preset=\u00a0\u00bbdefault\u00a0\u00bb header_font=\u00a0\u00bb|700||on|||||\u00a0\u00bb header_font_size=\u00a0\u00bb18px\u00a0\u00bb header_line_height=\u00a0\u00bb1.3em\u00a0\u00bb body_font_size=\u00a0\u00bb14px\u00a0\u00bb body_line_height=\u00a0\u00bb1.4em\u00a0\u00bb body_link_font=\u00a0\u00bb|||||||#F2911C|\u00a0\u00bb body_link_text_color=\u00a0\u00bb#C49821&Prime; body_link_font_size=\u00a0\u00bb14px\u00a0\u00bb body_link_line_height=\u00a0\u00bb1.4em\u00a0\u00bb image_icon_custom_margin=\u00a0\u00bb||-10px||false|false\u00a0\u00bb image_icon_custom_margin_tablet=\u00a0\u00bb||-10px||false|false\u00a0\u00bb image_icon_custom_margin_phone=\u00a0\u00bb||-10px||false|false\u00a0\u00bb image_icon_custom_margin_last_edited=\u00a0\u00bbon|phone\u00a0\u00bb image_icon_custom_padding=\u00a0\u00bb||||false|false\u00a0\u00bb custom_margin=\u00a0\u00bb10px||30px||false|false\u00a0\u00bb animation_last_edited=\u00a0\u00bboff|desktop\u00a0\u00bb global_colors_info=\u00a0\u00bb{}\u00a0\u00bb]<\/p>\n<h6>CAVISTE<\/h6>\n<h6>PLACE ROUPPE 8, <br \/>1000 BRUXELLES<\/h6>\n<p><a href=\"https:\/\/www.artesano.be\/\" target=\"_blank\" rel=\"noopener\">https:\/\/www.artesano.be\/<\/a><\/p>\n<p>Arte Sano Vinoteca est une boutique de vins espagnols import\u00e9s \u00e0 Bruxelles. Les vins sont produits par des viticulteurs passionn\u00e9s et des vignerons talentueux qui favorisent des vins de terroir authentiques et typiques. Vous y trouverez des collections exclusives de vins biologiques, bio dynamiques et naturels.<\/p>\n<p>[\/et_pb_blurb][\/et_pb_column][et_pb_column type=\u00a0\u00bb1_4&Prime; _builder_version=\u00a0\u00bb4.16&Prime; _module_preset=\u00a0\u00bbdefault\u00a0\u00bb custom_padding=\u00a0\u00bb0px||0px||false|false\u00a0\u00bb global_colors_info=\u00a0\u00bb{}\u00a0\u00bb][et_pb_blurb title=\u00a0\u00bbARTHUR ORLANS\u00a0\u00bb image=\u00a0\u00bbhttps:\/\/ultraviolet.work\/_optionb\/wp-content\/uploads\/2022\/05\/arthur-orlans-ob4-1000.jpg\u00a0\u00bb _builder_version=\u00a0\u00bb4.17.4&Prime; _module_preset=\u00a0\u00bbdefault\u00a0\u00bb header_font=\u00a0\u00bb|700||on|||||\u00a0\u00bb header_font_size=\u00a0\u00bb18px\u00a0\u00bb header_line_height=\u00a0\u00bb1.3em\u00a0\u00bb body_font_size=\u00a0\u00bb14px\u00a0\u00bb body_line_height=\u00a0\u00bb1.4em\u00a0\u00bb body_link_font=\u00a0\u00bb|||||||#F2911C|\u00a0\u00bb body_link_text_color=\u00a0\u00bb#C49821&Prime; body_link_font_size=\u00a0\u00bb14px\u00a0\u00bb body_link_line_height=\u00a0\u00bb1.4em\u00a0\u00bb image_icon_custom_margin=\u00a0\u00bb||-10px||false|false\u00a0\u00bb image_icon_custom_margin_tablet=\u00a0\u00bb||-10px||false|false\u00a0\u00bb image_icon_custom_margin_phone=\u00a0\u00bb||-10px||false|false\u00a0\u00bb image_icon_custom_margin_last_edited=\u00a0\u00bbon|phone\u00a0\u00bb image_icon_custom_padding=\u00a0\u00bb||||false|false\u00a0\u00bb custom_margin=\u00a0\u00bb10px||30px||false|false\u00a0\u00bb animation_last_edited=\u00a0\u00bboff|desktop\u00a0\u00bb global_colors_info=\u00a0\u00bb{}\u00a0\u00bb]<\/p>\n<h6>BAR \u00c0 COCKTAILS<\/h6>\n<h6>RUE ANTOINE DANSAERT 67, <br \/>1000 BRUXELLES<\/h6>\n<p><a href=\"https:\/\/arthurorlans.com\/\" target=\"_blank\" rel=\"noopener\">https:\/\/arthurorlans.com\/<\/a><\/p>\n<p>Canap\u00e9s en cuir, moquette \u00e9cossaise, ambiance feutr\u00e9e, papiers peints baroques\u2026 Arthur Orlans, bar chic enti\u00e8rement d\u00e9di\u00e9 \u00e0 la mixologie install\u00e9 rue Dansaert dans une ancienne maison de couture datant de 1892. Arthur Orlans a \u00e9t\u00e9 \u00e9lu meilleur bar \u00e0 cocktail de Belgique par le GaultMillau 2021.<\/p>\n<p>[\/et_pb_blurb][\/et_pb_column][et_pb_column type=\u00a0\u00bb1_4&Prime; _builder_version=\u00a0\u00bb4.16&Prime; _module_preset=\u00a0\u00bbdefault\u00a0\u00bb custom_padding=\u00a0\u00bb0px||0px||false|false\u00a0\u00bb global_colors_info=\u00a0\u00bb{}\u00a0\u00bb][et_pb_blurb title=\u00a0\u00bbAU DARINGMAN\u00a0\u00bb image=\u00a0\u00bbhttps:\/\/ultraviolet.work\/_optionb\/wp-content\/uploads\/2022\/05\/au-daringman-ob4-1000.jpg\u00a0\u00bb _builder_version=\u00a0\u00bb4.17.4&Prime; _module_preset=\u00a0\u00bbdefault\u00a0\u00bb header_font=\u00a0\u00bb|700||on|||||\u00a0\u00bb header_font_size=\u00a0\u00bb18px\u00a0\u00bb header_line_height=\u00a0\u00bb1.3em\u00a0\u00bb body_font_size=\u00a0\u00bb14px\u00a0\u00bb body_line_height=\u00a0\u00bb1.4em\u00a0\u00bb body_link_font=\u00a0\u00bb|||||||#F2911C|\u00a0\u00bb body_link_text_color=\u00a0\u00bb#C49821&Prime; body_link_font_size=\u00a0\u00bb14px\u00a0\u00bb body_link_line_height=\u00a0\u00bb1.4em\u00a0\u00bb image_icon_custom_margin=\u00a0\u00bb||-10px||false|false\u00a0\u00bb image_icon_custom_margin_tablet=\u00a0\u00bb||-10px||false|false\u00a0\u00bb image_icon_custom_margin_phone=\u00a0\u00bb||-10px||false|false\u00a0\u00bb image_icon_custom_margin_last_edited=\u00a0\u00bbon|phone\u00a0\u00bb image_icon_custom_padding=\u00a0\u00bb||||false|false\u00a0\u00bb custom_margin=\u00a0\u00bb10px||30px||false|false\u00a0\u00bb animation_last_edited=\u00a0\u00bboff|desktop\u00a0\u00bb global_colors_info=\u00a0\u00bb{}\u00a0\u00bb]<\/p>\n<h6>BAR<\/h6>\n<h6>RUE DE FLANDRE 37, <br \/>1000 BRUXELLES<\/h6>\n<h6><a href=\"https:\/\/www.facebook.com\/daringman-119675000303\/about\/?ref=page_internal\" target=\"_blank\" rel=\"noopener\">https:\/\/www.facebook.com\/daringman-119675000303\/about\/?ref=page_internal<\/a><\/h6>\n<p>Un des rares \u00ab bruin caf\u00e9s \u00bb bruxellois : sa d\u00e9co de bois, de cuivre et de vieux miroirs vous enchantera. Le Daringman se situe sur la place Sainte-Catherine et offre une atmosph\u00e8re chaleureuse et artistique. Un large choix de bi\u00e8res belges sont \u00e0 d\u00e9guster sur la terrasse ou \u00e0 l\u2019ext\u00e9rieur.<\/p>\n<p>[\/et_pb_blurb][\/et_pb_column][\/et_pb_row][et_pb_row column_structure=\u00a0\u00bb1_4,1_4,1_4,1_4&Prime; use_custom_gutter=\u00a0\u00bbon\u00a0\u00bb make_equal=\u00a0\u00bbon\u00a0\u00bb _builder_version=\u00a0\u00bb4.16.0&Prime; _module_preset=\u00a0\u00bbdefault\u00a0\u00bb z_index=\u00a0\u00bb9&Prime; custom_margin=\u00a0\u00bb0px||0px||false|false\u00a0\u00bb custom_padding=\u00a0\u00bb0px||0px||false|false\u00a0\u00bb locked=\u00a0\u00bboff\u00a0\u00bb global_colors_info=\u00a0\u00bb{}\u00a0\u00bb][et_pb_column type=\u00a0\u00bb1_4&Prime; _builder_version=\u00a0\u00bb4.16&Prime; _module_preset=\u00a0\u00bbdefault\u00a0\u00bb custom_padding=\u00a0\u00bb0px||0px||false|false\u00a0\u00bb global_colors_info=\u00a0\u00bb{}\u00a0\u00bb][et_pb_blurb title=\u00a0\u00bbBONNEFOOI\u00a0\u00bb image=\u00a0\u00bbhttps:\/\/ultraviolet.work\/_optionb\/wp-content\/uploads\/2022\/05\/bonnefooi-ob4-1000.jpg\u00a0\u00bb _builder_version=\u00a0\u00bb4.17.4&Prime; _module_preset=\u00a0\u00bb5380a41e-bd85-4942-afdc-359206174b92&Prime; body_link_text_color=\u00a0\u00bb#C49821&Prime; image_icon_custom_margin_tablet=\u00a0\u00bb||-10px||false|false\u00a0\u00bb image_icon_custom_margin_phone=\u00a0\u00bb||-10px||false|false\u00a0\u00bb animation_last_edited=\u00a0\u00bboff|desktop\u00a0\u00bb global_colors_info=\u00a0\u00bb{}\u00a0\u00bb]<\/p>\n<h6>LIVE MUSIC BAR<\/h6>\n<h6>RUE DES PIERRES 8, <br \/>1000 BRUXELLES<\/h6>\n<h6><a href=\"http:\/\/www.bonnefooi.be\/\" target=\"_blank\" rel=\"noopener\">http:\/\/www.bonnefooi.be\/<\/a><\/h6>\n<p>Le Bonnefooi est \u2014comme son nom l\u2019indique\u2014 un lieu o\u00f9 l\u2019on peut d\u00e9couvrir de nouvelles musiques et des personnes du monde entier. Situ\u00e9 au c\u0153ur de Bruxelles, ce bar dansant est enti\u00e8rement d\u00e9di\u00e9 \u00e0 la musique. Des concerts et des DJ-sets gratuits ont lieu presque tous les jours, jusqu\u2019\u00e0 tard dans la nuit\u2026<\/p>\n<p>[\/et_pb_blurb][\/et_pb_column][et_pb_column type=\u00a0\u00bb1_4&Prime; _builder_version=\u00a0\u00bb4.16&Prime; _module_preset=\u00a0\u00bbdefault\u00a0\u00bb custom_padding=\u00a0\u00bb0px||0px||false|false\u00a0\u00bb global_colors_info=\u00a0\u00bb{}\u00a0\u00bb][et_pb_blurb title=\u00a0\u00bbCAF\u00c9 CABERDOUCHE\u00a0\u00bb image=\u00a0\u00bbhttps:\/\/ultraviolet.work\/_optionb\/wp-content\/uploads\/2022\/05\/caberdouche-ob4-1000.jpg\u00a0\u00bb _builder_version=\u00a0\u00bb4.17.4&Prime; _module_preset=\u00a0\u00bbdefault\u00a0\u00bb header_font=\u00a0\u00bb|700||on|||||\u00a0\u00bb header_font_size=\u00a0\u00bb18px\u00a0\u00bb header_line_height=\u00a0\u00bb1.3em\u00a0\u00bb body_font_size=\u00a0\u00bb14px\u00a0\u00bb body_line_height=\u00a0\u00bb1.4em\u00a0\u00bb body_link_font=\u00a0\u00bb|||||||#F2911C|\u00a0\u00bb body_link_text_color=\u00a0\u00bb#C49821&Prime; body_link_font_size=\u00a0\u00bb14px\u00a0\u00bb body_link_line_height=\u00a0\u00bb1.4em\u00a0\u00bb image_icon_custom_margin=\u00a0\u00bb||-10px||false|false\u00a0\u00bb image_icon_custom_margin_tablet=\u00a0\u00bb||-10px||false|false\u00a0\u00bb image_icon_custom_margin_phone=\u00a0\u00bb||-10px||false|false\u00a0\u00bb image_icon_custom_margin_last_edited=\u00a0\u00bbon|phone\u00a0\u00bb image_icon_custom_padding=\u00a0\u00bb||||false|false\u00a0\u00bb custom_margin=\u00a0\u00bb10px||30px||false|false\u00a0\u00bb animation_last_edited=\u00a0\u00bboff|desktop\u00a0\u00bb global_colors_info=\u00a0\u00bb{}\u00a0\u00bb]<\/p>\n<h6>BAR DE QUARTIER<\/h6>\n<h6>PLACE DE LA LIBERT\u00c9 8, <br \/>1000 BRUXELLES<\/h6>\n<h6><a href=\"https:\/\/www.caberdouche.com\/\" target=\"_blank\" rel=\"noopener\">https:\/\/www.caberdouche.com\/<\/a><\/h6>\n<p>Initi\u00e9 par quatre amis tomb\u00e9s amoureux de leur ville, le caf\u00e9 Caberdouche sert des plats faits maison pr\u00e9par\u00e9s par le chef qui m\u00e9lange saveurs traditionnelles et cuisine du monde. Outre une exp\u00e9rience culinaire originale, Le Caberdouche propose \u00e9galement une s\u00e9lection de bi\u00e8res artisanales et de vins biologiques \u00e0 d\u00e9couvrir dans un d\u00e9cor bruxellois traditionnel et un environnement chaleureux et convivial.<\/p>\n<p>[\/et_pb_blurb][\/et_pb_column][et_pb_column type=\u00a0\u00bb1_4&Prime; _builder_version=\u00a0\u00bb4.16&Prime; _module_preset=\u00a0\u00bbdefault\u00a0\u00bb custom_padding=\u00a0\u00bb0px||0px||false|false\u00a0\u00bb global_colors_info=\u00a0\u00bb{}\u00a0\u00bb][et_pb_blurb title=\u00a0\u00bbCHEZ RICHARD\u00a0\u00bb image=\u00a0\u00bbhttps:\/\/ultraviolet.work\/_optionb\/wp-content\/uploads\/2022\/05\/chez-richard-1000.jpg\u00a0\u00bb _builder_version=\u00a0\u00bb4.17.4&Prime; _module_preset=\u00a0\u00bbdefault\u00a0\u00bb header_font=\u00a0\u00bb|700||on|||||\u00a0\u00bb header_font_size=\u00a0\u00bb18px\u00a0\u00bb header_line_height=\u00a0\u00bb1.3em\u00a0\u00bb body_font_size=\u00a0\u00bb14px\u00a0\u00bb body_line_height=\u00a0\u00bb1.4em\u00a0\u00bb body_link_font=\u00a0\u00bb|||||||#F2911C|\u00a0\u00bb body_link_text_color=\u00a0\u00bb#C49821&Prime; body_link_font_size=\u00a0\u00bb14px\u00a0\u00bb body_link_line_height=\u00a0\u00bb1.4em\u00a0\u00bb image_icon_custom_margin=\u00a0\u00bb||-10px||false|false\u00a0\u00bb image_icon_custom_margin_tablet=\u00a0\u00bb||-10px||false|false\u00a0\u00bb image_icon_custom_margin_phone=\u00a0\u00bb||-10px||false|false\u00a0\u00bb image_icon_custom_margin_last_edited=\u00a0\u00bbon|phone\u00a0\u00bb image_icon_custom_padding=\u00a0\u00bb||||false|false\u00a0\u00bb custom_margin=\u00a0\u00bb10px||30px||false|false\u00a0\u00bb animation_last_edited=\u00a0\u00bboff|desktop\u00a0\u00bb global_colors_info=\u00a0\u00bb{}\u00a0\u00bb]<\/p>\n<h6>RESTAURANT<\/h6>\n<h6>RUE DES MINIMES 2, <br \/>1000 BRUXELLES<\/h6>\n<h6><a href=\"https:\/\/www.chezrichard.be\/index.html\" target=\"_blank\" rel=\"noopener\">https:\/\/www.chezrichard.be\/index.html<\/a><\/h6>\n<p>Sur le tableau noir de Chez Richard, on ne trouve que des produits bruxellois, belges ou fran\u00e7ais issus des meilleurs fournisseurs : Dierendonck pour la viande, De Jager pour les poissons et fruits de mer, Wittamer et Dandoy pour les gourmandises, Titulus ou Basin &amp; Marot pour le pinard\u2026 Leur s\u00e9lection de vins naturels belges vous r\u00e9galera !<\/p>\n<p>[\/et_pb_blurb][\/et_pb_column][et_pb_column type=\u00a0\u00bb1_4&Prime; _builder_version=\u00a0\u00bb4.16&Prime; _module_preset=\u00a0\u00bbdefault\u00a0\u00bb custom_padding=\u00a0\u00bb0px||0px||false|false\u00a0\u00bb global_colors_info=\u00a0\u00bb{}\u00a0\u00bb][et_pb_blurb title=\u00a0\u00bbD\u00c9LIRIUM\u00a0\u00bb image=\u00a0\u00bbhttps:\/\/ultraviolet.work\/_optionb\/wp-content\/uploads\/2022\/05\/delirium-ob4-1000.jpg\u00a0\u00bb _builder_version=\u00a0\u00bb4.17.4&Prime; _module_preset=\u00a0\u00bbdefault\u00a0\u00bb header_font=\u00a0\u00bb|700||on|||||\u00a0\u00bb header_font_size=\u00a0\u00bb18px\u00a0\u00bb header_line_height=\u00a0\u00bb1.3em\u00a0\u00bb body_font_size=\u00a0\u00bb14px\u00a0\u00bb body_line_height=\u00a0\u00bb1.4em\u00a0\u00bb body_link_font=\u00a0\u00bb|||||||#F2911C|\u00a0\u00bb body_link_text_color=\u00a0\u00bb#C49821&Prime; body_link_font_size=\u00a0\u00bb14px\u00a0\u00bb body_link_line_height=\u00a0\u00bb1.4em\u00a0\u00bb image_icon_custom_margin=\u00a0\u00bb||-10px||false|false\u00a0\u00bb image_icon_custom_margin_tablet=\u00a0\u00bb||-10px||false|false\u00a0\u00bb image_icon_custom_margin_phone=\u00a0\u00bb||-10px||false|false\u00a0\u00bb image_icon_custom_margin_last_edited=\u00a0\u00bbon|phone\u00a0\u00bb image_icon_custom_padding=\u00a0\u00bb||||false|false\u00a0\u00bb custom_margin=\u00a0\u00bb10px||30px||false|false\u00a0\u00bb animation_last_edited=\u00a0\u00bboff|desktop\u00a0\u00bb global_colors_info=\u00a0\u00bb{}\u00a0\u00bb]<\/p>\n<h6>BAR<\/h6>\n<h6>IMPASSE DE LA FID\u00c9LIT\u00c9 4A,<br \/>1000 BRUXELLES<\/h6>\n<h6><a href=\"https:\/\/www.delirium.be\/fr\" target=\"_blank\" rel=\"noopener\">https:\/\/www.delirium.be\/fr<\/a><\/h6>\n<p>Le Delirium Caf\u00e9 est un bar mythique situ\u00e9 dans le centre de Bruxelles. R\u00e9put\u00e9 pour sa carte non exhaustive de plus de 2000 bi\u00e8res, les touristes du monde entier se d\u00e9placent pour d\u00e9couvrir l\u2019endroit. Le D\u00e9lirium poss\u00e8de \u00e9videmment sa propre bi\u00e8re, la D\u00e9lirium Tremmens. Son authenticit\u00e9 r\u00e9side dans les 3 levures diff\u00e9rentes qu\u2019elle contient ainsi que dans sa bouteille originale en terre cuite !<\/p>\n<p>[\/et_pb_blurb][\/et_pb_column][\/et_pb_row][et_pb_row column_structure=\u00a0\u00bb1_4,1_4,1_4,1_4&Prime; use_custom_gutter=\u00a0\u00bbon\u00a0\u00bb make_equal=\u00a0\u00bbon\u00a0\u00bb _builder_version=\u00a0\u00bb4.16.0&Prime; _module_preset=\u00a0\u00bbdefault\u00a0\u00bb z_index=\u00a0\u00bb9&Prime; custom_margin=\u00a0\u00bb0px||0px||false|false\u00a0\u00bb custom_padding=\u00a0\u00bb0px||0px||false|false\u00a0\u00bb locked=\u00a0\u00bboff\u00a0\u00bb global_colors_info=\u00a0\u00bb{}\u00a0\u00bb][et_pb_column type=\u00a0\u00bb1_4&Prime; _builder_version=\u00a0\u00bb4.16&Prime; _module_preset=\u00a0\u00bbdefault\u00a0\u00bb custom_padding=\u00a0\u00bb0px||0px||false|false\u00a0\u00bb global_colors_info=\u00a0\u00bb{}\u00a0\u00bb][et_pb_blurb title=\u00a0\u00bbGOUPIL LE FOL\u00a0\u00bb image=\u00a0\u00bbhttps:\/\/ultraviolet.work\/_optionb\/wp-content\/uploads\/2022\/05\/goupil-le-fol-ob4-1000.jpg\u00a0\u00bb _builder_version=\u00a0\u00bb4.17.4&Prime; _module_preset=\u00a0\u00bb5380a41e-bd85-4942-afdc-359206174b92&Prime; body_link_text_color=\u00a0\u00bb#C49821&Prime; image_icon_custom_margin_tablet=\u00a0\u00bb||-10px||false|false\u00a0\u00bb image_icon_custom_margin_phone=\u00a0\u00bb||-10px||false|false\u00a0\u00bb animation_last_edited=\u00a0\u00bboff|desktop\u00a0\u00bb global_colors_info=\u00a0\u00bb{}\u00a0\u00bb]<\/p>\n<h6>ESTAMINET<\/h6>\n<h6>RUE DE LA VIOLETTE 22, <br \/>1000 BRUXELLES<\/h6>\n<h6><a href=\"http:\/\/www.goupillefol.com\/\" target=\"_blank\" rel=\"noopener\">http:\/\/www.goupillefol.com\/<\/a><\/h6>\n<p>Goupil Le Fol, c\u2019est un bar dans en plein centre de Bruxelles qui propose une large s\u00e9lection de vins et cognacs parfum\u00e9s aux fruits. L\u2019endroit est assez atypique et l\u2019ambiance est chaleureuse et accueillante. Si vous aimez le vin fruit\u00e9, c\u2019est ici que \u00e7a se passe !<\/p>\n<p>[\/et_pb_blurb][\/et_pb_column][et_pb_column type=\u00a0\u00bb1_4&Prime; _builder_version=\u00a0\u00bb4.16&Prime; _module_preset=\u00a0\u00bbdefault\u00a0\u00bb custom_padding=\u00a0\u00bb0px||0px||false|false\u00a0\u00bb global_colors_info=\u00a0\u00bb{}\u00a0\u00bb][et_pb_blurb title=\u00a0\u00bbGREEN LAB\u00a0\u00bb image=\u00a0\u00bbhttps:\/\/ultraviolet.work\/_optionb\/wp-content\/uploads\/2022\/05\/greenlab-ob4-1000.jpg\u00a0\u00bb _builder_version=\u00a0\u00bb4.17.4&Prime; _module_preset=\u00a0\u00bbdefault\u00a0\u00bb header_font=\u00a0\u00bb|700||on|||||\u00a0\u00bb header_font_size=\u00a0\u00bb18px\u00a0\u00bb header_line_height=\u00a0\u00bb1.3em\u00a0\u00bb body_font_size=\u00a0\u00bb14px\u00a0\u00bb body_line_height=\u00a0\u00bb1.4em\u00a0\u00bb body_link_font=\u00a0\u00bb|||||||#F2911C|\u00a0\u00bb body_link_text_color=\u00a0\u00bb#C49821&Prime; body_link_font_size=\u00a0\u00bb14px\u00a0\u00bb body_link_line_height=\u00a0\u00bb1.4em\u00a0\u00bb image_icon_custom_margin=\u00a0\u00bb||-10px||false|false\u00a0\u00bb image_icon_custom_margin_tablet=\u00a0\u00bb||-10px||false|false\u00a0\u00bb image_icon_custom_margin_phone=\u00a0\u00bb||-10px||false|false\u00a0\u00bb image_icon_custom_margin_last_edited=\u00a0\u00bbon|phone\u00a0\u00bb image_icon_custom_padding=\u00a0\u00bb||||false|false\u00a0\u00bb custom_margin=\u00a0\u00bb10px||30px||false|false\u00a0\u00bb animation_last_edited=\u00a0\u00bboff|desktop\u00a0\u00bb global_colors_info=\u00a0\u00bb{}\u00a0\u00bb]<\/p>\n<h6>BAR \u00c0 GIN &amp; COCKTAILS<\/h6>\n<h6>AVENUE LOUISE 520, <br \/>1000 BRUXELLES<\/h6>\n<h6><a href=\"https:\/\/greenlab.bar\/\" target=\"_blank\" rel=\"noopener\">https:\/\/greenlab.bar\/<\/a><\/h6>\n<p>Le Green Lab r\u00e9pertorie la plus grande vari\u00e9t\u00e9 de gins en Belgique ! C\u2019est dans un cadre unique qu\u2019on peut qualifier d\u2019industriel ou de steampunk que vous pourrez d\u00e9guster un de leurs nombreux cocktails s\u00e9lectionn\u00e9s avec grand soin et surtout avec beaucoup d\u2019originalit\u00e9.<\/p>\n<p>[\/et_pb_blurb][\/et_pb_column][et_pb_column type=\u00a0\u00bb1_4&Prime; _builder_version=\u00a0\u00bb4.16&Prime; _module_preset=\u00a0\u00bbdefault\u00a0\u00bb custom_padding=\u00a0\u00bb0px||0px||false|false\u00a0\u00bb global_colors_info=\u00a0\u00bb{}\u00a0\u00bb][et_pb_blurb title=\u00a0\u00bbJALOUSY\u00a0\u00bb image=\u00a0\u00bbhttps:\/\/ultraviolet.work\/_optionb\/wp-content\/uploads\/2022\/05\/jalousy-ob4-1000.jpg\u00a0\u00bb _builder_version=\u00a0\u00bb4.17.4&Prime; _module_preset=\u00a0\u00bbdefault\u00a0\u00bb header_font=\u00a0\u00bb|700||on|||||\u00a0\u00bb header_font_size=\u00a0\u00bb18px\u00a0\u00bb header_line_height=\u00a0\u00bb1.3em\u00a0\u00bb body_font_size=\u00a0\u00bb14px\u00a0\u00bb body_line_height=\u00a0\u00bb1.4em\u00a0\u00bb body_link_font=\u00a0\u00bb|||||||#F2911C|\u00a0\u00bb body_link_text_color=\u00a0\u00bb#C49821&Prime; body_link_font_size=\u00a0\u00bb14px\u00a0\u00bb body_link_line_height=\u00a0\u00bb1.4em\u00a0\u00bb image_icon_custom_margin=\u00a0\u00bb||-10px||false|false\u00a0\u00bb image_icon_custom_margin_tablet=\u00a0\u00bb||-10px||false|false\u00a0\u00bb image_icon_custom_margin_phone=\u00a0\u00bb||-10px||false|false\u00a0\u00bb image_icon_custom_margin_last_edited=\u00a0\u00bbon|phone\u00a0\u00bb image_icon_custom_padding=\u00a0\u00bb||||false|false\u00a0\u00bb custom_margin=\u00a0\u00bb10px||30px||false|false\u00a0\u00bb animation_last_edited=\u00a0\u00bboff|desktop\u00a0\u00bb global_colors_info=\u00a0\u00bb{}\u00a0\u00bb]<\/p>\n<h6>BAR \u00c0 COCKTAILS<\/h6>\n<h6>RUE HAUTE 4, <br \/>1000 BRUXELLES<\/h6>\n<h6><a href=\"https:\/\/www.jalousycocktails.be\/\" target=\"_blank\" rel=\"noopener\">https:\/\/www.jalousycocktails.be\/<\/a><\/h6>\n<p>Noctambule et fan av\u00e9r\u00e9 de cocktails, l\u2019acteur J\u00e9r\u00e9mie Renier a ouvert Jalousy, une redoutable enseigne, pas forc\u00e9ment \u00e0 votre port\u00e9e, \u00e0 mi-chemin entre le club et le speakeasy. Le Jalousy se compose de deux espaces : le cocktail-bar au rez-de-chauss\u00e9e et le club priv\u00e9 enfoui dans les sous-sols vo\u00fbt\u00e9s. L\u2019endroit est ouvert en mode secret, uniquement r\u00e9serv\u00e9 aux membres et \u00e0 leurs amis. Allez-vous le trouver ?<\/p>\n<p>[\/et_pb_blurb][\/et_pb_column][et_pb_column type=\u00a0\u00bb1_4&Prime; _builder_version=\u00a0\u00bb4.16&Prime; _module_preset=\u00a0\u00bbdefault\u00a0\u00bb custom_padding=\u00a0\u00bb0px||0px||false|false\u00a0\u00bb global_colors_info=\u00a0\u00bb{}\u00a0\u00bb][et_pb_blurb title=\u00a0\u00bbL\u2019ARCHIDUC\u00a0\u00bb image=\u00a0\u00bbhttps:\/\/ultraviolet.work\/_optionb\/wp-content\/uploads\/2022\/05\/l-archiduc-ob4-1000.jpg\u00a0\u00bb _builder_version=\u00a0\u00bb4.17.4&Prime; _module_preset=\u00a0\u00bbdefault\u00a0\u00bb header_font=\u00a0\u00bb|700||on|||||\u00a0\u00bb header_font_size=\u00a0\u00bb18px\u00a0\u00bb header_line_height=\u00a0\u00bb1.3em\u00a0\u00bb body_font_size=\u00a0\u00bb14px\u00a0\u00bb body_line_height=\u00a0\u00bb1.4em\u00a0\u00bb body_link_font=\u00a0\u00bb|||||||#F2911C|\u00a0\u00bb body_link_text_color=\u00a0\u00bb#C49821&Prime; body_link_font_size=\u00a0\u00bb14px\u00a0\u00bb body_link_line_height=\u00a0\u00bb1.4em\u00a0\u00bb image_icon_custom_margin=\u00a0\u00bb||-10px||false|false\u00a0\u00bb image_icon_custom_margin_tablet=\u00a0\u00bb||-10px||false|false\u00a0\u00bb image_icon_custom_margin_phone=\u00a0\u00bb||-10px||false|false\u00a0\u00bb image_icon_custom_margin_last_edited=\u00a0\u00bbon|phone\u00a0\u00bb image_icon_custom_padding=\u00a0\u00bb||||false|false\u00a0\u00bb custom_margin=\u00a0\u00bb10px||30px||false|false\u00a0\u00bb animation_last_edited=\u00a0\u00bboff|desktop\u00a0\u00bb global_colors_info=\u00a0\u00bb{}\u00a0\u00bb]<\/p>\n<h6>JAZZ CLUB<\/h6>\n<h6>RUE ANTOINE DANSAERT 6, <br \/>1000 BRUXELLES<\/h6>\n<h6><a href=\"http:\/\/www.archiduc.net\/fr\" target=\"_blank\" rel=\"noopener\">http:\/\/www.archiduc.net\/fr<\/a><\/h6>\n<p>Id\u00e9alement situ\u00e9 dans la rue Antoine Dansaert, \u00e0 deux pas de la Bourse, ce bar art d\u00e9co est une tani\u00e8re d\u2019artistes et accueille de nombreux concerts. Un de ces mythiques temples du Jazz sert une grande s\u00e9lection de cocktails, de bi\u00e8res et de vins. Un super endroit pour venir boire un verre en profitant d\u2019une ambiance chaleureuse et cosy.<\/p>\n<p>[\/et_pb_blurb][\/et_pb_column][\/et_pb_row][et_pb_row column_structure=\u00a0\u00bb1_4,1_4,1_4,1_4&Prime; use_custom_gutter=\u00a0\u00bbon\u00a0\u00bb make_equal=\u00a0\u00bbon\u00a0\u00bb _builder_version=\u00a0\u00bb4.16.0&Prime; _module_preset=\u00a0\u00bbdefault\u00a0\u00bb z_index=\u00a0\u00bb9&Prime; custom_margin=\u00a0\u00bb0px||0px||false|false\u00a0\u00bb custom_padding=\u00a0\u00bb0px||0px||false|false\u00a0\u00bb locked=\u00a0\u00bboff\u00a0\u00bb global_colors_info=\u00a0\u00bb{}\u00a0\u00bb][et_pb_column type=\u00a0\u00bb1_4&Prime; _builder_version=\u00a0\u00bb4.16&Prime; _module_preset=\u00a0\u00bbdefault\u00a0\u00bb custom_padding=\u00a0\u00bb0px||0px||false|false\u00a0\u00bb global_colors_info=\u00a0\u00bb{}\u00a0\u00bb][et_pb_blurb title=\u00a0\u00bbLA PHARMACIE ANGLAISE\u00a0\u00bb image=\u00a0\u00bbhttps:\/\/ultraviolet.work\/_optionb\/wp-content\/uploads\/2022\/05\/pharmacie-anglaise-ob4-1000.jpg\u00a0\u00bb _builder_version=\u00a0\u00bb4.17.4&Prime; _module_preset=\u00a0\u00bb5380a41e-bd85-4942-afdc-359206174b92&Prime; body_link_text_color=\u00a0\u00bb#C49821&Prime; image_icon_custom_margin_tablet=\u00a0\u00bb||-10px||false|false\u00a0\u00bb image_icon_custom_margin_phone=\u00a0\u00bb||-10px||false|false\u00a0\u00bb animation_last_edited=\u00a0\u00bboff|desktop\u00a0\u00bb global_colors_info=\u00a0\u00bb{}\u00a0\u00bb]<\/p>\n<h6>BAR \u00c0 GIN<\/h6>\n<h6>COUDENBERG 66, <br \/>1000 BRUXELLES<\/h6>\n<h6><a href=\"https:\/\/www.lapharmacieanglaise.com\/\" target=\"_blank\" rel=\"noopener\">https:\/\/www.lapharmacieanglaise.com\/<\/a><\/h6>\n<p>La Pharmacie Anglaise est l\u2019une des r\u00e9f\u00e9rences en mati\u00e8re de bar \u00e0 gin \u00e0 Bruxelles. L\u2019int\u00e9rieur est assez particulier, \u00e0 d\u00e9couvrir ! Malgr\u00e9 leur passion du gin, la liste non exhaustive de cocktails \u00e0 base d\u2019alcools de tout type permet \u00e0 chacun de trouver son bonheur. La carte affiche des noms pompeux : \u2018Fennel Therapy\u2019 et le \u2018Flora Dora\u2019 ne sont que quelques exemples. La maison propose \u00e9galement des mocktails, cocktails sans alcool. D\u00e9tail croustillant : la carte des cocktails vous est pr\u00e9sent\u00e9e comme le passeport de \u2018l\u2019United Kingdom of Euphoria\u2019, tout un programme.<\/p>\n<p>[\/et_pb_blurb][\/et_pb_column][et_pb_column type=\u00a0\u00bb1_4&Prime; _builder_version=\u00a0\u00bb4.16&Prime; _module_preset=\u00a0\u00bbdefault\u00a0\u00bb custom_padding=\u00a0\u00bb0px||0px||false|false\u00a0\u00bb global_colors_info=\u00a0\u00bb{}\u00a0\u00bb][et_pb_blurb title=\u00a0\u00bbLE LABOUREUR\u00a0\u00bb image=\u00a0\u00bbhttps:\/\/ultraviolet.work\/_optionb\/wp-content\/uploads\/2022\/05\/au-laboureur-ob4-1000.jpg\u00a0\u00bb _builder_version=\u00a0\u00bb4.17.4&Prime; _module_preset=\u00a0\u00bbdefault\u00a0\u00bb header_font=\u00a0\u00bb|700||on|||||\u00a0\u00bb header_font_size=\u00a0\u00bb18px\u00a0\u00bb header_line_height=\u00a0\u00bb1.3em\u00a0\u00bb body_font_size=\u00a0\u00bb14px\u00a0\u00bb body_line_height=\u00a0\u00bb1.4em\u00a0\u00bb body_link_font=\u00a0\u00bb|||||||#F2911C|\u00a0\u00bb body_link_text_color=\u00a0\u00bb#C49821&Prime; body_link_font_size=\u00a0\u00bb14px\u00a0\u00bb body_link_line_height=\u00a0\u00bb1.4em\u00a0\u00bb image_icon_custom_margin=\u00a0\u00bb||-10px||false|false\u00a0\u00bb image_icon_custom_margin_tablet=\u00a0\u00bb||-10px||false|false\u00a0\u00bb image_icon_custom_margin_phone=\u00a0\u00bb||-10px||false|false\u00a0\u00bb image_icon_custom_margin_last_edited=\u00a0\u00bbon|phone\u00a0\u00bb image_icon_custom_padding=\u00a0\u00bb||||false|false\u00a0\u00bb custom_margin=\u00a0\u00bb10px||30px||false|false\u00a0\u00bb animation_last_edited=\u00a0\u00bboff|desktop\u00a0\u00bb global_colors_info=\u00a0\u00bb{}\u00a0\u00bb]<\/p>\n<h6>CAF\u00c9 \u2013 BAR \u00c0 BI\u00c8RES<\/h6>\n<h6>RUE DE FLANDRE 108, <br \/>1000 BRUXELLES<\/h6>\n<h6><a href=\"https:\/\/www.facebook.com\/aulaboureurcafe\/\" target=\"_blank\" rel=\"noopener\">https:\/\/www.facebook.com\/aulaboureurcafe\/<\/a><\/h6>\n<p>Petit caf\u00e9 de quartier, Le Laboureur est un endroit o\u00f9 vous pouvez manger des plats typiquement belges. L\u2019\u00e9tablissement offre un choix incomparable de bi\u00e8res belges au f\u00fbt ou en bouteille, parfaites pour accompagner votre plat. Si vous cherchez une brasserie typique bien belge, vous \u00eates au bon endroit.<\/p>\n<p>[\/et_pb_blurb][\/et_pb_column][et_pb_column type=\u00a0\u00bb1_4&Prime; _builder_version=\u00a0\u00bb4.16&Prime; _module_preset=\u00a0\u00bbdefault\u00a0\u00bb custom_padding=\u00a0\u00bb0px||0px||false|false\u00a0\u00bb global_colors_info=\u00a0\u00bb{}\u00a0\u00bb][et_pb_blurb title=\u00a0\u00bbLE REPAIRE DU SOMMELIER\u00a0\u00bb image=\u00a0\u00bbhttps:\/\/ultraviolet.work\/_optionb\/wp-content\/uploads\/2022\/05\/le-repaire-du-sommelier-ob4-1000.jpg\u00a0\u00bb _builder_version=\u00a0\u00bb4.17.4&Prime; _module_preset=\u00a0\u00bbdefault\u00a0\u00bb header_font=\u00a0\u00bb|700||on|||||\u00a0\u00bb header_font_size=\u00a0\u00bb18px\u00a0\u00bb header_line_height=\u00a0\u00bb1.3em\u00a0\u00bb body_font_size=\u00a0\u00bb14px\u00a0\u00bb body_line_height=\u00a0\u00bb1.4em\u00a0\u00bb body_link_font=\u00a0\u00bb|||||||#F2911C|\u00a0\u00bb body_link_text_color=\u00a0\u00bb#C49821&Prime; body_link_font_size=\u00a0\u00bb14px\u00a0\u00bb body_link_line_height=\u00a0\u00bb1.4em\u00a0\u00bb image_icon_custom_margin=\u00a0\u00bb||-10px||false|false\u00a0\u00bb image_icon_custom_margin_tablet=\u00a0\u00bb||-10px||false|false\u00a0\u00bb image_icon_custom_margin_phone=\u00a0\u00bb||-10px||false|false\u00a0\u00bb image_icon_custom_margin_last_edited=\u00a0\u00bbon|phone\u00a0\u00bb image_icon_custom_padding=\u00a0\u00bb||||false|false\u00a0\u00bb custom_margin=\u00a0\u00bb10px||30px||false|false\u00a0\u00bb animation_last_edited=\u00a0\u00bboff|desktop\u00a0\u00bb global_colors_info=\u00a0\u00bb{}\u00a0\u00bb]<\/p>\n<h6>CAVISTE<\/h6>\n<h6>RUE DE FLANDRE 21, <br \/>1000 BRUXELLES<\/h6>\n<h6><a href=\"http:\/\/www.lerepairedusommelier.be\/\" target=\"_blank\" rel=\"noopener\">http:\/\/www.lerepairedusommelier.be\/<\/a><\/h6>\n<p>Le Repaire du Sommelier est une cave \u00e0 vin dans le centre historique de Bruxelles. On y trouve un large choix de vins authentiques s\u00e9lectionn\u00e9s minutieusement. Petit plus, ils peuvent livrer le vin en matin\u00e9e sur Bruxelles, \u00e0 l\u2019aide d\u2019un v\u00e9lo cargo !<\/p>\n<p>[\/et_pb_blurb][\/et_pb_column][et_pb_column type=\u00a0\u00bb1_4&Prime; _builder_version=\u00a0\u00bb4.16&Prime; _module_preset=\u00a0\u00bbdefault\u00a0\u00bb custom_padding=\u00a0\u00bb0px||0px||false|false\u00a0\u00bb global_colors_info=\u00a0\u00bb{}\u00a0\u00bb][et_pb_blurb title=\u00a0\u00bbLE VERTIGO\u00a0\u00bb image=\u00a0\u00bbhttps:\/\/ultraviolet.work\/_optionb\/wp-content\/uploads\/2022\/05\/vertigo-ob4-1000.jpg\u00a0\u00bb _builder_version=\u00a0\u00bb4.17.4&Prime; _module_preset=\u00a0\u00bbdefault\u00a0\u00bb header_font=\u00a0\u00bb|700||on|||||\u00a0\u00bb header_font_size=\u00a0\u00bb18px\u00a0\u00bb header_line_height=\u00a0\u00bb1.3em\u00a0\u00bb body_font_size=\u00a0\u00bb14px\u00a0\u00bb body_line_height=\u00a0\u00bb1.4em\u00a0\u00bb body_link_font=\u00a0\u00bb|||||||#F2911C|\u00a0\u00bb body_link_text_color=\u00a0\u00bb#C49821&Prime; body_link_font_size=\u00a0\u00bb14px\u00a0\u00bb body_link_line_height=\u00a0\u00bb1.4em\u00a0\u00bb image_icon_custom_margin=\u00a0\u00bb||-10px||false|false\u00a0\u00bb image_icon_custom_margin_tablet=\u00a0\u00bb||-10px||false|false\u00a0\u00bb image_icon_custom_margin_phone=\u00a0\u00bb||-10px||false|false\u00a0\u00bb image_icon_custom_margin_last_edited=\u00a0\u00bbon|phone\u00a0\u00bb image_icon_custom_padding=\u00a0\u00bb||||false|false\u00a0\u00bb custom_margin=\u00a0\u00bb10px||30px||false|false\u00a0\u00bb animation_last_edited=\u00a0\u00bboff|desktop\u00a0\u00bb global_colors_info=\u00a0\u00bb{}\u00a0\u00bb]<\/p>\n<h6>BAR \u00c0 COCKTAILS<\/h6>\n<h6>RUE DE ROLLEBEEK 7, <br \/>1000 BRUXELLES<\/h6>\n<h6><a href=\"http:\/\/vertigobrussels.com\/index.php\/aboutus\/\" target=\"_blank\" rel=\"noopener\">http:\/\/vertigobrussels.com\/index.php\/aboutus\/<\/a><\/h6>\n<p>Le Vertigo est un bar \u00e0 cocktails situ\u00e9 dans le quartier du Sablon. Ce monument historique \u00e9tait la plus ancienne auberge de la ville. Le bar \u00e0 l\u2019ambiance hors du commun poss\u00e8de une terrasse couverte o\u00f9 se trouve un ancien souterrain secret (aujourd\u2019hui scell\u00e9) qu\u2019empruntaient clandestinement les contrebandiers. Les cocktails du Vertigo sont r\u00e9alis\u00e9s par des mixologues exp\u00e9riment\u00e9s avec des alcools maison distill\u00e9s sur place.<\/p>\n<p>[\/et_pb_blurb][\/et_pb_column][\/et_pb_row][et_pb_row column_structure=\u00a0\u00bb1_4,1_4,1_4,1_4&Prime; use_custom_gutter=\u00a0\u00bbon\u00a0\u00bb make_equal=\u00a0\u00bbon\u00a0\u00bb _builder_version=\u00a0\u00bb4.16.0&Prime; _module_preset=\u00a0\u00bbdefault\u00a0\u00bb z_index=\u00a0\u00bb9&Prime; custom_margin=\u00a0\u00bb0px||0px||false|false\u00a0\u00bb custom_padding=\u00a0\u00bb0px||0px||false|false\u00a0\u00bb locked=\u00a0\u00bboff\u00a0\u00bb global_colors_info=\u00a0\u00bb{}\u00a0\u00bb][et_pb_column type=\u00a0\u00bb1_4&Prime; _builder_version=\u00a0\u00bb4.16&Prime; _module_preset=\u00a0\u00bbdefault\u00a0\u00bb custom_padding=\u00a0\u00bb0px||0px||false|false\u00a0\u00bb global_colors_info=\u00a0\u00bb{}\u00a0\u00bb][et_pb_blurb title=\u00a0\u00bbLE WALVIS\u00a0\u00bb image=\u00a0\u00bbhttps:\/\/ultraviolet.work\/_optionb\/wp-content\/uploads\/2022\/05\/cafe-walvis-2-ob4-1000.jpg\u00a0\u00bb _builder_version=\u00a0\u00bb4.17.4&Prime; _module_preset=\u00a0\u00bb5380a41e-bd85-4942-afdc-359206174b92&Prime; body_link_text_color=\u00a0\u00bb#C49821&Prime; image_icon_custom_margin_tablet=\u00a0\u00bb||-10px||false|false\u00a0\u00bb image_icon_custom_margin_phone=\u00a0\u00bb||-10px||false|false\u00a0\u00bb animation_last_edited=\u00a0\u00bboff|desktop\u00a0\u00bb global_colors_info=\u00a0\u00bb{}\u00a0\u00bb]<\/p>\n<h6>CAF\u00c9<\/h6>\n<h6>RUE ANTOINE DANSAERT 209, <br \/>1000 BRUXELLES<\/h6>\n<h6><a href=\"https:\/\/cafewalvis.eatbu.com\/?lang=fr#menu\" target=\"_blank\" rel=\"noopener\">https:\/\/cafewalvis.eatbu.com\/?lang=fr#menu<\/a><\/h6>\n<p>Le Caf\u00e9 Walvis est un lieu de rencontres parfait. Avec une carte proposant une petite trentaine de bi\u00e8res belges ainsi qu\u2019une s\u00e9lection de bi\u00e8res issues de micro-brasseries bruxelloises telles que en Stoemelings, BBP, la Brasserie de la Senne, vous pourrez pleinement profiter de douces soir\u00e9es sur une belle et agr\u00e9able terrasse, face au Canal<\/p>\n<p>[\/et_pb_blurb][\/et_pb_column][et_pb_column type=\u00a0\u00bb1_4&Prime; _builder_version=\u00a0\u00bb4.16&Prime; _module_preset=\u00a0\u00bbdefault\u00a0\u00bb custom_padding=\u00a0\u00bb0px||0px||false|false\u00a0\u00bb global_colors_info=\u00a0\u00bb{}\u00a0\u00bb][et_pb_blurb title=\u00a0\u00bbLES BRIGITTINES\u00a0\u00bb image=\u00a0\u00bbhttps:\/\/ultraviolet.work\/_optionb\/wp-content\/uploads\/2022\/05\/les-brigittines-ob4-1000.jpg\u00a0\u00bb _builder_version=\u00a0\u00bb4.17.4&Prime; _module_preset=\u00a0\u00bbdefault\u00a0\u00bb header_font=\u00a0\u00bb|700||on|||||\u00a0\u00bb header_font_size=\u00a0\u00bb18px\u00a0\u00bb header_line_height=\u00a0\u00bb1.3em\u00a0\u00bb body_font_size=\u00a0\u00bb14px\u00a0\u00bb body_line_height=\u00a0\u00bb1.4em\u00a0\u00bb body_link_font=\u00a0\u00bb|||||||#F2911C|\u00a0\u00bb body_link_text_color=\u00a0\u00bb#C49821&Prime; body_link_font_size=\u00a0\u00bb14px\u00a0\u00bb body_link_line_height=\u00a0\u00bb1.4em\u00a0\u00bb image_icon_custom_margin=\u00a0\u00bb||-10px||false|false\u00a0\u00bb image_icon_custom_margin_tablet=\u00a0\u00bb||-10px||false|false\u00a0\u00bb image_icon_custom_margin_phone=\u00a0\u00bb||-10px||false|false\u00a0\u00bb image_icon_custom_margin_last_edited=\u00a0\u00bbon|phone\u00a0\u00bb image_icon_custom_padding=\u00a0\u00bb||||false|false\u00a0\u00bb custom_margin=\u00a0\u00bb10px||30px||false|false\u00a0\u00bb animation_last_edited=\u00a0\u00bboff|desktop\u00a0\u00bb global_colors_info=\u00a0\u00bb{}\u00a0\u00bb]<\/p>\n<h6>RESTAURANT<\/h6>\n<h6>RUE DES BRIGITTINES 1, <br \/>1000 BRUXELLES<\/h6>\n<h6><a href=\"https:\/\/www.lesbrigittines.com\/\" target=\"_blank\" rel=\"noopener\">https:\/\/www.lesbrigittines.com\/<\/a><\/h6>\n<p>Dirk Myny, Bruxellois de p\u00e8re flamand et de m\u00e8re wallonne, met \u00e0 l\u2019honneur une tr\u00e8s bonne cuisine de brasserie franco-belge. L\u2019assiette est un produit unique, \u00e0 la recherche d\u2019authenticit\u00e9. Dirk Myny r\u00e9invente la gastronomie traditionnelle avec quelques plats que vous ne verrez pas ailleurs. Certaines recettes sont \u00e0 base de bi\u00e8re artisanale.<\/p>\n<p>[\/et_pb_blurb][\/et_pb_column][et_pb_column type=\u00a0\u00bb1_4&Prime; _builder_version=\u00a0\u00bb4.16&Prime; _module_preset=\u00a0\u00bbdefault\u00a0\u00bb custom_padding=\u00a0\u00bb0px||0px||false|false\u00a0\u00bb global_colors_info=\u00a0\u00bb{}\u00a0\u00bb][et_pb_blurb title=\u00a0\u00bbLIFE IS BEAUTIFUL\u00a0\u00bb image=\u00a0\u00bbhttps:\/\/ultraviolet.work\/_optionb\/wp-content\/uploads\/2022\/05\/life-is-beautiful-ob4-1000.jpg\u00a0\u00bb _builder_version=\u00a0\u00bb4.17.4&Prime; _module_preset=\u00a0\u00bbdefault\u00a0\u00bb header_font=\u00a0\u00bb|700||on|||||\u00a0\u00bb header_font_size=\u00a0\u00bb18px\u00a0\u00bb header_line_height=\u00a0\u00bb1.3em\u00a0\u00bb body_font_size=\u00a0\u00bb14px\u00a0\u00bb body_line_height=\u00a0\u00bb1.4em\u00a0\u00bb body_link_font=\u00a0\u00bb|||||||#F2911C|\u00a0\u00bb body_link_text_color=\u00a0\u00bb#C49821&Prime; body_link_font_size=\u00a0\u00bb14px\u00a0\u00bb body_link_line_height=\u00a0\u00bb1.4em\u00a0\u00bb image_icon_custom_margin=\u00a0\u00bb||-10px||false|false\u00a0\u00bb image_icon_custom_margin_tablet=\u00a0\u00bb||-10px||false|false\u00a0\u00bb image_icon_custom_margin_phone=\u00a0\u00bb||-10px||false|false\u00a0\u00bb image_icon_custom_margin_last_edited=\u00a0\u00bbon|phone\u00a0\u00bb image_icon_custom_padding=\u00a0\u00bb||||false|false\u00a0\u00bb custom_margin=\u00a0\u00bb10px||30px||false|false\u00a0\u00bb animation_last_edited=\u00a0\u00bboff|desktop\u00a0\u00bb global_colors_info=\u00a0\u00bb{}\u00a0\u00bb]<\/p>\n<h6>BAR \u00c0 COCKTAILS<\/h6>\n<h6>RUE ANTOINE DANSAERT 161, <br \/>1000 BRUXELLES<\/h6>\n<h6><a href=\"https:\/\/www.libcocktailbar.com\/\" target=\"_blank\" rel=\"noopener\">https:\/\/www.libcocktailbar.com\/<\/a><\/h6>\n<p>Life Is Beautiful est un bar \u00e0 cocktails de quartier, confortable et convivial. Karoline et Haruma aiment voyager \u00e0 la recherche de spiritueux, d\u2019ingr\u00e9dients et d\u2019inspiration et ils adorent partager leurs d\u00e9couvertes. Ils mettent en avant les petites distilleries, les spiritueux rares, les ingr\u00e9dients de saison et des produits faits maison. Ils ont r\u00e9cemment ouvert une petite boutique \u00e0 deux pas du bar qui propose tout le n\u00e9cessaire pour pr\u00e9parer les meilleurs cocktails chez soi. Ils ont d\u2019ailleurs lanc\u00e9 leur propre marque de sirops (alcoolis\u00e9s ou non) qui est vendue dans leur boutique.<\/p>\n<p>[\/et_pb_blurb][\/et_pb_column][et_pb_column type=\u00a0\u00bb1_4&Prime; _builder_version=\u00a0\u00bb4.16&Prime; _module_preset=\u00a0\u00bbdefault\u00a0\u00bb custom_padding=\u00a0\u00bb0px||0px||false|false\u00a0\u00bb global_colors_info=\u00a0\u00bb{}\u00a0\u00bb][et_pb_blurb title=\u00a0\u00bbMADAME MOUSTACHE\u00a0\u00bb image=\u00a0\u00bbhttps:\/\/ultraviolet.work\/_optionb\/wp-content\/uploads\/2022\/05\/madame-moustache-ob4-1000.jpg\u00a0\u00bb _builder_version=\u00a0\u00bb4.17.4&Prime; _module_preset=\u00a0\u00bbdefault\u00a0\u00bb header_font=\u00a0\u00bb|700||on|||||\u00a0\u00bb header_font_size=\u00a0\u00bb18px\u00a0\u00bb header_line_height=\u00a0\u00bb1.3em\u00a0\u00bb body_font_size=\u00a0\u00bb14px\u00a0\u00bb body_line_height=\u00a0\u00bb1.4em\u00a0\u00bb body_link_font=\u00a0\u00bb|||||||#F2911C|\u00a0\u00bb body_link_text_color=\u00a0\u00bb#C49821&Prime; body_link_font_size=\u00a0\u00bb14px\u00a0\u00bb body_link_line_height=\u00a0\u00bb1.4em\u00a0\u00bb image_icon_custom_margin=\u00a0\u00bb||-10px||false|false\u00a0\u00bb image_icon_custom_margin_tablet=\u00a0\u00bb||-10px||false|false\u00a0\u00bb image_icon_custom_margin_phone=\u00a0\u00bb||-10px||false|false\u00a0\u00bb image_icon_custom_margin_last_edited=\u00a0\u00bbon|phone\u00a0\u00bb image_icon_custom_padding=\u00a0\u00bb||||false|false\u00a0\u00bb custom_margin=\u00a0\u00bb10px||30px||false|false\u00a0\u00bb animation_last_edited=\u00a0\u00bboff|desktop\u00a0\u00bb global_colors_info=\u00a0\u00bb{}\u00a0\u00bb]<\/p>\n<h6>CLUB DE DANSE \/ BAR<\/h6>\n<h6>QUAI AU BOIS \u00c0 BR\u00dbLER 5\/7, <br \/>1000 BRUXELLES<\/h6>\n<h6><a href=\"https:\/\/www.madamemoustache.be\/fr\/\" target=\"_blank\" rel=\"noopener\">https:\/\/www.madamemoustache.be\/fr\/<\/a><\/h6>\n<p>Avril 2010, \u201cMadame Moustache\u201d ouvre ces portes\u2026 Ce bar dansant voire caf\u00e9-concert et son esprit \u00ab sans chichi \u00bb vous emm\u00e8ne dans une ambiance bon enfant. Le style 50\u2019s rock\u2019n\u2019roll, soul, funk et r\u00e9tro accompagn\u00e9 de bonnes bi\u00e8res belges et de cocktails offre une alternative dansante et populaire pour passer un excellent moment de convivialit\u00e9.<\/p>\n<p>[\/et_pb_blurb][\/et_pb_column][\/et_pb_row][et_pb_row column_structure=\u00a0\u00bb1_4,1_4,1_4,1_4&Prime; use_custom_gutter=\u00a0\u00bbon\u00a0\u00bb make_equal=\u00a0\u00bbon\u00a0\u00bb _builder_version=\u00a0\u00bb4.16.0&Prime; _module_preset=\u00a0\u00bbdefault\u00a0\u00bb z_index=\u00a0\u00bb9&Prime; custom_margin=\u00a0\u00bb0px||0px||false|false\u00a0\u00bb custom_padding=\u00a0\u00bb0px||0px||false|false\u00a0\u00bb locked=\u00a0\u00bboff\u00a0\u00bb global_colors_info=\u00a0\u00bb{}\u00a0\u00bb][et_pb_column type=\u00a0\u00bb1_4&Prime; _builder_version=\u00a0\u00bb4.16&Prime; _module_preset=\u00a0\u00bbdefault\u00a0\u00bb custom_padding=\u00a0\u00bb0px||0px||false|false\u00a0\u00bb global_colors_info=\u00a0\u00bb{}\u00a0\u00bb][et_pb_blurb title=\u00a0\u00bbMOEDER LAMBIC FONTAINAS\u00a0\u00bb image=\u00a0\u00bbhttps:\/\/ultraviolet.work\/_optionb\/wp-content\/uploads\/2022\/05\/moeder-lambic-ob4-1000.jpg\u00a0\u00bb _builder_version=\u00a0\u00bb4.17.4&Prime; _module_preset=\u00a0\u00bb5380a41e-bd85-4942-afdc-359206174b92&Prime; body_link_text_color=\u00a0\u00bb#C49821&Prime; image_icon_custom_margin_tablet=\u00a0\u00bb||-10px||false|false\u00a0\u00bb image_icon_custom_margin_phone=\u00a0\u00bb||-10px||false|false\u00a0\u00bb animation_last_edited=\u00a0\u00bboff|desktop\u00a0\u00bb global_colors_info=\u00a0\u00bb{}\u00a0\u00bb]<\/p>\n<h6>BAR \u00c0 BI\u00c8RES<\/h6>\n<h6>PLACE FONTAINAS 8, <br \/>1000 BRUXELLES<\/h6>\n<h6><a href=\"https:\/\/www.moederlambic.com\/\" target=\"_blank\" rel=\"noopener\">https:\/\/www.moederlambic.com\/<\/a><\/h6>\n<p>Le Moeder Lambic est un bar incontournable. Son slogan \u00ab\u00a0Nous servons des bi\u00e8res pour de belles personnes depuis 2006\u00a0\u00bb est le reflet de l\u2019ambiance qui y r\u00e8gne. On y retrouve le top du top des bi\u00e8res belges avec une belle s\u00e9lection de lambics mais \u00e9galement une belle s\u00e9lection de bi\u00e8res du monde entier.<\/p>\n<p>[\/et_pb_blurb][\/et_pb_column][et_pb_column type=\u00a0\u00bb1_4&Prime; _builder_version=\u00a0\u00bb4.16&Prime; _module_preset=\u00a0\u00bbdefault\u00a0\u00bb custom_padding=\u00a0\u00bb0px||0px||false|false\u00a0\u00bb global_colors_info=\u00a0\u00bb{}\u00a0\u00bb][et_pb_blurb title=\u00a0\u00bbNIGHTSHOP\u00a0\u00bb image=\u00a0\u00bbhttps:\/\/ultraviolet.work\/_optionb\/wp-content\/uploads\/2022\/05\/nightshop-ob4-1000.jpg\u00a0\u00bb _builder_version=\u00a0\u00bb4.17.4&Prime; _module_preset=\u00a0\u00bbdefault\u00a0\u00bb header_font=\u00a0\u00bb|700||on|||||\u00a0\u00bb header_font_size=\u00a0\u00bb18px\u00a0\u00bb header_line_height=\u00a0\u00bb1.3em\u00a0\u00bb body_font_size=\u00a0\u00bb14px\u00a0\u00bb body_line_height=\u00a0\u00bb1.4em\u00a0\u00bb body_link_font=\u00a0\u00bb|||||||#F2911C|\u00a0\u00bb body_link_text_color=\u00a0\u00bb#C49821&Prime; body_link_font_size=\u00a0\u00bb14px\u00a0\u00bb body_link_line_height=\u00a0\u00bb1.4em\u00a0\u00bb image_icon_custom_margin=\u00a0\u00bb||-10px||false|false\u00a0\u00bb image_icon_custom_margin_tablet=\u00a0\u00bb||-10px||false|false\u00a0\u00bb image_icon_custom_margin_phone=\u00a0\u00bb||-10px||false|false\u00a0\u00bb image_icon_custom_margin_last_edited=\u00a0\u00bbon|phone\u00a0\u00bb image_icon_custom_padding=\u00a0\u00bb||||false|false\u00a0\u00bb custom_margin=\u00a0\u00bb10px||30px||false|false\u00a0\u00bb animation_last_edited=\u00a0\u00bboff|desktop\u00a0\u00bb global_colors_info=\u00a0\u00bb{}\u00a0\u00bb]<\/p>\n<h6>CAVE \u00c0 MANGER<\/h6>\n<h6>RUE DE FLANDRE 167, <br \/>1000 BRUXELLES<\/h6>\n<p>Nightshop n\u2019est pas un vrai restaurant, mais une \u00ab\u00a0cave \u00e0 manger\u00a0\u00bb o\u00f9 les vins naturels, les cocktails originaux et les boissons non alcoolis\u00e9es sont appr\u00e9ci\u00e9s au m\u00eame titre que les mets.<\/p>\n<p>[\/et_pb_blurb][\/et_pb_column][et_pb_column type=\u00a0\u00bb1_4&Prime; _builder_version=\u00a0\u00bb4.16&Prime; _module_preset=\u00a0\u00bbdefault\u00a0\u00bb custom_padding=\u00a0\u00bb0px||0px||false|false\u00a0\u00bb global_colors_info=\u00a0\u00bb{}\u00a0\u00bb][et_pb_blurb title=\u00a0\u00bbNUETNIGENOUGH\u00a0\u00bb image=\u00a0\u00bbhttps:\/\/ultraviolet.work\/_optionb\/wp-content\/uploads\/2022\/05\/nuetnigenough-ob4-1000.jpg\u00a0\u00bb _builder_version=\u00a0\u00bb4.17.4&Prime; _module_preset=\u00a0\u00bbdefault\u00a0\u00bb header_font=\u00a0\u00bb|700||on|||||\u00a0\u00bb header_font_size=\u00a0\u00bb18px\u00a0\u00bb header_line_height=\u00a0\u00bb1.3em\u00a0\u00bb body_font_size=\u00a0\u00bb14px\u00a0\u00bb body_line_height=\u00a0\u00bb1.4em\u00a0\u00bb body_link_font=\u00a0\u00bb|||||||#F2911C|\u00a0\u00bb body_link_text_color=\u00a0\u00bb#C49821&Prime; body_link_font_size=\u00a0\u00bb14px\u00a0\u00bb body_link_line_height=\u00a0\u00bb1.4em\u00a0\u00bb image_icon_custom_margin=\u00a0\u00bb||-10px||false|false\u00a0\u00bb image_icon_custom_margin_tablet=\u00a0\u00bb||-10px||false|false\u00a0\u00bb image_icon_custom_margin_phone=\u00a0\u00bb||-10px||false|false\u00a0\u00bb image_icon_custom_margin_last_edited=\u00a0\u00bbon|phone\u00a0\u00bb image_icon_custom_padding=\u00a0\u00bb||||false|false\u00a0\u00bb custom_margin=\u00a0\u00bb10px||30px||false|false\u00a0\u00bb animation_last_edited=\u00a0\u00bboff|desktop\u00a0\u00bb global_colors_info=\u00a0\u00bb{}\u00a0\u00bb]<\/p>\n<h6>BRASSERIE<\/h6>\n<h6>RUE DU LOMBARD 25, <br \/>1000 BRUXELLES<\/h6>\n<h6><a href=\"http:\/\/www.nuetnigenough.be\/\" target=\"_blank\" rel=\"noopener\">http:\/\/www.nuetnigenough.be\/<\/a><\/h6>\n<p>Le restaurant Nuetnigenough propose une cuisine authentique, copieuse et d\u00e9licieuse. Les serveurs conseillent parfaitement le client. Les plats sont typiquement belges et soign\u00e9s. La carte de bi\u00e8res est \u00e0 tomber par terre : de la bi\u00e8re artisanale \u00e0 la gueuze de Cantillon ou Tilquin, il y en a pour tous les go\u00fbts.<\/p>\n<p>[\/et_pb_blurb][\/et_pb_column][et_pb_column type=\u00a0\u00bb1_4&Prime; _builder_version=\u00a0\u00bb4.16&Prime; _module_preset=\u00a0\u00bbdefault\u00a0\u00bb custom_padding=\u00a0\u00bb0px||0px||false|false\u00a0\u00bb global_colors_info=\u00a0\u00bb{}\u00a0\u00bb][et_pb_blurb title=\u00a0\u00bbO\u2019REILLY\u2019S\u00a0\u00bb image=\u00a0\u00bbhttps:\/\/ultraviolet.work\/_optionb\/wp-content\/uploads\/2022\/05\/o-reilly-s-ob4-1000.jpg\u00a0\u00bb _builder_version=\u00a0\u00bb4.17.4&Prime; _module_preset=\u00a0\u00bbdefault\u00a0\u00bb header_font=\u00a0\u00bb|700||on|||||\u00a0\u00bb header_font_size=\u00a0\u00bb18px\u00a0\u00bb header_line_height=\u00a0\u00bb1.3em\u00a0\u00bb body_font_size=\u00a0\u00bb14px\u00a0\u00bb body_line_height=\u00a0\u00bb1.4em\u00a0\u00bb body_link_font=\u00a0\u00bb|||||||#F2911C|\u00a0\u00bb body_link_text_color=\u00a0\u00bb#C49821&Prime; body_link_font_size=\u00a0\u00bb14px\u00a0\u00bb body_link_line_height=\u00a0\u00bb1.4em\u00a0\u00bb image_icon_custom_margin=\u00a0\u00bb||-10px||false|false\u00a0\u00bb image_icon_custom_margin_tablet=\u00a0\u00bb||-10px||false|false\u00a0\u00bb image_icon_custom_margin_phone=\u00a0\u00bb||-10px||false|false\u00a0\u00bb image_icon_custom_margin_last_edited=\u00a0\u00bbon|phone\u00a0\u00bb image_icon_custom_padding=\u00a0\u00bb||||false|false\u00a0\u00bb custom_margin=\u00a0\u00bb10px||30px||false|false\u00a0\u00bb animation_last_edited=\u00a0\u00bboff|desktop\u00a0\u00bb global_colors_info=\u00a0\u00bb{}\u00a0\u00bb]<\/p>\n<h6>PUB IRLANDAIS<\/h6>\n<h6>PL. DE LA BOURSE 1, <br \/>1000 BRUXELLES<\/h6>\n<h6><a href=\"https:\/\/www.oreillys.com\/brussels\" target=\"_blank\" rel=\"noopener\">https:\/\/www.oreillys.com\/brussels<\/a><\/h6>\n<p>L\u2019Irish pub par excellence qui vous propose en plus de ses nombreux matchs de sport diffus\u00e9s en direct, une collection de bi\u00e8res tout droit venue d\u2019Irlande, mais aussi d\u2019ailleurs\u2026<\/p>\n<p>[\/et_pb_blurb][\/et_pb_column][\/et_pb_row][et_pb_row column_structure=\u00a0\u00bb1_4,1_4,1_4,1_4&Prime; use_custom_gutter=\u00a0\u00bbon\u00a0\u00bb make_equal=\u00a0\u00bbon\u00a0\u00bb _builder_version=\u00a0\u00bb4.16.0&Prime; _module_preset=\u00a0\u00bbdefault\u00a0\u00bb z_index=\u00a0\u00bb9&Prime; custom_margin=\u00a0\u00bb0px||0px||false|false\u00a0\u00bb custom_padding=\u00a0\u00bb0px||0px||false|false\u00a0\u00bb locked=\u00a0\u00bboff\u00a0\u00bb global_colors_info=\u00a0\u00bb{}\u00a0\u00bb][et_pb_column type=\u00a0\u00bb1_4&Prime; _builder_version=\u00a0\u00bb4.16&Prime; _module_preset=\u00a0\u00bbdefault\u00a0\u00bb custom_padding=\u00a0\u00bb0px||0px||false|false\u00a0\u00bb global_colors_info=\u00a0\u00bb{}\u00a0\u00bb][et_pb_blurb title=\u00a0\u00bbPOECHENELLEKELDER\u00a0\u00bb image=\u00a0\u00bbhttps:\/\/ultraviolet.work\/_optionb\/wp-content\/uploads\/2022\/05\/poechenellekelder-ob4-1000.jpg\u00a0\u00bb _builder_version=\u00a0\u00bb4.17.4&Prime; _module_preset=\u00a0\u00bb5380a41e-bd85-4942-afdc-359206174b92&Prime; body_link_text_color=\u00a0\u00bb#C49821&Prime; image_icon_custom_margin_tablet=\u00a0\u00bb||-10px||false|false\u00a0\u00bb image_icon_custom_margin_phone=\u00a0\u00bb||-10px||false|false\u00a0\u00bb animation_last_edited=\u00a0\u00bboff|desktop\u00a0\u00bb global_colors_info=\u00a0\u00bb{}\u00a0\u00bb]<\/p>\n<h6>BAR A BI\u00c8RES<\/h6>\n<h6>RUE DU CH\u00caNE 5, <br \/>1000 BRUXELLES<\/h6>\n<h6><a href=\"https:\/\/poechenellekelder.be\/en\" target=\"_blank\" rel=\"noopener\">https:\/\/poechenellekelder.be\/en<\/a><\/h6>\n<p>Taverne authentique situ\u00e9e pr\u00e8s du Manneken-Pis, le Poechenellekelder est une r\u00e9f\u00e9rence pour les Bruxellois comme pour les touristes. Paradis du houblon et de la bi\u00e8re belge : entrer au Poechenellekelder, c\u2019est embrasser l\u2019histoire mill\u00e9naire de Bruxelles\u2026<\/p>\n<p>[\/et_pb_blurb][\/et_pb_column][et_pb_column type=\u00a0\u00bb1_4&Prime; _builder_version=\u00a0\u00bb4.16&Prime; _module_preset=\u00a0\u00bbdefault\u00a0\u00bb custom_padding=\u00a0\u00bb0px||0px||false|false\u00a0\u00bb global_colors_info=\u00a0\u00bb{}\u00a0\u00bb][et_pb_blurb title=\u00a0\u00bbROSKAM\u00a0\u00bb image=\u00a0\u00bbhttps:\/\/ultraviolet.work\/_optionb\/wp-content\/uploads\/2022\/05\/roskam-ob4-1000.jpg\u00a0\u00bb _builder_version=\u00a0\u00bb4.17.4&Prime; _module_preset=\u00a0\u00bbdefault\u00a0\u00bb header_font=\u00a0\u00bb|700||on|||||\u00a0\u00bb header_font_size=\u00a0\u00bb18px\u00a0\u00bb header_line_height=\u00a0\u00bb1.3em\u00a0\u00bb body_font_size=\u00a0\u00bb14px\u00a0\u00bb body_line_height=\u00a0\u00bb1.4em\u00a0\u00bb body_link_font=\u00a0\u00bb|||||||#F2911C|\u00a0\u00bb body_link_text_color=\u00a0\u00bb#C49821&Prime; body_link_font_size=\u00a0\u00bb14px\u00a0\u00bb body_link_line_height=\u00a0\u00bb1.4em\u00a0\u00bb image_icon_custom_margin=\u00a0\u00bb||-10px||false|false\u00a0\u00bb image_icon_custom_margin_tablet=\u00a0\u00bb||-10px||false|false\u00a0\u00bb image_icon_custom_margin_phone=\u00a0\u00bb||-10px||false|false\u00a0\u00bb image_icon_custom_margin_last_edited=\u00a0\u00bbon|phone\u00a0\u00bb image_icon_custom_padding=\u00a0\u00bb||||false|false\u00a0\u00bb custom_margin=\u00a0\u00bb10px||30px||false|false\u00a0\u00bb animation_last_edited=\u00a0\u00bboff|desktop\u00a0\u00bb global_colors_info=\u00a0\u00bb{}\u00a0\u00bb]<\/p>\n<h6>CAF\u00c9 \/ PUB<\/h6>\n<h6>RUE DE FLANDRE 9, <br \/>1000 BRUXELLES<\/h6>\n<h6><a href=\"https:\/\/www.cafe-roskam.be\/\" target=\"_blank\" rel=\"noopener\">https:\/\/www.cafe-roskam.be\/<\/a><\/h6>\n<p>Situ\u00e9 Rue de Flandre, Le Roskam est un bar jazz o\u00f9 r\u00e8gne une bonne ambiance et o\u00f9 de nombreux concerts sont organis\u00e9s chaque semaine. L\u2019int\u00e9rieur est confortable, la d\u00e9coration originale, quoi de mieux pour y appr\u00e9cier une bonne bi\u00e8re ou un d\u00e9licieux cocktail ?<\/p>\n<p>[\/et_pb_blurb][\/et_pb_column][et_pb_column type=\u00a0\u00bb1_4&Prime; _builder_version=\u00a0\u00bb4.16&Prime; _module_preset=\u00a0\u00bbdefault\u00a0\u00bb custom_padding=\u00a0\u00bb0px||0px||false|false\u00a0\u00bb global_colors_info=\u00a0\u00bb{}\u00a0\u00bb][et_pb_blurb title=\u00a0\u00bbTHE IRIS\u00a0\u00bb image=\u00a0\u00bbhttps:\/\/ultraviolet.work\/_optionb\/wp-content\/uploads\/2022\/05\/the-iris-ob4-1000.jpg\u00a0\u00bb _builder_version=\u00a0\u00bb4.17.4&Prime; _module_preset=\u00a0\u00bbdefault\u00a0\u00bb header_font=\u00a0\u00bb|700||on|||||\u00a0\u00bb header_font_size=\u00a0\u00bb18px\u00a0\u00bb header_line_height=\u00a0\u00bb1.3em\u00a0\u00bb body_font_size=\u00a0\u00bb14px\u00a0\u00bb body_line_height=\u00a0\u00bb1.4em\u00a0\u00bb body_link_font=\u00a0\u00bb|||||||#F2911C|\u00a0\u00bb body_link_text_color=\u00a0\u00bb#C49821&Prime; body_link_font_size=\u00a0\u00bb14px\u00a0\u00bb body_link_line_height=\u00a0\u00bb1.4em\u00a0\u00bb image_icon_custom_margin=\u00a0\u00bb||-10px||false|false\u00a0\u00bb image_icon_custom_margin_tablet=\u00a0\u00bb||-10px||false|false\u00a0\u00bb image_icon_custom_margin_phone=\u00a0\u00bb||-10px||false|false\u00a0\u00bb image_icon_custom_margin_last_edited=\u00a0\u00bbon|phone\u00a0\u00bb image_icon_custom_padding=\u00a0\u00bb||||false|false\u00a0\u00bb custom_margin=\u00a0\u00bb10px||30px||false|false\u00a0\u00bb animation_last_edited=\u00a0\u00bboff|desktop\u00a0\u00bb global_colors_info=\u00a0\u00bb{}\u00a0\u00bb]<\/p>\n<h6>BAR D\u2019H\u00d4TEL<\/h6>\n<h6>BOULEVARD DE WATERLOO 38, <br \/>1000 BRUXELLES<\/h6>\n<h6><a href=\"https:\/\/www.theiris.be\/\" target=\"_blank\" rel=\"noopener\">https:\/\/www.theiris.be\/<\/a><\/h6>\n<p>De jour comme de nuit, The Iris est une adresse incontournable \u00e0 Bruxelles. Franchissez son seuil pour une bi\u00e8re, un cocktail chic ou un encas apr\u00e8s votre journ\u00e9e charg\u00e9e en ville. Vous pr\u00e9f\u00e9rez vous installer confortablement \u00e0 l\u2019une des tables pour passer un moment agr\u00e9able entre amis ? Vous \u00eates au bon endroit, c\u2019est certain.<\/p>\n<p>[\/et_pb_blurb][\/et_pb_column][et_pb_column type=\u00a0\u00bb1_4&Prime; _builder_version=\u00a0\u00bb4.16&Prime; _module_preset=\u00a0\u00bbdefault\u00a0\u00bb custom_padding=\u00a0\u00bb0px||0px||false|false\u00a0\u00bb global_colors_info=\u00a0\u00bb{}\u00a0\u00bb][et_pb_blurb title=\u00a0\u00bbTHE MUSIC VILLAGE\u00a0\u00bb image=\u00a0\u00bbhttps:\/\/ultraviolet.work\/_optionb\/wp-content\/uploads\/2022\/05\/the-music-village-ob4-1000.jpg\u00a0\u00bb _builder_version=\u00a0\u00bb4.17.4&Prime; _module_preset=\u00a0\u00bbdefault\u00a0\u00bb header_font=\u00a0\u00bb|700||on|||||\u00a0\u00bb header_font_size=\u00a0\u00bb18px\u00a0\u00bb header_line_height=\u00a0\u00bb1.3em\u00a0\u00bb body_font_size=\u00a0\u00bb14px\u00a0\u00bb body_line_height=\u00a0\u00bb1.4em\u00a0\u00bb body_link_font=\u00a0\u00bb|||||||#F2911C|\u00a0\u00bb body_link_text_color=\u00a0\u00bb#C49821&Prime; body_link_font_size=\u00a0\u00bb14px\u00a0\u00bb body_link_line_height=\u00a0\u00bb1.4em\u00a0\u00bb image_icon_custom_margin=\u00a0\u00bb||-10px||false|false\u00a0\u00bb image_icon_custom_margin_tablet=\u00a0\u00bb||-10px||false|false\u00a0\u00bb image_icon_custom_margin_phone=\u00a0\u00bb||-10px||false|false\u00a0\u00bb image_icon_custom_margin_last_edited=\u00a0\u00bbon|phone\u00a0\u00bb image_icon_custom_padding=\u00a0\u00bb||||false|false\u00a0\u00bb custom_margin=\u00a0\u00bb10px||30px||false|false\u00a0\u00bb animation_last_edited=\u00a0\u00bboff|desktop\u00a0\u00bb global_colors_info=\u00a0\u00bb{}\u00a0\u00bb]<\/p>\n<h6>CLUB DE JAZZ<\/h6>\n<h6>RUE DES PIERRES 50, <br \/>1000 BRUXELLES<\/h6>\n<h6><a href=\"https:\/\/themusicvillage.com\/\" target=\"_blank\" rel=\"noopener\">https:\/\/themusicvillage.com\/<\/a><\/h6>\n<p>Le Music Village est le premier club de jazz de Bruxelles, situ\u00e9 dans le c\u0153ur historique de la capitale. Il propose de la musique live six jours par semaine, avec plus de 300 concerts par an. Il attire non seulement les amateurs de jazz, mais aussi un public populaire bien plus large qui profitera d\u2019un divertissement exceptionnel agr\u00e9ment\u00e9 d\u2019un menu aux saveurs belges et d\u2019un excellent bar qui propose une large s\u00e9lection de bi\u00e8res belges.<\/p>\n<p>[\/et_pb_blurb][\/et_pb_column][\/et_pb_row][et_pb_row column_structure=\u00a0\u00bb1_4,1_4,1_4,1_4&Prime; use_custom_gutter=\u00a0\u00bbon\u00a0\u00bb make_equal=\u00a0\u00bbon\u00a0\u00bb _builder_version=\u00a0\u00bb4.16.0&Prime; _module_preset=\u00a0\u00bbdefault\u00a0\u00bb z_index=\u00a0\u00bb9&Prime; custom_margin=\u00a0\u00bb0px||0px||false|false\u00a0\u00bb custom_padding=\u00a0\u00bb0px||0px||false|false\u00a0\u00bb locked=\u00a0\u00bboff\u00a0\u00bb global_colors_info=\u00a0\u00bb{}\u00a0\u00bb][et_pb_column type=\u00a0\u00bb1_4&Prime; _builder_version=\u00a0\u00bb4.16&Prime; _module_preset=\u00a0\u00bbdefault\u00a0\u00bb custom_padding=\u00a0\u00bb0px||0px||false|false\u00a0\u00bb global_colors_info=\u00a0\u00bb{}\u00a0\u00bb][et_pb_blurb title=\u00a0\u00bbTH\u00c9\u00c2TRE ROYAL DE TOONE\u00a0\u00bb image=\u00a0\u00bbhttps:\/\/ultraviolet.work\/_optionb\/wp-content\/uploads\/2022\/05\/theatre-royal-de-toone-ob4-1000.jpg\u00a0\u00bb _builder_version=\u00a0\u00bb4.17.4&Prime; _module_preset=\u00a0\u00bb5380a41e-bd85-4942-afdc-359206174b92&Prime; body_link_text_color=\u00a0\u00bb#C49821&Prime; image_icon_custom_margin_tablet=\u00a0\u00bb||-10px||false|false\u00a0\u00bb image_icon_custom_margin_phone=\u00a0\u00bb||-10px||false|false\u00a0\u00bb animation_last_edited=\u00a0\u00bboff|desktop\u00a0\u00bb global_colors_info=\u00a0\u00bb{}\u00a0\u00bb]<\/p>\n<h6>ESTAMINET<\/h6>\n<h6>RUE DU MARCH\u00c9-AUX-HERBES 66,<br \/>1000 BRUXELLES<\/h6>\n<h6><a href=\"http:\/\/www.toone.be\/?lang=fr\" target=\"_blank\" rel=\"noopener\">http:\/\/www.toone.be\/?lang=fr<\/a><\/h6>\n<p>Le Th\u00e9\u00e2tre Royal de Toone est le seul th\u00e9\u00e2tre de marionnettes traditionnelles bruxelloises encore en activit\u00e9. Le lieu atypique par excellence pour profiter d\u2019une bonne bi\u00e8re belge!<\/p>\n<p>[\/et_pb_blurb][\/et_pb_column][et_pb_column type=\u00a0\u00bb1_4&Prime; _builder_version=\u00a0\u00bb4.16&Prime; _module_preset=\u00a0\u00bbdefault\u00a0\u00bb custom_padding=\u00a0\u00bb0px||0px||false|false\u00a0\u00bb global_colors_info=\u00a0\u00bb{}\u00a0\u00bb][et_pb_blurb title=\u00a0\u00bbWINERY\u00a0\u00bb image=\u00a0\u00bbhttps:\/\/ultraviolet.work\/_optionb\/wp-content\/uploads\/2022\/05\/winery-ob4-1000.jpg\u00a0\u00bb _builder_version=\u00a0\u00bb4.17.4&Prime; _module_preset=\u00a0\u00bbdefault\u00a0\u00bb header_font=\u00a0\u00bb|700||on|||||\u00a0\u00bb header_font_size=\u00a0\u00bb18px\u00a0\u00bb header_line_height=\u00a0\u00bb1.3em\u00a0\u00bb body_font_size=\u00a0\u00bb14px\u00a0\u00bb body_line_height=\u00a0\u00bb1.4em\u00a0\u00bb body_link_font=\u00a0\u00bb|||||||#F2911C|\u00a0\u00bb body_link_text_color=\u00a0\u00bb#C49821&Prime; body_link_font_size=\u00a0\u00bb14px\u00a0\u00bb body_link_line_height=\u00a0\u00bb1.4em\u00a0\u00bb image_icon_custom_margin=\u00a0\u00bb||-10px||false|false\u00a0\u00bb image_icon_custom_margin_tablet=\u00a0\u00bb||-10px||false|false\u00a0\u00bb image_icon_custom_margin_phone=\u00a0\u00bb||-10px||false|false\u00a0\u00bb image_icon_custom_margin_last_edited=\u00a0\u00bbon|phone\u00a0\u00bb image_icon_custom_padding=\u00a0\u00bb||||false|false\u00a0\u00bb custom_margin=\u00a0\u00bb10px||30px||false|false\u00a0\u00bb animation_last_edited=\u00a0\u00bboff|desktop\u00a0\u00bb global_colors_info=\u00a0\u00bb{}\u00a0\u00bb]<\/p>\n<h6>BAR \u00c0 VIN<\/h6>\n<h6>RUE L\u00c9ON LEPAGE 53, <br \/>1000 BRUXELLES<\/h6>\n<h6><a href=\"https:\/\/www.winery.be\/\" target=\"_blank\" rel=\"noopener\">https:\/\/www.winery.be\/<\/a><\/h6>\n<p>Le comptoir Winery, dans un esprit bistrot de quartier, partage sa passion pour le vin naturel et pour les femmes et hommes qui le font. \u00c0 d\u00e9couvrir autour de gourmandises \u00e0 partager, planches du terroir, tapenades, croques ou desserts irr\u00e9sistibles.<\/p>\n<p>[\/et_pb_blurb][\/et_pb_column][et_pb_column type=\u00a0\u00bb1_4&Prime; _builder_version=\u00a0\u00bb4.16&Prime; _module_preset=\u00a0\u00bbdefault\u00a0\u00bb custom_padding=\u00a0\u00bb0px||0px||false|false\u00a0\u00bb global_colors_info=\u00a0\u00bb{}\u00a0\u00bb][et_pb_blurb title=\u00a0\u00bbYVES WINEGALLERY\u00a0\u00bb image=\u00a0\u00bbhttps:\/\/ultraviolet.work\/_optionb\/wp-content\/uploads\/2022\/05\/yves-wine-gallery-ob4-1000.jpg\u00a0\u00bb _builder_version=\u00a0\u00bb4.17.4&Prime; _module_preset=\u00a0\u00bbdefault\u00a0\u00bb header_font=\u00a0\u00bb|700||on|||||\u00a0\u00bb header_font_size=\u00a0\u00bb18px\u00a0\u00bb header_line_height=\u00a0\u00bb1.3em\u00a0\u00bb body_font_size=\u00a0\u00bb14px\u00a0\u00bb body_line_height=\u00a0\u00bb1.4em\u00a0\u00bb body_link_font=\u00a0\u00bb|||||||#F2911C|\u00a0\u00bb body_link_text_color=\u00a0\u00bb#C49821&Prime; body_link_font_size=\u00a0\u00bb14px\u00a0\u00bb body_link_line_height=\u00a0\u00bb1.4em\u00a0\u00bb image_icon_custom_margin=\u00a0\u00bb||-10px||false|false\u00a0\u00bb image_icon_custom_margin_tablet=\u00a0\u00bb||-10px||false|false\u00a0\u00bb image_icon_custom_margin_phone=\u00a0\u00bb||-10px||false|false\u00a0\u00bb image_icon_custom_margin_last_edited=\u00a0\u00bbon|phone\u00a0\u00bb image_icon_custom_padding=\u00a0\u00bb||||false|false\u00a0\u00bb custom_margin=\u00a0\u00bb10px||30px||false|false\u00a0\u00bb animation_last_edited=\u00a0\u00bboff|desktop\u00a0\u00bb global_colors_info=\u00a0\u00bb{}\u00a0\u00bb]<\/p>\n<h6>CAVISTE<\/h6>\n<h6>RUE ANTOINE DANSAERT 102, <br \/>1000 BRUXELLES<\/h6>\n<h6><a href=\"http:\/\/www.winegallery.brussels\/\" target=\"_blank\" rel=\"noopener\">http:\/\/www.winegallery.brussels\/<\/a><\/h6>\n<p>Yves \u00e9tait professeur de th\u00e9\u00e2tre \u00e0 Anvers lorsqu\u2019il d\u00e9cida d\u2019ouvrir sa propre cave \u00e0 vins. Situ\u00e9 rue Antoine Dansaert en plein centre, l\u2019endroit est exceptionnel, discret et \u00e9pur\u00e9. Yves s\u00e9lectionne lui-m\u00eame tous ses vins qui par ailleurs sont naturels et dispos\u00e9s par pays : Italie, Espagne, France, Allemagne\u2026 Il y en a pour tous les go\u00fbts. Charmant et passionn\u00e9, il saura vous conseiller le vin que vous recherchez \u00e0 un prix abordable.<\/p>\n<p>[\/et_pb_blurb][\/et_pb_column][et_pb_column type=\u00a0\u00bb1_4&Prime; _builder_version=\u00a0\u00bb4.16&Prime; _module_preset=\u00a0\u00bbdefault\u00a0\u00bb custom_padding=\u00a0\u00bb0px||0px||false|false\u00a0\u00bb global_colors_info=\u00a0\u00bb{}\u00a0\u00bb][\/et_pb_column][\/et_pb_row][\/et_pb_section][et_pb_section fb_built=\u00a0\u00bb1&Prime; fullwidth=\u00a0\u00bbon\u00a0\u00bb admin_label=\u00a0\u00bbSection Carte\u00a0\u00bb _builder_version=\u00a0\u00bb4.16.0&Prime; _module_preset=\u00a0\u00bbdefault\u00a0\u00bb background_color=\u00a0\u00bb#FFFFFF\u00a0\u00bb positioning=\u00a0\u00bbnone\u00a0\u00bb z_index=\u00a0\u00bb0&Prime; custom_margin=\u00a0\u00bb-69px||||false|false\u00a0\u00bb da_disable_devices=\u00a0\u00bboff|off|off\u00a0\u00bb locked=\u00a0\u00bboff\u00a0\u00bb collapsed=\u00a0\u00bboff\u00a0\u00bb global_colors_info=\u00a0\u00bb{}\u00a0\u00bb da_is_popup=\u00a0\u00bboff\u00a0\u00bb da_exit_intent=\u00a0\u00bboff\u00a0\u00bb da_has_close=\u00a0\u00bbon\u00a0\u00bb da_alt_close=\u00a0\u00bboff\u00a0\u00bb da_dark_close=\u00a0\u00bboff\u00a0\u00bb da_not_modal=\u00a0\u00bbon\u00a0\u00bb da_is_singular=\u00a0\u00bboff\u00a0\u00bb da_with_loader=\u00a0\u00bboff\u00a0\u00bb da_has_shadow=\u00a0\u00bbon\u00a0\u00bb][et_pb_fullwidth_code admin_label=\u00a0\u00bbCode en pleine largeur iframe carte\u00a0\u00bb _builder_version=\u00a0\u00bb4.17.2&Prime; _module_preset=\u00a0\u00bbdefault\u00a0\u00bb positioning=\u00a0\u00bbnone\u00a0\u00bb z_index=\u00a0\u00bb0&Prime; custom_margin=\u00a0\u00bb||||false|false\u00a0\u00bb custom_padding=\u00a0\u00bb||||false|false\u00a0\u00bb global_colors_info=\u00a0\u00bb{}\u00a0\u00bb]<iframe src=\"https:\/\/www.google.com\/maps\/d\/u\/0\/embed?mid=1IIjb7Pa_MNhiA5fVJtnkG9Ee1_xV4VYc&#038;ehbc=2E312F\" width=\"100%\" height=\"1200\"><\/iframe>[\/et_pb_fullwidth_code][\/et_pb_section]<\/p>\n","protected":false},"excerpt":{"rendered":"<p>Si Bruxelles est connue dans le monde entier comme capitale de la bi\u00e8re et que blondes et brunes s\u2019y disputent les podiums, le gin conna\u00eet aujourd\u2019hui un engouement qui le place en autre valeur s\u00fbre parmi nos sp\u00e9cialit\u00e9s, car contrairement \u00e0 ce que l\u2019on croit, le gin n\u2019est pas une invention anglaise\u2026 mais belgo-hollandaise ! [&hellip;]<\/p>\n","protected":false},"author":1,"featured_media":0,"parent":0,"menu_order":0,"comment_status":"closed","ping_status":"closed","template":"","meta":{"_et_pb_use_builder":"on","_et_pb_old_content":"","_et_gb_content_width":"","inline_featured_image":false,"footnotes":""},"wf_page_folders":[914],"class_list":["post-17292","page","type-page","status-publish","hentry"],"yoast_head":"<!-- This site is optimized with the Yoast SEO plugin v27.5 - https:\/\/yoast.com\/product\/yoast-seo-wordpress\/ -->\n<title>Beer-Gin-Wine - Option-B<\/title>\n<meta name=\"description\" content=\"Si Bruxelles est connue dans le monde entier comme capitale de la bi\u00e8re et que blondes et brunes s\u2019y disputent les podiums, le gin conna\u00eet aujourd\u2019hui un engouement qui le place en autre valeur s\u00fbre parmi nos sp\u00e9cialit\u00e9s. Et ce n\u2019est pas tout, Bruxelles s\u2019est aussi lanc\u00e9e depuis peu dans la viticulture et ce terroir particulier conf\u00e8re \u00e0 ses vins organiques un caract\u00e8re des plus s\u00e9duisants.\" \/>\n<meta name=\"robots\" content=\"index, follow, max-snippet:-1, max-image-preview:large, max-video-preview:-1\" \/>\n<link rel=\"canonical\" href=\"https:\/\/ultraviolet.work\/_optionb\/beer-gin-wine\/\" \/>\n<meta property=\"og:locale\" content=\"fr_FR\" \/>\n<meta property=\"og:type\" content=\"article\" \/>\n<meta property=\"og:title\" content=\"Beer-Gin-Wine - Option-B\" \/>\n<meta property=\"og:description\" content=\"Si Bruxelles est connue dans le monde entier comme capitale de la bi\u00e8re et que blondes et brunes s\u2019y disputent les podiums, le gin conna\u00eet aujourd\u2019hui un engouement qui le place en autre valeur s\u00fbre parmi nos sp\u00e9cialit\u00e9s. Et ce n\u2019est pas tout, Bruxelles s\u2019est aussi lanc\u00e9e depuis peu dans la viticulture et ce terroir particulier conf\u00e8re \u00e0 ses vins organiques un caract\u00e8re des plus s\u00e9duisants.\" \/>\n<meta property=\"og:url\" content=\"https:\/\/ultraviolet.work\/_optionb\/beer-gin-wine\/\" \/>\n<meta property=\"og:site_name\" content=\"Option-B\" \/>\n<meta property=\"article:modified_time\" content=\"2022-05-23T15:13:55+00:00\" \/>\n<meta property=\"og:image\" content=\"https:\/\/ultraviolet.work\/_optionb\/wp-content\/uploads\/2022\/04\/ENTR-2203-Facebook-Yoast-share-1000x520-1.jpg\" \/>\n\t<meta property=\"og:image:width\" content=\"1000\" \/>\n\t<meta property=\"og:image:height\" content=\"520\" \/>\n\t<meta property=\"og:image:type\" content=\"image\/jpeg\" \/>\n<meta name=\"twitter:card\" content=\"summary_large_image\" \/>\n<meta name=\"twitter:label1\" content=\"Dur\u00e9e de lecture estim\u00e9e\" \/>\n\t<meta name=\"twitter:data1\" content=\"8 minutes\" \/>\n<script type=\"application\/ld+json\" class=\"yoast-schema-graph\">{\"@context\":\"https:\\\/\\\/schema.org\",\"@graph\":[{\"@type\":\"WebPage\",\"@id\":\"https:\\\/\\\/ultraviolet.work\\\/_optionb\\\/beer-gin-wine\\\/\",\"url\":\"https:\\\/\\\/ultraviolet.work\\\/_optionb\\\/beer-gin-wine\\\/\",\"name\":\"Beer-Gin-Wine - Option-B\",\"isPartOf\":{\"@id\":\"https:\\\/\\\/ultraviolet.work\\\/_optionb\\\/#website\"},\"datePublished\":\"2022-05-05T15:29:12+00:00\",\"dateModified\":\"2022-05-23T15:13:55+00:00\",\"description\":\"Si Bruxelles est connue dans le monde entier comme capitale de la bi\u00e8re et que blondes et brunes s\u2019y disputent les podiums, le gin conna\u00eet aujourd\u2019hui un engouement qui le place en autre valeur s\u00fbre parmi nos sp\u00e9cialit\u00e9s. Et ce n\u2019est pas tout, Bruxelles s\u2019est aussi lanc\u00e9e depuis peu dans la viticulture et ce terroir particulier conf\u00e8re \u00e0 ses vins organiques un caract\u00e8re des plus s\u00e9duisants.\",\"breadcrumb\":{\"@id\":\"https:\\\/\\\/ultraviolet.work\\\/_optionb\\\/beer-gin-wine\\\/#breadcrumb\"},\"inLanguage\":\"fr-FR\",\"potentialAction\":[{\"@type\":\"ReadAction\",\"target\":[\"https:\\\/\\\/ultraviolet.work\\\/_optionb\\\/beer-gin-wine\\\/\"]}]},{\"@type\":\"BreadcrumbList\",\"@id\":\"https:\\\/\\\/ultraviolet.work\\\/_optionb\\\/beer-gin-wine\\\/#breadcrumb\",\"itemListElement\":[{\"@type\":\"ListItem\",\"position\":1,\"name\":\"Accueil\",\"item\":\"https:\\\/\\\/ultraviolet.work\\\/_optionb\\\/\"},{\"@type\":\"ListItem\",\"position\":2,\"name\":\"Beer-Gin-Wine\"}]},{\"@type\":\"WebSite\",\"@id\":\"https:\\\/\\\/ultraviolet.work\\\/_optionb\\\/#website\",\"url\":\"https:\\\/\\\/ultraviolet.work\\\/_optionb\\\/\",\"name\":\"Option-B\",\"description\":\"\",\"publisher\":{\"@id\":\"https:\\\/\\\/ultraviolet.work\\\/_optionb\\\/#organization\"},\"potentialAction\":[{\"@type\":\"SearchAction\",\"target\":{\"@type\":\"EntryPoint\",\"urlTemplate\":\"https:\\\/\\\/ultraviolet.work\\\/_optionb\\\/?s={search_term_string}\"},\"query-input\":{\"@type\":\"PropertyValueSpecification\",\"valueRequired\":true,\"valueName\":\"search_term_string\"}}],\"inLanguage\":\"fr-FR\"},{\"@type\":\"Organization\",\"@id\":\"https:\\\/\\\/ultraviolet.work\\\/_optionb\\\/#organization\",\"name\":\"Option-B\",\"url\":\"https:\\\/\\\/ultraviolet.work\\\/_optionb\\\/\",\"logo\":{\"@type\":\"ImageObject\",\"inLanguage\":\"fr-FR\",\"@id\":\"https:\\\/\\\/ultraviolet.work\\\/_optionb\\\/#\\\/schema\\\/logo\\\/image\\\/\",\"url\":\"https:\\\/\\\/ultraviolet.work\\\/_optionb\\\/wp-content\\\/uploads\\\/2022\\\/02\\\/OptionB-B-gen-gris.png\",\"contentUrl\":\"https:\\\/\\\/ultraviolet.work\\\/_optionb\\\/wp-content\\\/uploads\\\/2022\\\/02\\\/OptionB-B-gen-gris.png\",\"width\":512,\"height\":512,\"caption\":\"Option-B\"},\"image\":{\"@id\":\"https:\\\/\\\/ultraviolet.work\\\/_optionb\\\/#\\\/schema\\\/logo\\\/image\\\/\"}}]}<\/script>\n<!-- \/ Yoast SEO plugin. -->","yoast_head_json":{"title":"Beer-Gin-Wine - Option-B","description":"Si Bruxelles est connue dans le monde entier comme capitale de la bi\u00e8re et que blondes et brunes s\u2019y disputent les podiums, le gin conna\u00eet aujourd\u2019hui un engouement qui le place en autre valeur s\u00fbre parmi nos sp\u00e9cialit\u00e9s. Et ce n\u2019est pas tout, Bruxelles s\u2019est aussi lanc\u00e9e depuis peu dans la viticulture et ce terroir particulier conf\u00e8re \u00e0 ses vins organiques un caract\u00e8re des plus s\u00e9duisants.","robots":{"index":"index","follow":"follow","max-snippet":"max-snippet:-1","max-image-preview":"max-image-preview:large","max-video-preview":"max-video-preview:-1"},"canonical":"https:\/\/ultraviolet.work\/_optionb\/beer-gin-wine\/","og_locale":"fr_FR","og_type":"article","og_title":"Beer-Gin-Wine - Option-B","og_description":"Si Bruxelles est connue dans le monde entier comme capitale de la bi\u00e8re et que blondes et brunes s\u2019y disputent les podiums, le gin conna\u00eet aujourd\u2019hui un engouement qui le place en autre valeur s\u00fbre parmi nos sp\u00e9cialit\u00e9s. Et ce n\u2019est pas tout, Bruxelles s\u2019est aussi lanc\u00e9e depuis peu dans la viticulture et ce terroir particulier conf\u00e8re \u00e0 ses vins organiques un caract\u00e8re des plus s\u00e9duisants.","og_url":"https:\/\/ultraviolet.work\/_optionb\/beer-gin-wine\/","og_site_name":"Option-B","article_modified_time":"2022-05-23T15:13:55+00:00","og_image":[{"width":1000,"height":520,"url":"https:\/\/ultraviolet.work\/_optionb\/wp-content\/uploads\/2022\/04\/ENTR-2203-Facebook-Yoast-share-1000x520-1.jpg","type":"image\/jpeg"}],"twitter_card":"summary_large_image","twitter_misc":{"Dur\u00e9e de lecture estim\u00e9e":"8 minutes"},"schema":{"@context":"https:\/\/schema.org","@graph":[{"@type":"WebPage","@id":"https:\/\/ultraviolet.work\/_optionb\/beer-gin-wine\/","url":"https:\/\/ultraviolet.work\/_optionb\/beer-gin-wine\/","name":"Beer-Gin-Wine - Option-B","isPartOf":{"@id":"https:\/\/ultraviolet.work\/_optionb\/#website"},"datePublished":"2022-05-05T15:29:12+00:00","dateModified":"2022-05-23T15:13:55+00:00","description":"Si Bruxelles est connue dans le monde entier comme capitale de la bi\u00e8re et que blondes et brunes s\u2019y disputent les podiums, le gin conna\u00eet aujourd\u2019hui un engouement qui le place en autre valeur s\u00fbre parmi nos sp\u00e9cialit\u00e9s. Et ce n\u2019est pas tout, Bruxelles s\u2019est aussi lanc\u00e9e depuis peu dans la viticulture et ce terroir particulier conf\u00e8re \u00e0 ses vins organiques un caract\u00e8re des plus s\u00e9duisants.","breadcrumb":{"@id":"https:\/\/ultraviolet.work\/_optionb\/beer-gin-wine\/#breadcrumb"},"inLanguage":"fr-FR","potentialAction":[{"@type":"ReadAction","target":["https:\/\/ultraviolet.work\/_optionb\/beer-gin-wine\/"]}]},{"@type":"BreadcrumbList","@id":"https:\/\/ultraviolet.work\/_optionb\/beer-gin-wine\/#breadcrumb","itemListElement":[{"@type":"ListItem","position":1,"name":"Accueil","item":"https:\/\/ultraviolet.work\/_optionb\/"},{"@type":"ListItem","position":2,"name":"Beer-Gin-Wine"}]},{"@type":"WebSite","@id":"https:\/\/ultraviolet.work\/_optionb\/#website","url":"https:\/\/ultraviolet.work\/_optionb\/","name":"Option-B","description":"","publisher":{"@id":"https:\/\/ultraviolet.work\/_optionb\/#organization"},"potentialAction":[{"@type":"SearchAction","target":{"@type":"EntryPoint","urlTemplate":"https:\/\/ultraviolet.work\/_optionb\/?s={search_term_string}"},"query-input":{"@type":"PropertyValueSpecification","valueRequired":true,"valueName":"search_term_string"}}],"inLanguage":"fr-FR"},{"@type":"Organization","@id":"https:\/\/ultraviolet.work\/_optionb\/#organization","name":"Option-B","url":"https:\/\/ultraviolet.work\/_optionb\/","logo":{"@type":"ImageObject","inLanguage":"fr-FR","@id":"https:\/\/ultraviolet.work\/_optionb\/#\/schema\/logo\/image\/","url":"https:\/\/ultraviolet.work\/_optionb\/wp-content\/uploads\/2022\/02\/OptionB-B-gen-gris.png","contentUrl":"https:\/\/ultraviolet.work\/_optionb\/wp-content\/uploads\/2022\/02\/OptionB-B-gen-gris.png","width":512,"height":512,"caption":"Option-B"},"image":{"@id":"https:\/\/ultraviolet.work\/_optionb\/#\/schema\/logo\/image\/"}}]}},"_links":{"self":[{"href":"https:\/\/ultraviolet.work\/_optionb\/wp-json\/wp\/v2\/pages\/17292","targetHints":{"allow":["GET"]}}],"collection":[{"href":"https:\/\/ultraviolet.work\/_optionb\/wp-json\/wp\/v2\/pages"}],"about":[{"href":"https:\/\/ultraviolet.work\/_optionb\/wp-json\/wp\/v2\/types\/page"}],"author":[{"embeddable":true,"href":"https:\/\/ultraviolet.work\/_optionb\/wp-json\/wp\/v2\/users\/1"}],"replies":[{"embeddable":true,"href":"https:\/\/ultraviolet.work\/_optionb\/wp-json\/wp\/v2\/comments?post=17292"}],"version-history":[{"count":0,"href":"https:\/\/ultraviolet.work\/_optionb\/wp-json\/wp\/v2\/pages\/17292\/revisions"}],"wp:attachment":[{"href":"https:\/\/ultraviolet.work\/_optionb\/wp-json\/wp\/v2\/media?parent=17292"}],"wp:term":[{"taxonomy":"wf_page_folders","embeddable":true,"href":"https:\/\/ultraviolet.work\/_optionb\/wp-json\/wp\/v2\/wf_page_folders?post=17292"}],"curies":[{"name":"wp","href":"https:\/\/api.w.org\/{rel}","templated":true}]}}