{"id":5463,"date":"2021-09-30T14:05:20","date_gmt":"2021-09-30T12:05:20","guid":{"rendered":"https:\/\/ultraviolet.work\/_optionb\/?page_id=5463"},"modified":"2022-04-06T09:32:00","modified_gmt":"2022-04-06T07:32:00","slug":"espaces-verts-insolites-et-meconnus","status":"publish","type":"page","link":"https:\/\/ultraviolet.work\/_optionb\/option-b-jardins-secrets\/espaces-verts-insolites-et-meconnus\/","title":{"rendered":"Espaces verts insolites et m\u00e9connus"},"content":{"rendered":"<p>[et_pb_section fb_built=\u00a0\u00bb1&Prime; custom_padding_last_edited=\u00a0\u00bbon|phone\u00a0\u00bb _builder_version=\u00a0\u00bb4.15.1&Prime; _module_preset=\u00a0\u00bbdefault\u00a0\u00bb background_color=\u00a0\u00bb#7c9b00&Prime; module_alignment=\u00a0\u00bbcenter\u00a0\u00bb min_height_tablet=\u00a0\u00bb\u00a0\u00bb min_height_phone=\u00a0\u00bb\u00a0\u00bb min_height_last_edited=\u00a0\u00bbon|desktop\u00a0\u00bb custom_padding=\u00a0\u00bb2.5vh||2.5vh||false|false\u00a0\u00bb custom_padding_tablet=\u00a0\u00bb2vh||2vh||true|false\u00a0\u00bb custom_padding_phone=\u00a0\u00bb\u00a0\u00bb custom_css_main_element=\u00a0\u00bbalign-items: center\u00a0\u00bb da_disable_devices=\u00a0\u00bboff|off|off\u00a0\u00bb global_module=\u00a0\u00bb12424&Prime; locked=\u00a0\u00bboff\u00a0\u00bb global_colors_info=\u00a0\u00bb{}\u00a0\u00bb da_is_popup=\u00a0\u00bboff\u00a0\u00bb da_exit_intent=\u00a0\u00bboff\u00a0\u00bb da_has_close=\u00a0\u00bbon\u00a0\u00bb da_alt_close=\u00a0\u00bboff\u00a0\u00bb da_dark_close=\u00a0\u00bboff\u00a0\u00bb da_not_modal=\u00a0\u00bbon\u00a0\u00bb da_is_singular=\u00a0\u00bboff\u00a0\u00bb da_with_loader=\u00a0\u00bboff\u00a0\u00bb da_has_shadow=\u00a0\u00bbon\u00a0\u00bb][et_pb_row make_equal=\u00a0\u00bbon\u00a0\u00bb _builder_version=\u00a0\u00bb4.16&Prime; _module_preset=\u00a0\u00bbdefault\u00a0\u00bb custom_margin=\u00a0\u00bb0px||0px||false|false\u00a0\u00bb custom_padding=\u00a0\u00bb0px||0px||false|false\u00a0\u00bb custom_css_main_element=\u00a0\u00bbalign-items: center;\u00a0\u00bb global_colors_info=\u00a0\u00bb{}\u00a0\u00bb][et_pb_column type=\u00a0\u00bb4_4&Prime; _builder_version=\u00a0\u00bb4.16&Prime; _module_preset=\u00a0\u00bbdefault\u00a0\u00bb global_colors_info=\u00a0\u00bb{}\u00a0\u00bb][et_pb_image src=\u00a0\u00bbhttps:\/\/ultraviolet.work\/_optionb\/wp-content\/uploads\/2022\/03\/OB1-FR-Txt-White.svg\u00a0\u00bb title_text=\u00a0\u00bbOB1 FR Txt White\u00a0\u00bb _builder_version=\u00a0\u00bb4.16&Prime; _module_preset=\u00a0\u00bbdefault\u00a0\u00bb max_width_tablet=\u00a0\u00bb500px\u00a0\u00bb max_width_phone=\u00a0\u00bb300px\u00a0\u00bb max_width_last_edited=\u00a0\u00bboff|desktop\u00a0\u00bb height=\u00a0\u00bb100px\u00a0\u00bb height_tablet=\u00a0\u00bb100px\u00a0\u00bb height_phone=\u00a0\u00bb\u00a0\u00bb height_last_edited=\u00a0\u00bbon|desktop\u00a0\u00bb custom_padding=\u00a0\u00bb0px||0px||true|false\u00a0\u00bb global_colors_info=\u00a0\u00bb{}\u00a0\u00bb][\/et_pb_image][\/et_pb_column][\/et_pb_row][\/et_pb_section][et_pb_section fb_built=\u00a0\u00bb1&Prime; fullwidth=\u00a0\u00bbon\u00a0\u00bb _builder_version=\u00a0\u00bb4.16&Prime; _module_preset=\u00a0\u00bbdefault\u00a0\u00bb z_index=\u00a0\u00bb50&Prime; da_disable_devices=\u00a0\u00bboff|off|off\u00a0\u00bb locked=\u00a0\u00bboff\u00a0\u00bb global_colors_info=\u00a0\u00bb{}\u00a0\u00bb da_is_popup=\u00a0\u00bboff\u00a0\u00bb da_exit_intent=\u00a0\u00bboff\u00a0\u00bb da_has_close=\u00a0\u00bbon\u00a0\u00bb da_alt_close=\u00a0\u00bboff\u00a0\u00bb da_dark_close=\u00a0\u00bboff\u00a0\u00bb da_not_modal=\u00a0\u00bbon\u00a0\u00bb da_is_singular=\u00a0\u00bboff\u00a0\u00bb da_with_loader=\u00a0\u00bboff\u00a0\u00bb da_has_shadow=\u00a0\u00bbon\u00a0\u00bb][et_pb_fullwidth_image src=\u00a0\u00bbhttps:\/\/ultraviolet.work\/_optionb\/wp-content\/uploads\/2021\/10\/insolites-Ferme-Maximilien-1-12-2400&#215;400-1.jpg\u00a0\u00bb title_text=\u00a0\u00bb_insolites-Ferme Maximilien 1-12-2400&#215;400&Prime; _builder_version=\u00a0\u00bb4.16&Prime; _module_preset=\u00a0\u00bbdefault\u00a0\u00bb global_colors_info=\u00a0\u00bb{}\u00a0\u00bb][\/et_pb_fullwidth_image][\/et_pb_section][et_pb_section fb_built=\u00a0\u00bb1&Prime; _builder_version=\u00a0\u00bb4.16&Prime; _module_preset=\u00a0\u00bbdefault\u00a0\u00bb z_index=\u00a0\u00bb200&Prime; custom_margin=\u00a0\u00bb0px||||false|false\u00a0\u00bb custom_padding=\u00a0\u00bb62px||62px||true|false\u00a0\u00bb da_disable_devices=\u00a0\u00bboff|off|off\u00a0\u00bb global_colors_info=\u00a0\u00bb{}\u00a0\u00bb background_color=\u00a0\u00bb#9dc400&Prime; positioning=\u00a0\u00bbrelative\u00a0\u00bb da_is_popup=\u00a0\u00bboff\u00a0\u00bb da_exit_intent=\u00a0\u00bboff\u00a0\u00bb da_has_close=\u00a0\u00bbon\u00a0\u00bb da_alt_close=\u00a0\u00bboff\u00a0\u00bb da_dark_close=\u00a0\u00bboff\u00a0\u00bb da_not_modal=\u00a0\u00bbon\u00a0\u00bb da_is_singular=\u00a0\u00bboff\u00a0\u00bb da_with_loader=\u00a0\u00bboff\u00a0\u00bb da_has_shadow=\u00a0\u00bbon\u00a0\u00bb][et_pb_row column_structure=\u00a0\u00bb1_3,2_3&Prime; use_custom_gutter=\u00a0\u00bbon\u00a0\u00bb gutter_width=\u00a0\u00bb2&Prime; _builder_version=\u00a0\u00bb4.16&Prime; _module_preset=\u00a0\u00bbdefault\u00a0\u00bb z_index=\u00a0\u00bb9&Prime; custom_margin=\u00a0\u00bb0px||0px||false|false\u00a0\u00bb custom_padding=\u00a0\u00bb0px||0px||false|false\u00a0\u00bb global_colors_info=\u00a0\u00bb{}\u00a0\u00bb][et_pb_column type=\u00a0\u00bb1_3&Prime; _builder_version=\u00a0\u00bb4.16&Prime; _module_preset=\u00a0\u00bbdefault\u00a0\u00bb custom_padding=\u00a0\u00bb0px||0px||false|false\u00a0\u00bb global_colors_info=\u00a0\u00bb{}\u00a0\u00bb][et_pb_text content_tablet=\u00a0\u00bb<\/p>\n<h3 class=%22p1%22 style=%22text-align: left;%22>Le Quartier<\/h3>\n<h6 class=%22p1%22 style=%22text-align: left;%22>Internationalement connue pour son histoire, sa qualit\u00e9 architecturale et sa richesse ornementale, la Grand-Place avec son H\u00f4tel de Ville est consid\u00e9r\u00e9e comme l\u2019une des plus belles places du monde, class\u00e9e au Patrimoine mondial par l\u2019UNESCO en 1998.<\/h6>\n<p class=%22p1%22>\n\u00a0\u00bb content_last_edited=\u00a0\u00bboff|desktop\u00a0\u00bb _builder_version=\u00a0\u00bb4.16&Prime; _module_preset=\u00a0\u00bb93cf1c6e-09f0-4246-a91c-b71c6a33905a\u00a0\u00bb global_colors_info=\u00a0\u00bb{}\u00a0\u00bb]<\/p>\n<h3 class=\"p1\">Espaces verts<br \/>insolites et m\u00e9connus<\/h3>\n<p class=\"p1\">[\/et_pb_text][\/et_pb_column][et_pb_column type=\u00a0\u00bb2_3&Prime; _builder_version=\u00a0\u00bb4.16&Prime; _module_preset=\u00a0\u00bbdefault\u00a0\u00bb custom_padding=\u00a0\u00bb0px||0px||false|false\u00a0\u00bb global_colors_info=\u00a0\u00bb{}\u00a0\u00bb][et_pb_text _builder_version=\u00a0\u00bb4.16&Prime; _module_preset=\u00a0\u00bb93cf1c6e-09f0-4246-a91c-b71c6a33905a\u00a0\u00bb global_colors_info=\u00a0\u00bb{}\u00a0\u00bb]<\/p>\n<h5>Les bonnes surprises, naturellement.<\/h5>\n<h6>La nature l\u00e0 o\u00f9 on ne l&rsquo;attend pas en cet \u00e9picentre de la Belgique. Au coin d&rsquo;une ruelle, sur une fa\u00e7ade, ou sur un toit. Un potager collectif o\u00f9 l\u00e9gumes, herbes ou fruits nous font revenir \u00e0 la source et \u00e0 la raison.<\/h6>\n<p>[\/et_pb_text][\/et_pb_column][\/et_pb_row][\/et_pb_section][et_pb_section fb_built=\u00a0\u00bb1&Prime; fullwidth=\u00a0\u00bbon\u00a0\u00bb admin_label=\u00a0\u00bbSection Carte\u00a0\u00bb _builder_version=\u00a0\u00bb4.16&Prime; _module_preset=\u00a0\u00bbdefault\u00a0\u00bb z_index=\u00a0\u00bb1&Prime; custom_margin=\u00a0\u00bb-60px||||false|false\u00a0\u00bb da_disable_devices=\u00a0\u00bboff|off|off\u00a0\u00bb global_colors_info=\u00a0\u00bb{}\u00a0\u00bb da_is_popup=\u00a0\u00bboff\u00a0\u00bb da_exit_intent=\u00a0\u00bboff\u00a0\u00bb da_has_close=\u00a0\u00bbon\u00a0\u00bb da_alt_close=\u00a0\u00bboff\u00a0\u00bb da_dark_close=\u00a0\u00bboff\u00a0\u00bb da_not_modal=\u00a0\u00bbon\u00a0\u00bb da_is_singular=\u00a0\u00bboff\u00a0\u00bb da_with_loader=\u00a0\u00bboff\u00a0\u00bb da_has_shadow=\u00a0\u00bbon\u00a0\u00bb][et_pb_fullwidth_code admin_label=\u00a0\u00bbCode en pleine largeur iframe carte\u00a0\u00bb _builder_version=\u00a0\u00bb4.16&Prime; _module_preset=\u00a0\u00bbdefault\u00a0\u00bb z_index=\u00a0\u00bb1&Prime; custom_margin=\u00a0\u00bb||||false|false\u00a0\u00bb custom_padding=\u00a0\u00bb||||false|false\u00a0\u00bb global_colors_info=\u00a0\u00bb{}\u00a0\u00bb]<iframe src=\"https:\/\/www.google.com\/maps\/d\/u\/0\/embed?mid=1D_oOAkVmc5bkewNU8kPpfM3v7h3DB3c8\" width=\"100%\" height=\"800\"><\/iframe>[\/et_pb_fullwidth_code][\/et_pb_section]<\/p>\n","protected":false},"excerpt":{"rendered":"<p>Espaces vertsinsolites et m\u00e9connus Les bonnes surprises, naturellement. La nature l\u00e0 o\u00f9 on ne l&rsquo;attend pas en cet \u00e9picentre de la Belgique. Au coin d&rsquo;une ruelle, sur une fa\u00e7ade, ou sur un toit. Un potager collectif o\u00f9 l\u00e9gumes, herbes ou fruits nous font revenir \u00e0 la source et \u00e0 la raison.<\/p>\n","protected":false},"author":1,"featured_media":0,"parent":5253,"menu_order":0,"comment_status":"closed","ping_status":"closed","template":"","meta":{"_et_pb_use_builder":"on","_et_pb_old_content":"","_et_gb_content_width":"","inline_featured_image":false,"footnotes":""},"wf_page_folders":[116],"class_list":["post-5463","page","type-page","status-publish","hentry"],"yoast_head":"<!-- This site is optimized with the Yoast SEO plugin v27.5 - https:\/\/yoast.com\/product\/yoast-seo-wordpress\/ -->\n<title>Espaces verts insolites et m\u00e9connus - Option-B<\/title>\n<meta name=\"description\" content=\"La nature l\u00e0 o\u00f9 on ne l&#039;attend pas en cet \u00e9picentre de la Belgique. Au coin d&#039;une ruelle, sur une fa\u00e7ade, ou sur un toit. Un potager collectif o\u00f9 l\u00e9gumes, herbes ou fruits nous font revenir \u00e0 la source et \u00e0 la raison.\" \/>\n<meta name=\"robots\" content=\"index, follow, max-snippet:-1, max-image-preview:large, max-video-preview:-1\" \/>\n<link rel=\"canonical\" href=\"https:\/\/ultraviolet.work\/_optionb\/option-b-jardins-secrets\/espaces-verts-insolites-et-meconnus\/\" \/>\n<meta property=\"og:locale\" content=\"fr_FR\" \/>\n<meta property=\"og:type\" content=\"article\" \/>\n<meta property=\"og:title\" content=\"Espaces verts insolites et m\u00e9connus - Option-B\" \/>\n<meta property=\"og:description\" content=\"La nature l\u00e0 o\u00f9 on ne l&#039;attend pas en cet \u00e9picentre de la Belgique. Au coin d&#039;une ruelle, sur une fa\u00e7ade, ou sur un toit. Un potager collectif o\u00f9 l\u00e9gumes, herbes ou fruits nous font revenir \u00e0 la source et \u00e0 la raison.\" \/>\n<meta property=\"og:url\" content=\"https:\/\/ultraviolet.work\/_optionb\/option-b-jardins-secrets\/espaces-verts-insolites-et-meconnus\/\" \/>\n<meta property=\"og:site_name\" content=\"Option-B\" \/>\n<meta property=\"article:modified_time\" content=\"2022-04-06T07:32:00+00:00\" \/>\n<meta property=\"og:image\" content=\"https:\/\/ultraviolet.work\/_optionb\/wp-content\/uploads\/2022\/04\/ENTR-2203-Facebook-Yoast-share-1000x520-1.jpg\" \/>\n\t<meta property=\"og:image:width\" content=\"1000\" \/>\n\t<meta property=\"og:image:height\" content=\"520\" \/>\n\t<meta property=\"og:image:type\" content=\"image\/jpeg\" \/>\n<meta name=\"twitter:card\" content=\"summary_large_image\" \/>\n<meta name=\"twitter:label1\" content=\"Dur\u00e9e de lecture estim\u00e9e\" \/>\n\t<meta name=\"twitter:data1\" content=\"2 minutes\" \/>\n<script type=\"application\/ld+json\" class=\"yoast-schema-graph\">{\"@context\":\"https:\\\/\\\/schema.org\",\"@graph\":[{\"@type\":\"WebPage\",\"@id\":\"https:\\\/\\\/ultraviolet.work\\\/_optionb\\\/option-b-jardins-secrets\\\/espaces-verts-insolites-et-meconnus\\\/\",\"url\":\"https:\\\/\\\/ultraviolet.work\\\/_optionb\\\/option-b-jardins-secrets\\\/espaces-verts-insolites-et-meconnus\\\/\",\"name\":\"Espaces verts insolites et m\u00e9connus - Option-B\",\"isPartOf\":{\"@id\":\"https:\\\/\\\/ultraviolet.work\\\/_optionb\\\/#website\"},\"datePublished\":\"2021-09-30T12:05:20+00:00\",\"dateModified\":\"2022-04-06T07:32:00+00:00\",\"description\":\"La nature l\u00e0 o\u00f9 on ne l'attend pas en cet \u00e9picentre de la Belgique. Au coin d'une ruelle, sur une fa\u00e7ade, ou sur un toit. Un potager collectif o\u00f9 l\u00e9gumes, herbes ou fruits nous font revenir \u00e0 la source et \u00e0 la raison.\",\"breadcrumb\":{\"@id\":\"https:\\\/\\\/ultraviolet.work\\\/_optionb\\\/option-b-jardins-secrets\\\/espaces-verts-insolites-et-meconnus\\\/#breadcrumb\"},\"inLanguage\":\"fr-FR\",\"potentialAction\":[{\"@type\":\"ReadAction\",\"target\":[\"https:\\\/\\\/ultraviolet.work\\\/_optionb\\\/option-b-jardins-secrets\\\/espaces-verts-insolites-et-meconnus\\\/\"]}]},{\"@type\":\"BreadcrumbList\",\"@id\":\"https:\\\/\\\/ultraviolet.work\\\/_optionb\\\/option-b-jardins-secrets\\\/espaces-verts-insolites-et-meconnus\\\/#breadcrumb\",\"itemListElement\":[{\"@type\":\"ListItem\",\"position\":1,\"name\":\"Accueil\",\"item\":\"https:\\\/\\\/ultraviolet.work\\\/_optionb\\\/\"},{\"@type\":\"ListItem\",\"position\":2,\"name\":\"Option-B Jardins secrets\",\"item\":\"https:\\\/\\\/ultraviolet.work\\\/_optionb\\\/option-b-jardins-secrets\\\/\"},{\"@type\":\"ListItem\",\"position\":3,\"name\":\"Espaces verts insolites et m\u00e9connus\"}]},{\"@type\":\"WebSite\",\"@id\":\"https:\\\/\\\/ultraviolet.work\\\/_optionb\\\/#website\",\"url\":\"https:\\\/\\\/ultraviolet.work\\\/_optionb\\\/\",\"name\":\"Option-B\",\"description\":\"\",\"publisher\":{\"@id\":\"https:\\\/\\\/ultraviolet.work\\\/_optionb\\\/#organization\"},\"potentialAction\":[{\"@type\":\"SearchAction\",\"target\":{\"@type\":\"EntryPoint\",\"urlTemplate\":\"https:\\\/\\\/ultraviolet.work\\\/_optionb\\\/?s={search_term_string}\"},\"query-input\":{\"@type\":\"PropertyValueSpecification\",\"valueRequired\":true,\"valueName\":\"search_term_string\"}}],\"inLanguage\":\"fr-FR\"},{\"@type\":\"Organization\",\"@id\":\"https:\\\/\\\/ultraviolet.work\\\/_optionb\\\/#organization\",\"name\":\"Option-B\",\"url\":\"https:\\\/\\\/ultraviolet.work\\\/_optionb\\\/\",\"logo\":{\"@type\":\"ImageObject\",\"inLanguage\":\"fr-FR\",\"@id\":\"https:\\\/\\\/ultraviolet.work\\\/_optionb\\\/#\\\/schema\\\/logo\\\/image\\\/\",\"url\":\"https:\\\/\\\/ultraviolet.work\\\/_optionb\\\/wp-content\\\/uploads\\\/2022\\\/02\\\/OptionB-B-gen-gris.png\",\"contentUrl\":\"https:\\\/\\\/ultraviolet.work\\\/_optionb\\\/wp-content\\\/uploads\\\/2022\\\/02\\\/OptionB-B-gen-gris.png\",\"width\":512,\"height\":512,\"caption\":\"Option-B\"},\"image\":{\"@id\":\"https:\\\/\\\/ultraviolet.work\\\/_optionb\\\/#\\\/schema\\\/logo\\\/image\\\/\"}}]}<\/script>\n<!-- \/ Yoast SEO plugin. -->","yoast_head_json":{"title":"Espaces verts insolites et m\u00e9connus - Option-B","description":"La nature l\u00e0 o\u00f9 on ne l'attend pas en cet \u00e9picentre de la Belgique. Au coin d'une ruelle, sur une fa\u00e7ade, ou sur un toit. Un potager collectif o\u00f9 l\u00e9gumes, herbes ou fruits nous font revenir \u00e0 la source et \u00e0 la raison.","robots":{"index":"index","follow":"follow","max-snippet":"max-snippet:-1","max-image-preview":"max-image-preview:large","max-video-preview":"max-video-preview:-1"},"canonical":"https:\/\/ultraviolet.work\/_optionb\/option-b-jardins-secrets\/espaces-verts-insolites-et-meconnus\/","og_locale":"fr_FR","og_type":"article","og_title":"Espaces verts insolites et m\u00e9connus - Option-B","og_description":"La nature l\u00e0 o\u00f9 on ne l'attend pas en cet \u00e9picentre de la Belgique. Au coin d'une ruelle, sur une fa\u00e7ade, ou sur un toit. Un potager collectif o\u00f9 l\u00e9gumes, herbes ou fruits nous font revenir \u00e0 la source et \u00e0 la raison.","og_url":"https:\/\/ultraviolet.work\/_optionb\/option-b-jardins-secrets\/espaces-verts-insolites-et-meconnus\/","og_site_name":"Option-B","article_modified_time":"2022-04-06T07:32:00+00:00","og_image":[{"width":1000,"height":520,"url":"https:\/\/ultraviolet.work\/_optionb\/wp-content\/uploads\/2022\/04\/ENTR-2203-Facebook-Yoast-share-1000x520-1.jpg","type":"image\/jpeg"}],"twitter_card":"summary_large_image","twitter_misc":{"Dur\u00e9e de lecture estim\u00e9e":"2 minutes"},"schema":{"@context":"https:\/\/schema.org","@graph":[{"@type":"WebPage","@id":"https:\/\/ultraviolet.work\/_optionb\/option-b-jardins-secrets\/espaces-verts-insolites-et-meconnus\/","url":"https:\/\/ultraviolet.work\/_optionb\/option-b-jardins-secrets\/espaces-verts-insolites-et-meconnus\/","name":"Espaces verts insolites et m\u00e9connus - Option-B","isPartOf":{"@id":"https:\/\/ultraviolet.work\/_optionb\/#website"},"datePublished":"2021-09-30T12:05:20+00:00","dateModified":"2022-04-06T07:32:00+00:00","description":"La nature l\u00e0 o\u00f9 on ne l'attend pas en cet \u00e9picentre de la Belgique. Au coin d'une ruelle, sur une fa\u00e7ade, ou sur un toit. Un potager collectif o\u00f9 l\u00e9gumes, herbes ou fruits nous font revenir \u00e0 la source et \u00e0 la raison.","breadcrumb":{"@id":"https:\/\/ultraviolet.work\/_optionb\/option-b-jardins-secrets\/espaces-verts-insolites-et-meconnus\/#breadcrumb"},"inLanguage":"fr-FR","potentialAction":[{"@type":"ReadAction","target":["https:\/\/ultraviolet.work\/_optionb\/option-b-jardins-secrets\/espaces-verts-insolites-et-meconnus\/"]}]},{"@type":"BreadcrumbList","@id":"https:\/\/ultraviolet.work\/_optionb\/option-b-jardins-secrets\/espaces-verts-insolites-et-meconnus\/#breadcrumb","itemListElement":[{"@type":"ListItem","position":1,"name":"Accueil","item":"https:\/\/ultraviolet.work\/_optionb\/"},{"@type":"ListItem","position":2,"name":"Option-B Jardins secrets","item":"https:\/\/ultraviolet.work\/_optionb\/option-b-jardins-secrets\/"},{"@type":"ListItem","position":3,"name":"Espaces verts insolites et m\u00e9connus"}]},{"@type":"WebSite","@id":"https:\/\/ultraviolet.work\/_optionb\/#website","url":"https:\/\/ultraviolet.work\/_optionb\/","name":"Option-B","description":"","publisher":{"@id":"https:\/\/ultraviolet.work\/_optionb\/#organization"},"potentialAction":[{"@type":"SearchAction","target":{"@type":"EntryPoint","urlTemplate":"https:\/\/ultraviolet.work\/_optionb\/?s={search_term_string}"},"query-input":{"@type":"PropertyValueSpecification","valueRequired":true,"valueName":"search_term_string"}}],"inLanguage":"fr-FR"},{"@type":"Organization","@id":"https:\/\/ultraviolet.work\/_optionb\/#organization","name":"Option-B","url":"https:\/\/ultraviolet.work\/_optionb\/","logo":{"@type":"ImageObject","inLanguage":"fr-FR","@id":"https:\/\/ultraviolet.work\/_optionb\/#\/schema\/logo\/image\/","url":"https:\/\/ultraviolet.work\/_optionb\/wp-content\/uploads\/2022\/02\/OptionB-B-gen-gris.png","contentUrl":"https:\/\/ultraviolet.work\/_optionb\/wp-content\/uploads\/2022\/02\/OptionB-B-gen-gris.png","width":512,"height":512,"caption":"Option-B"},"image":{"@id":"https:\/\/ultraviolet.work\/_optionb\/#\/schema\/logo\/image\/"}}]}},"_links":{"self":[{"href":"https:\/\/ultraviolet.work\/_optionb\/wp-json\/wp\/v2\/pages\/5463","targetHints":{"allow":["GET"]}}],"collection":[{"href":"https:\/\/ultraviolet.work\/_optionb\/wp-json\/wp\/v2\/pages"}],"about":[{"href":"https:\/\/ultraviolet.work\/_optionb\/wp-json\/wp\/v2\/types\/page"}],"author":[{"embeddable":true,"href":"https:\/\/ultraviolet.work\/_optionb\/wp-json\/wp\/v2\/users\/1"}],"replies":[{"embeddable":true,"href":"https:\/\/ultraviolet.work\/_optionb\/wp-json\/wp\/v2\/comments?post=5463"}],"version-history":[{"count":0,"href":"https:\/\/ultraviolet.work\/_optionb\/wp-json\/wp\/v2\/pages\/5463\/revisions"}],"up":[{"embeddable":true,"href":"https:\/\/ultraviolet.work\/_optionb\/wp-json\/wp\/v2\/pages\/5253"}],"wp:attachment":[{"href":"https:\/\/ultraviolet.work\/_optionb\/wp-json\/wp\/v2\/media?parent=5463"}],"wp:term":[{"taxonomy":"wf_page_folders","embeddable":true,"href":"https:\/\/ultraviolet.work\/_optionb\/wp-json\/wp\/v2\/wf_page_folders?post=5463"}],"curies":[{"name":"wp","href":"https:\/\/api.w.org\/{rel}","templated":true}]}}