{"id":5827,"date":"2021-10-15T08:26:21","date_gmt":"2021-10-15T06:26:21","guid":{"rendered":"https:\/\/ultraviolet.work\/_optionb\/?page_id=5827"},"modified":"2023-03-29T14:24:11","modified_gmt":"2023-03-29T12:24:11","slug":"evenements","status":"publish","type":"page","link":"https:\/\/ultraviolet.work\/_optionb\/option-b-jardins-secrets\/evenements\/","title":{"rendered":"\u00c9v\u00e9nements"},"content":{"rendered":"<p>[et_pb_section fb_built=\u00a0\u00bb1&Prime; custom_padding_last_edited=\u00a0\u00bbon|phone\u00a0\u00bb _builder_version=\u00a0\u00bb4.17.4&Prime; _module_preset=\u00a0\u00bbdefault\u00a0\u00bb background_color=\u00a0\u00bb#7c9b00&Prime; module_alignment=\u00a0\u00bbcenter\u00a0\u00bb min_height_tablet=\u00a0\u00bb\u00a0\u00bb min_height_phone=\u00a0\u00bb\u00a0\u00bb min_height_last_edited=\u00a0\u00bbon|desktop\u00a0\u00bb custom_padding=\u00a0\u00bb2.5vh||2.5vh||false|false\u00a0\u00bb custom_padding_tablet=\u00a0\u00bb2vh||2vh||true|false\u00a0\u00bb custom_padding_phone=\u00a0\u00bb\u00a0\u00bb custom_css_main_element=\u00a0\u00bbalign-items: center\u00a0\u00bb da_disable_devices=\u00a0\u00bboff|off|off\u00a0\u00bb global_module=\u00a0\u00bb12424&Prime; locked=\u00a0\u00bboff\u00a0\u00bb global_colors_info=\u00a0\u00bb{}\u00a0\u00bb da_is_popup=\u00a0\u00bboff\u00a0\u00bb da_exit_intent=\u00a0\u00bboff\u00a0\u00bb da_has_close=\u00a0\u00bbon\u00a0\u00bb da_alt_close=\u00a0\u00bboff\u00a0\u00bb da_dark_close=\u00a0\u00bboff\u00a0\u00bb da_not_modal=\u00a0\u00bbon\u00a0\u00bb da_is_singular=\u00a0\u00bboff\u00a0\u00bb da_with_loader=\u00a0\u00bboff\u00a0\u00bb da_has_shadow=\u00a0\u00bbon\u00a0\u00bb][et_pb_row make_equal=\u00a0\u00bbon\u00a0\u00bb _builder_version=\u00a0\u00bb4.16&Prime; _module_preset=\u00a0\u00bbdefault\u00a0\u00bb custom_margin=\u00a0\u00bb0px||0px||false|false\u00a0\u00bb custom_padding=\u00a0\u00bb0px||0px||false|false\u00a0\u00bb custom_css_main_element=\u00a0\u00bbalign-items: center;\u00a0\u00bb global_colors_info=\u00a0\u00bb{}\u00a0\u00bb][et_pb_column type=\u00a0\u00bb4_4&Prime; _builder_version=\u00a0\u00bb4.16&Prime; _module_preset=\u00a0\u00bbdefault\u00a0\u00bb global_colors_info=\u00a0\u00bb{}\u00a0\u00bb][et_pb_image src=\u00a0\u00bbhttps:\/\/ultraviolet.work\/_optionb\/wp-content\/uploads\/2022\/04\/ob1-pictotext-fr-white.svg\u00a0\u00bb title_text=\u00a0\u00bbob1-pictotext-fr-white\u00a0\u00bb _builder_version=\u00a0\u00bb4.16.0&Prime; _module_preset=\u00a0\u00bbdefault\u00a0\u00bb max_width_tablet=\u00a0\u00bb500px\u00a0\u00bb max_width_phone=\u00a0\u00bb300px\u00a0\u00bb max_width_last_edited=\u00a0\u00bboff|desktop\u00a0\u00bb height=\u00a0\u00bb100px\u00a0\u00bb height_tablet=\u00a0\u00bb100px\u00a0\u00bb height_phone=\u00a0\u00bb\u00a0\u00bb height_last_edited=\u00a0\u00bbon|desktop\u00a0\u00bb custom_padding=\u00a0\u00bb0px||0px||true|false\u00a0\u00bb global_colors_info=\u00a0\u00bb{}\u00a0\u00bb][\/et_pb_image][\/et_pb_column][\/et_pb_row][\/et_pb_section][et_pb_section fb_built=\u00a0\u00bb1&Prime; fullwidth=\u00a0\u00bbon\u00a0\u00bb _builder_version=\u00a0\u00bb4.16&Prime; _module_preset=\u00a0\u00bbdefault\u00a0\u00bb z_index=\u00a0\u00bb50&Prime; da_disable_devices=\u00a0\u00bboff|off|off\u00a0\u00bb locked=\u00a0\u00bboff\u00a0\u00bb global_colors_info=\u00a0\u00bb{}\u00a0\u00bb da_is_popup=\u00a0\u00bboff\u00a0\u00bb da_exit_intent=\u00a0\u00bboff\u00a0\u00bb da_has_close=\u00a0\u00bbon\u00a0\u00bb da_alt_close=\u00a0\u00bboff\u00a0\u00bb da_dark_close=\u00a0\u00bboff\u00a0\u00bb da_not_modal=\u00a0\u00bbon\u00a0\u00bb da_is_singular=\u00a0\u00bboff\u00a0\u00bb da_with_loader=\u00a0\u00bboff\u00a0\u00bb da_has_shadow=\u00a0\u00bbon\u00a0\u00bb][et_pb_fullwidth_image src=\u00a0\u00bbhttps:\/\/ultraviolet.work\/_optionb\/wp-content\/uploads\/2021\/10\/Artiste-Mottard-2400&#215;400-1.jpg\u00a0\u00bb title_text=\u00a0\u00bb_Artiste-Mottard-2400&#215;400&Prime; _builder_version=\u00a0\u00bb4.16&Prime; _module_preset=\u00a0\u00bbdefault\u00a0\u00bb global_colors_info=\u00a0\u00bb{}\u00a0\u00bb][\/et_pb_fullwidth_image][\/et_pb_section][et_pb_section fb_built=\u00a0\u00bb1&Prime; _builder_version=\u00a0\u00bb4.17.2&Prime; _module_preset=\u00a0\u00bbdefault\u00a0\u00bb background_color=\u00a0\u00bb#9dc400&Prime; positioning=\u00a0\u00bbrelative\u00a0\u00bb z_index=\u00a0\u00bb200&Prime; custom_margin=\u00a0\u00bb0px||10px||false|false\u00a0\u00bb custom_padding=\u00a0\u00bb62px||62px||true|false\u00a0\u00bb da_disable_devices=\u00a0\u00bboff|off|off\u00a0\u00bb global_colors_info=\u00a0\u00bb{}\u00a0\u00bb da_is_popup=\u00a0\u00bboff\u00a0\u00bb da_exit_intent=\u00a0\u00bboff\u00a0\u00bb da_has_close=\u00a0\u00bbon\u00a0\u00bb da_alt_close=\u00a0\u00bboff\u00a0\u00bb da_dark_close=\u00a0\u00bboff\u00a0\u00bb da_not_modal=\u00a0\u00bbon\u00a0\u00bb da_is_singular=\u00a0\u00bboff\u00a0\u00bb da_with_loader=\u00a0\u00bboff\u00a0\u00bb da_has_shadow=\u00a0\u00bbon\u00a0\u00bb][et_pb_row column_structure=\u00a0\u00bb1_3,2_3&Prime; use_custom_gutter=\u00a0\u00bbon\u00a0\u00bb _builder_version=\u00a0\u00bb4.16&Prime; _module_preset=\u00a0\u00bbdefault\u00a0\u00bb z_index=\u00a0\u00bb9&Prime; custom_margin=\u00a0\u00bb0px||0px||false|false\u00a0\u00bb custom_padding=\u00a0\u00bb0px||0px||false|false\u00a0\u00bb global_colors_info=\u00a0\u00bb{}\u00a0\u00bb][et_pb_column type=\u00a0\u00bb1_3&Prime; _builder_version=\u00a0\u00bb4.16&Prime; _module_preset=\u00a0\u00bbdefault\u00a0\u00bb custom_padding=\u00a0\u00bb0px||0px||false|false\u00a0\u00bb global_colors_info=\u00a0\u00bb{}\u00a0\u00bb][et_pb_text content_tablet=\u00a0\u00bb<\/p>\n<h3 class=%22p1%22 style=%22text-align: left;%22>Le Quartier<\/h3>\n<h6 class=%22p1%22 style=%22text-align: left;%22>Internationalement connue pour son histoire, sa qualit\u00e9 architecturale et sa richesse ornementale, la Grand-Place avec son H\u00f4tel de Ville est consid\u00e9r\u00e9e comme l\u2019une des plus belles places du monde, class\u00e9e au Patrimoine mondial par l\u2019UNESCO en 1998.<\/h6>\n<p class=%22p1%22>\n\u00a0\u00bb content_last_edited=\u00a0\u00bboff|desktop\u00a0\u00bb _builder_version=\u00a0\u00bb4.17.2&Prime; _module_preset=\u00a0\u00bb93cf1c6e-09f0-4246-a91c-b71c6a33905a\u00a0\u00bb global_colors_info=\u00a0\u00bb{}\u00a0\u00bb]<\/p>\n<h3 class=\"p1\">\u00c9v\u00e9nements<\/h3>\n<p class=\"p1\">[\/et_pb_text][\/et_pb_column][et_pb_column type=\u00a0\u00bb2_3&Prime; _builder_version=\u00a0\u00bb4.16&Prime; _module_preset=\u00a0\u00bbdefault\u00a0\u00bb custom_padding=\u00a0\u00bb0px||0px||false|false\u00a0\u00bb global_colors_info=\u00a0\u00bb{}\u00a0\u00bb][et_pb_text _builder_version=\u00a0\u00bb4.17.2&Prime; _module_preset=\u00a0\u00bb93cf1c6e-09f0-4246-a91c-b71c6a33905a\u00a0\u00bb global_colors_info=\u00a0\u00bb{}\u00a0\u00bb]<\/p>\n<h6>Dans Bruxelles, pour ceux qui aiment lever la t\u00eate, il y a toujours quelque chose \u00e0 d\u00e9couvrir, un magasin, une vitrine, une affiche, une fresque, et bien d&rsquo;autres \u00e9l\u00e9ments qui font la cit\u00e9. Mais la ville, c&rsquo;est surtout de l&rsquo;activit\u00e9, du mouvement et des \u00e9v\u00e9nements qu&rsquo;elle nous propose de d\u00e9couvrir ici : venez nombreux, Bruxelles est vivante et verte au del\u00e0 de votre imagination!<\/h6>\n<p>[\/et_pb_text][\/et_pb_column][\/et_pb_row][\/et_pb_section][et_pb_section fb_built=\u00a0\u00bb1&Prime; admin_label=\u00a0\u00bbJardins\u00a0\u00bb _builder_version=\u00a0\u00bb4.17.2&Prime; _module_preset=\u00a0\u00bba691b8ca-d712-416a-b0fb-01a30b664e7b\u00a0\u00bb da_popup_slug=\u00a0\u00bbserres-laeken\u00a0\u00bb da_disable_devices=\u00a0\u00bboff|off|off\u00a0\u00bb locked=\u00a0\u00bboff\u00a0\u00bb collapsed=\u00a0\u00bbon\u00a0\u00bb global_colors_info=\u00a0\u00bb{}\u00a0\u00bb da_is_popup=\u00a0\u00bboff\u00a0\u00bb da_exit_intent=\u00a0\u00bboff\u00a0\u00bb da_has_close=\u00a0\u00bbon\u00a0\u00bb da_alt_close=\u00a0\u00bboff\u00a0\u00bb da_dark_close=\u00a0\u00bboff\u00a0\u00bb da_not_modal=\u00a0\u00bbon\u00a0\u00bb da_is_singular=\u00a0\u00bboff\u00a0\u00bb da_with_loader=\u00a0\u00bboff\u00a0\u00bb da_has_shadow=\u00a0\u00bbon\u00a0\u00bb][et_pb_row column_structure=\u00a0\u00bb1_4,1_2,1_4&Prime; use_custom_gutter=\u00a0\u00bbon\u00a0\u00bb make_equal=\u00a0\u00bbon\u00a0\u00bb _builder_version=\u00a0\u00bb4.16.0&Prime; _module_preset=\u00a0\u00bbdefault\u00a0\u00bb custom_padding=\u00a0\u00bb0px||0px||false|false\u00a0\u00bb custom_css_main_element=\u00a0\u00bbalign-items:center;\u00a0\u00bb global_colors_info=\u00a0\u00bb{}\u00a0\u00bb][et_pb_column type=\u00a0\u00bb1_4&Prime; _builder_version=\u00a0\u00bb4.16&Prime; _module_preset=\u00a0\u00bbdefault\u00a0\u00bb global_colors_info=\u00a0\u00bb{}\u00a0\u00bb][et_pb_image src=\u00a0\u00bbhttps:\/\/ultraviolet.work\/_optionb\/wp-content\/uploads\/2022\/04\/serres-laeken-1000px.jpg\u00a0\u00bb title_text=\u00a0\u00bbserres-laeken-1000px\u00a0\u00bb show_bottom_space=\u00a0\u00bboff\u00a0\u00bb force_fullwidth=\u00a0\u00bbon\u00a0\u00bb _builder_version=\u00a0\u00bb4.16.0&Prime; _module_preset=\u00a0\u00bbdefault\u00a0\u00bb global_colors_info=\u00a0\u00bb{}\u00a0\u00bb][\/et_pb_image][\/et_pb_column][et_pb_column type=\u00a0\u00bb1_2&Prime; module_class=\u00a0\u00bbpa-inline-buttons\u00a0\u00bb _builder_version=\u00a0\u00bb4.16&Prime; _module_preset=\u00a0\u00bbdefault\u00a0\u00bb global_colors_info=\u00a0\u00bb{}\u00a0\u00bb][et_pb_image src=\u00a0\u00bbhttps:\/\/ultraviolet.work\/_optionb\/wp-content\/uploads\/2022\/04\/ob1-pictotext-fr.svg\u00a0\u00bb title_text=\u00a0\u00bbob1-pictotext-fr\u00a0\u00bb _builder_version=\u00a0\u00bb4.16.0&Prime; _module_preset=\u00a0\u00bb50e9bcca-8bc2-4a26-8737-4245578c2dd7&Prime; locked=\u00a0\u00bboff\u00a0\u00bb global_colors_info=\u00a0\u00bb{}\u00a0\u00bb][\/et_pb_image][et_pb_text _builder_version=\u00a0\u00bb4.17.2&Prime; _module_preset=\u00a0\u00bbea15b017-a47f-4127-885e-3170511aab61&Prime; global_colors_info=\u00a0\u00bb{}\u00a0\u00bb]<\/p>\n<h6 style=\"text-align: left;\"><span style=\"color: #9dc400;\">\u00e9v\u00e9nement<\/span><\/h6>\n<h3 style=\"text-align: left;\">Promenade aux Serres royales de Laeken<\/h3>\n<h5>Comme chaque ann\u00e9e, au printemps, les Serres de Laeken ouvrent leur porte au public. L&rsquo;occasion de d\u00e9couvrir l&rsquo;architecture magistrale d&rsquo;Alphonse Balat, le professeur de Victor Horta, et une collection florale exceptionnelle.<\/h5>\n<p>[\/et_pb_text][\/et_pb_column][et_pb_column type=\u00a0\u00bb1_4&Prime; _builder_version=\u00a0\u00bb4.16.0&Prime; _module_preset=\u00a0\u00bbdefault\u00a0\u00bb custom_padding=\u00a0\u00bb|||20px|false|false\u00a0\u00bb border_color_all=\u00a0\u00bb#4E9FA3&Prime; border_width_left=\u00a0\u00bb1px\u00a0\u00bb border_color_left=\u00a0\u00bb#9DC400&Prime; global_colors_info=\u00a0\u00bb{}\u00a0\u00bb][et_pb_text _builder_version=\u00a0\u00bb4.17.1&Prime; _module_preset=\u00a0\u00bbea15b017-a47f-4127-885e-3170511aab61&Prime; header_5_font=\u00a0\u00bbRaleway|800||on|||||\u00a0\u00bb header_6_text_color=\u00a0\u00bb#707070&Prime; global_colors_info=\u00a0\u00bb{}\u00a0\u00bb]<\/p>\n<h5>Du 14 avril au 7 mai 2023<br \/>au Ch\u00e2teau de Laeken.<\/h5>\n<h6>Il est indispensable de r\u00e9server \u00e0 l&rsquo;avance votre visite.\u00a0<\/h6>\n<p>[\/et_pb_text][et_pb_button button_url=\u00a0\u00bbhttps:\/\/www.koninklijke-serres-royales.be\/fr\u00a0\u00bb url_new_window=\u00a0\u00bbon\u00a0\u00bb button_text=\u00a0\u00bbInfos\u00a0\u00bb _builder_version=\u00a0\u00bb4.17.2&Prime; _module_preset=\u00a0\u00bb11bdeb4e-1465-49c0-8d34-156bae8641d8&Prime; button_bg_color=\u00a0\u00bb#9DC400&Prime; custom_margin=\u00a0\u00bb0px|15px|0px||true|false\u00a0\u00bb locked=\u00a0\u00bboff\u00a0\u00bb global_colors_info=\u00a0\u00bb{}\u00a0\u00bb][\/et_pb_button][\/et_pb_column][\/et_pb_row][\/et_pb_section][et_pb_section fb_built=\u00a0\u00bb1&Prime; admin_label=\u00a0\u00bbJardins\u00a0\u00bb _builder_version=\u00a0\u00bb4.17.2&Prime; _module_preset=\u00a0\u00bba691b8ca-d712-416a-b0fb-01a30b664e7b\u00a0\u00bb da_disable_devices=\u00a0\u00bboff|off|off\u00a0\u00bb locked=\u00a0\u00bboff\u00a0\u00bb collapsed=\u00a0\u00bbon\u00a0\u00bb global_colors_info=\u00a0\u00bb{}\u00a0\u00bb da_is_popup=\u00a0\u00bboff\u00a0\u00bb da_exit_intent=\u00a0\u00bboff\u00a0\u00bb da_has_close=\u00a0\u00bbon\u00a0\u00bb da_alt_close=\u00a0\u00bboff\u00a0\u00bb da_dark_close=\u00a0\u00bboff\u00a0\u00bb da_not_modal=\u00a0\u00bbon\u00a0\u00bb da_is_singular=\u00a0\u00bboff\u00a0\u00bb da_with_loader=\u00a0\u00bboff\u00a0\u00bb da_has_shadow=\u00a0\u00bbon\u00a0\u00bb][et_pb_row column_structure=\u00a0\u00bb1_4,1_2,1_4&Prime; use_custom_gutter=\u00a0\u00bbon\u00a0\u00bb make_equal=\u00a0\u00bbon\u00a0\u00bb _builder_version=\u00a0\u00bb4.17.2&Prime; _module_preset=\u00a0\u00bbdefault\u00a0\u00bb custom_padding=\u00a0\u00bb0px||0px||false|false\u00a0\u00bb custom_css_main_element=\u00a0\u00bbalign-items:center;\u00a0\u00bb global_colors_info=\u00a0\u00bb{}\u00a0\u00bb][et_pb_column type=\u00a0\u00bb1_4&Prime; _builder_version=\u00a0\u00bb4.16&Prime; _module_preset=\u00a0\u00bbdefault\u00a0\u00bb global_colors_info=\u00a0\u00bb{}\u00a0\u00bb][et_pb_image src=\u00a0\u00bbhttps:\/\/ultraviolet.work\/_optionb\/wp-content\/uploads\/2023\/03\/chat-parc-royal-8000.jpg\u00a0\u00bb show_bottom_space=\u00a0\u00bboff\u00a0\u00bb force_fullwidth=\u00a0\u00bbon\u00a0\u00bb _builder_version=\u00a0\u00bb4.18.0&Prime; _module_preset=\u00a0\u00bbdefault\u00a0\u00bb hover_enabled=\u00a0\u00bb0&Prime; global_colors_info=\u00a0\u00bb{}\u00a0\u00bb title_text=\u00a0\u00bbchat parc royal 8000&Prime; sticky_enabled=\u00a0\u00bb0&Prime;][\/et_pb_image][\/et_pb_column][et_pb_column type=\u00a0\u00bb1_2&Prime; module_class=\u00a0\u00bbpa-inline-buttons\u00a0\u00bb _builder_version=\u00a0\u00bb4.16&Prime; _module_preset=\u00a0\u00bbdefault\u00a0\u00bb global_colors_info=\u00a0\u00bb{}\u00a0\u00bb][et_pb_image src=\u00a0\u00bbhttps:\/\/ultraviolet.work\/_optionb\/wp-content\/uploads\/2022\/04\/ob1-pictotext-fr.svg\u00a0\u00bb title_text=\u00a0\u00bbob1-pictotext-fr\u00a0\u00bb _builder_version=\u00a0\u00bb4.16.0&Prime; _module_preset=\u00a0\u00bb50e9bcca-8bc2-4a26-8737-4245578c2dd7&Prime; locked=\u00a0\u00bboff\u00a0\u00bb global_colors_info=\u00a0\u00bb{}\u00a0\u00bb][\/et_pb_image][et_pb_text _builder_version=\u00a0\u00bb4.17.2&Prime; _module_preset=\u00a0\u00bbea15b017-a47f-4127-885e-3170511aab61&Prime; global_colors_info=\u00a0\u00bb{}\u00a0\u00bb]<\/p>\n<h6 style=\"text-align: left;\"><span style=\"color: #9dc400;\">\u00e9v\u00e9nement<\/span><\/h6>\n<h3>le chat d\u00e9ambule \u00e0 Bruxelles<\/h3>\n<h5><span style=\"color: #707070;\"><span>Apr\u00e8s les Champs-Elys\u00e9es, Bordeaux, Caen, Gen\u00e8ve, Monaco et Montreux, Le Chat d\u00e9ambule enfin \u00e0 Bruxelles, ville natale du dessinateur-humoriste Philippe Geluck. Et pour l&rsquo;occasion, 2 nouvelles scuptures sont d\u00e9voil\u00e9es. Une exposition impressionnante, dans laquelle Le Chat, comme \u00e0 son habitude, nous fait rire, nous questionne et nous touche par les sujets profonds qu\u2019il aborde avec l\u00e9g\u00e8ret\u00e9.<\/span><\/span><span style=\"color: #707070;\"><br \/><\/span><\/h5>\n<p>[\/et_pb_text][\/et_pb_column][et_pb_column type=\u00a0\u00bb1_4&Prime; _builder_version=\u00a0\u00bb4.17.2&Prime; _module_preset=\u00a0\u00bbdefault\u00a0\u00bb custom_padding=\u00a0\u00bb30px||30px|20px|true|false\u00a0\u00bb border_color_all=\u00a0\u00bb#4E9FA3&Prime; border_width_left=\u00a0\u00bb1px\u00a0\u00bb border_color_left=\u00a0\u00bb#9DC400&Prime; global_colors_info=\u00a0\u00bb{}\u00a0\u00bb][et_pb_text _builder_version=\u00a0\u00bb4.18.0&Prime; _module_preset=\u00a0\u00bbea15b017-a47f-4127-885e-3170511aab61&Prime; header_5_font=\u00a0\u00bbRaleway|800||on|||||\u00a0\u00bb header_6_text_color=\u00a0\u00bb#707070&Prime; hover_enabled=\u00a0\u00bb0&Prime; global_colors_info=\u00a0\u00bb{}\u00a0\u00bb sticky_enabled=\u00a0\u00bb0&Prime;]<\/p>\n<h5><span style=\"font-size: 13.28px;\">Du 10 mars au 30 juin 2023<br \/>Parc Royal 1000 Bruxelles<\/span><\/h5>\n<p>[\/et_pb_text][\/et_pb_column][\/et_pb_row][\/et_pb_section]<\/p>\n","protected":false},"excerpt":{"rendered":"<p>\u00c9v\u00e9nements Dans Bruxelles, pour ceux qui aiment lever la t\u00eate, il y a toujours quelque chose \u00e0 d\u00e9couvrir, un magasin, une vitrine, une affiche, une fresque, et bien d&rsquo;autres \u00e9l\u00e9ments qui font la cit\u00e9. Mais la ville, c&rsquo;est surtout de l&rsquo;activit\u00e9, du mouvement et des \u00e9v\u00e9nements qu&rsquo;elle nous propose de d\u00e9couvrir ici : venez nombreux, [&hellip;]<\/p>\n","protected":false},"author":1,"featured_media":0,"parent":5253,"menu_order":0,"comment_status":"closed","ping_status":"closed","template":"","meta":{"_et_pb_use_builder":"on","_et_pb_old_content":"","_et_gb_content_width":"","inline_featured_image":false,"footnotes":""},"wf_page_folders":[116],"class_list":["post-5827","page","type-page","status-publish","hentry"],"yoast_head":"<!-- This site is optimized with the Yoast SEO plugin v27.5 - https:\/\/yoast.com\/product\/yoast-seo-wordpress\/ -->\n<title>\u00c9v\u00e9nements - Option-B<\/title>\n<meta name=\"description\" content=\"Dans Bruxelles, pour ceux qui aiment lever la t\u00eate, il y a toujours quelque chose \u00e0 d\u00e9couvrir! Mais la ville, c\u2019est surtout de l\u2019activit\u00e9, du mouvement et des \u00e9v\u00e9nements qu\u2019elle nous propose de d\u00e9couvrir ici!\" \/>\n<meta name=\"robots\" content=\"index, follow, max-snippet:-1, max-image-preview:large, max-video-preview:-1\" \/>\n<link rel=\"canonical\" href=\"https:\/\/ultraviolet.work\/_optionb\/option-b-jardins-secrets\/evenements\/\" \/>\n<meta property=\"og:locale\" content=\"fr_FR\" \/>\n<meta property=\"og:type\" content=\"article\" \/>\n<meta property=\"og:title\" content=\"\u00c9v\u00e9nements - Option-B\" \/>\n<meta property=\"og:description\" content=\"Dans Bruxelles, pour ceux qui aiment lever la t\u00eate, il y a toujours quelque chose \u00e0 d\u00e9couvrir! Mais la ville, c\u2019est surtout de l\u2019activit\u00e9, du mouvement et des \u00e9v\u00e9nements qu\u2019elle nous propose de d\u00e9couvrir ici!\" \/>\n<meta property=\"og:url\" content=\"https:\/\/ultraviolet.work\/_optionb\/option-b-jardins-secrets\/evenements\/\" \/>\n<meta property=\"og:site_name\" content=\"Option-B\" \/>\n<meta property=\"article:modified_time\" content=\"2023-03-29T12:24:11+00:00\" \/>\n<meta property=\"og:image\" content=\"https:\/\/ultraviolet.work\/_optionb\/wp-content\/uploads\/2022\/04\/ENTR-2203-Facebook-Yoast-share-1000x520-1.jpg\" \/>\n\t<meta property=\"og:image:width\" content=\"1000\" \/>\n\t<meta property=\"og:image:height\" content=\"520\" \/>\n\t<meta property=\"og:image:type\" content=\"image\/jpeg\" \/>\n<meta name=\"twitter:card\" content=\"summary_large_image\" \/>\n<meta name=\"twitter:label1\" content=\"Dur\u00e9e de lecture estim\u00e9e\" \/>\n\t<meta name=\"twitter:data1\" content=\"4 minutes\" \/>\n<script type=\"application\/ld+json\" class=\"yoast-schema-graph\">{\"@context\":\"https:\\\/\\\/schema.org\",\"@graph\":[{\"@type\":\"WebPage\",\"@id\":\"https:\\\/\\\/ultraviolet.work\\\/_optionb\\\/option-b-jardins-secrets\\\/evenements\\\/\",\"url\":\"https:\\\/\\\/ultraviolet.work\\\/_optionb\\\/option-b-jardins-secrets\\\/evenements\\\/\",\"name\":\"\u00c9v\u00e9nements - Option-B\",\"isPartOf\":{\"@id\":\"https:\\\/\\\/ultraviolet.work\\\/_optionb\\\/#website\"},\"datePublished\":\"2021-10-15T06:26:21+00:00\",\"dateModified\":\"2023-03-29T12:24:11+00:00\",\"description\":\"Dans Bruxelles, pour ceux qui aiment lever la t\u00eate, il y a toujours quelque chose \u00e0 d\u00e9couvrir! Mais la ville, c\u2019est surtout de l\u2019activit\u00e9, du mouvement et des \u00e9v\u00e9nements qu\u2019elle nous propose de d\u00e9couvrir ici!\",\"breadcrumb\":{\"@id\":\"https:\\\/\\\/ultraviolet.work\\\/_optionb\\\/option-b-jardins-secrets\\\/evenements\\\/#breadcrumb\"},\"inLanguage\":\"fr-FR\",\"potentialAction\":[{\"@type\":\"ReadAction\",\"target\":[\"https:\\\/\\\/ultraviolet.work\\\/_optionb\\\/option-b-jardins-secrets\\\/evenements\\\/\"]}]},{\"@type\":\"BreadcrumbList\",\"@id\":\"https:\\\/\\\/ultraviolet.work\\\/_optionb\\\/option-b-jardins-secrets\\\/evenements\\\/#breadcrumb\",\"itemListElement\":[{\"@type\":\"ListItem\",\"position\":1,\"name\":\"Accueil\",\"item\":\"https:\\\/\\\/ultraviolet.work\\\/_optionb\\\/\"},{\"@type\":\"ListItem\",\"position\":2,\"name\":\"Option-B Jardins secrets\",\"item\":\"https:\\\/\\\/ultraviolet.work\\\/_optionb\\\/option-b-jardins-secrets\\\/\"},{\"@type\":\"ListItem\",\"position\":3,\"name\":\"\u00c9v\u00e9nements\"}]},{\"@type\":\"WebSite\",\"@id\":\"https:\\\/\\\/ultraviolet.work\\\/_optionb\\\/#website\",\"url\":\"https:\\\/\\\/ultraviolet.work\\\/_optionb\\\/\",\"name\":\"Option-B\",\"description\":\"\",\"publisher\":{\"@id\":\"https:\\\/\\\/ultraviolet.work\\\/_optionb\\\/#organization\"},\"potentialAction\":[{\"@type\":\"SearchAction\",\"target\":{\"@type\":\"EntryPoint\",\"urlTemplate\":\"https:\\\/\\\/ultraviolet.work\\\/_optionb\\\/?s={search_term_string}\"},\"query-input\":{\"@type\":\"PropertyValueSpecification\",\"valueRequired\":true,\"valueName\":\"search_term_string\"}}],\"inLanguage\":\"fr-FR\"},{\"@type\":\"Organization\",\"@id\":\"https:\\\/\\\/ultraviolet.work\\\/_optionb\\\/#organization\",\"name\":\"Option-B\",\"url\":\"https:\\\/\\\/ultraviolet.work\\\/_optionb\\\/\",\"logo\":{\"@type\":\"ImageObject\",\"inLanguage\":\"fr-FR\",\"@id\":\"https:\\\/\\\/ultraviolet.work\\\/_optionb\\\/#\\\/schema\\\/logo\\\/image\\\/\",\"url\":\"https:\\\/\\\/ultraviolet.work\\\/_optionb\\\/wp-content\\\/uploads\\\/2022\\\/02\\\/OptionB-B-gen-gris.png\",\"contentUrl\":\"https:\\\/\\\/ultraviolet.work\\\/_optionb\\\/wp-content\\\/uploads\\\/2022\\\/02\\\/OptionB-B-gen-gris.png\",\"width\":512,\"height\":512,\"caption\":\"Option-B\"},\"image\":{\"@id\":\"https:\\\/\\\/ultraviolet.work\\\/_optionb\\\/#\\\/schema\\\/logo\\\/image\\\/\"}}]}<\/script>\n<!-- \/ Yoast SEO plugin. -->","yoast_head_json":{"title":"\u00c9v\u00e9nements - Option-B","description":"Dans Bruxelles, pour ceux qui aiment lever la t\u00eate, il y a toujours quelque chose \u00e0 d\u00e9couvrir! Mais la ville, c\u2019est surtout de l\u2019activit\u00e9, du mouvement et des \u00e9v\u00e9nements qu\u2019elle nous propose de d\u00e9couvrir ici!","robots":{"index":"index","follow":"follow","max-snippet":"max-snippet:-1","max-image-preview":"max-image-preview:large","max-video-preview":"max-video-preview:-1"},"canonical":"https:\/\/ultraviolet.work\/_optionb\/option-b-jardins-secrets\/evenements\/","og_locale":"fr_FR","og_type":"article","og_title":"\u00c9v\u00e9nements - Option-B","og_description":"Dans Bruxelles, pour ceux qui aiment lever la t\u00eate, il y a toujours quelque chose \u00e0 d\u00e9couvrir! Mais la ville, c\u2019est surtout de l\u2019activit\u00e9, du mouvement et des \u00e9v\u00e9nements qu\u2019elle nous propose de d\u00e9couvrir ici!","og_url":"https:\/\/ultraviolet.work\/_optionb\/option-b-jardins-secrets\/evenements\/","og_site_name":"Option-B","article_modified_time":"2023-03-29T12:24:11+00:00","og_image":[{"width":1000,"height":520,"url":"https:\/\/ultraviolet.work\/_optionb\/wp-content\/uploads\/2022\/04\/ENTR-2203-Facebook-Yoast-share-1000x520-1.jpg","type":"image\/jpeg"}],"twitter_card":"summary_large_image","twitter_misc":{"Dur\u00e9e de lecture estim\u00e9e":"4 minutes"},"schema":{"@context":"https:\/\/schema.org","@graph":[{"@type":"WebPage","@id":"https:\/\/ultraviolet.work\/_optionb\/option-b-jardins-secrets\/evenements\/","url":"https:\/\/ultraviolet.work\/_optionb\/option-b-jardins-secrets\/evenements\/","name":"\u00c9v\u00e9nements - Option-B","isPartOf":{"@id":"https:\/\/ultraviolet.work\/_optionb\/#website"},"datePublished":"2021-10-15T06:26:21+00:00","dateModified":"2023-03-29T12:24:11+00:00","description":"Dans Bruxelles, pour ceux qui aiment lever la t\u00eate, il y a toujours quelque chose \u00e0 d\u00e9couvrir! Mais la ville, c\u2019est surtout de l\u2019activit\u00e9, du mouvement et des \u00e9v\u00e9nements qu\u2019elle nous propose de d\u00e9couvrir ici!","breadcrumb":{"@id":"https:\/\/ultraviolet.work\/_optionb\/option-b-jardins-secrets\/evenements\/#breadcrumb"},"inLanguage":"fr-FR","potentialAction":[{"@type":"ReadAction","target":["https:\/\/ultraviolet.work\/_optionb\/option-b-jardins-secrets\/evenements\/"]}]},{"@type":"BreadcrumbList","@id":"https:\/\/ultraviolet.work\/_optionb\/option-b-jardins-secrets\/evenements\/#breadcrumb","itemListElement":[{"@type":"ListItem","position":1,"name":"Accueil","item":"https:\/\/ultraviolet.work\/_optionb\/"},{"@type":"ListItem","position":2,"name":"Option-B Jardins secrets","item":"https:\/\/ultraviolet.work\/_optionb\/option-b-jardins-secrets\/"},{"@type":"ListItem","position":3,"name":"\u00c9v\u00e9nements"}]},{"@type":"WebSite","@id":"https:\/\/ultraviolet.work\/_optionb\/#website","url":"https:\/\/ultraviolet.work\/_optionb\/","name":"Option-B","description":"","publisher":{"@id":"https:\/\/ultraviolet.work\/_optionb\/#organization"},"potentialAction":[{"@type":"SearchAction","target":{"@type":"EntryPoint","urlTemplate":"https:\/\/ultraviolet.work\/_optionb\/?s={search_term_string}"},"query-input":{"@type":"PropertyValueSpecification","valueRequired":true,"valueName":"search_term_string"}}],"inLanguage":"fr-FR"},{"@type":"Organization","@id":"https:\/\/ultraviolet.work\/_optionb\/#organization","name":"Option-B","url":"https:\/\/ultraviolet.work\/_optionb\/","logo":{"@type":"ImageObject","inLanguage":"fr-FR","@id":"https:\/\/ultraviolet.work\/_optionb\/#\/schema\/logo\/image\/","url":"https:\/\/ultraviolet.work\/_optionb\/wp-content\/uploads\/2022\/02\/OptionB-B-gen-gris.png","contentUrl":"https:\/\/ultraviolet.work\/_optionb\/wp-content\/uploads\/2022\/02\/OptionB-B-gen-gris.png","width":512,"height":512,"caption":"Option-B"},"image":{"@id":"https:\/\/ultraviolet.work\/_optionb\/#\/schema\/logo\/image\/"}}]}},"_links":{"self":[{"href":"https:\/\/ultraviolet.work\/_optionb\/wp-json\/wp\/v2\/pages\/5827","targetHints":{"allow":["GET"]}}],"collection":[{"href":"https:\/\/ultraviolet.work\/_optionb\/wp-json\/wp\/v2\/pages"}],"about":[{"href":"https:\/\/ultraviolet.work\/_optionb\/wp-json\/wp\/v2\/types\/page"}],"author":[{"embeddable":true,"href":"https:\/\/ultraviolet.work\/_optionb\/wp-json\/wp\/v2\/users\/1"}],"replies":[{"embeddable":true,"href":"https:\/\/ultraviolet.work\/_optionb\/wp-json\/wp\/v2\/comments?post=5827"}],"version-history":[{"count":0,"href":"https:\/\/ultraviolet.work\/_optionb\/wp-json\/wp\/v2\/pages\/5827\/revisions"}],"up":[{"embeddable":true,"href":"https:\/\/ultraviolet.work\/_optionb\/wp-json\/wp\/v2\/pages\/5253"}],"wp:attachment":[{"href":"https:\/\/ultraviolet.work\/_optionb\/wp-json\/wp\/v2\/media?parent=5827"}],"wp:term":[{"taxonomy":"wf_page_folders","embeddable":true,"href":"https:\/\/ultraviolet.work\/_optionb\/wp-json\/wp\/v2\/wf_page_folders?post=5827"}],"curies":[{"name":"wp","href":"https:\/\/api.w.org\/{rel}","templated":true}]}}