{"id":15046,"date":"2022-04-22T16:34:46","date_gmt":"2022-04-22T14:34:46","guid":{"rendered":"https:\/\/ultraviolet.work\/_optionb\/project\/marche-des-antiquites-du-sablon\/"},"modified":"2022-04-22T16:34:46","modified_gmt":"2022-04-22T14:34:46","slug":"marche-des-antiquites-du-sablon","status":"publish","type":"project","link":"https:\/\/ultraviolet.work\/_optionb\/project\/marche-des-antiquites-du-sablon\/","title":{"rendered":"March\u00e9 des Antiquit\u00e9s du Sablon"},"content":{"rendered":"<h2>March\u00e9 des Antiquit\u00e9s du Sablon<\/h2>\n<h5>March\u00e9<\/h5>\n<h4>Place du Grand Sablon, 1000 Bruxelles<\/h4>\n<h6><a href=\"https:\/\/marches.bruxelles.be\/marches\/marche-des-antiquites-du-sablon\" target=\"_blank\" rel=\"noopener\">https:\/\/marches.bruxelles.be\/marches\/marche-des-antiquites-du-sablon<\/a><\/h6>\n<p>Au centre du quartier des antiquaires, la Place du Grand Sablon abrite l\u2019un des plus anciens march\u00e9s de Bruxelles : le march\u00e9 des Antiquit\u00e9s du Sablon. Pr\u00e9sent depuis les ann\u00e9es 60, ce march\u00e9 se caract\u00e9rise par son atmosph\u00e8re chaleureuse et pittoresque. Les antiquaires du Sablon y d\u00e9ballent pour vous leurs meilleures trouvailles, en orf\u00e8vrerie, bijouterie, objets de vitrine, c\u00e9ramique et verre, art de table, tableaux, dessins, mais aussi porcelaine chinoise, petit mobilier ou art africain. Tous les samedis et dimanches.<\/p>\n","protected":false},"excerpt":{"rendered":"<p>March\u00e9 des Antiquit\u00e9s du Sablon March\u00e9 Place du Grand Sablon, 1000 Bruxelles https:\/\/marches.bruxelles.be\/marches\/marche-des-antiquites-du-sablon Au centre du quartier des antiquaires, la Place du Grand Sablon abrite l\u2019un des plus anciens march\u00e9s de Bruxelles : le march\u00e9 des Antiquit\u00e9s du Sablon. Pr\u00e9sent depuis les ann\u00e9es 60, ce march\u00e9 se caract\u00e9rise par son atmosph\u00e8re chaleureuse et pittoresque. Les [&hellip;]<\/p>\n","protected":false},"author":1,"featured_media":9524,"comment_status":"closed","ping_status":"closed","template":"","meta":{"_et_pb_use_builder":"","_et_pb_old_content":"","_et_gb_content_width":"","inline_featured_image":false,"footnotes":""},"project_category":[1015],"project_tag":[],"wf_project_folders":[386],"class_list":["post-15046","project","type-project","status-publish","has-post-thumbnail","hentry","project_category-ob2-premium"],"yoast_head":"<!-- This site is optimized with the Yoast SEO plugin v27.5 - https:\/\/yoast.com\/product\/yoast-seo-wordpress\/ -->\n<title>March\u00e9 des Antiquit\u00e9s du Sablon - Option-B<\/title>\n<meta name=\"robots\" content=\"noindex, follow\" \/>\n<meta property=\"og:locale\" content=\"fr_FR\" \/>\n<meta property=\"og:type\" content=\"article\" \/>\n<meta property=\"og:title\" content=\"March\u00e9 des Antiquit\u00e9s du Sablon - Option-B\" \/>\n<meta property=\"og:description\" content=\"March\u00e9 des Antiquit\u00e9s du Sablon March\u00e9 Place du Grand Sablon, 1000 Bruxelles https:\/\/marches.bruxelles.be\/marches\/marche-des-antiquites-du-sablon Au centre du quartier des antiquaires, la Place du Grand Sablon abrite l\u2019un des plus anciens march\u00e9s de Bruxelles : le march\u00e9 des Antiquit\u00e9s du Sablon. Pr\u00e9sent depuis les ann\u00e9es 60, ce march\u00e9 se caract\u00e9rise par son atmosph\u00e8re chaleureuse et pittoresque. Les [&hellip;]\" \/>\n<meta property=\"og:url\" content=\"https:\/\/ultraviolet.work\/_optionb\/project\/marche-des-antiquites-du-sablon\/\" \/>\n<meta property=\"og:site_name\" content=\"Option-B\" \/>\n<meta property=\"og:image\" content=\"https:\/\/ultraviolet.work\/_optionb\/wp-content\/uploads\/2021\/12\/marche-antiquaires-sablon-600.jpg\" \/>\n\t<meta property=\"og:image:width\" content=\"600\" \/>\n\t<meta property=\"og:image:height\" content=\"900\" \/>\n\t<meta property=\"og:image:type\" content=\"image\/jpeg\" \/>\n<meta name=\"twitter:card\" content=\"summary_large_image\" \/>\n<meta name=\"twitter:label1\" content=\"Dur\u00e9e de lecture estim\u00e9e\" \/>\n\t<meta name=\"twitter:data1\" content=\"1 minute\" \/>\n<script type=\"application\/ld+json\" class=\"yoast-schema-graph\">{\"@context\":\"https:\\\/\\\/schema.org\",\"@graph\":[{\"@type\":\"WebPage\",\"@id\":\"https:\\\/\\\/ultraviolet.work\\\/_optionb\\\/project\\\/marche-des-antiquites-du-sablon\\\/\",\"url\":\"https:\\\/\\\/ultraviolet.work\\\/_optionb\\\/project\\\/marche-des-antiquites-du-sablon\\\/\",\"name\":\"March\u00e9 des Antiquit\u00e9s du Sablon - Option-B\",\"isPartOf\":{\"@id\":\"https:\\\/\\\/ultraviolet.work\\\/_optionb\\\/#website\"},\"primaryImageOfPage\":{\"@id\":\"https:\\\/\\\/ultraviolet.work\\\/_optionb\\\/project\\\/marche-des-antiquites-du-sablon\\\/#primaryimage\"},\"image\":{\"@id\":\"https:\\\/\\\/ultraviolet.work\\\/_optionb\\\/project\\\/marche-des-antiquites-du-sablon\\\/#primaryimage\"},\"thumbnailUrl\":\"https:\\\/\\\/ultraviolet.work\\\/_optionb\\\/wp-content\\\/uploads\\\/2021\\\/12\\\/marche-antiquaires-sablon-600.jpg\",\"datePublished\":\"2022-04-22T14:34:46+00:00\",\"breadcrumb\":{\"@id\":\"https:\\\/\\\/ultraviolet.work\\\/_optionb\\\/project\\\/marche-des-antiquites-du-sablon\\\/#breadcrumb\"},\"inLanguage\":\"fr-FR\",\"potentialAction\":[{\"@type\":\"ReadAction\",\"target\":[\"https:\\\/\\\/ultraviolet.work\\\/_optionb\\\/project\\\/marche-des-antiquites-du-sablon\\\/\"]}]},{\"@type\":\"ImageObject\",\"inLanguage\":\"fr-FR\",\"@id\":\"https:\\\/\\\/ultraviolet.work\\\/_optionb\\\/project\\\/marche-des-antiquites-du-sablon\\\/#primaryimage\",\"url\":\"https:\\\/\\\/ultraviolet.work\\\/_optionb\\\/wp-content\\\/uploads\\\/2021\\\/12\\\/marche-antiquaires-sablon-600.jpg\",\"contentUrl\":\"https:\\\/\\\/ultraviolet.work\\\/_optionb\\\/wp-content\\\/uploads\\\/2021\\\/12\\\/marche-antiquaires-sablon-600.jpg\",\"width\":600,\"height\":900},{\"@type\":\"BreadcrumbList\",\"@id\":\"https:\\\/\\\/ultraviolet.work\\\/_optionb\\\/project\\\/marche-des-antiquites-du-sablon\\\/#breadcrumb\",\"itemListElement\":[{\"@type\":\"ListItem\",\"position\":1,\"name\":\"Accueil\",\"item\":\"https:\\\/\\\/ultraviolet.work\\\/_optionb\\\/\"},{\"@type\":\"ListItem\",\"position\":2,\"name\":\"Projets\",\"item\":\"https:\\\/\\\/ultraviolet.work\\\/_optionb\\\/project\\\/\"},{\"@type\":\"ListItem\",\"position\":3,\"name\":\"March\u00e9 des Antiquit\u00e9s du Sablon\"}]},{\"@type\":\"WebSite\",\"@id\":\"https:\\\/\\\/ultraviolet.work\\\/_optionb\\\/#website\",\"url\":\"https:\\\/\\\/ultraviolet.work\\\/_optionb\\\/\",\"name\":\"Option-B\",\"description\":\"\",\"publisher\":{\"@id\":\"https:\\\/\\\/ultraviolet.work\\\/_optionb\\\/#organization\"},\"potentialAction\":[{\"@type\":\"SearchAction\",\"target\":{\"@type\":\"EntryPoint\",\"urlTemplate\":\"https:\\\/\\\/ultraviolet.work\\\/_optionb\\\/?s={search_term_string}\"},\"query-input\":{\"@type\":\"PropertyValueSpecification\",\"valueRequired\":true,\"valueName\":\"search_term_string\"}}],\"inLanguage\":\"fr-FR\"},{\"@type\":\"Organization\",\"@id\":\"https:\\\/\\\/ultraviolet.work\\\/_optionb\\\/#organization\",\"name\":\"Option-B\",\"url\":\"https:\\\/\\\/ultraviolet.work\\\/_optionb\\\/\",\"logo\":{\"@type\":\"ImageObject\",\"inLanguage\":\"fr-FR\",\"@id\":\"https:\\\/\\\/ultraviolet.work\\\/_optionb\\\/#\\\/schema\\\/logo\\\/image\\\/\",\"url\":\"https:\\\/\\\/ultraviolet.work\\\/_optionb\\\/wp-content\\\/uploads\\\/2022\\\/02\\\/OptionB-B-gen-gris.png\",\"contentUrl\":\"https:\\\/\\\/ultraviolet.work\\\/_optionb\\\/wp-content\\\/uploads\\\/2022\\\/02\\\/OptionB-B-gen-gris.png\",\"width\":512,\"height\":512,\"caption\":\"Option-B\"},\"image\":{\"@id\":\"https:\\\/\\\/ultraviolet.work\\\/_optionb\\\/#\\\/schema\\\/logo\\\/image\\\/\"}}]}<\/script>\n<!-- \/ Yoast SEO plugin. -->","yoast_head_json":{"title":"March\u00e9 des Antiquit\u00e9s du Sablon - Option-B","robots":{"index":"noindex","follow":"follow"},"og_locale":"fr_FR","og_type":"article","og_title":"March\u00e9 des Antiquit\u00e9s du Sablon - Option-B","og_description":"March\u00e9 des Antiquit\u00e9s du Sablon March\u00e9 Place du Grand Sablon, 1000 Bruxelles https:\/\/marches.bruxelles.be\/marches\/marche-des-antiquites-du-sablon Au centre du quartier des antiquaires, la Place du Grand Sablon abrite l\u2019un des plus anciens march\u00e9s de Bruxelles : le march\u00e9 des Antiquit\u00e9s du Sablon. Pr\u00e9sent depuis les ann\u00e9es 60, ce march\u00e9 se caract\u00e9rise par son atmosph\u00e8re chaleureuse et pittoresque. Les [&hellip;]","og_url":"https:\/\/ultraviolet.work\/_optionb\/project\/marche-des-antiquites-du-sablon\/","og_site_name":"Option-B","og_image":[{"width":600,"height":900,"url":"https:\/\/ultraviolet.work\/_optionb\/wp-content\/uploads\/2021\/12\/marche-antiquaires-sablon-600.jpg","type":"image\/jpeg"}],"twitter_card":"summary_large_image","twitter_misc":{"Dur\u00e9e de lecture estim\u00e9e":"1 minute"},"schema":{"@context":"https:\/\/schema.org","@graph":[{"@type":"WebPage","@id":"https:\/\/ultraviolet.work\/_optionb\/project\/marche-des-antiquites-du-sablon\/","url":"https:\/\/ultraviolet.work\/_optionb\/project\/marche-des-antiquites-du-sablon\/","name":"March\u00e9 des Antiquit\u00e9s du Sablon - Option-B","isPartOf":{"@id":"https:\/\/ultraviolet.work\/_optionb\/#website"},"primaryImageOfPage":{"@id":"https:\/\/ultraviolet.work\/_optionb\/project\/marche-des-antiquites-du-sablon\/#primaryimage"},"image":{"@id":"https:\/\/ultraviolet.work\/_optionb\/project\/marche-des-antiquites-du-sablon\/#primaryimage"},"thumbnailUrl":"https:\/\/ultraviolet.work\/_optionb\/wp-content\/uploads\/2021\/12\/marche-antiquaires-sablon-600.jpg","datePublished":"2022-04-22T14:34:46+00:00","breadcrumb":{"@id":"https:\/\/ultraviolet.work\/_optionb\/project\/marche-des-antiquites-du-sablon\/#breadcrumb"},"inLanguage":"fr-FR","potentialAction":[{"@type":"ReadAction","target":["https:\/\/ultraviolet.work\/_optionb\/project\/marche-des-antiquites-du-sablon\/"]}]},{"@type":"ImageObject","inLanguage":"fr-FR","@id":"https:\/\/ultraviolet.work\/_optionb\/project\/marche-des-antiquites-du-sablon\/#primaryimage","url":"https:\/\/ultraviolet.work\/_optionb\/wp-content\/uploads\/2021\/12\/marche-antiquaires-sablon-600.jpg","contentUrl":"https:\/\/ultraviolet.work\/_optionb\/wp-content\/uploads\/2021\/12\/marche-antiquaires-sablon-600.jpg","width":600,"height":900},{"@type":"BreadcrumbList","@id":"https:\/\/ultraviolet.work\/_optionb\/project\/marche-des-antiquites-du-sablon\/#breadcrumb","itemListElement":[{"@type":"ListItem","position":1,"name":"Accueil","item":"https:\/\/ultraviolet.work\/_optionb\/"},{"@type":"ListItem","position":2,"name":"Projets","item":"https:\/\/ultraviolet.work\/_optionb\/project\/"},{"@type":"ListItem","position":3,"name":"March\u00e9 des Antiquit\u00e9s du Sablon"}]},{"@type":"WebSite","@id":"https:\/\/ultraviolet.work\/_optionb\/#website","url":"https:\/\/ultraviolet.work\/_optionb\/","name":"Option-B","description":"","publisher":{"@id":"https:\/\/ultraviolet.work\/_optionb\/#organization"},"potentialAction":[{"@type":"SearchAction","target":{"@type":"EntryPoint","urlTemplate":"https:\/\/ultraviolet.work\/_optionb\/?s={search_term_string}"},"query-input":{"@type":"PropertyValueSpecification","valueRequired":true,"valueName":"search_term_string"}}],"inLanguage":"fr-FR"},{"@type":"Organization","@id":"https:\/\/ultraviolet.work\/_optionb\/#organization","name":"Option-B","url":"https:\/\/ultraviolet.work\/_optionb\/","logo":{"@type":"ImageObject","inLanguage":"fr-FR","@id":"https:\/\/ultraviolet.work\/_optionb\/#\/schema\/logo\/image\/","url":"https:\/\/ultraviolet.work\/_optionb\/wp-content\/uploads\/2022\/02\/OptionB-B-gen-gris.png","contentUrl":"https:\/\/ultraviolet.work\/_optionb\/wp-content\/uploads\/2022\/02\/OptionB-B-gen-gris.png","width":512,"height":512,"caption":"Option-B"},"image":{"@id":"https:\/\/ultraviolet.work\/_optionb\/#\/schema\/logo\/image\/"}}]}},"_links":{"self":[{"href":"https:\/\/ultraviolet.work\/_optionb\/wp-json\/wp\/v2\/project\/15046","targetHints":{"allow":["GET"]}}],"collection":[{"href":"https:\/\/ultraviolet.work\/_optionb\/wp-json\/wp\/v2\/project"}],"about":[{"href":"https:\/\/ultraviolet.work\/_optionb\/wp-json\/wp\/v2\/types\/project"}],"author":[{"embeddable":true,"href":"https:\/\/ultraviolet.work\/_optionb\/wp-json\/wp\/v2\/users\/1"}],"replies":[{"embeddable":true,"href":"https:\/\/ultraviolet.work\/_optionb\/wp-json\/wp\/v2\/comments?post=15046"}],"version-history":[{"count":0,"href":"https:\/\/ultraviolet.work\/_optionb\/wp-json\/wp\/v2\/project\/15046\/revisions"}],"wp:featuredmedia":[{"embeddable":true,"href":"https:\/\/ultraviolet.work\/_optionb\/wp-json\/wp\/v2\/media\/9524"}],"wp:attachment":[{"href":"https:\/\/ultraviolet.work\/_optionb\/wp-json\/wp\/v2\/media?parent=15046"}],"wp:term":[{"taxonomy":"project_category","embeddable":true,"href":"https:\/\/ultraviolet.work\/_optionb\/wp-json\/wp\/v2\/project_category?post=15046"},{"taxonomy":"project_tag","embeddable":true,"href":"https:\/\/ultraviolet.work\/_optionb\/wp-json\/wp\/v2\/project_tag?post=15046"},{"taxonomy":"wf_project_folders","embeddable":true,"href":"https:\/\/ultraviolet.work\/_optionb\/wp-json\/wp\/v2\/wf_project_folders?post=15046"}],"curies":[{"name":"wp","href":"https:\/\/api.w.org\/{rel}","templated":true}]}}