{"id":18131,"date":"2022-05-09T17:34:12","date_gmt":"2022-05-09T15:34:12","guid":{"rendered":"https:\/\/ultraviolet.work\/_optionb\/project\/le-cafe-du-sablon\/"},"modified":"2022-05-09T17:34:12","modified_gmt":"2022-05-09T15:34:12","slug":"le-cafe-du-sablon","status":"publish","type":"project","link":"https:\/\/ultraviolet.work\/_optionb\/project\/le-cafe-du-sablon\/","title":{"rendered":"Le Caf\u00e9 du Sablon"},"content":{"rendered":"<h2>Le Caf\u00e9 du Sablon<\/h2>\n<h5>Caf\u00e9<\/h5>\n<h4>Rue de la R\u00e9gence 26, 1000 Bruxelles<\/h4>\n<h6><a href=\"https:\/\/m.facebook.com\/lecafedusablon\/\" target=\"_blank\" rel=\"noopener\">https:\/\/m.facebook.com\/lecafedusablon\/<\/a><\/h6>\n<p>Le caf\u00e9 du Sablon est un endroit cosy avec une d\u00e9co faisant penser \u00e0 un bar de Brooklyn. Situ\u00e9 \u00e0 proximit\u00e9 d\u2019une des plus belles \u00e9glises de Bruxelles, cet endroit propose une large gamme de caf\u00e9s torr\u00e9fi\u00e9s maison, notamment des arabicas. Vous pourrez m\u00eame choisir votre m\u00e9thode d\u2019extraction! La maison sert \u00e9galement des sandwichs, des salades, de la soupe et la presse internationale.<\/p>\n","protected":false},"excerpt":{"rendered":"<p>Le Caf\u00e9 du Sablon Caf\u00e9 Rue de la R\u00e9gence 26, 1000 Bruxelles https:\/\/m.facebook.com\/lecafedusablon\/ Le caf\u00e9 du Sablon est un endroit cosy avec une d\u00e9co faisant penser \u00e0 un bar de Brooklyn. Situ\u00e9 \u00e0 proximit\u00e9 d\u2019une des plus belles \u00e9glises de Bruxelles, cet endroit propose une large gamme de caf\u00e9s torr\u00e9fi\u00e9s maison, notamment des arabicas. Vous [&hellip;]<\/p>\n","protected":false},"author":1,"featured_media":10819,"comment_status":"closed","ping_status":"closed","template":"","meta":{"_et_pb_use_builder":"","_et_pb_old_content":"","_et_gb_content_width":"","inline_featured_image":false,"footnotes":""},"project_category":[1070],"project_tag":[],"wf_project_folders":[549],"class_list":["post-18131","project","type-project","status-publish","has-post-thumbnail","hentry","project_category-ob3-pour-le-corps"],"yoast_head":"<!-- This site is optimized with the Yoast SEO plugin v27.5 - https:\/\/yoast.com\/product\/yoast-seo-wordpress\/ -->\n<title>Le Caf\u00e9 du Sablon - Option-B<\/title>\n<meta name=\"robots\" content=\"noindex, follow\" \/>\n<meta property=\"og:locale\" content=\"fr_FR\" \/>\n<meta property=\"og:type\" content=\"article\" \/>\n<meta property=\"og:title\" content=\"Le Caf\u00e9 du Sablon - Option-B\" \/>\n<meta property=\"og:description\" content=\"Le Caf\u00e9 du Sablon Caf\u00e9 Rue de la R\u00e9gence 26, 1000 Bruxelles https:\/\/m.facebook.com\/lecafedusablon\/ Le caf\u00e9 du Sablon est un endroit cosy avec une d\u00e9co faisant penser \u00e0 un bar de Brooklyn. Situ\u00e9 \u00e0 proximit\u00e9 d\u2019une des plus belles \u00e9glises de Bruxelles, cet endroit propose une large gamme de caf\u00e9s torr\u00e9fi\u00e9s maison, notamment des arabicas. Vous [&hellip;]\" \/>\n<meta property=\"og:url\" content=\"https:\/\/ultraviolet.work\/_optionb\/project\/le-cafe-du-sablon\/\" \/>\n<meta property=\"og:site_name\" content=\"Option-B\" \/>\n<meta property=\"og:image\" content=\"https:\/\/ultraviolet.work\/_optionb\/wp-content\/uploads\/2022\/03\/le-cafe-du-sablon-600.jpg\" \/>\n\t<meta property=\"og:image:width\" content=\"600\" \/>\n\t<meta property=\"og:image:height\" content=\"449\" \/>\n\t<meta property=\"og:image:type\" content=\"image\/jpeg\" \/>\n<meta name=\"twitter:card\" content=\"summary_large_image\" \/>\n<script type=\"application\/ld+json\" class=\"yoast-schema-graph\">{\"@context\":\"https:\\\/\\\/schema.org\",\"@graph\":[{\"@type\":\"WebPage\",\"@id\":\"https:\\\/\\\/ultraviolet.work\\\/_optionb\\\/project\\\/le-cafe-du-sablon\\\/\",\"url\":\"https:\\\/\\\/ultraviolet.work\\\/_optionb\\\/project\\\/le-cafe-du-sablon\\\/\",\"name\":\"Le Caf\u00e9 du Sablon - Option-B\",\"isPartOf\":{\"@id\":\"https:\\\/\\\/ultraviolet.work\\\/_optionb\\\/#website\"},\"primaryImageOfPage\":{\"@id\":\"https:\\\/\\\/ultraviolet.work\\\/_optionb\\\/project\\\/le-cafe-du-sablon\\\/#primaryimage\"},\"image\":{\"@id\":\"https:\\\/\\\/ultraviolet.work\\\/_optionb\\\/project\\\/le-cafe-du-sablon\\\/#primaryimage\"},\"thumbnailUrl\":\"https:\\\/\\\/ultraviolet.work\\\/_optionb\\\/wp-content\\\/uploads\\\/2022\\\/03\\\/le-cafe-du-sablon-600.jpg\",\"datePublished\":\"2022-05-09T15:34:12+00:00\",\"breadcrumb\":{\"@id\":\"https:\\\/\\\/ultraviolet.work\\\/_optionb\\\/project\\\/le-cafe-du-sablon\\\/#breadcrumb\"},\"inLanguage\":\"fr-FR\",\"potentialAction\":[{\"@type\":\"ReadAction\",\"target\":[\"https:\\\/\\\/ultraviolet.work\\\/_optionb\\\/project\\\/le-cafe-du-sablon\\\/\"]}]},{\"@type\":\"ImageObject\",\"inLanguage\":\"fr-FR\",\"@id\":\"https:\\\/\\\/ultraviolet.work\\\/_optionb\\\/project\\\/le-cafe-du-sablon\\\/#primaryimage\",\"url\":\"https:\\\/\\\/ultraviolet.work\\\/_optionb\\\/wp-content\\\/uploads\\\/2022\\\/03\\\/le-cafe-du-sablon-600.jpg\",\"contentUrl\":\"https:\\\/\\\/ultraviolet.work\\\/_optionb\\\/wp-content\\\/uploads\\\/2022\\\/03\\\/le-cafe-du-sablon-600.jpg\",\"width\":600,\"height\":449},{\"@type\":\"BreadcrumbList\",\"@id\":\"https:\\\/\\\/ultraviolet.work\\\/_optionb\\\/project\\\/le-cafe-du-sablon\\\/#breadcrumb\",\"itemListElement\":[{\"@type\":\"ListItem\",\"position\":1,\"name\":\"Accueil\",\"item\":\"https:\\\/\\\/ultraviolet.work\\\/_optionb\\\/\"},{\"@type\":\"ListItem\",\"position\":2,\"name\":\"Projets\",\"item\":\"https:\\\/\\\/ultraviolet.work\\\/_optionb\\\/project\\\/\"},{\"@type\":\"ListItem\",\"position\":3,\"name\":\"Le Caf\u00e9 du Sablon\"}]},{\"@type\":\"WebSite\",\"@id\":\"https:\\\/\\\/ultraviolet.work\\\/_optionb\\\/#website\",\"url\":\"https:\\\/\\\/ultraviolet.work\\\/_optionb\\\/\",\"name\":\"Option-B\",\"description\":\"\",\"publisher\":{\"@id\":\"https:\\\/\\\/ultraviolet.work\\\/_optionb\\\/#organization\"},\"potentialAction\":[{\"@type\":\"SearchAction\",\"target\":{\"@type\":\"EntryPoint\",\"urlTemplate\":\"https:\\\/\\\/ultraviolet.work\\\/_optionb\\\/?s={search_term_string}\"},\"query-input\":{\"@type\":\"PropertyValueSpecification\",\"valueRequired\":true,\"valueName\":\"search_term_string\"}}],\"inLanguage\":\"fr-FR\"},{\"@type\":\"Organization\",\"@id\":\"https:\\\/\\\/ultraviolet.work\\\/_optionb\\\/#organization\",\"name\":\"Option-B\",\"url\":\"https:\\\/\\\/ultraviolet.work\\\/_optionb\\\/\",\"logo\":{\"@type\":\"ImageObject\",\"inLanguage\":\"fr-FR\",\"@id\":\"https:\\\/\\\/ultraviolet.work\\\/_optionb\\\/#\\\/schema\\\/logo\\\/image\\\/\",\"url\":\"https:\\\/\\\/ultraviolet.work\\\/_optionb\\\/wp-content\\\/uploads\\\/2022\\\/02\\\/OptionB-B-gen-gris.png\",\"contentUrl\":\"https:\\\/\\\/ultraviolet.work\\\/_optionb\\\/wp-content\\\/uploads\\\/2022\\\/02\\\/OptionB-B-gen-gris.png\",\"width\":512,\"height\":512,\"caption\":\"Option-B\"},\"image\":{\"@id\":\"https:\\\/\\\/ultraviolet.work\\\/_optionb\\\/#\\\/schema\\\/logo\\\/image\\\/\"}}]}<\/script>\n<!-- \/ Yoast SEO plugin. -->","yoast_head_json":{"title":"Le Caf\u00e9 du Sablon - Option-B","robots":{"index":"noindex","follow":"follow"},"og_locale":"fr_FR","og_type":"article","og_title":"Le Caf\u00e9 du Sablon - Option-B","og_description":"Le Caf\u00e9 du Sablon Caf\u00e9 Rue de la R\u00e9gence 26, 1000 Bruxelles https:\/\/m.facebook.com\/lecafedusablon\/ Le caf\u00e9 du Sablon est un endroit cosy avec une d\u00e9co faisant penser \u00e0 un bar de Brooklyn. Situ\u00e9 \u00e0 proximit\u00e9 d\u2019une des plus belles \u00e9glises de Bruxelles, cet endroit propose une large gamme de caf\u00e9s torr\u00e9fi\u00e9s maison, notamment des arabicas. Vous [&hellip;]","og_url":"https:\/\/ultraviolet.work\/_optionb\/project\/le-cafe-du-sablon\/","og_site_name":"Option-B","og_image":[{"width":600,"height":449,"url":"https:\/\/ultraviolet.work\/_optionb\/wp-content\/uploads\/2022\/03\/le-cafe-du-sablon-600.jpg","type":"image\/jpeg"}],"twitter_card":"summary_large_image","schema":{"@context":"https:\/\/schema.org","@graph":[{"@type":"WebPage","@id":"https:\/\/ultraviolet.work\/_optionb\/project\/le-cafe-du-sablon\/","url":"https:\/\/ultraviolet.work\/_optionb\/project\/le-cafe-du-sablon\/","name":"Le Caf\u00e9 du Sablon - Option-B","isPartOf":{"@id":"https:\/\/ultraviolet.work\/_optionb\/#website"},"primaryImageOfPage":{"@id":"https:\/\/ultraviolet.work\/_optionb\/project\/le-cafe-du-sablon\/#primaryimage"},"image":{"@id":"https:\/\/ultraviolet.work\/_optionb\/project\/le-cafe-du-sablon\/#primaryimage"},"thumbnailUrl":"https:\/\/ultraviolet.work\/_optionb\/wp-content\/uploads\/2022\/03\/le-cafe-du-sablon-600.jpg","datePublished":"2022-05-09T15:34:12+00:00","breadcrumb":{"@id":"https:\/\/ultraviolet.work\/_optionb\/project\/le-cafe-du-sablon\/#breadcrumb"},"inLanguage":"fr-FR","potentialAction":[{"@type":"ReadAction","target":["https:\/\/ultraviolet.work\/_optionb\/project\/le-cafe-du-sablon\/"]}]},{"@type":"ImageObject","inLanguage":"fr-FR","@id":"https:\/\/ultraviolet.work\/_optionb\/project\/le-cafe-du-sablon\/#primaryimage","url":"https:\/\/ultraviolet.work\/_optionb\/wp-content\/uploads\/2022\/03\/le-cafe-du-sablon-600.jpg","contentUrl":"https:\/\/ultraviolet.work\/_optionb\/wp-content\/uploads\/2022\/03\/le-cafe-du-sablon-600.jpg","width":600,"height":449},{"@type":"BreadcrumbList","@id":"https:\/\/ultraviolet.work\/_optionb\/project\/le-cafe-du-sablon\/#breadcrumb","itemListElement":[{"@type":"ListItem","position":1,"name":"Accueil","item":"https:\/\/ultraviolet.work\/_optionb\/"},{"@type":"ListItem","position":2,"name":"Projets","item":"https:\/\/ultraviolet.work\/_optionb\/project\/"},{"@type":"ListItem","position":3,"name":"Le Caf\u00e9 du Sablon"}]},{"@type":"WebSite","@id":"https:\/\/ultraviolet.work\/_optionb\/#website","url":"https:\/\/ultraviolet.work\/_optionb\/","name":"Option-B","description":"","publisher":{"@id":"https:\/\/ultraviolet.work\/_optionb\/#organization"},"potentialAction":[{"@type":"SearchAction","target":{"@type":"EntryPoint","urlTemplate":"https:\/\/ultraviolet.work\/_optionb\/?s={search_term_string}"},"query-input":{"@type":"PropertyValueSpecification","valueRequired":true,"valueName":"search_term_string"}}],"inLanguage":"fr-FR"},{"@type":"Organization","@id":"https:\/\/ultraviolet.work\/_optionb\/#organization","name":"Option-B","url":"https:\/\/ultraviolet.work\/_optionb\/","logo":{"@type":"ImageObject","inLanguage":"fr-FR","@id":"https:\/\/ultraviolet.work\/_optionb\/#\/schema\/logo\/image\/","url":"https:\/\/ultraviolet.work\/_optionb\/wp-content\/uploads\/2022\/02\/OptionB-B-gen-gris.png","contentUrl":"https:\/\/ultraviolet.work\/_optionb\/wp-content\/uploads\/2022\/02\/OptionB-B-gen-gris.png","width":512,"height":512,"caption":"Option-B"},"image":{"@id":"https:\/\/ultraviolet.work\/_optionb\/#\/schema\/logo\/image\/"}}]}},"_links":{"self":[{"href":"https:\/\/ultraviolet.work\/_optionb\/wp-json\/wp\/v2\/project\/18131","targetHints":{"allow":["GET"]}}],"collection":[{"href":"https:\/\/ultraviolet.work\/_optionb\/wp-json\/wp\/v2\/project"}],"about":[{"href":"https:\/\/ultraviolet.work\/_optionb\/wp-json\/wp\/v2\/types\/project"}],"author":[{"embeddable":true,"href":"https:\/\/ultraviolet.work\/_optionb\/wp-json\/wp\/v2\/users\/1"}],"replies":[{"embeddable":true,"href":"https:\/\/ultraviolet.work\/_optionb\/wp-json\/wp\/v2\/comments?post=18131"}],"version-history":[{"count":0,"href":"https:\/\/ultraviolet.work\/_optionb\/wp-json\/wp\/v2\/project\/18131\/revisions"}],"wp:featuredmedia":[{"embeddable":true,"href":"https:\/\/ultraviolet.work\/_optionb\/wp-json\/wp\/v2\/media\/10819"}],"wp:attachment":[{"href":"https:\/\/ultraviolet.work\/_optionb\/wp-json\/wp\/v2\/media?parent=18131"}],"wp:term":[{"taxonomy":"project_category","embeddable":true,"href":"https:\/\/ultraviolet.work\/_optionb\/wp-json\/wp\/v2\/project_category?post=18131"},{"taxonomy":"project_tag","embeddable":true,"href":"https:\/\/ultraviolet.work\/_optionb\/wp-json\/wp\/v2\/project_tag?post=18131"},{"taxonomy":"wf_project_folders","embeddable":true,"href":"https:\/\/ultraviolet.work\/_optionb\/wp-json\/wp\/v2\/wf_project_folders?post=18131"}],"curies":[{"name":"wp","href":"https:\/\/api.w.org\/{rel}","templated":true}]}}