{"id":18163,"date":"2022-05-09T17:36:02","date_gmt":"2022-05-09T15:36:02","guid":{"rendered":"https:\/\/ultraviolet.work\/_optionb\/project\/cafe-des-minimes\/"},"modified":"2022-05-09T17:36:02","modified_gmt":"2022-05-09T15:36:02","slug":"cafe-des-minimes","status":"publish","type":"project","link":"https:\/\/ultraviolet.work\/_optionb\/project\/cafe-des-minimes\/","title":{"rendered":"Caf\u00e9 des Minimes"},"content":{"rendered":"<h2>Caf\u00e9 des Minimes<\/h2>\n<h5>Restaurant<\/h5>\n<h4>Rue des Minimes 60, 1000 Bruxelles<\/h4>\n<h6><a href=\"https:\/\/cafedesminimes.com\/\" target=\"_blank\" rel=\"noopener\">https:\/\/cafedesminimes.com\/<\/a><\/h6>\n<p>Une belle d\u00e9co pleine de bleu, de chaleur et de l\u00e9g\u00e8ret\u00e9, une carte qui r\u00e9gale les amateurs de vrais produits bien choisis, le tout dans l\u2019un des plus jolis quartiers de Bruxelles. Depuis un an, adoss\u00e9e \u00e0 l\u2019\u00e9glise des Minimes, une magnifique terrasse ensoleill\u00e9e abrite les moments gourmands. Le Caf\u00e9 des Minimes, c\u2019est un lunch qui fait la part belle aux produits locaux et de saison qui change chaque semaine. C&rsquo;est aussi et surtout un brunch \u00e0 prix abordable.<\/p>\n","protected":false},"excerpt":{"rendered":"<p>Caf\u00e9 des Minimes Restaurant Rue des Minimes 60, 1000 Bruxelles https:\/\/cafedesminimes.com\/ Une belle d\u00e9co pleine de bleu, de chaleur et de l\u00e9g\u00e8ret\u00e9, une carte qui r\u00e9gale les amateurs de vrais produits bien choisis, le tout dans l\u2019un des plus jolis quartiers de Bruxelles. Depuis un an, adoss\u00e9e \u00e0 l\u2019\u00e9glise des Minimes, une magnifique terrasse ensoleill\u00e9e [&hellip;]<\/p>\n","protected":false},"author":1,"featured_media":10768,"comment_status":"closed","ping_status":"closed","template":"","meta":{"_et_pb_use_builder":"","_et_pb_old_content":"","_et_gb_content_width":"","inline_featured_image":false,"footnotes":""},"project_category":[1070],"project_tag":[],"wf_project_folders":[549],"class_list":["post-18163","project","type-project","status-publish","has-post-thumbnail","hentry","project_category-ob3-pour-le-corps"],"yoast_head":"<!-- This site is optimized with the Yoast SEO plugin v27.5 - https:\/\/yoast.com\/product\/yoast-seo-wordpress\/ -->\n<title>Caf\u00e9 des Minimes - Option-B<\/title>\n<meta name=\"robots\" content=\"noindex, follow\" \/>\n<meta property=\"og:locale\" content=\"fr_FR\" \/>\n<meta property=\"og:type\" content=\"article\" \/>\n<meta property=\"og:title\" content=\"Caf\u00e9 des Minimes - Option-B\" \/>\n<meta property=\"og:description\" content=\"Caf\u00e9 des Minimes Restaurant Rue des Minimes 60, 1000 Bruxelles https:\/\/cafedesminimes.com\/ Une belle d\u00e9co pleine de bleu, de chaleur et de l\u00e9g\u00e8ret\u00e9, une carte qui r\u00e9gale les amateurs de vrais produits bien choisis, le tout dans l\u2019un des plus jolis quartiers de Bruxelles. Depuis un an, adoss\u00e9e \u00e0 l\u2019\u00e9glise des Minimes, une magnifique terrasse ensoleill\u00e9e [&hellip;]\" \/>\n<meta property=\"og:url\" content=\"https:\/\/ultraviolet.work\/_optionb\/project\/cafe-des-minimes\/\" \/>\n<meta property=\"og:site_name\" content=\"Option-B\" \/>\n<meta property=\"og:image\" content=\"https:\/\/ultraviolet.work\/_optionb\/wp-content\/uploads\/2022\/03\/cafe-des-minimes-600.jpg\" \/>\n\t<meta property=\"og:image:width\" content=\"600\" \/>\n\t<meta property=\"og:image:height\" content=\"400\" \/>\n\t<meta property=\"og:image:type\" content=\"image\/jpeg\" \/>\n<meta name=\"twitter:card\" content=\"summary_large_image\" \/>\n<script type=\"application\/ld+json\" class=\"yoast-schema-graph\">{\"@context\":\"https:\\\/\\\/schema.org\",\"@graph\":[{\"@type\":\"WebPage\",\"@id\":\"https:\\\/\\\/ultraviolet.work\\\/_optionb\\\/project\\\/cafe-des-minimes\\\/\",\"url\":\"https:\\\/\\\/ultraviolet.work\\\/_optionb\\\/project\\\/cafe-des-minimes\\\/\",\"name\":\"Caf\u00e9 des Minimes - Option-B\",\"isPartOf\":{\"@id\":\"https:\\\/\\\/ultraviolet.work\\\/_optionb\\\/#website\"},\"primaryImageOfPage\":{\"@id\":\"https:\\\/\\\/ultraviolet.work\\\/_optionb\\\/project\\\/cafe-des-minimes\\\/#primaryimage\"},\"image\":{\"@id\":\"https:\\\/\\\/ultraviolet.work\\\/_optionb\\\/project\\\/cafe-des-minimes\\\/#primaryimage\"},\"thumbnailUrl\":\"https:\\\/\\\/ultraviolet.work\\\/_optionb\\\/wp-content\\\/uploads\\\/2022\\\/03\\\/cafe-des-minimes-600.jpg\",\"datePublished\":\"2022-05-09T15:36:02+00:00\",\"breadcrumb\":{\"@id\":\"https:\\\/\\\/ultraviolet.work\\\/_optionb\\\/project\\\/cafe-des-minimes\\\/#breadcrumb\"},\"inLanguage\":\"fr-FR\",\"potentialAction\":[{\"@type\":\"ReadAction\",\"target\":[\"https:\\\/\\\/ultraviolet.work\\\/_optionb\\\/project\\\/cafe-des-minimes\\\/\"]}]},{\"@type\":\"ImageObject\",\"inLanguage\":\"fr-FR\",\"@id\":\"https:\\\/\\\/ultraviolet.work\\\/_optionb\\\/project\\\/cafe-des-minimes\\\/#primaryimage\",\"url\":\"https:\\\/\\\/ultraviolet.work\\\/_optionb\\\/wp-content\\\/uploads\\\/2022\\\/03\\\/cafe-des-minimes-600.jpg\",\"contentUrl\":\"https:\\\/\\\/ultraviolet.work\\\/_optionb\\\/wp-content\\\/uploads\\\/2022\\\/03\\\/cafe-des-minimes-600.jpg\",\"width\":600,\"height\":400},{\"@type\":\"BreadcrumbList\",\"@id\":\"https:\\\/\\\/ultraviolet.work\\\/_optionb\\\/project\\\/cafe-des-minimes\\\/#breadcrumb\",\"itemListElement\":[{\"@type\":\"ListItem\",\"position\":1,\"name\":\"Accueil\",\"item\":\"https:\\\/\\\/ultraviolet.work\\\/_optionb\\\/\"},{\"@type\":\"ListItem\",\"position\":2,\"name\":\"Projets\",\"item\":\"https:\\\/\\\/ultraviolet.work\\\/_optionb\\\/project\\\/\"},{\"@type\":\"ListItem\",\"position\":3,\"name\":\"Caf\u00e9 des Minimes\"}]},{\"@type\":\"WebSite\",\"@id\":\"https:\\\/\\\/ultraviolet.work\\\/_optionb\\\/#website\",\"url\":\"https:\\\/\\\/ultraviolet.work\\\/_optionb\\\/\",\"name\":\"Option-B\",\"description\":\"\",\"publisher\":{\"@id\":\"https:\\\/\\\/ultraviolet.work\\\/_optionb\\\/#organization\"},\"potentialAction\":[{\"@type\":\"SearchAction\",\"target\":{\"@type\":\"EntryPoint\",\"urlTemplate\":\"https:\\\/\\\/ultraviolet.work\\\/_optionb\\\/?s={search_term_string}\"},\"query-input\":{\"@type\":\"PropertyValueSpecification\",\"valueRequired\":true,\"valueName\":\"search_term_string\"}}],\"inLanguage\":\"fr-FR\"},{\"@type\":\"Organization\",\"@id\":\"https:\\\/\\\/ultraviolet.work\\\/_optionb\\\/#organization\",\"name\":\"Option-B\",\"url\":\"https:\\\/\\\/ultraviolet.work\\\/_optionb\\\/\",\"logo\":{\"@type\":\"ImageObject\",\"inLanguage\":\"fr-FR\",\"@id\":\"https:\\\/\\\/ultraviolet.work\\\/_optionb\\\/#\\\/schema\\\/logo\\\/image\\\/\",\"url\":\"https:\\\/\\\/ultraviolet.work\\\/_optionb\\\/wp-content\\\/uploads\\\/2022\\\/02\\\/OptionB-B-gen-gris.png\",\"contentUrl\":\"https:\\\/\\\/ultraviolet.work\\\/_optionb\\\/wp-content\\\/uploads\\\/2022\\\/02\\\/OptionB-B-gen-gris.png\",\"width\":512,\"height\":512,\"caption\":\"Option-B\"},\"image\":{\"@id\":\"https:\\\/\\\/ultraviolet.work\\\/_optionb\\\/#\\\/schema\\\/logo\\\/image\\\/\"}}]}<\/script>\n<!-- \/ Yoast SEO plugin. -->","yoast_head_json":{"title":"Caf\u00e9 des Minimes - Option-B","robots":{"index":"noindex","follow":"follow"},"og_locale":"fr_FR","og_type":"article","og_title":"Caf\u00e9 des Minimes - Option-B","og_description":"Caf\u00e9 des Minimes Restaurant Rue des Minimes 60, 1000 Bruxelles https:\/\/cafedesminimes.com\/ Une belle d\u00e9co pleine de bleu, de chaleur et de l\u00e9g\u00e8ret\u00e9, une carte qui r\u00e9gale les amateurs de vrais produits bien choisis, le tout dans l\u2019un des plus jolis quartiers de Bruxelles. Depuis un an, adoss\u00e9e \u00e0 l\u2019\u00e9glise des Minimes, une magnifique terrasse ensoleill\u00e9e [&hellip;]","og_url":"https:\/\/ultraviolet.work\/_optionb\/project\/cafe-des-minimes\/","og_site_name":"Option-B","og_image":[{"width":600,"height":400,"url":"https:\/\/ultraviolet.work\/_optionb\/wp-content\/uploads\/2022\/03\/cafe-des-minimes-600.jpg","type":"image\/jpeg"}],"twitter_card":"summary_large_image","schema":{"@context":"https:\/\/schema.org","@graph":[{"@type":"WebPage","@id":"https:\/\/ultraviolet.work\/_optionb\/project\/cafe-des-minimes\/","url":"https:\/\/ultraviolet.work\/_optionb\/project\/cafe-des-minimes\/","name":"Caf\u00e9 des Minimes - Option-B","isPartOf":{"@id":"https:\/\/ultraviolet.work\/_optionb\/#website"},"primaryImageOfPage":{"@id":"https:\/\/ultraviolet.work\/_optionb\/project\/cafe-des-minimes\/#primaryimage"},"image":{"@id":"https:\/\/ultraviolet.work\/_optionb\/project\/cafe-des-minimes\/#primaryimage"},"thumbnailUrl":"https:\/\/ultraviolet.work\/_optionb\/wp-content\/uploads\/2022\/03\/cafe-des-minimes-600.jpg","datePublished":"2022-05-09T15:36:02+00:00","breadcrumb":{"@id":"https:\/\/ultraviolet.work\/_optionb\/project\/cafe-des-minimes\/#breadcrumb"},"inLanguage":"fr-FR","potentialAction":[{"@type":"ReadAction","target":["https:\/\/ultraviolet.work\/_optionb\/project\/cafe-des-minimes\/"]}]},{"@type":"ImageObject","inLanguage":"fr-FR","@id":"https:\/\/ultraviolet.work\/_optionb\/project\/cafe-des-minimes\/#primaryimage","url":"https:\/\/ultraviolet.work\/_optionb\/wp-content\/uploads\/2022\/03\/cafe-des-minimes-600.jpg","contentUrl":"https:\/\/ultraviolet.work\/_optionb\/wp-content\/uploads\/2022\/03\/cafe-des-minimes-600.jpg","width":600,"height":400},{"@type":"BreadcrumbList","@id":"https:\/\/ultraviolet.work\/_optionb\/project\/cafe-des-minimes\/#breadcrumb","itemListElement":[{"@type":"ListItem","position":1,"name":"Accueil","item":"https:\/\/ultraviolet.work\/_optionb\/"},{"@type":"ListItem","position":2,"name":"Projets","item":"https:\/\/ultraviolet.work\/_optionb\/project\/"},{"@type":"ListItem","position":3,"name":"Caf\u00e9 des Minimes"}]},{"@type":"WebSite","@id":"https:\/\/ultraviolet.work\/_optionb\/#website","url":"https:\/\/ultraviolet.work\/_optionb\/","name":"Option-B","description":"","publisher":{"@id":"https:\/\/ultraviolet.work\/_optionb\/#organization"},"potentialAction":[{"@type":"SearchAction","target":{"@type":"EntryPoint","urlTemplate":"https:\/\/ultraviolet.work\/_optionb\/?s={search_term_string}"},"query-input":{"@type":"PropertyValueSpecification","valueRequired":true,"valueName":"search_term_string"}}],"inLanguage":"fr-FR"},{"@type":"Organization","@id":"https:\/\/ultraviolet.work\/_optionb\/#organization","name":"Option-B","url":"https:\/\/ultraviolet.work\/_optionb\/","logo":{"@type":"ImageObject","inLanguage":"fr-FR","@id":"https:\/\/ultraviolet.work\/_optionb\/#\/schema\/logo\/image\/","url":"https:\/\/ultraviolet.work\/_optionb\/wp-content\/uploads\/2022\/02\/OptionB-B-gen-gris.png","contentUrl":"https:\/\/ultraviolet.work\/_optionb\/wp-content\/uploads\/2022\/02\/OptionB-B-gen-gris.png","width":512,"height":512,"caption":"Option-B"},"image":{"@id":"https:\/\/ultraviolet.work\/_optionb\/#\/schema\/logo\/image\/"}}]}},"_links":{"self":[{"href":"https:\/\/ultraviolet.work\/_optionb\/wp-json\/wp\/v2\/project\/18163","targetHints":{"allow":["GET"]}}],"collection":[{"href":"https:\/\/ultraviolet.work\/_optionb\/wp-json\/wp\/v2\/project"}],"about":[{"href":"https:\/\/ultraviolet.work\/_optionb\/wp-json\/wp\/v2\/types\/project"}],"author":[{"embeddable":true,"href":"https:\/\/ultraviolet.work\/_optionb\/wp-json\/wp\/v2\/users\/1"}],"replies":[{"embeddable":true,"href":"https:\/\/ultraviolet.work\/_optionb\/wp-json\/wp\/v2\/comments?post=18163"}],"version-history":[{"count":0,"href":"https:\/\/ultraviolet.work\/_optionb\/wp-json\/wp\/v2\/project\/18163\/revisions"}],"wp:featuredmedia":[{"embeddable":true,"href":"https:\/\/ultraviolet.work\/_optionb\/wp-json\/wp\/v2\/media\/10768"}],"wp:attachment":[{"href":"https:\/\/ultraviolet.work\/_optionb\/wp-json\/wp\/v2\/media?parent=18163"}],"wp:term":[{"taxonomy":"project_category","embeddable":true,"href":"https:\/\/ultraviolet.work\/_optionb\/wp-json\/wp\/v2\/project_category?post=18163"},{"taxonomy":"project_tag","embeddable":true,"href":"https:\/\/ultraviolet.work\/_optionb\/wp-json\/wp\/v2\/project_tag?post=18163"},{"taxonomy":"wf_project_folders","embeddable":true,"href":"https:\/\/ultraviolet.work\/_optionb\/wp-json\/wp\/v2\/wf_project_folders?post=18163"}],"curies":[{"name":"wp","href":"https:\/\/api.w.org\/{rel}","templated":true}]}}