{"id":18227,"date":"2022-05-09T17:41:15","date_gmt":"2022-05-09T15:41:15","guid":{"rendered":"https:\/\/ultraviolet.work\/_optionb\/project\/centre-belge-de-la-bande-dessinee\/"},"modified":"2022-05-09T17:41:15","modified_gmt":"2022-05-09T15:41:15","slug":"centre-belge-de-la-bande-dessinee","status":"publish","type":"project","link":"https:\/\/ultraviolet.work\/_optionb\/project\/centre-belge-de-la-bande-dessinee\/","title":{"rendered":"Centre belge de la bande dessin\u00e9e"},"content":{"rendered":"<h2>Centre belge de la bande dessin\u00e9e<\/h2>\n<h5>Mus\u00e9e<\/h5>\n<h4>Rue des Sables 20, 1000 Bruxelles<\/h4>\n<h6><a href=\"https:\/\/www.comicscenter.net\/en\/home\" target=\"_blank\" rel=\"noopener\">https:\/\/www.comicscenter.net\/en\/home<\/a><\/h6>\n<p>Des auteurs de BD classiques aux cr\u00e9ateurs de romans graphiques, plus de 700 auteurs de bande dessin\u00e9e font de la Belgique le pays d\u00e9tenant la plus forte densit\u00e9 de dessinateurs au kilom\u00e8tre carr\u00e9! Comme nulle part ailleurs, ce mode d\u2019expression populaire y est devenu un art authentique. La bande dessin\u00e9e fait partie de la r\u00e9alit\u00e9 et de l\u2019imaginaire des habitants. P\u00e9n\u00e9trer dans le Centre Belge de la Bande Dessin\u00e9e, c\u2019est communier au mariage extraordinaire du Neuvi\u00e8me Art et de l\u2019Art Nouveau, deux modes d\u2019expression artistique dont Bruxelles fut le berceau d\u2019une renomm\u00e9e mondiale.<\/p>\n","protected":false},"excerpt":{"rendered":"<p>Centre belge de la bande dessin\u00e9e Mus\u00e9e Rue des Sables 20, 1000 Bruxelles https:\/\/www.comicscenter.net\/en\/home Des auteurs de BD classiques aux cr\u00e9ateurs de romans graphiques, plus de 700 auteurs de bande dessin\u00e9e font de la Belgique le pays d\u00e9tenant la plus forte densit\u00e9 de dessinateurs au kilom\u00e8tre carr\u00e9! Comme nulle part ailleurs, ce mode d\u2019expression populaire [&hellip;]<\/p>\n","protected":false},"author":1,"featured_media":10773,"comment_status":"closed","ping_status":"closed","template":"","meta":{"_et_pb_use_builder":"","_et_pb_old_content":"","_et_gb_content_width":"","inline_featured_image":false,"footnotes":""},"project_category":[1019],"project_tag":[],"wf_project_folders":[549],"class_list":["post-18227","project","type-project","status-publish","has-post-thumbnail","hentry","project_category-ob3-pour-lesprit"],"yoast_head":"<!-- This site is optimized with the Yoast SEO plugin v27.5 - https:\/\/yoast.com\/product\/yoast-seo-wordpress\/ -->\n<title>Centre belge de la bande dessin\u00e9e - Option-B<\/title>\n<meta name=\"robots\" content=\"noindex, follow\" \/>\n<meta property=\"og:locale\" content=\"fr_FR\" \/>\n<meta property=\"og:type\" content=\"article\" \/>\n<meta property=\"og:title\" content=\"Centre belge de la bande dessin\u00e9e - Option-B\" \/>\n<meta property=\"og:description\" content=\"Centre belge de la bande dessin\u00e9e Mus\u00e9e Rue des Sables 20, 1000 Bruxelles https:\/\/www.comicscenter.net\/en\/home Des auteurs de BD classiques aux cr\u00e9ateurs de romans graphiques, plus de 700 auteurs de bande dessin\u00e9e font de la Belgique le pays d\u00e9tenant la plus forte densit\u00e9 de dessinateurs au kilom\u00e8tre carr\u00e9! Comme nulle part ailleurs, ce mode d\u2019expression populaire [&hellip;]\" \/>\n<meta property=\"og:url\" content=\"https:\/\/ultraviolet.work\/_optionb\/project\/centre-belge-de-la-bande-dessinee\/\" \/>\n<meta property=\"og:site_name\" content=\"Option-B\" \/>\n<meta property=\"og:image\" content=\"https:\/\/ultraviolet.work\/_optionb\/wp-content\/uploads\/2022\/03\/centre-belge-de-la-bande-dessinee-600.jpg\" \/>\n\t<meta property=\"og:image:width\" content=\"600\" \/>\n\t<meta property=\"og:image:height\" content=\"413\" \/>\n\t<meta property=\"og:image:type\" content=\"image\/jpeg\" \/>\n<meta name=\"twitter:card\" content=\"summary_large_image\" \/>\n<meta name=\"twitter:label1\" content=\"Dur\u00e9e de lecture estim\u00e9e\" \/>\n\t<meta name=\"twitter:data1\" content=\"1 minute\" \/>\n<script type=\"application\/ld+json\" class=\"yoast-schema-graph\">{\"@context\":\"https:\\\/\\\/schema.org\",\"@graph\":[{\"@type\":\"WebPage\",\"@id\":\"https:\\\/\\\/ultraviolet.work\\\/_optionb\\\/project\\\/centre-belge-de-la-bande-dessinee\\\/\",\"url\":\"https:\\\/\\\/ultraviolet.work\\\/_optionb\\\/project\\\/centre-belge-de-la-bande-dessinee\\\/\",\"name\":\"Centre belge de la bande dessin\u00e9e - Option-B\",\"isPartOf\":{\"@id\":\"https:\\\/\\\/ultraviolet.work\\\/_optionb\\\/#website\"},\"primaryImageOfPage\":{\"@id\":\"https:\\\/\\\/ultraviolet.work\\\/_optionb\\\/project\\\/centre-belge-de-la-bande-dessinee\\\/#primaryimage\"},\"image\":{\"@id\":\"https:\\\/\\\/ultraviolet.work\\\/_optionb\\\/project\\\/centre-belge-de-la-bande-dessinee\\\/#primaryimage\"},\"thumbnailUrl\":\"https:\\\/\\\/ultraviolet.work\\\/_optionb\\\/wp-content\\\/uploads\\\/2022\\\/03\\\/centre-belge-de-la-bande-dessinee-600.jpg\",\"datePublished\":\"2022-05-09T15:41:15+00:00\",\"breadcrumb\":{\"@id\":\"https:\\\/\\\/ultraviolet.work\\\/_optionb\\\/project\\\/centre-belge-de-la-bande-dessinee\\\/#breadcrumb\"},\"inLanguage\":\"fr-FR\",\"potentialAction\":[{\"@type\":\"ReadAction\",\"target\":[\"https:\\\/\\\/ultraviolet.work\\\/_optionb\\\/project\\\/centre-belge-de-la-bande-dessinee\\\/\"]}]},{\"@type\":\"ImageObject\",\"inLanguage\":\"fr-FR\",\"@id\":\"https:\\\/\\\/ultraviolet.work\\\/_optionb\\\/project\\\/centre-belge-de-la-bande-dessinee\\\/#primaryimage\",\"url\":\"https:\\\/\\\/ultraviolet.work\\\/_optionb\\\/wp-content\\\/uploads\\\/2022\\\/03\\\/centre-belge-de-la-bande-dessinee-600.jpg\",\"contentUrl\":\"https:\\\/\\\/ultraviolet.work\\\/_optionb\\\/wp-content\\\/uploads\\\/2022\\\/03\\\/centre-belge-de-la-bande-dessinee-600.jpg\",\"width\":600,\"height\":413},{\"@type\":\"BreadcrumbList\",\"@id\":\"https:\\\/\\\/ultraviolet.work\\\/_optionb\\\/project\\\/centre-belge-de-la-bande-dessinee\\\/#breadcrumb\",\"itemListElement\":[{\"@type\":\"ListItem\",\"position\":1,\"name\":\"Accueil\",\"item\":\"https:\\\/\\\/ultraviolet.work\\\/_optionb\\\/\"},{\"@type\":\"ListItem\",\"position\":2,\"name\":\"Projets\",\"item\":\"https:\\\/\\\/ultraviolet.work\\\/_optionb\\\/project\\\/\"},{\"@type\":\"ListItem\",\"position\":3,\"name\":\"Centre belge de la bande dessin\u00e9e\"}]},{\"@type\":\"WebSite\",\"@id\":\"https:\\\/\\\/ultraviolet.work\\\/_optionb\\\/#website\",\"url\":\"https:\\\/\\\/ultraviolet.work\\\/_optionb\\\/\",\"name\":\"Option-B\",\"description\":\"\",\"publisher\":{\"@id\":\"https:\\\/\\\/ultraviolet.work\\\/_optionb\\\/#organization\"},\"potentialAction\":[{\"@type\":\"SearchAction\",\"target\":{\"@type\":\"EntryPoint\",\"urlTemplate\":\"https:\\\/\\\/ultraviolet.work\\\/_optionb\\\/?s={search_term_string}\"},\"query-input\":{\"@type\":\"PropertyValueSpecification\",\"valueRequired\":true,\"valueName\":\"search_term_string\"}}],\"inLanguage\":\"fr-FR\"},{\"@type\":\"Organization\",\"@id\":\"https:\\\/\\\/ultraviolet.work\\\/_optionb\\\/#organization\",\"name\":\"Option-B\",\"url\":\"https:\\\/\\\/ultraviolet.work\\\/_optionb\\\/\",\"logo\":{\"@type\":\"ImageObject\",\"inLanguage\":\"fr-FR\",\"@id\":\"https:\\\/\\\/ultraviolet.work\\\/_optionb\\\/#\\\/schema\\\/logo\\\/image\\\/\",\"url\":\"https:\\\/\\\/ultraviolet.work\\\/_optionb\\\/wp-content\\\/uploads\\\/2022\\\/02\\\/OptionB-B-gen-gris.png\",\"contentUrl\":\"https:\\\/\\\/ultraviolet.work\\\/_optionb\\\/wp-content\\\/uploads\\\/2022\\\/02\\\/OptionB-B-gen-gris.png\",\"width\":512,\"height\":512,\"caption\":\"Option-B\"},\"image\":{\"@id\":\"https:\\\/\\\/ultraviolet.work\\\/_optionb\\\/#\\\/schema\\\/logo\\\/image\\\/\"}}]}<\/script>\n<!-- \/ Yoast SEO plugin. -->","yoast_head_json":{"title":"Centre belge de la bande dessin\u00e9e - Option-B","robots":{"index":"noindex","follow":"follow"},"og_locale":"fr_FR","og_type":"article","og_title":"Centre belge de la bande dessin\u00e9e - Option-B","og_description":"Centre belge de la bande dessin\u00e9e Mus\u00e9e Rue des Sables 20, 1000 Bruxelles https:\/\/www.comicscenter.net\/en\/home Des auteurs de BD classiques aux cr\u00e9ateurs de romans graphiques, plus de 700 auteurs de bande dessin\u00e9e font de la Belgique le pays d\u00e9tenant la plus forte densit\u00e9 de dessinateurs au kilom\u00e8tre carr\u00e9! Comme nulle part ailleurs, ce mode d\u2019expression populaire [&hellip;]","og_url":"https:\/\/ultraviolet.work\/_optionb\/project\/centre-belge-de-la-bande-dessinee\/","og_site_name":"Option-B","og_image":[{"width":600,"height":413,"url":"https:\/\/ultraviolet.work\/_optionb\/wp-content\/uploads\/2022\/03\/centre-belge-de-la-bande-dessinee-600.jpg","type":"image\/jpeg"}],"twitter_card":"summary_large_image","twitter_misc":{"Dur\u00e9e de lecture estim\u00e9e":"1 minute"},"schema":{"@context":"https:\/\/schema.org","@graph":[{"@type":"WebPage","@id":"https:\/\/ultraviolet.work\/_optionb\/project\/centre-belge-de-la-bande-dessinee\/","url":"https:\/\/ultraviolet.work\/_optionb\/project\/centre-belge-de-la-bande-dessinee\/","name":"Centre belge de la bande dessin\u00e9e - Option-B","isPartOf":{"@id":"https:\/\/ultraviolet.work\/_optionb\/#website"},"primaryImageOfPage":{"@id":"https:\/\/ultraviolet.work\/_optionb\/project\/centre-belge-de-la-bande-dessinee\/#primaryimage"},"image":{"@id":"https:\/\/ultraviolet.work\/_optionb\/project\/centre-belge-de-la-bande-dessinee\/#primaryimage"},"thumbnailUrl":"https:\/\/ultraviolet.work\/_optionb\/wp-content\/uploads\/2022\/03\/centre-belge-de-la-bande-dessinee-600.jpg","datePublished":"2022-05-09T15:41:15+00:00","breadcrumb":{"@id":"https:\/\/ultraviolet.work\/_optionb\/project\/centre-belge-de-la-bande-dessinee\/#breadcrumb"},"inLanguage":"fr-FR","potentialAction":[{"@type":"ReadAction","target":["https:\/\/ultraviolet.work\/_optionb\/project\/centre-belge-de-la-bande-dessinee\/"]}]},{"@type":"ImageObject","inLanguage":"fr-FR","@id":"https:\/\/ultraviolet.work\/_optionb\/project\/centre-belge-de-la-bande-dessinee\/#primaryimage","url":"https:\/\/ultraviolet.work\/_optionb\/wp-content\/uploads\/2022\/03\/centre-belge-de-la-bande-dessinee-600.jpg","contentUrl":"https:\/\/ultraviolet.work\/_optionb\/wp-content\/uploads\/2022\/03\/centre-belge-de-la-bande-dessinee-600.jpg","width":600,"height":413},{"@type":"BreadcrumbList","@id":"https:\/\/ultraviolet.work\/_optionb\/project\/centre-belge-de-la-bande-dessinee\/#breadcrumb","itemListElement":[{"@type":"ListItem","position":1,"name":"Accueil","item":"https:\/\/ultraviolet.work\/_optionb\/"},{"@type":"ListItem","position":2,"name":"Projets","item":"https:\/\/ultraviolet.work\/_optionb\/project\/"},{"@type":"ListItem","position":3,"name":"Centre belge de la bande dessin\u00e9e"}]},{"@type":"WebSite","@id":"https:\/\/ultraviolet.work\/_optionb\/#website","url":"https:\/\/ultraviolet.work\/_optionb\/","name":"Option-B","description":"","publisher":{"@id":"https:\/\/ultraviolet.work\/_optionb\/#organization"},"potentialAction":[{"@type":"SearchAction","target":{"@type":"EntryPoint","urlTemplate":"https:\/\/ultraviolet.work\/_optionb\/?s={search_term_string}"},"query-input":{"@type":"PropertyValueSpecification","valueRequired":true,"valueName":"search_term_string"}}],"inLanguage":"fr-FR"},{"@type":"Organization","@id":"https:\/\/ultraviolet.work\/_optionb\/#organization","name":"Option-B","url":"https:\/\/ultraviolet.work\/_optionb\/","logo":{"@type":"ImageObject","inLanguage":"fr-FR","@id":"https:\/\/ultraviolet.work\/_optionb\/#\/schema\/logo\/image\/","url":"https:\/\/ultraviolet.work\/_optionb\/wp-content\/uploads\/2022\/02\/OptionB-B-gen-gris.png","contentUrl":"https:\/\/ultraviolet.work\/_optionb\/wp-content\/uploads\/2022\/02\/OptionB-B-gen-gris.png","width":512,"height":512,"caption":"Option-B"},"image":{"@id":"https:\/\/ultraviolet.work\/_optionb\/#\/schema\/logo\/image\/"}}]}},"_links":{"self":[{"href":"https:\/\/ultraviolet.work\/_optionb\/wp-json\/wp\/v2\/project\/18227","targetHints":{"allow":["GET"]}}],"collection":[{"href":"https:\/\/ultraviolet.work\/_optionb\/wp-json\/wp\/v2\/project"}],"about":[{"href":"https:\/\/ultraviolet.work\/_optionb\/wp-json\/wp\/v2\/types\/project"}],"author":[{"embeddable":true,"href":"https:\/\/ultraviolet.work\/_optionb\/wp-json\/wp\/v2\/users\/1"}],"replies":[{"embeddable":true,"href":"https:\/\/ultraviolet.work\/_optionb\/wp-json\/wp\/v2\/comments?post=18227"}],"version-history":[{"count":0,"href":"https:\/\/ultraviolet.work\/_optionb\/wp-json\/wp\/v2\/project\/18227\/revisions"}],"wp:featuredmedia":[{"embeddable":true,"href":"https:\/\/ultraviolet.work\/_optionb\/wp-json\/wp\/v2\/media\/10773"}],"wp:attachment":[{"href":"https:\/\/ultraviolet.work\/_optionb\/wp-json\/wp\/v2\/media?parent=18227"}],"wp:term":[{"taxonomy":"project_category","embeddable":true,"href":"https:\/\/ultraviolet.work\/_optionb\/wp-json\/wp\/v2\/project_category?post=18227"},{"taxonomy":"project_tag","embeddable":true,"href":"https:\/\/ultraviolet.work\/_optionb\/wp-json\/wp\/v2\/project_tag?post=18227"},{"taxonomy":"wf_project_folders","embeddable":true,"href":"https:\/\/ultraviolet.work\/_optionb\/wp-json\/wp\/v2\/wf_project_folders?post=18227"}],"curies":[{"name":"wp","href":"https:\/\/api.w.org\/{rel}","templated":true}]}}