{"id":18239,"date":"2022-05-09T17:41:53","date_gmt":"2022-05-09T15:41:53","guid":{"rendered":"https:\/\/ultraviolet.work\/_optionb\/project\/art-et-marges-musee-museum\/"},"modified":"2022-05-09T17:41:53","modified_gmt":"2022-05-09T15:41:53","slug":"art-et-marges-musee-museum","status":"publish","type":"project","link":"https:\/\/ultraviolet.work\/_optionb\/project\/art-et-marges-musee-museum\/","title":{"rendered":"ART ET MARGES MUS\u00c9E MUSEUM"},"content":{"rendered":"<h2>ART ET MARGES MUS\u00c9E MUSEUM<\/h2>\n<h5>Mus\u00e9e<\/h5>\n<h4>Rue Haute 314, 1000 Bruxelles<\/h4>\n<h6><a href=\"https:\/\/www.artetmarges.be\/fr\/\" target=\"_blank\" rel=\"noopener\">https:\/\/www.artetmarges.be\/fr\/<\/a><\/h6>\n<p>La collection du mus\u00e9e Art et marges s\u2019est constitu\u00e9e d\u00e8s le milieu des ann\u00e9es 80 aupr\u00e8s d\u2019artistes autodidactes et d\u2019ateliers artistiques pour personnes porteuses d\u2019un handicap mental ou en milieu psychiatrique. Elle se compose aujourd\u2019hui de plus de 4000 \u0153uvres internationales produites en dehors des sentiers fr\u00e9quent\u00e9s de l\u2019art. Ses expositions temporaires, au rythme de trois par an, m\u00ealent artistes de part et d\u2019autre de la marge, questionnant les fronti\u00e8res de l\u2019art et sa d\u00e9finition m\u00eame.<\/p>\n","protected":false},"excerpt":{"rendered":"<p>ART ET MARGES MUS\u00c9E MUSEUM Mus\u00e9e Rue Haute 314, 1000 Bruxelles https:\/\/www.artetmarges.be\/fr\/ La collection du mus\u00e9e Art et marges s\u2019est constitu\u00e9e d\u00e8s le milieu des ann\u00e9es 80 aupr\u00e8s d\u2019artistes autodidactes et d\u2019ateliers artistiques pour personnes porteuses d\u2019un handicap mental ou en milieu psychiatrique. Elle se compose aujourd\u2019hui de plus de 4000 \u0153uvres internationales produites en [&hellip;]<\/p>\n","protected":false},"author":1,"featured_media":10743,"comment_status":"closed","ping_status":"closed","template":"","meta":{"_et_pb_use_builder":"","_et_pb_old_content":"","_et_gb_content_width":"","inline_featured_image":false,"footnotes":""},"project_category":[1019],"project_tag":[],"wf_project_folders":[549],"class_list":["post-18239","project","type-project","status-publish","has-post-thumbnail","hentry","project_category-ob3-pour-lesprit"],"yoast_head":"<!-- This site is optimized with the Yoast SEO plugin v27.5 - https:\/\/yoast.com\/product\/yoast-seo-wordpress\/ -->\n<title>ART ET MARGES MUS\u00c9E MUSEUM - Option-B<\/title>\n<meta name=\"robots\" content=\"noindex, follow\" \/>\n<meta property=\"og:locale\" content=\"fr_FR\" \/>\n<meta property=\"og:type\" content=\"article\" \/>\n<meta property=\"og:title\" content=\"ART ET MARGES MUS\u00c9E MUSEUM - Option-B\" \/>\n<meta property=\"og:description\" content=\"ART ET MARGES MUS\u00c9E MUSEUM Mus\u00e9e Rue Haute 314, 1000 Bruxelles https:\/\/www.artetmarges.be\/fr\/ La collection du mus\u00e9e Art et marges s\u2019est constitu\u00e9e d\u00e8s le milieu des ann\u00e9es 80 aupr\u00e8s d\u2019artistes autodidactes et d\u2019ateliers artistiques pour personnes porteuses d\u2019un handicap mental ou en milieu psychiatrique. Elle se compose aujourd\u2019hui de plus de 4000 \u0153uvres internationales produites en [&hellip;]\" \/>\n<meta property=\"og:url\" content=\"https:\/\/ultraviolet.work\/_optionb\/project\/art-et-marges-musee-museum\/\" \/>\n<meta property=\"og:site_name\" content=\"Option-B\" \/>\n<meta property=\"og:image\" content=\"https:\/\/ultraviolet.work\/_optionb\/wp-content\/uploads\/2022\/03\/art-et-marges-musee-600.jpg\" \/>\n\t<meta property=\"og:image:width\" content=\"600\" \/>\n\t<meta property=\"og:image:height\" content=\"442\" \/>\n\t<meta property=\"og:image:type\" content=\"image\/jpeg\" \/>\n<meta name=\"twitter:card\" content=\"summary_large_image\" \/>\n<meta name=\"twitter:label1\" content=\"Dur\u00e9e de lecture estim\u00e9e\" \/>\n\t<meta name=\"twitter:data1\" content=\"1 minute\" \/>\n<script type=\"application\/ld+json\" class=\"yoast-schema-graph\">{\"@context\":\"https:\\\/\\\/schema.org\",\"@graph\":[{\"@type\":\"WebPage\",\"@id\":\"https:\\\/\\\/ultraviolet.work\\\/_optionb\\\/project\\\/art-et-marges-musee-museum\\\/\",\"url\":\"https:\\\/\\\/ultraviolet.work\\\/_optionb\\\/project\\\/art-et-marges-musee-museum\\\/\",\"name\":\"ART ET MARGES MUS\u00c9E MUSEUM - Option-B\",\"isPartOf\":{\"@id\":\"https:\\\/\\\/ultraviolet.work\\\/_optionb\\\/#website\"},\"primaryImageOfPage\":{\"@id\":\"https:\\\/\\\/ultraviolet.work\\\/_optionb\\\/project\\\/art-et-marges-musee-museum\\\/#primaryimage\"},\"image\":{\"@id\":\"https:\\\/\\\/ultraviolet.work\\\/_optionb\\\/project\\\/art-et-marges-musee-museum\\\/#primaryimage\"},\"thumbnailUrl\":\"https:\\\/\\\/ultraviolet.work\\\/_optionb\\\/wp-content\\\/uploads\\\/2022\\\/03\\\/art-et-marges-musee-600.jpg\",\"datePublished\":\"2022-05-09T15:41:53+00:00\",\"breadcrumb\":{\"@id\":\"https:\\\/\\\/ultraviolet.work\\\/_optionb\\\/project\\\/art-et-marges-musee-museum\\\/#breadcrumb\"},\"inLanguage\":\"fr-FR\",\"potentialAction\":[{\"@type\":\"ReadAction\",\"target\":[\"https:\\\/\\\/ultraviolet.work\\\/_optionb\\\/project\\\/art-et-marges-musee-museum\\\/\"]}]},{\"@type\":\"ImageObject\",\"inLanguage\":\"fr-FR\",\"@id\":\"https:\\\/\\\/ultraviolet.work\\\/_optionb\\\/project\\\/art-et-marges-musee-museum\\\/#primaryimage\",\"url\":\"https:\\\/\\\/ultraviolet.work\\\/_optionb\\\/wp-content\\\/uploads\\\/2022\\\/03\\\/art-et-marges-musee-600.jpg\",\"contentUrl\":\"https:\\\/\\\/ultraviolet.work\\\/_optionb\\\/wp-content\\\/uploads\\\/2022\\\/03\\\/art-et-marges-musee-600.jpg\",\"width\":600,\"height\":442},{\"@type\":\"BreadcrumbList\",\"@id\":\"https:\\\/\\\/ultraviolet.work\\\/_optionb\\\/project\\\/art-et-marges-musee-museum\\\/#breadcrumb\",\"itemListElement\":[{\"@type\":\"ListItem\",\"position\":1,\"name\":\"Accueil\",\"item\":\"https:\\\/\\\/ultraviolet.work\\\/_optionb\\\/\"},{\"@type\":\"ListItem\",\"position\":2,\"name\":\"Projets\",\"item\":\"https:\\\/\\\/ultraviolet.work\\\/_optionb\\\/project\\\/\"},{\"@type\":\"ListItem\",\"position\":3,\"name\":\"ART ET MARGES MUS\u00c9E MUSEUM\"}]},{\"@type\":\"WebSite\",\"@id\":\"https:\\\/\\\/ultraviolet.work\\\/_optionb\\\/#website\",\"url\":\"https:\\\/\\\/ultraviolet.work\\\/_optionb\\\/\",\"name\":\"Option-B\",\"description\":\"\",\"publisher\":{\"@id\":\"https:\\\/\\\/ultraviolet.work\\\/_optionb\\\/#organization\"},\"potentialAction\":[{\"@type\":\"SearchAction\",\"target\":{\"@type\":\"EntryPoint\",\"urlTemplate\":\"https:\\\/\\\/ultraviolet.work\\\/_optionb\\\/?s={search_term_string}\"},\"query-input\":{\"@type\":\"PropertyValueSpecification\",\"valueRequired\":true,\"valueName\":\"search_term_string\"}}],\"inLanguage\":\"fr-FR\"},{\"@type\":\"Organization\",\"@id\":\"https:\\\/\\\/ultraviolet.work\\\/_optionb\\\/#organization\",\"name\":\"Option-B\",\"url\":\"https:\\\/\\\/ultraviolet.work\\\/_optionb\\\/\",\"logo\":{\"@type\":\"ImageObject\",\"inLanguage\":\"fr-FR\",\"@id\":\"https:\\\/\\\/ultraviolet.work\\\/_optionb\\\/#\\\/schema\\\/logo\\\/image\\\/\",\"url\":\"https:\\\/\\\/ultraviolet.work\\\/_optionb\\\/wp-content\\\/uploads\\\/2022\\\/02\\\/OptionB-B-gen-gris.png\",\"contentUrl\":\"https:\\\/\\\/ultraviolet.work\\\/_optionb\\\/wp-content\\\/uploads\\\/2022\\\/02\\\/OptionB-B-gen-gris.png\",\"width\":512,\"height\":512,\"caption\":\"Option-B\"},\"image\":{\"@id\":\"https:\\\/\\\/ultraviolet.work\\\/_optionb\\\/#\\\/schema\\\/logo\\\/image\\\/\"}}]}<\/script>\n<!-- \/ Yoast SEO plugin. -->","yoast_head_json":{"title":"ART ET MARGES MUS\u00c9E MUSEUM - Option-B","robots":{"index":"noindex","follow":"follow"},"og_locale":"fr_FR","og_type":"article","og_title":"ART ET MARGES MUS\u00c9E MUSEUM - Option-B","og_description":"ART ET MARGES MUS\u00c9E MUSEUM Mus\u00e9e Rue Haute 314, 1000 Bruxelles https:\/\/www.artetmarges.be\/fr\/ La collection du mus\u00e9e Art et marges s\u2019est constitu\u00e9e d\u00e8s le milieu des ann\u00e9es 80 aupr\u00e8s d\u2019artistes autodidactes et d\u2019ateliers artistiques pour personnes porteuses d\u2019un handicap mental ou en milieu psychiatrique. Elle se compose aujourd\u2019hui de plus de 4000 \u0153uvres internationales produites en [&hellip;]","og_url":"https:\/\/ultraviolet.work\/_optionb\/project\/art-et-marges-musee-museum\/","og_site_name":"Option-B","og_image":[{"width":600,"height":442,"url":"https:\/\/ultraviolet.work\/_optionb\/wp-content\/uploads\/2022\/03\/art-et-marges-musee-600.jpg","type":"image\/jpeg"}],"twitter_card":"summary_large_image","twitter_misc":{"Dur\u00e9e de lecture estim\u00e9e":"1 minute"},"schema":{"@context":"https:\/\/schema.org","@graph":[{"@type":"WebPage","@id":"https:\/\/ultraviolet.work\/_optionb\/project\/art-et-marges-musee-museum\/","url":"https:\/\/ultraviolet.work\/_optionb\/project\/art-et-marges-musee-museum\/","name":"ART ET MARGES MUS\u00c9E MUSEUM - Option-B","isPartOf":{"@id":"https:\/\/ultraviolet.work\/_optionb\/#website"},"primaryImageOfPage":{"@id":"https:\/\/ultraviolet.work\/_optionb\/project\/art-et-marges-musee-museum\/#primaryimage"},"image":{"@id":"https:\/\/ultraviolet.work\/_optionb\/project\/art-et-marges-musee-museum\/#primaryimage"},"thumbnailUrl":"https:\/\/ultraviolet.work\/_optionb\/wp-content\/uploads\/2022\/03\/art-et-marges-musee-600.jpg","datePublished":"2022-05-09T15:41:53+00:00","breadcrumb":{"@id":"https:\/\/ultraviolet.work\/_optionb\/project\/art-et-marges-musee-museum\/#breadcrumb"},"inLanguage":"fr-FR","potentialAction":[{"@type":"ReadAction","target":["https:\/\/ultraviolet.work\/_optionb\/project\/art-et-marges-musee-museum\/"]}]},{"@type":"ImageObject","inLanguage":"fr-FR","@id":"https:\/\/ultraviolet.work\/_optionb\/project\/art-et-marges-musee-museum\/#primaryimage","url":"https:\/\/ultraviolet.work\/_optionb\/wp-content\/uploads\/2022\/03\/art-et-marges-musee-600.jpg","contentUrl":"https:\/\/ultraviolet.work\/_optionb\/wp-content\/uploads\/2022\/03\/art-et-marges-musee-600.jpg","width":600,"height":442},{"@type":"BreadcrumbList","@id":"https:\/\/ultraviolet.work\/_optionb\/project\/art-et-marges-musee-museum\/#breadcrumb","itemListElement":[{"@type":"ListItem","position":1,"name":"Accueil","item":"https:\/\/ultraviolet.work\/_optionb\/"},{"@type":"ListItem","position":2,"name":"Projets","item":"https:\/\/ultraviolet.work\/_optionb\/project\/"},{"@type":"ListItem","position":3,"name":"ART ET MARGES MUS\u00c9E MUSEUM"}]},{"@type":"WebSite","@id":"https:\/\/ultraviolet.work\/_optionb\/#website","url":"https:\/\/ultraviolet.work\/_optionb\/","name":"Option-B","description":"","publisher":{"@id":"https:\/\/ultraviolet.work\/_optionb\/#organization"},"potentialAction":[{"@type":"SearchAction","target":{"@type":"EntryPoint","urlTemplate":"https:\/\/ultraviolet.work\/_optionb\/?s={search_term_string}"},"query-input":{"@type":"PropertyValueSpecification","valueRequired":true,"valueName":"search_term_string"}}],"inLanguage":"fr-FR"},{"@type":"Organization","@id":"https:\/\/ultraviolet.work\/_optionb\/#organization","name":"Option-B","url":"https:\/\/ultraviolet.work\/_optionb\/","logo":{"@type":"ImageObject","inLanguage":"fr-FR","@id":"https:\/\/ultraviolet.work\/_optionb\/#\/schema\/logo\/image\/","url":"https:\/\/ultraviolet.work\/_optionb\/wp-content\/uploads\/2022\/02\/OptionB-B-gen-gris.png","contentUrl":"https:\/\/ultraviolet.work\/_optionb\/wp-content\/uploads\/2022\/02\/OptionB-B-gen-gris.png","width":512,"height":512,"caption":"Option-B"},"image":{"@id":"https:\/\/ultraviolet.work\/_optionb\/#\/schema\/logo\/image\/"}}]}},"_links":{"self":[{"href":"https:\/\/ultraviolet.work\/_optionb\/wp-json\/wp\/v2\/project\/18239","targetHints":{"allow":["GET"]}}],"collection":[{"href":"https:\/\/ultraviolet.work\/_optionb\/wp-json\/wp\/v2\/project"}],"about":[{"href":"https:\/\/ultraviolet.work\/_optionb\/wp-json\/wp\/v2\/types\/project"}],"author":[{"embeddable":true,"href":"https:\/\/ultraviolet.work\/_optionb\/wp-json\/wp\/v2\/users\/1"}],"replies":[{"embeddable":true,"href":"https:\/\/ultraviolet.work\/_optionb\/wp-json\/wp\/v2\/comments?post=18239"}],"version-history":[{"count":0,"href":"https:\/\/ultraviolet.work\/_optionb\/wp-json\/wp\/v2\/project\/18239\/revisions"}],"wp:featuredmedia":[{"embeddable":true,"href":"https:\/\/ultraviolet.work\/_optionb\/wp-json\/wp\/v2\/media\/10743"}],"wp:attachment":[{"href":"https:\/\/ultraviolet.work\/_optionb\/wp-json\/wp\/v2\/media?parent=18239"}],"wp:term":[{"taxonomy":"project_category","embeddable":true,"href":"https:\/\/ultraviolet.work\/_optionb\/wp-json\/wp\/v2\/project_category?post=18239"},{"taxonomy":"project_tag","embeddable":true,"href":"https:\/\/ultraviolet.work\/_optionb\/wp-json\/wp\/v2\/project_tag?post=18239"},{"taxonomy":"wf_project_folders","embeddable":true,"href":"https:\/\/ultraviolet.work\/_optionb\/wp-json\/wp\/v2\/wf_project_folders?post=18239"}],"curies":[{"name":"wp","href":"https:\/\/api.w.org\/{rel}","templated":true}]}}